{"version":"1.0","provider_name":"Pro Corp Corporate Development","provider_url":"https:\/\/www.pro-corp.net\/bck","author_name":"Christian Andres","author_url":"https:\/\/www.pro-corp.net\/bck\/author\/christian-2\/","title":"Circular de la Direcci\u00f3n General de Seguridad Jur\u00eddica y Fe P\u00fablica.- Pro-corp","type":"rich","width":600,"height":338,"html":"<blockquote class=\"wp-embedded-content\" data-secret=\"Zt8Igiy6ZG\"><a href=\"https:\/\/www.pro-corp.net\/bck\/comunicado-pro-corp\/\">Comunicado de Pro Corp respecto a las noticias sobre la Circular de la Direcci\u00f3n General de Seguridad Jur\u00eddica y Fe P\u00fablica con relaci\u00f3n a la documentaci\u00f3n de los expedientes de nacionalidad Espa\u00f1ola por ascendencia sefard\u00ed (Ley 12\/2015).<\/a><\/blockquote><iframe sandbox=\"allow-scripts\" security=\"restricted\" src=\"https:\/\/www.pro-corp.net\/bck\/comunicado-pro-corp\/embed\/#?secret=Zt8Igiy6ZG\" width=\"600\" height=\"338\" title=\"\u00abComunicado de Pro Corp respecto a las noticias sobre la Circular de la Direcci\u00f3n General de Seguridad Jur\u00eddica y Fe P\u00fablica con relaci\u00f3n a la documentaci\u00f3n de los expedientes de nacionalidad Espa\u00f1ola por ascendencia sefard\u00ed (Ley 12\/2015).\u00bb \u2014 Pro Corp Corporate Development\" data-secret=\"Zt8Igiy6ZG\" frameborder=\"0\" marginwidth=\"0\" marginheight=\"0\" scrolling=\"no\" class=\"wp-embedded-content\"><\/iframe><script type=\"text\/javascript\">\n\/*! This file is auto-generated *\/\n!function(c,d){\"use strict\";var e=!1,o=!1;if(d.querySelector)if(c.addEventListener)e=!0;if(c.wp=c.wp||{},!c.wp.receiveEmbedMessage)if(c.wp.receiveEmbedMessage=function(e){var t=e.data;if(t)if(t.secret||t.message||t.value)if(!\/[^a-zA-Z0-9]\/.test(t.secret)){for(var r,a,i,s=d.querySelectorAll('iframe[data-secret=\"'+t.secret+'\"]'),n=d.querySelectorAll('blockquote[data-secret=\"'+t.secret+'\"]'),o=0;o<n.length;o++)n[o].style.display=\"none\";for(o=0;o<s.length;o++)if(r=s[o],e.source===r.contentWindow){if(r.removeAttribute(\"style\"),\"height\"===t.message){if(1e3<(i=parseInt(t.value,10)))i=1e3;else if(~~i<200)i=200;r.height=i}if(\"link\"===t.message)if(a=d.createElement(\"a\"),i=d.createElement(\"a\"),a.href=r.getAttribute(\"src\"),i.href=t.value,i.host===a.host)if(d.activeElement===r)c.top.location.href=t.value}}},e)c.addEventListener(\"message\",c.wp.receiveEmbedMessage,!1),d.addEventListener(\"DOMContentLoaded\",t,!1),c.addEventListener(\"load\",t,!1);function t(){if(!o){o=!0;for(var e,t,r,a=-1!==navigator.appVersion.indexOf(\"MSIE 10\"),i=!!navigator.userAgent.match(\/Trident.*rv:11\\.\/),s=d.querySelectorAll(\"iframe.wp-embedded-content\"),n=0;n<s.length;n++){if(!(r=(t=s[n]).getAttribute(\"data-secret\")))r=Math.random().toString(36).substr(2,10),t.src+=\"#?secret=\"+r,t.setAttribute(\"data-secret\",r);if(a||i)(e=t.cloneNode(!0)).removeAttribute(\"security\"),t.parentNode.replaceChild(e,t);t.contentWindow.postMessage({message:\"ready\",secret:r},\"*\")}}}}(window,document);\n<\/script>\n","thumbnail_url":"https:\/\/www.pro-corp.net\/bck\/wp-content\/uploads\/2020\/11\/shutterstock_136093154-1280x720-1.jpg","thumbnail_width":1280,"thumbnail_height":720,"description":"A\u00fan antes de que fuera publicado el mencionado documento, por diferentes medios se gener\u00f3 mucho movimiento por interpretaciones sin base legal de lo que estipula la mencionada ley 12\/2015, mencionando supuestos cambios de criterios en la calificaci\u00f3n delas solicitudes de nacionalidad espa\u00f1ola de sefard\u00edes."}