{"id":2059,"date":"2020-07-28T14:49:49","date_gmt":"2020-07-28T19:49:49","guid":{"rendered":"http:\/\/www.pro-corp.net\/bck\/?page_id=2059"},"modified":"2021-12-14T08:00:03","modified_gmt":"2021-12-14T13:00:03","slug":"nacionalidad-europea-por-ley-sefardi","status":"publish","type":"page","link":"https:\/\/www.pro-corp.net\/bck\/","title":{"rendered":"Nacionalidad europea por ley sefardi"},"content":{"rendered":"\t\t<div data-elementor-type=\"wp-page\" data-elementor-id=\"2059\" class=\"elementor elementor-2059\" data-elementor-settings=\"[]\">\n\t\t\t\t\t\t<div class=\"elementor-inner\">\n\t\t\t\t\t\t\t<div class=\"elementor-section-wrap\">\n\t\t\t\t\t\t\t<section class=\"elementor-section elementor-top-section elementor-element elementor-element-50a9510 elementor-section-full_width elementor-section-height-min-height elementor-section-content-bottom elementor-section-height-default elementor-section-items-middle\" data-id=\"50a9510\" data-element_type=\"section\" data-settings=\"{&quot;background_background&quot;:&quot;slideshow&quot;,&quot;background_slideshow_gallery&quot;:[{&quot;id&quot;:6451,&quot;url&quot;:&quot;http:\\\/\\\/www.pro-corp.net\\\/bck\\\/wp-content\\\/uploads\\\/2021\\\/02\\\/2-2-2.jpg&quot;},{&quot;id&quot;:6328,&quot;url&quot;:&quot;http:\\\/\\\/www.pro-corp.net\\\/bck\\\/wp-content\\\/uploads\\\/2021\\\/02\\\/3.jpg&quot;},{&quot;id&quot;:6327,&quot;url&quot;:&quot;http:\\\/\\\/www.pro-corp.net\\\/bck\\\/wp-content\\\/uploads\\\/2021\\\/02\\\/1.jpg&quot;}],&quot;shape_divider_bottom&quot;:&quot;arrow&quot;,&quot;motion_fx_motion_fx_scrolling&quot;:&quot;yes&quot;,&quot;background_slideshow_loop&quot;:&quot;yes&quot;,&quot;background_slideshow_slide_duration&quot;:5000,&quot;background_slideshow_slide_transition&quot;:&quot;fade&quot;,&quot;background_slideshow_transition_duration&quot;:500,&quot;motion_fx_devices&quot;:[&quot;desktop&quot;,&quot;tablet&quot;,&quot;mobile&quot;]}\">\n\t\t\t\t\t\t\t<div class=\"elementor-background-overlay\"><\/div>\n\t\t\t\t\t\t<div class=\"elementor-shape elementor-shape-bottom\" data-negative=\"false\">\n\t\t\t<svg xmlns=\"http:\/\/www.w3.org\/2000\/svg\" viewBox=\"0 0 700 10\" preserveAspectRatio=\"none\">\n\t<path class=\"elementor-shape-fill\" d=\"M350,10L340,0h20L350,10z\"\/>\n<\/svg>\t\t<\/div>\n\t\t\t\t\t<div class=\"elementor-container elementor-column-gap-default\">\n\t\t\t\t\t\t\t<div class=\"elementor-row\">\n\t\t\t\t\t<div class=\"elementor-column elementor-col-100 elementor-top-column elementor-element elementor-element-abf57c4\" data-id=\"abf57c4\" data-element_type=\"column\">\n\t\t\t<div class=\"elementor-column-wrap elementor-element-populated\">\n\t\t\t\t\t\t\t<div class=\"elementor-widget-wrap\">\n\t\t\t\t\t\t<div class=\"elementor-element elementor-element-f694afb elementor-widget elementor-widget-spacer\" data-id=\"f694afb\" data-element_type=\"widget\" data-widget_type=\"spacer.default\">\n\t\t\t\t<div class=\"elementor-widget-container\">\n\t\t\t\t\t<div class=\"elementor-spacer\">\n\t\t\t<div class=\"elementor-spacer-inner\"><\/div>\n\t\t<\/div>\n\t\t\t\t<\/div>\n\t\t\t\t<\/div>\n\t\t\t\t<div class=\"elementor-element elementor-element-677bd5a elementor-widget elementor-widget-heading\" data-id=\"677bd5a\" data-element_type=\"widget\" data-widget_type=\"heading.default\">\n\t\t\t\t<div class=\"elementor-widget-container\">\n\t\t\t<h1 class=\"elementor-heading-title elementor-size-default\"><span style=\"color:#af0808\">Europa:<\/span>\n\n<span style=\"color:#ffffff\"> un origen por descubrir<font size=3>&copy<\/font>\n<\/span> \n\n<\/h1>\t\t<\/div>\n\t\t\t\t<\/div>\n\t\t\t\t<div class=\"elementor-element elementor-element-fa3d906 elementor-widget elementor-widget-spacer\" data-id=\"fa3d906\" data-element_type=\"widget\" data-widget_type=\"spacer.default\">\n\t\t\t\t<div class=\"elementor-widget-container\">\n\t\t\t\t\t<div class=\"elementor-spacer\">\n\t\t\t<div class=\"elementor-spacer-inner\"><\/div>\n\t\t<\/div>\n\t\t\t\t<\/div>\n\t\t\t\t<\/div>\n\t\t\t\t<section class=\"elementor-section elementor-inner-section elementor-element elementor-element-245fe9a elementor-section-boxed elementor-section-height-default elementor-section-height-default\" data-id=\"245fe9a\" data-element_type=\"section\">\n\t\t\t\t\t\t<div class=\"elementor-container elementor-column-gap-default\">\n\t\t\t\t\t\t\t<div class=\"elementor-row\">\n\t\t\t\t\t<div class=\"elementor-column elementor-col-20 elementor-inner-column elementor-element elementor-element-6e4b87e\" data-id=\"6e4b87e\" data-element_type=\"column\">\n\t\t\t<div class=\"elementor-column-wrap\">\n\t\t\t\t\t\t\t<div class=\"elementor-widget-wrap\">\n\t\t\t\t\t\t\t\t<\/div>\n\t\t\t\t\t<\/div>\n\t\t<\/div>\n\t\t\t\t<div class=\"elementor-column elementor-col-20 elementor-inner-column elementor-element elementor-element-bda2293\" data-id=\"bda2293\" data-element_type=\"column\">\n\t\t\t<div class=\"elementor-column-wrap elementor-element-populated\">\n\t\t\t\t\t\t\t<div class=\"elementor-widget-wrap\">\n\t\t\t\t\t\t<div class=\"elementor-element elementor-element-4d07fd7 elementor-align-justify elementor-mobile-align-center elementor-tablet-align-left elementor-widget elementor-widget-button\" data-id=\"4d07fd7\" data-element_type=\"widget\" data-widget_type=\"button.default\">\n\t\t\t\t<div class=\"elementor-widget-container\">\n\t\t\t\t\t<div class=\"elementor-button-wrapper\">\n\t\t\t<a href=\"http:\/\/www.pro-corp.net\/bck\/pro-corp-sas\/soluciones-legales-y-comunitarias\/nacionalidad-europea-por-ley-sefardi\/portugal\/\" class=\"elementor-button-link elementor-button elementor-size-sm\" role=\"button\">\n\t\t\t\t\t\t<span class=\"elementor-button-content-wrapper\">\n\t\t\t\t\t\t<span class=\"elementor-button-text\">Nacionalidad Portuguesa<\/span>\n\t\t<\/span>\n\t\t\t\t\t<\/a>\n\t\t<\/div>\n\t\t\t\t<\/div>\n\t\t\t\t<\/div>\n\t\t\t\t\t\t<\/div>\n\t\t\t\t\t<\/div>\n\t\t<\/div>\n\t\t\t\t<div class=\"elementor-column elementor-col-20 elementor-inner-column elementor-element elementor-element-b7551b3 elementor-hidden-tablet elementor-hidden-phone\" data-id=\"b7551b3\" data-element_type=\"column\">\n\t\t\t<div class=\"elementor-column-wrap\">\n\t\t\t\t\t\t\t<div class=\"elementor-widget-wrap\">\n\t\t\t\t\t\t\t\t<\/div>\n\t\t\t\t\t<\/div>\n\t\t<\/div>\n\t\t\t\t<div class=\"elementor-column elementor-col-20 elementor-inner-column elementor-element elementor-element-a7c0577\" data-id=\"a7c0577\" data-element_type=\"column\">\n\t\t\t<div class=\"elementor-column-wrap elementor-element-populated\">\n\t\t\t\t\t\t\t<div class=\"elementor-widget-wrap\">\n\t\t\t\t\t\t<div class=\"elementor-element elementor-element-b485aeb elementor-align-justify elementor-mobile-align-center elementor-tablet-align-left elementor-widget elementor-widget-button\" data-id=\"b485aeb\" data-element_type=\"widget\" data-widget_type=\"button.default\">\n\t\t\t\t<div class=\"elementor-widget-container\">\n\t\t\t\t\t<div class=\"elementor-button-wrapper\">\n\t\t\t<a href=\"http:\/\/www.pro-corp.net\/bck\/pro-corp-sas\/soluciones-legales-y-comunitarias\/nacionalidad-europea-por-ley-sefardi\/espana\/\" class=\"elementor-button-link elementor-button elementor-size-sm\" role=\"button\">\n\t\t\t\t\t\t<span class=\"elementor-button-content-wrapper\">\n\t\t\t\t\t\t<span class=\"elementor-button-text\">Nacionalidad Espa\u00f1ola<\/span>\n\t\t<\/span>\n\t\t\t\t\t<\/a>\n\t\t<\/div>\n\t\t\t\t<\/div>\n\t\t\t\t<\/div>\n\t\t\t\t\t\t<\/div>\n\t\t\t\t\t<\/div>\n\t\t<\/div>\n\t\t\t\t<div class=\"elementor-column elementor-col-20 elementor-inner-column elementor-element elementor-element-3a3d6be\" data-id=\"3a3d6be\" data-element_type=\"column\">\n\t\t\t<div class=\"elementor-column-wrap\">\n\t\t\t\t\t\t\t<div class=\"elementor-widget-wrap\">\n\t\t\t\t\t\t\t\t<\/div>\n\t\t\t\t\t<\/div>\n\t\t<\/div>\n\t\t\t\t\t\t\t\t<\/div>\n\t\t\t\t\t<\/div>\n\t\t<\/section>\n\t\t\t\t<section class=\"elementor-section elementor-inner-section elementor-element elementor-element-a3a2cd7 elementor-hidden-desktop elementor-hidden-tablet elementor-hidden-mobile elementor-section-boxed elementor-section-height-default elementor-section-height-default\" data-id=\"a3a2cd7\" data-element_type=\"section\">\n\t\t\t\t\t\t<div class=\"elementor-container elementor-column-gap-default\">\n\t\t\t\t\t\t\t<div class=\"elementor-row\">\n\t\t\t\t\t<div class=\"elementor-column elementor-col-33 elementor-inner-column elementor-element elementor-element-0759ba6\" data-id=\"0759ba6\" data-element_type=\"column\">\n\t\t\t<div class=\"elementor-column-wrap\">\n\t\t\t\t\t\t\t<div class=\"elementor-widget-wrap\">\n\t\t\t\t\t\t\t\t<\/div>\n\t\t\t\t\t<\/div>\n\t\t<\/div>\n\t\t\t\t<div class=\"elementor-column elementor-col-33 elementor-inner-column elementor-element elementor-element-42d8227\" data-id=\"42d8227\" data-element_type=\"column\">\n\t\t\t<div class=\"elementor-column-wrap elementor-element-populated\">\n\t\t\t\t\t\t\t<div class=\"elementor-widget-wrap\">\n\t\t\t\t\t\t<div class=\"elementor-element elementor-element-3646fba elementor-align-center elementor-mobile-align-center elementor-tablet-align-left elementor-widget elementor-widget-button\" data-id=\"3646fba\" data-element_type=\"widget\" data-widget_type=\"button.default\">\n\t\t\t\t<div class=\"elementor-widget-container\">\n\t\t\t\t\t<div class=\"elementor-button-wrapper\">\n\t\t\t<a href=\"http:\/\/www.pro-corp.net\/bck\/procorp-en-world-law-congress\/#registro_evento\" class=\"elementor-button-link elementor-button elementor-size-xl\" role=\"button\">\n\t\t\t\t\t\t<span class=\"elementor-button-content-wrapper\">\n\t\t\t\t\t\t<span class=\"elementor-button-text\">Registro a World Law Congress<\/span>\n\t\t<\/span>\n\t\t\t\t\t<\/a>\n\t\t<\/div>\n\t\t\t\t<\/div>\n\t\t\t\t<\/div>\n\t\t\t\t\t\t<\/div>\n\t\t\t\t\t<\/div>\n\t\t<\/div>\n\t\t\t\t<div class=\"elementor-column elementor-col-33 elementor-inner-column elementor-element elementor-element-cbf6b17\" data-id=\"cbf6b17\" data-element_type=\"column\">\n\t\t\t<div class=\"elementor-column-wrap\">\n\t\t\t\t\t\t\t<div class=\"elementor-widget-wrap\">\n\t\t\t\t\t\t\t\t<\/div>\n\t\t\t\t\t<\/div>\n\t\t<\/div>\n\t\t\t\t\t\t\t\t<\/div>\n\t\t\t\t\t<\/div>\n\t\t<\/section>\n\t\t\t\t<div class=\"elementor-element elementor-element-5218482 elementor-widget elementor-widget-spacer\" data-id=\"5218482\" data-element_type=\"widget\" data-widget_type=\"spacer.default\">\n\t\t\t\t<div class=\"elementor-widget-container\">\n\t\t\t\t\t<div class=\"elementor-spacer\">\n\t\t\t<div class=\"elementor-spacer-inner\"><\/div>\n\t\t<\/div>\n\t\t\t\t<\/div>\n\t\t\t\t<\/div>\n\t\t\t\t\t\t<\/div>\n\t\t\t\t\t<\/div>\n\t\t<\/div>\n\t\t\t\t\t\t\t\t<\/div>\n\t\t\t\t\t<\/div>\n\t\t<\/section>\n\t\t\t\t<section class=\"elementor-section elementor-top-section elementor-element elementor-element-cf145da elementor-section-full_width elementor-section-content-middle elementor-section-height-default elementor-section-height-default\" data-id=\"cf145da\" data-element_type=\"section\">\n\t\t\t\t\t\t<div class=\"elementor-container elementor-column-gap-default\">\n\t\t\t\t\t\t\t<div class=\"elementor-row\">\n\t\t\t\t\t<div class=\"elementor-column elementor-col-100 elementor-top-column elementor-element elementor-element-226ce28\" data-id=\"226ce28\" data-element_type=\"column\">\n\t\t\t<div class=\"elementor-column-wrap elementor-element-populated\">\n\t\t\t\t\t\t\t<div class=\"elementor-widget-wrap\">\n\t\t\t\t\t\t<div class=\"elementor-element elementor-element-1e21952 elementor-widget elementor-widget-heading\" data-id=\"1e21952\" data-element_type=\"widget\" data-widget_type=\"heading.default\">\n\t\t\t\t<div class=\"elementor-widget-container\">\n\t\t\t<h3 class=\"elementor-heading-title elementor-size-default\"><span style=\"color: #350000\">Eventos<\/span>\n<\/h3>\t\t<\/div>\n\t\t\t\t<\/div>\n\t\t\t\t<div class=\"elementor-element elementor-element-216ccf43 elementor-arrows-position-outside elementor-pagination-position-outside elementor-widget elementor-widget-image-carousel\" data-id=\"216ccf43\" data-element_type=\"widget\" data-settings=\"{&quot;slides_to_show&quot;:&quot;1&quot;,&quot;navigation&quot;:&quot;both&quot;,&quot;autoplay&quot;:&quot;yes&quot;,&quot;pause_on_hover&quot;:&quot;yes&quot;,&quot;pause_on_interaction&quot;:&quot;yes&quot;,&quot;autoplay_speed&quot;:5000,&quot;infinite&quot;:&quot;yes&quot;,&quot;effect&quot;:&quot;slide&quot;,&quot;speed&quot;:500}\" data-widget_type=\"image-carousel.default\">\n\t\t\t\t<div class=\"elementor-widget-container\">\n\t\t\t\t\t<div class=\"elementor-image-carousel-wrapper swiper-container\" dir=\"ltr\">\n\t\t\t<div class=\"elementor-image-carousel swiper-wrapper\">\n\t\t\t\t\t\t\t\t<div class=\"swiper-slide\"><a data-elementor-open-lightbox=\"yes\" data-elementor-lightbox-slideshow=\"216ccf43\" data-elementor-lightbox-title=\"W_L_C\" e-action-hash=\"#elementor-action%3Aaction%3Dlightbox%26settings%3DeyJpZCI6ODA2OSwidXJsIjoiaHR0cHM6XC9cL3d3dy5wcm8tY29ycC5uZXRcL2Jja1wvd3AtY29udGVudFwvdXBsb2Fkc1wvMjAyMVwvMTFcL1dfTF9DLmpwZWciLCJzbGlkZXNob3ciOiIyMTZjY2Y0MyJ9\" href=\"http:\/\/www.pro-corp.net\/bck\/procorp-en-world-law-congress\/#registro_evento\"><figure class=\"swiper-slide-inner\"><img class=\"swiper-slide-image\" src=\"https:\/\/www.pro-corp.net\/bck\/wp-content\/uploads\/2021\/11\/W_L_C.jpeg\" alt=\"W_L_C\" \/><\/figure><\/a><\/div><div class=\"swiper-slide\"><a data-elementor-open-lightbox=\"yes\" data-elementor-lightbox-slideshow=\"216ccf43\" data-elementor-lightbox-title=\"W_L_C_JJS\" e-action-hash=\"#elementor-action%3Aaction%3Dlightbox%26settings%3DeyJpZCI6ODA2NywidXJsIjoiaHR0cHM6XC9cL3d3dy5wcm8tY29ycC5uZXRcL2Jja1wvd3AtY29udGVudFwvdXBsb2Fkc1wvMjAyMVwvMTFcL1dfTF9DX0pKUy5qcGVnIiwic2xpZGVzaG93IjoiMjE2Y2NmNDMifQ%3D%3D\" href=\"http:\/\/www.pro-corp.net\/bck\/procorp-en-world-law-congress\/#registro_evento\"><figure class=\"swiper-slide-inner\"><img class=\"swiper-slide-image\" src=\"https:\/\/www.pro-corp.net\/bck\/wp-content\/uploads\/2021\/11\/W_L_C_JJS.jpeg\" alt=\"W_L_C_JJS\" \/><\/figure><\/a><\/div><div class=\"swiper-slide\"><a data-elementor-open-lightbox=\"yes\" data-elementor-lightbox-slideshow=\"216ccf43\" data-elementor-lightbox-title=\"W_L_C_LS\" e-action-hash=\"#elementor-action%3Aaction%3Dlightbox%26settings%3DeyJpZCI6ODA2OCwidXJsIjoiaHR0cHM6XC9cL3d3dy5wcm8tY29ycC5uZXRcL2Jja1wvd3AtY29udGVudFwvdXBsb2Fkc1wvMjAyMVwvMTFcL1dfTF9DX0xTLmpwZWciLCJzbGlkZXNob3ciOiIyMTZjY2Y0MyJ9\" href=\"http:\/\/www.pro-corp.net\/bck\/procorp-en-world-law-congress\/#registro_evento\"><figure class=\"swiper-slide-inner\"><img class=\"swiper-slide-image\" src=\"https:\/\/www.pro-corp.net\/bck\/wp-content\/uploads\/2021\/11\/W_L_C_LS.jpeg\" alt=\"W_L_C_LS\" \/><\/figure><\/a><\/div>\t\t\t<\/div>\n\t\t\t\t\t\t\t\t\t\t\t\t<div class=\"swiper-pagination\"><\/div>\n\t\t\t\t\t\t\t\t\t\t\t\t\t<div class=\"elementor-swiper-button elementor-swiper-button-prev\">\n\t\t\t\t\t\t<i aria-hidden=\"true\" class=\"eicon-chevron-left\"><\/i>\t\t\t\t\t\t<span class=\"elementor-screen-only\">Anterior<\/span>\n\t\t\t\t\t<\/div>\n\t\t\t\t\t<div class=\"elementor-swiper-button elementor-swiper-button-next\">\n\t\t\t\t\t\t<i aria-hidden=\"true\" class=\"eicon-chevron-right\"><\/i>\t\t\t\t\t\t<span class=\"elementor-screen-only\">Siguiente<\/span>\n\t\t\t\t\t<\/div>\n\t\t\t\t\t\t\t\t\t<\/div>\n\t\t\t\t<\/div>\n\t\t\t\t<\/div>\n\t\t\t\t\t\t<\/div>\n\t\t\t\t\t<\/div>\n\t\t<\/div>\n\t\t\t\t\t\t\t\t<\/div>\n\t\t\t\t\t<\/div>\n\t\t<\/section>\n\t\t\t\t<section class=\"elementor-section elementor-top-section elementor-element elementor-element-ad51d08 elementor-section-boxed elementor-section-height-default elementor-section-height-default\" data-id=\"ad51d08\" data-element_type=\"section\">\n\t\t\t\t\t\t<div class=\"elementor-container elementor-column-gap-default\">\n\t\t\t\t\t\t\t<div class=\"elementor-row\">\n\t\t\t\t\t<div class=\"elementor-column elementor-col-100 elementor-top-column elementor-element elementor-element-38d4606\" data-id=\"38d4606\" data-element_type=\"column\">\n\t\t\t<div class=\"elementor-column-wrap elementor-element-populated\">\n\t\t\t\t\t\t\t<div class=\"elementor-widget-wrap\">\n\t\t\t\t\t\t<div class=\"elementor-element elementor-element-a591755 elementor-widget elementor-widget-spacer\" data-id=\"a591755\" data-element_type=\"widget\" data-widget_type=\"spacer.default\">\n\t\t\t\t<div class=\"elementor-widget-container\">\n\t\t\t\t\t<div class=\"elementor-spacer\">\n\t\t\t<div class=\"elementor-spacer-inner\"><\/div>\n\t\t<\/div>\n\t\t\t\t<\/div>\n\t\t\t\t<\/div>\n\t\t\t\t\t\t<\/div>\n\t\t\t\t\t<\/div>\n\t\t<\/div>\n\t\t\t\t\t\t\t\t<\/div>\n\t\t\t\t\t<\/div>\n\t\t<\/section>\n\t\t\t\t<section class=\"elementor-section elementor-top-section elementor-element elementor-element-f7499fd elementor-section-full_width elementor-section-content-middle elementor-reverse-mobile elementor-section-height-default elementor-section-height-default\" data-id=\"f7499fd\" data-element_type=\"section\" data-settings=\"{&quot;background_background&quot;:&quot;classic&quot;}\">\n\t\t\t\t\t\t<div class=\"elementor-container elementor-column-gap-no\">\n\t\t\t\t\t\t\t<div class=\"elementor-row\">\n\t\t\t\t\t<div class=\"elementor-column elementor-col-33 elementor-top-column elementor-element elementor-element-e108173\" data-id=\"e108173\" data-element_type=\"column\">\n\t\t\t<div class=\"elementor-column-wrap elementor-element-populated\">\n\t\t\t\t\t\t\t<div class=\"elementor-widget-wrap\">\n\t\t\t\t\t\t<div class=\"elementor-element elementor-element-7bf544d elementor-widget elementor-widget-heading\" data-id=\"7bf544d\" data-element_type=\"widget\" data-widget_type=\"heading.default\">\n\t\t\t\t<div class=\"elementor-widget-container\">\n\t\t\t<h3 class=\"elementor-heading-title elementor-size-default\"><span style=\"color: #350000\">Descubre<\/span>\n<span style=\"color: #af0808\">tu puerta a un nuevo mundo<font size=3>&copy<\/font><\/span><\/h3>\t\t<\/div>\n\t\t\t\t<\/div>\n\t\t\t\t<div class=\"elementor-element elementor-element-0ca7752 elementor-widget elementor-widget-text-editor\" data-id=\"0ca7752\" data-element_type=\"widget\" data-widget_type=\"text-editor.default\">\n\t\t\t\t<div class=\"elementor-widget-container\">\n\t\t\t\t\t\t\t\t<div class=\"elementor-text-editor elementor-clearfix\">\n\t\t\t\t<p>Cada vez m\u00e1s cerca a tu origen<\/p>\t\t\t\t\t<\/div>\n\t\t\t\t\t\t<\/div>\n\t\t\t\t<\/div>\n\t\t\t\t<section class=\"elementor-section elementor-inner-section elementor-element elementor-element-f32e9f0 elementor-section-boxed elementor-section-height-default elementor-section-height-default\" data-id=\"f32e9f0\" data-element_type=\"section\">\n\t\t\t\t\t\t<div class=\"elementor-container elementor-column-gap-default\">\n\t\t\t\t\t\t\t<div class=\"elementor-row\">\n\t\t\t\t\t<div class=\"elementor-column elementor-col-20 elementor-inner-column elementor-element elementor-element-13f10fd\" data-id=\"13f10fd\" data-element_type=\"column\">\n\t\t\t<div class=\"elementor-column-wrap\">\n\t\t\t\t\t\t\t<div class=\"elementor-widget-wrap\">\n\t\t\t\t\t\t\t\t<\/div>\n\t\t\t\t\t<\/div>\n\t\t<\/div>\n\t\t\t\t<div class=\"elementor-column elementor-col-20 elementor-inner-column elementor-element elementor-element-888860d\" data-id=\"888860d\" data-element_type=\"column\">\n\t\t\t<div class=\"elementor-column-wrap elementor-element-populated\">\n\t\t\t\t\t\t\t<div class=\"elementor-widget-wrap\">\n\t\t\t\t\t\t<div class=\"elementor-element elementor-element-3722d15 elementor-align-justify elementor-mobile-align-right elementor-tablet-align-left elementor-widget elementor-widget-button\" data-id=\"3722d15\" data-element_type=\"widget\" data-widget_type=\"button.default\">\n\t\t\t\t<div class=\"elementor-widget-container\">\n\t\t\t\t\t<div class=\"elementor-button-wrapper\">\n\t\t\t<a href=\"http:\/\/www.pro-corp.net\/bck\/pro-corp-sas\/soluciones-legales-y-comunitarias\/nacionalidad-europea-por-ley-sefardi\/espana\/\" class=\"elementor-button-link elementor-button elementor-size-xs\" role=\"button\">\n\t\t\t\t\t\t<span class=\"elementor-button-content-wrapper\">\n\t\t\t\t\t\t<span class=\"elementor-button-text\">Espa\u00f1a<\/span>\n\t\t<\/span>\n\t\t\t\t\t<\/a>\n\t\t<\/div>\n\t\t\t\t<\/div>\n\t\t\t\t<\/div>\n\t\t\t\t\t\t<\/div>\n\t\t\t\t\t<\/div>\n\t\t<\/div>\n\t\t\t\t<div class=\"elementor-column elementor-col-20 elementor-inner-column elementor-element elementor-element-446593f elementor-hidden-tablet elementor-hidden-phone\" data-id=\"446593f\" data-element_type=\"column\">\n\t\t\t<div class=\"elementor-column-wrap\">\n\t\t\t\t\t\t\t<div class=\"elementor-widget-wrap\">\n\t\t\t\t\t\t\t\t<\/div>\n\t\t\t\t\t<\/div>\n\t\t<\/div>\n\t\t\t\t<div class=\"elementor-column elementor-col-20 elementor-inner-column elementor-element elementor-element-47f7006\" data-id=\"47f7006\" data-element_type=\"column\">\n\t\t\t<div class=\"elementor-column-wrap elementor-element-populated\">\n\t\t\t\t\t\t\t<div class=\"elementor-widget-wrap\">\n\t\t\t\t\t\t<div class=\"elementor-element elementor-element-8696650 elementor-align-justify elementor-mobile-align-center elementor-tablet-align-left elementor-widget elementor-widget-button\" data-id=\"8696650\" data-element_type=\"widget\" data-widget_type=\"button.default\">\n\t\t\t\t<div class=\"elementor-widget-container\">\n\t\t\t\t\t<div class=\"elementor-button-wrapper\">\n\t\t\t<a href=\"http:\/\/www.pro-corp.net\/bck\/pro-corp-sas\/soluciones-legales-y-comunitarias\/nacionalidad-europea-por-ley-sefardi\/portugal\/\" class=\"elementor-button-link elementor-button elementor-size-xs\" role=\"button\">\n\t\t\t\t\t\t<span class=\"elementor-button-content-wrapper\">\n\t\t\t\t\t\t<span class=\"elementor-button-text\">Portugal<\/span>\n\t\t<\/span>\n\t\t\t\t\t<\/a>\n\t\t<\/div>\n\t\t\t\t<\/div>\n\t\t\t\t<\/div>\n\t\t\t\t\t\t<\/div>\n\t\t\t\t\t<\/div>\n\t\t<\/div>\n\t\t\t\t<div class=\"elementor-column elementor-col-20 elementor-inner-column elementor-element elementor-element-3d7eb9f\" data-id=\"3d7eb9f\" data-element_type=\"column\">\n\t\t\t<div class=\"elementor-column-wrap\">\n\t\t\t\t\t\t\t<div class=\"elementor-widget-wrap\">\n\t\t\t\t\t\t\t\t<\/div>\n\t\t\t\t\t<\/div>\n\t\t<\/div>\n\t\t\t\t\t\t\t\t<\/div>\n\t\t\t\t\t<\/div>\n\t\t<\/section>\n\t\t\t\t\t\t<\/div>\n\t\t\t\t\t<\/div>\n\t\t<\/div>\n\t\t\t\t<div class=\"elementor-column elementor-col-33 elementor-top-column elementor-element elementor-element-26d11f3\" data-id=\"26d11f3\" data-element_type=\"column\">\n\t\t\t<div class=\"elementor-column-wrap\">\n\t\t\t\t\t\t\t<div class=\"elementor-widget-wrap\">\n\t\t\t\t\t\t\t\t<\/div>\n\t\t\t\t\t<\/div>\n\t\t<\/div>\n\t\t\t\t<div class=\"elementor-column elementor-col-33 elementor-top-column elementor-element elementor-element-ff3a2dc\" data-id=\"ff3a2dc\" data-element_type=\"column\">\n\t\t\t<div class=\"elementor-column-wrap elementor-element-populated\">\n\t\t\t\t\t\t\t<div class=\"elementor-widget-wrap\">\n\t\t\t\t\t\t<div class=\"elementor-element elementor-element-4dffcd2 elementor--h-position-center elementor--v-position-middle elementor-arrows-position-inside elementor-pagination-position-inside elementor-widget elementor-widget-slides\" data-id=\"4dffcd2\" data-element_type=\"widget\" data-settings=\"{&quot;autoplay_speed&quot;:6000,&quot;transition_speed&quot;:700,&quot;navigation&quot;:&quot;both&quot;,&quot;autoplay&quot;:&quot;yes&quot;,&quot;pause_on_hover&quot;:&quot;yes&quot;,&quot;pause_on_interaction&quot;:&quot;yes&quot;,&quot;infinite&quot;:&quot;yes&quot;,&quot;transition&quot;:&quot;slide&quot;}\" data-widget_type=\"slides.default\">\n\t\t\t\t<div class=\"elementor-widget-container\">\n\t\t\t\t\t<div class=\"elementor-swiper\">\n\t\t\t<div class=\"elementor-slides-wrapper elementor-main-swiper swiper-container\" dir=\"ltr\" data-animation=\"fadeInUp\">\n\t\t\t\t<div class=\"swiper-wrapper elementor-slides\">\n\t\t\t\t\t\t\t\t\t\t<div class=\"elementor-repeater-item-a050cb4 swiper-slide\"><div class=\"swiper-slide-bg\"><\/div><div class=\"swiper-slide-inner\" ><div class=\"swiper-slide-contents\"><div class=\"elementor-slide-heading\">Educaci\u00f3n<\/div><div class=\"elementor-slide-description\">Oportunidades de estudio en cualquiera de los 28 pa\u00edses de la Uni\u00f3n Europea.<\/div><\/div><\/div><\/div><div class=\"elementor-repeater-item-a407e90 swiper-slide\"><div class=\"swiper-slide-bg\"><\/div><div class=\"swiper-slide-inner\" ><div class=\"swiper-slide-contents\"><div class=\"elementor-slide-heading\">Trabajo<\/div><div class=\"elementor-slide-description\">Oportunidades laborales y de inversi\u00f3n en empresas e industrias de la Uni\u00f3n Europea<\/div><\/div><\/div><\/div><div class=\"elementor-repeater-item-608d2c5 swiper-slide\"><div class=\"swiper-slide-bg\"><\/div><div class=\"swiper-slide-inner\" ><div class=\"swiper-slide-contents\"><div class=\"elementor-slide-heading\">Calidad de vida<\/div><div class=\"elementor-slide-description\">Acceso a derechos europeos (participaci\u00f3n en la vida pol\u00edtica, pensi\u00f3n, seguridad social, entre otros).<\/div><\/div><\/div><\/div><div class=\"elementor-repeater-item-06ec9fa swiper-slide\"><div class=\"swiper-slide-bg\"><\/div><div class=\"swiper-slide-inner\" ><div class=\"swiper-slide-contents\"><div class=\"elementor-slide-heading\">Derecho a residencia<\/div><div class=\"elementor-slide-description\">Tendr\u00e1s libre circulaci\u00f3n para viajar, estudiar y trabajar en cualquiera de los 27 pa\u00edses de la Uni\u00f3n Europea y el Reino Unido.<\/div><\/div><\/div><\/div>\t\t\t\t<\/div>\n\t\t\t\t\t\t\t\t\t\t\t\t\t\t\t<div class=\"swiper-pagination\"><\/div>\n\t\t\t\t\t\t\t\t\t\t\t\t\t\t\t\t<div class=\"elementor-swiper-button elementor-swiper-button-prev\">\n\t\t\t\t\t\t\t<i aria-hidden=\"true\" class=\"eicon-chevron-left\"><\/i>\t\t\t\t\t\t\t<span class=\"elementor-screen-only\">Previous<\/span>\n\t\t\t\t\t\t<\/div>\n\t\t\t\t\t\t<div class=\"elementor-swiper-button elementor-swiper-button-next\">\n\t\t\t\t\t\t\t<i aria-hidden=\"true\" class=\"eicon-chevron-right\"><\/i>\t\t\t\t\t\t\t<span class=\"elementor-screen-only\">Next<\/span>\n\t\t\t\t\t\t<\/div>\n\t\t\t\t\t\t\t\t\t\t\t\t<\/div>\n\t\t<\/div>\n\t\t\t\t<\/div>\n\t\t\t\t<\/div>\n\t\t\t\t\t\t<\/div>\n\t\t\t\t\t<\/div>\n\t\t<\/div>\n\t\t\t\t\t\t\t\t<\/div>\n\t\t\t\t\t<\/div>\n\t\t<\/section>\n\t\t\t\t<section class=\"elementor-section elementor-top-section elementor-element elementor-element-f2a8738 elementor-section-boxed elementor-section-height-default elementor-section-height-default\" data-id=\"f2a8738\" data-element_type=\"section\" data-settings=\"{&quot;background_background&quot;:&quot;classic&quot;}\">\n\t\t\t\t\t\t<div class=\"elementor-container elementor-column-gap-default\">\n\t\t\t\t\t\t\t<div class=\"elementor-row\">\n\t\t\t\t\t<div class=\"elementor-column elementor-col-100 elementor-top-column elementor-element elementor-element-4e20976\" data-id=\"4e20976\" data-element_type=\"column\">\n\t\t\t<div class=\"elementor-column-wrap elementor-element-populated\">\n\t\t\t\t\t\t\t<div class=\"elementor-widget-wrap\">\n\t\t\t\t\t\t<div class=\"elementor-element elementor-element-f335275 elementor-widget elementor-widget-spacer\" data-id=\"f335275\" data-element_type=\"widget\" data-widget_type=\"spacer.default\">\n\t\t\t\t<div class=\"elementor-widget-container\">\n\t\t\t\t\t<div class=\"elementor-spacer\">\n\t\t\t<div class=\"elementor-spacer-inner\"><\/div>\n\t\t<\/div>\n\t\t\t\t<\/div>\n\t\t\t\t<\/div>\n\t\t\t\t<div class=\"elementor-element elementor-element-b4b7742 elementor-widget elementor-widget-heading\" data-id=\"b4b7742\" data-element_type=\"widget\" data-widget_type=\"heading.default\">\n\t\t\t\t<div class=\"elementor-widget-container\">\n\t\t\t<h2 class=\"elementor-heading-title elementor-size-default\"><span style=\"color: #ffff\">\u00bfPor qu\u00e9<\/span> \n\n<span style=\"color: #af0808\">Pro Corp<\/span>\n\n<span style=\"color: #FFFFFF\">?<\/span>\n<\/h2>\t\t<\/div>\n\t\t\t\t<\/div>\n\t\t\t\t<div class=\"elementor-element elementor-element-bcd320b elementor-aspect-ratio-169 elementor-widget elementor-widget-video\" data-id=\"bcd320b\" data-element_type=\"widget\" data-settings=\"{&quot;video_type&quot;:&quot;hosted&quot;,&quot;show_image_overlay&quot;:&quot;yes&quot;,&quot;image_overlay&quot;:{&quot;url&quot;:&quot;http:\\\/\\\/www.pro-corp.net\\\/bck\\\/wp-content\\\/uploads\\\/2020\\\/10\\\/image_video.jpg&quot;,&quot;id&quot;:5177},&quot;controls&quot;:&quot;yes&quot;,&quot;aspect_ratio&quot;:&quot;169&quot;}\" data-widget_type=\"video.default\">\n\t\t\t\t<div class=\"elementor-widget-container\">\n\t\t\t\t\t<div class=\"e-hosted-video elementor-wrapper elementor-fit-aspect-ratio elementor-open-inline\">\n\t\t\t\t\t<video class=\"elementor-video\" src=\"http:\/\/www.pro-corp.net\/bck\/wp-content\/uploads\/2020\/09\/Maldita-tilde.mp4\" controls=\"\" controlsList=\"nodownload\" poster=\"http:\/\/www.pro-corp.net\/bck\/wp-content\/uploads\/2020\/10\/image_video.jpg\"><\/video>\n\t\t\t\t\t\t<div class=\"elementor-custom-embed-image-overlay\" style=\"background-image: url(https:\/\/www.pro-corp.net\/bck\/wp-content\/uploads\/2020\/10\/image_video.jpg);\">\n\t\t\t\t\t\t\t\t\t\t\t\t\t\t\t\t<div class=\"elementor-custom-embed-play\" role=\"button\">\n\t\t\t\t\t\t\t<i aria-hidden=\"true\" class=\"eicon-play\"><\/i>\t\t\t\t\t\t\t<span class=\"elementor-screen-only\">Reproducir v\u00eddeo<\/span>\n\t\t\t\t\t\t<\/div>\n\t\t\t\t\t\t\t\t\t<\/div>\n\t\t\t\t\t<\/div>\n\t\t\t\t<\/div>\n\t\t\t\t<\/div>\n\t\t\t\t<div class=\"elementor-element elementor-element-4406520 elementor-widget elementor-widget-spacer\" data-id=\"4406520\" data-element_type=\"widget\" data-widget_type=\"spacer.default\">\n\t\t\t\t<div class=\"elementor-widget-container\">\n\t\t\t\t\t<div class=\"elementor-spacer\">\n\t\t\t<div class=\"elementor-spacer-inner\"><\/div>\n\t\t<\/div>\n\t\t\t\t<\/div>\n\t\t\t\t<\/div>\n\t\t\t\t\t\t<\/div>\n\t\t\t\t\t<\/div>\n\t\t<\/div>\n\t\t\t\t\t\t\t\t<\/div>\n\t\t\t\t\t<\/div>\n\t\t<\/section>\n\t\t\t\t<section class=\"elementor-section elementor-top-section elementor-element elementor-element-5232033 elementor-section-height-min-height elementor-section-full_width elementor-section-height-default elementor-section-items-middle\" data-id=\"5232033\" data-element_type=\"section\" data-settings=\"{&quot;background_background&quot;:&quot;classic&quot;}\">\n\t\t\t\t\t\t<div class=\"elementor-container elementor-column-gap-default\">\n\t\t\t\t\t\t\t<div class=\"elementor-row\">\n\t\t\t\t\t<div class=\"elementor-column elementor-col-100 elementor-top-column elementor-element elementor-element-94bea86\" data-id=\"94bea86\" data-element_type=\"column\">\n\t\t\t<div class=\"elementor-column-wrap elementor-element-populated\">\n\t\t\t\t\t\t\t<div class=\"elementor-widget-wrap\">\n\t\t\t\t\t\t<section class=\"elementor-section elementor-inner-section elementor-element elementor-element-348763b elementor-section-full_width elementor-section-height-default elementor-section-height-default\" data-id=\"348763b\" data-element_type=\"section\">\n\t\t\t\t\t\t<div class=\"elementor-container elementor-column-gap-default\">\n\t\t\t\t\t\t\t<div class=\"elementor-row\">\n\t\t\t\t\t<div class=\"elementor-column elementor-col-100 elementor-inner-column elementor-element elementor-element-47e6055\" data-id=\"47e6055\" data-element_type=\"column\">\n\t\t\t<div class=\"elementor-column-wrap elementor-element-populated\">\n\t\t\t\t\t\t\t<div class=\"elementor-widget-wrap\">\n\t\t\t\t\t\t<div class=\"elementor-element elementor-element-74e6629 elementor-widget elementor-widget-heading\" data-id=\"74e6629\" data-element_type=\"widget\" data-widget_type=\"heading.default\">\n\t\t\t\t<div class=\"elementor-widget-container\">\n\t\t\t<h3 class=\"elementor-heading-title elementor-size-default\"><span style=\"color: #af0808\">Or\u00edgenes<\/span>\n<span style=\"color: #350000\">descubiertos<\/span><\/h3>\t\t<\/div>\n\t\t\t\t<\/div>\n\t\t\t\t<div class=\"elementor-element elementor-element-46faaf9 elementor-widget elementor-widget-text-editor\" data-id=\"46faaf9\" data-element_type=\"widget\" data-widget_type=\"text-editor.default\">\n\t\t\t\t<div class=\"elementor-widget-container\">\n\t\t\t\t\t\t\t\t<div class=\"elementor-text-editor elementor-clearfix\">\n\t\t\t\t<p style=\"text-align: center;\"><span style=\"color: #350000;\">Estas son algunas de las personas que han decidido descubrir un nuevo origen:<\/span><\/p>\t\t\t\t\t<\/div>\n\t\t\t\t\t\t<\/div>\n\t\t\t\t<\/div>\n\t\t\t\t\t\t<\/div>\n\t\t\t\t\t<\/div>\n\t\t<\/div>\n\t\t\t\t\t\t\t\t<\/div>\n\t\t\t\t\t<\/div>\n\t\t<\/section>\n\t\t\t\t<section class=\"elementor-section elementor-inner-section elementor-element elementor-element-f5be179 elementor-section-full_width elementor-section-height-min-height elementor-section-height-default\" data-id=\"f5be179\" data-element_type=\"section\">\n\t\t\t\t\t\t<div class=\"elementor-container elementor-column-gap-narrow\">\n\t\t\t\t\t\t\t<div class=\"elementor-row\">\n\t\t\t\t\t<div class=\"elementor-column elementor-col-20 elementor-inner-column elementor-element elementor-element-64f417e\" data-id=\"64f417e\" data-element_type=\"column\">\n\t\t\t<div class=\"elementor-column-wrap\">\n\t\t\t\t\t\t\t<div class=\"elementor-widget-wrap\">\n\t\t\t\t\t\t\t\t<\/div>\n\t\t\t\t\t<\/div>\n\t\t<\/div>\n\t\t\t\t<div class=\"elementor-column elementor-col-20 elementor-inner-column elementor-element elementor-element-3b7e79d\" data-id=\"3b7e79d\" data-element_type=\"column\">\n\t\t\t<div class=\"elementor-column-wrap elementor-element-populated\">\n\t\t\t\t\t\t\t<div class=\"elementor-widget-wrap\">\n\t\t\t\t\t\t<div class=\"elementor-element elementor-element-e5722cb elementor-flip-box--direction-left elementor-flip-box--effect-flip elementor-widget elementor-widget-flip-box\" data-id=\"e5722cb\" data-element_type=\"widget\" data-widget_type=\"flip-box.default\">\n\t\t\t\t<div class=\"elementor-widget-container\">\n\t\t\t\t\t<div class=\"elementor-flip-box\">\n\t\t\t<div class=\"elementor-flip-box__layer elementor-flip-box__front\">\n\t\t\t\t<div class=\"elementor-flip-box__layer__overlay\">\n\t\t\t\t\t<div class=\"elementor-flip-box__layer__inner\">\n\t\t\t\t\t\t\n\t\t\t\t\t\t\n\t\t\t\t\t\t\t\t\t\t\t<\/div>\n\t\t\t\t<\/div>\n\t\t\t<\/div>\n\t\t\t<div class=\"elementor-flip-box__layer elementor-flip-box__back\">\n\t\t\t<div class=\"elementor-flip-box__layer__overlay\">\n\t\t\t\t<div class=\"elementor-flip-box__layer__inner\">\n\t\t\t\t\t\t\t\t\t\t\t<h3 class=\"elementor-flip-box__layer__title\">\n\t\t\t\t\t\t\tLisandra Ramos V.\t\t\t\t\t\t<\/h3>\n\t\t\t\t\t\n\t\t\t\t\t\t\t\t\t\t\t<div class=\"elementor-flip-box__layer__description\">\n\t\t\t\t\t\t\t\"Gracias a cada una de las personas que me atendi\u00f3 en Pro-Corp por darme la tranquilidad suficiente para iniciar el tr\u00e1mite. A medida que avanz\u00f3 el proceso, ellos me iban poniendo al tanto del estado y de los pasos a seguir, sin duda es algo que destaco, ese acompa\u00f1amiento que me hicieron desde el primer momento, y sobretodo durante la firma en Espa\u00f1a.\"\t\t\t\t\t\t<\/div>\n\t\t\t\t\t\n\t\t\t\t\t\t\t\t<\/div>\n\t\t<\/div>\n\t\t<\/div>\n\t\t<\/div>\n\t\t\t\t<\/div>\n\t\t\t\t<\/div>\n\t\t\t\t\t\t<\/div>\n\t\t\t\t\t<\/div>\n\t\t<\/div>\n\t\t\t\t<div class=\"elementor-column elementor-col-20 elementor-inner-column elementor-element elementor-element-d8a334e\" data-id=\"d8a334e\" data-element_type=\"column\">\n\t\t\t<div class=\"elementor-column-wrap elementor-element-populated\">\n\t\t\t\t\t\t\t<div class=\"elementor-widget-wrap\">\n\t\t\t\t\t\t<div class=\"elementor-element elementor-element-40a6237 elementor-flip-box--direction-left elementor-flip-box--effect-flip elementor-widget elementor-widget-flip-box\" data-id=\"40a6237\" data-element_type=\"widget\" data-widget_type=\"flip-box.default\">\n\t\t\t\t<div class=\"elementor-widget-container\">\n\t\t\t\t\t<div class=\"elementor-flip-box\">\n\t\t\t<div class=\"elementor-flip-box__layer elementor-flip-box__front\">\n\t\t\t\t<div class=\"elementor-flip-box__layer__overlay\">\n\t\t\t\t\t<div class=\"elementor-flip-box__layer__inner\">\n\t\t\t\t\t\t\n\t\t\t\t\t\t\n\t\t\t\t\t\t\t\t\t\t\t<\/div>\n\t\t\t\t<\/div>\n\t\t\t<\/div>\n\t\t\t<div class=\"elementor-flip-box__layer elementor-flip-box__back\">\n\t\t\t<div class=\"elementor-flip-box__layer__overlay\">\n\t\t\t\t<div class=\"elementor-flip-box__layer__inner\">\n\t\t\t\t\t\t\t\t\t\t\t<h3 class=\"elementor-flip-box__layer__title\">\n\t\t\t\t\t\t\tIsabel L. Montoya\t\t\t\t\t\t<\/h3>\n\t\t\t\t\t\n\t\t\t\t\t\t\t\t\t\t\t<div class=\"elementor-flip-box__layer__description\">\n\t\t\t\t\t\t\t\"Creo que siempre voy a estar agradecida con Javier y con Natalia, por su entrega y por responderme a las horas no muy cordiales en las que yo pod\u00eda hablar. Gracias por el acompa\u00f1amiento y por ayudarme tanto en Espa\u00f1a antes de mi firma. Sin duda los recomendar\u00eda siempre.\"\n\n\t\t\t\t\t\t<\/div>\n\t\t\t\t\t\n\t\t\t\t\t\t\t\t<\/div>\n\t\t<\/div>\n\t\t<\/div>\n\t\t<\/div>\n\t\t\t\t<\/div>\n\t\t\t\t<\/div>\n\t\t\t\t\t\t<\/div>\n\t\t\t\t\t<\/div>\n\t\t<\/div>\n\t\t\t\t<div class=\"elementor-column elementor-col-20 elementor-inner-column elementor-element elementor-element-81f8b82\" data-id=\"81f8b82\" data-element_type=\"column\">\n\t\t\t<div class=\"elementor-column-wrap elementor-element-populated\">\n\t\t\t\t\t\t\t<div class=\"elementor-widget-wrap\">\n\t\t\t\t\t\t<div class=\"elementor-element elementor-element-a78083d elementor-flip-box--direction-left elementor-flip-box--effect-flip elementor-widget elementor-widget-flip-box\" data-id=\"a78083d\" data-element_type=\"widget\" data-widget_type=\"flip-box.default\">\n\t\t\t\t<div class=\"elementor-widget-container\">\n\t\t\t\t\t<div class=\"elementor-flip-box\">\n\t\t\t<div class=\"elementor-flip-box__layer elementor-flip-box__front\">\n\t\t\t\t<div class=\"elementor-flip-box__layer__overlay\">\n\t\t\t\t\t<div class=\"elementor-flip-box__layer__inner\">\n\t\t\t\t\t\t\n\t\t\t\t\t\t\n\t\t\t\t\t\t\t\t\t\t\t<\/div>\n\t\t\t\t<\/div>\n\t\t\t<\/div>\n\t\t\t<div class=\"elementor-flip-box__layer elementor-flip-box__back\">\n\t\t\t<div class=\"elementor-flip-box__layer__overlay\">\n\t\t\t\t<div class=\"elementor-flip-box__layer__inner\">\n\t\t\t\t\t\t\t\t\t\t\t<h3 class=\"elementor-flip-box__layer__title\">\n\t\t\t\t\t\t\tMar\u00eda A. Losada\t\t\t\t\t\t<\/h3>\n\t\t\t\t\t\n\t\t\t\t\t\t\t\t\t\t\t<div class=\"elementor-flip-box__layer__description\">\n\t\t\t\t\t\t\t\"Al principio ten\u00eda muchas dudas, Pero Javier se reuni\u00f3 conmigo una tarde y con toda la calma del mundo me explic\u00f3 a mi y a mi esposo en qu\u00e9 consist\u00eda. Aunque me demor\u00e9 un mont\u00f3n en iniciarlo, ellos supieron esperarme y siempre atenderme muy bien, resalto el  mantenerme informada siempre de c\u00f3mo iba el proceso hasta despu\u00e9s de la firma en Espa\u00f1a.\"\t\t\t\t\t\t<\/div>\n\t\t\t\t\t\n\t\t\t\t\t\t\t\t<\/div>\n\t\t<\/div>\n\t\t<\/div>\n\t\t<\/div>\n\t\t\t\t<\/div>\n\t\t\t\t<\/div>\n\t\t\t\t\t\t<\/div>\n\t\t\t\t\t<\/div>\n\t\t<\/div>\n\t\t\t\t<div class=\"elementor-column elementor-col-20 elementor-inner-column elementor-element elementor-element-4331bfa elementor-hidden-tablet elementor-hidden-phone\" data-id=\"4331bfa\" data-element_type=\"column\">\n\t\t\t<div class=\"elementor-column-wrap\">\n\t\t\t\t\t\t\t<div class=\"elementor-widget-wrap\">\n\t\t\t\t\t\t\t\t<\/div>\n\t\t\t\t\t<\/div>\n\t\t<\/div>\n\t\t\t\t\t\t\t\t<\/div>\n\t\t\t\t\t<\/div>\n\t\t<\/section>\n\t\t\t\t\t\t<\/div>\n\t\t\t\t\t<\/div>\n\t\t<\/div>\n\t\t\t\t\t\t\t\t<\/div>\n\t\t\t\t\t<\/div>\n\t\t<\/section>\n\t\t\t\t<section class=\"elementor-section elementor-top-section elementor-element elementor-element-eb475e5 elementor-section-boxed elementor-section-height-default elementor-section-height-default\" data-id=\"eb475e5\" data-element_type=\"section\">\n\t\t\t\t\t\t<div class=\"elementor-container elementor-column-gap-default\">\n\t\t\t\t\t\t\t<div class=\"elementor-row\">\n\t\t\t\t\t<div class=\"elementor-column elementor-col-100 elementor-top-column elementor-element elementor-element-feac500\" data-id=\"feac500\" data-element_type=\"column\">\n\t\t\t<div class=\"elementor-column-wrap elementor-element-populated\">\n\t\t\t\t\t\t\t<div class=\"elementor-widget-wrap\">\n\t\t\t\t\t\t<div class=\"elementor-element elementor-element-d430dc5 elementor-widget__width-initial elementor-fixed elementor-hidden-desktop elementor-hidden-tablet elementor-hidden-phone elementor-view-default elementor-widget elementor-widget-icon\" data-id=\"d430dc5\" data-element_type=\"widget\" data-settings=\"{&quot;_position&quot;:&quot;fixed&quot;}\" data-widget_type=\"icon.default\">\n\t\t\t\t<div class=\"elementor-widget-container\">\n\t\t\t\t\t<div class=\"elementor-icon-wrapper\">\n\t\t\t<div class=\"elementor-icon\">\n\t\t\t<i aria-hidden=\"true\" class=\"fab fa-whatsapp-square\"><\/i>\t\t\t<\/div>\n\t\t<\/div>\n\t\t\t\t<\/div>\n\t\t\t\t<\/div>\n\t\t\t\t<div class=\"elementor-element elementor-element-4b87036 elementor-widget elementor-widget-heading\" data-id=\"4b87036\" data-element_type=\"widget\" data-widget_type=\"heading.default\">\n\t\t\t\t<div class=\"elementor-widget-container\">\n\t\t\t<h2 class=\"elementor-heading-title elementor-size-default\">Art\u00edculos de inter\u00e9s<\/h2>\t\t<\/div>\n\t\t\t\t<\/div>\n\t\t\t\t<section class=\"elementor-section elementor-inner-section elementor-element elementor-element-f1449dc elementor-section-boxed elementor-section-height-default elementor-section-height-default\" data-id=\"f1449dc\" data-element_type=\"section\">\n\t\t\t\t\t\t<div class=\"elementor-container elementor-column-gap-default\">\n\t\t\t\t\t\t\t<div class=\"elementor-row\">\n\t\t\t\t\t<div class=\"elementor-column elementor-col-50 elementor-inner-column elementor-element elementor-element-0c1d580\" data-id=\"0c1d580\" data-element_type=\"column\">\n\t\t\t<div class=\"elementor-column-wrap elementor-element-populated\">\n\t\t\t\t\t\t\t<div class=\"elementor-widget-wrap\">\n\t\t\t\t\t\t<div class=\"elementor-element elementor-element-9eb95fb elementor-widget elementor-widget-spacer\" data-id=\"9eb95fb\" data-element_type=\"widget\" data-widget_type=\"spacer.default\">\n\t\t\t\t<div class=\"elementor-widget-container\">\n\t\t\t\t\t<div class=\"elementor-spacer\">\n\t\t\t<div class=\"elementor-spacer-inner\"><\/div>\n\t\t<\/div>\n\t\t\t\t<\/div>\n\t\t\t\t<\/div>\n\t\t\t\t\t\t<\/div>\n\t\t\t\t\t<\/div>\n\t\t<\/div>\n\t\t\t\t<div class=\"elementor-column elementor-col-50 elementor-inner-column elementor-element elementor-element-71f91b4\" data-id=\"71f91b4\" data-element_type=\"column\">\n\t\t\t<div class=\"elementor-column-wrap\">\n\t\t\t\t\t\t\t<div class=\"elementor-widget-wrap\">\n\t\t\t\t\t\t\t\t<\/div>\n\t\t\t\t\t<\/div>\n\t\t<\/div>\n\t\t\t\t\t\t\t\t<\/div>\n\t\t\t\t\t<\/div>\n\t\t<\/section>\n\t\t\t\t<div class=\"elementor-element elementor-element-3efb887 elementor-grid-3 elementor-grid-tablet-2 elementor-grid-mobile-1 elementor-posts--thumbnail-top elementor-card-shadow-yes elementor-posts__hover-gradient elementor-widget elementor-widget-posts\" data-id=\"3efb887\" data-element_type=\"widget\" data-settings=\"{&quot;cards_columns&quot;:&quot;3&quot;,&quot;cards_columns_tablet&quot;:&quot;2&quot;,&quot;cards_columns_mobile&quot;:&quot;1&quot;,&quot;cards_row_gap&quot;:{&quot;unit&quot;:&quot;px&quot;,&quot;size&quot;:35,&quot;sizes&quot;:[]},&quot;cards_row_gap_tablet&quot;:{&quot;unit&quot;:&quot;px&quot;,&quot;size&quot;:&quot;&quot;,&quot;sizes&quot;:[]},&quot;cards_row_gap_mobile&quot;:{&quot;unit&quot;:&quot;px&quot;,&quot;size&quot;:&quot;&quot;,&quot;sizes&quot;:[]}}\" data-widget_type=\"posts.cards\">\n\t\t\t\t<div class=\"elementor-widget-container\">\n\t\t\t\t\t<div class=\"elementor-posts-container elementor-posts elementor-posts--skin-cards elementor-grid\">\n\t\t\t\t<article class=\"elementor-post elementor-grid-item post-8134 post type-post status-publish format-standard has-post-thumbnail hentry category-uncategorized tag-certificado-de-recuperacion-frente-al-covid-19 tag-certificado-de-vacunacion tag-resultado-negativo-de-covid-19\">\n\t\t\t<div class=\"elementor-post__card\">\n\t\t\t\t<a class=\"elementor-post__thumbnail__link\" href=\"https:\/\/www.pro-corp.net\/bck\/espana-levanta-restricciones-a-viajeros\/\" ><div class=\"elementor-post__thumbnail\"><img width=\"300\" height=\"200\" src=\"https:\/\/www.pro-corp.net\/bck\/wp-content\/uploads\/2022\/01\/pexels-mikhail-nilov-8430374-300x200.jpg\" class=\"attachment-medium size-medium\" alt=\"Foto de Mikhail Nilov en Pexels\" loading=\"lazy\" srcset=\"https:\/\/www.pro-corp.net\/bck\/wp-content\/uploads\/2022\/01\/pexels-mikhail-nilov-8430374-300x200.jpg 300w, https:\/\/www.pro-corp.net\/bck\/wp-content\/uploads\/2022\/01\/pexels-mikhail-nilov-8430374-1024x682.jpg 1024w, https:\/\/www.pro-corp.net\/bck\/wp-content\/uploads\/2022\/01\/pexels-mikhail-nilov-8430374-768x512.jpg 768w, https:\/\/www.pro-corp.net\/bck\/wp-content\/uploads\/2022\/01\/pexels-mikhail-nilov-8430374-1536x1023.jpg 1536w, https:\/\/www.pro-corp.net\/bck\/wp-content\/uploads\/2022\/01\/pexels-mikhail-nilov-8430374-2048x1364.jpg 2048w\" sizes=\"(max-width: 300px) 100vw, 300px\" \/><\/div><\/a>\n\t\t\t\t<div class=\"elementor-post__badge\">Uncategorized<\/div>\n\t\t\t\t<div class=\"elementor-post__text\">\n\t\t\t\t<h3 class=\"elementor-post__title\">\n\t\t\t<a href=\"https:\/\/www.pro-corp.net\/bck\/espana-levanta-restricciones-a-viajeros\/\" >\n\t\t\t\tEspa\u00f1a levanta restricciones a viajeros provenientes de Colombia\t\t\t<\/a>\n\t\t<\/h3>\n\t\t\t\t\t<a class=\"elementor-post__read-more\" href=\"https:\/\/www.pro-corp.net\/bck\/espana-levanta-restricciones-a-viajeros\/\" >\n\t\t\t\tRead More \u00bb\t\t\t<\/a>\n\t\t\t\t<\/div>\n\t\t\t\t\t<\/div>\n\t\t<\/article>\n\t\t\t\t<article class=\"elementor-post elementor-grid-item post-7529 post type-post status-publish format-standard has-post-thumbnail hentry category-emigrar-a-espana\">\n\t\t\t<div class=\"elementor-post__card\">\n\t\t\t\t<a class=\"elementor-post__thumbnail__link\" href=\"https:\/\/www.pro-corp.net\/bck\/acuerdos-entre-colombia-y-espana\/\" ><div class=\"elementor-post__thumbnail\"><img width=\"300\" height=\"200\" src=\"https:\/\/www.pro-corp.net\/bck\/wp-content\/uploads\/2021\/09\/Acuerdos-300x200.jpeg\" class=\"attachment-medium size-medium\" alt=\"Nuevos acuerdos entre Colombia y Espa\u00f1a durante la visita del presidente Duque\" loading=\"lazy\" srcset=\"https:\/\/www.pro-corp.net\/bck\/wp-content\/uploads\/2021\/09\/Acuerdos-300x200.jpeg 300w, https:\/\/www.pro-corp.net\/bck\/wp-content\/uploads\/2021\/09\/Acuerdos-1024x683.jpeg 1024w, https:\/\/www.pro-corp.net\/bck\/wp-content\/uploads\/2021\/09\/Acuerdos-768x512.jpeg 768w, https:\/\/www.pro-corp.net\/bck\/wp-content\/uploads\/2021\/09\/Acuerdos-1536x1024.jpeg 1536w, https:\/\/www.pro-corp.net\/bck\/wp-content\/uploads\/2021\/09\/Acuerdos-2048x1365.jpeg 2048w\" sizes=\"(max-width: 300px) 100vw, 300px\" \/><\/div><\/a>\n\t\t\t\t<div class=\"elementor-post__badge\">Emigrar a Espa\u00f1a<\/div>\n\t\t\t\t<div class=\"elementor-post__text\">\n\t\t\t\t<h3 class=\"elementor-post__title\">\n\t\t\t<a href=\"https:\/\/www.pro-corp.net\/bck\/acuerdos-entre-colombia-y-espana\/\" >\n\t\t\t\tNuevos acuerdos entre Colombia y Espa\u00f1a durante la visita del presidente Duque\t\t\t<\/a>\n\t\t<\/h3>\n\t\t\t\t\t<a class=\"elementor-post__read-more\" href=\"https:\/\/www.pro-corp.net\/bck\/acuerdos-entre-colombia-y-espana\/\" >\n\t\t\t\tRead More \u00bb\t\t\t<\/a>\n\t\t\t\t<\/div>\n\t\t\t\t\t<\/div>\n\t\t<\/article>\n\t\t\t\t<article class=\"elementor-post elementor-grid-item post-7426 post type-post status-publish format-standard has-post-thumbnail hentry category-vivir-en-europa\">\n\t\t\t<div class=\"elementor-post__card\">\n\t\t\t\t<a class=\"elementor-post__thumbnail__link\" href=\"https:\/\/www.pro-corp.net\/bck\/espana-y-portugal-modelo-justo-de-la-economia-social\/\" ><div class=\"elementor-post__thumbnail\"><img width=\"300\" height=\"164\" src=\"https:\/\/www.pro-corp.net\/bck\/wp-content\/uploads\/2021\/09\/Economia-300x164.jpeg\" class=\"attachment-medium size-medium\" alt=\"Espa\u00f1a y Portugal buscan cooperar reforzando el modelo justo de la Econom\u00eda Social\" loading=\"lazy\" srcset=\"https:\/\/www.pro-corp.net\/bck\/wp-content\/uploads\/2021\/09\/Economia-300x164.jpeg 300w, https:\/\/www.pro-corp.net\/bck\/wp-content\/uploads\/2021\/09\/Economia-1024x561.jpeg 1024w, https:\/\/www.pro-corp.net\/bck\/wp-content\/uploads\/2021\/09\/Economia-768x421.jpeg 768w, https:\/\/www.pro-corp.net\/bck\/wp-content\/uploads\/2021\/09\/Economia-1536x841.jpeg 1536w, https:\/\/www.pro-corp.net\/bck\/wp-content\/uploads\/2021\/09\/Economia-2048x1122.jpeg 2048w\" sizes=\"(max-width: 300px) 100vw, 300px\" \/><\/div><\/a>\n\t\t\t\t<div class=\"elementor-post__badge\">Vivir en Europa<\/div>\n\t\t\t\t<div class=\"elementor-post__text\">\n\t\t\t\t<h3 class=\"elementor-post__title\">\n\t\t\t<a href=\"https:\/\/www.pro-corp.net\/bck\/espana-y-portugal-modelo-justo-de-la-economia-social\/\" >\n\t\t\t\tEspa\u00f1a y Portugal buscan cooperar reforzando el modelo justo de la Econom\u00eda Social\t\t\t<\/a>\n\t\t<\/h3>\n\t\t\t\t\t<a class=\"elementor-post__read-more\" href=\"https:\/\/www.pro-corp.net\/bck\/espana-y-portugal-modelo-justo-de-la-economia-social\/\" >\n\t\t\t\tRead More \u00bb\t\t\t<\/a>\n\t\t\t\t<\/div>\n\t\t\t\t\t<\/div>\n\t\t<\/article>\n\t\t\t\t<\/div>\n\n\n\t\t\n\t\t\t\t<\/div>\n\t\t\t\t<\/div>\n\t\t\t\t<div class=\"elementor-element elementor-element-14dcded elementor-align-center elementor-widget elementor-widget-button\" data-id=\"14dcded\" data-element_type=\"widget\" data-widget_type=\"button.default\">\n\t\t\t\t<div class=\"elementor-widget-container\">\n\t\t\t\t\t<div class=\"elementor-button-wrapper\">\n\t\t\t<a href=\"https:\/\/www.pro-corp.net\/bck\/pro-corp-sas\/soluciones-legales-y-comunitarias\/nacionalidad-europea-por-ley-sefardi\/blog\/\" class=\"elementor-button-link elementor-button elementor-size-sm\" role=\"button\">\n\t\t\t\t\t\t<span class=\"elementor-button-content-wrapper\">\n\t\t\t\t\t\t<span class=\"elementor-button-text\">Ver todos los art\u00edculos<\/span>\n\t\t<\/span>\n\t\t\t\t\t<\/a>\n\t\t<\/div>\n\t\t\t\t<\/div>\n\t\t\t\t<\/div>\n\t\t\t\t\t\t<\/div>\n\t\t\t\t\t<\/div>\n\t\t<\/div>\n\t\t\t\t\t\t\t\t<\/div>\n\t\t\t\t\t<\/div>\n\t\t<\/section>\n\t\t\t\t<section class=\"elementor-section elementor-top-section elementor-element elementor-element-6f40329 elementor-hidden-phone elementor-section-boxed elementor-section-height-default elementor-section-height-default\" data-id=\"6f40329\" data-element_type=\"section\">\n\t\t\t\t\t\t<div class=\"elementor-container elementor-column-gap-default\">\n\t\t\t\t\t\t\t<div class=\"elementor-row\">\n\t\t\t\t\t<div class=\"elementor-column elementor-col-100 elementor-top-column elementor-element elementor-element-eb0ab7f\" data-id=\"eb0ab7f\" data-element_type=\"column\">\n\t\t\t<div class=\"elementor-column-wrap elementor-element-populated\">\n\t\t\t\t\t\t\t<div class=\"elementor-widget-wrap\">\n\t\t\t\t\t\t<div class=\"elementor-element elementor-element-e4f648c elementor-widget elementor-widget-spacer\" data-id=\"e4f648c\" data-element_type=\"widget\" data-widget_type=\"spacer.default\">\n\t\t\t\t<div class=\"elementor-widget-container\">\n\t\t\t\t\t<div class=\"elementor-spacer\">\n\t\t\t<div class=\"elementor-spacer-inner\"><\/div>\n\t\t<\/div>\n\t\t\t\t<\/div>\n\t\t\t\t<\/div>\n\t\t\t\t<div class=\"elementor-element elementor-element-009c03e elementor-widget elementor-widget-shortcode\" data-id=\"009c03e\" data-element_type=\"widget\" data-widget_type=\"shortcode.default\">\n\t\t\t\t<div class=\"elementor-widget-container\">\n\t\t\t\t\t<div class=\"elementor-shortcode\">\r\n<div id=\"sb_instagram\"  class=\"sbi sbi_mob_col_1 sbi_tab_col_2 sbi_col_4 sbi_width_resp\" style=\"padding-bottom: 6px;width: 100%;\" data-feedid=\"sbi_17841437476935832#4\"  data-res=\"auto\" data-cols=\"4\" data-colsmobile=\"1\" data-colstablet=\"2\" data-num=\"4\" data-nummobile=\"\" data-shortcode-atts=\"{}\"  data-postid=\"7426\" data-locatornonce=\"a23e8fc2df\" data-sbi-flags=\"favorLocal,gdpr\">\r\n\t<div class=\"sb_instagram_header \"  style=\"padding: 3px; margin-bottom: 10px;padding-bottom: 0;\" >\r\n\t<a href=\"https:\/\/www.instagram.com\/pro.corp\/\" target=\"_blank\" rel=\"nofollow noopener\"  title=\"@pro.corp\" class=\"sbi_header_link\">\r\n\t\t<div class=\"sbi_header_text sbi_no_bio\">\r\n\t\t\t\r\n\t\t\t<h3>pro.corp<\/h3>\r\n\t\t\t\t\t<\/div>\r\n\r\n\t\t\t\t\t<div class=\"sbi_header_img\">\r\n\t\t\t\t\t\t\t\t\t<div class=\"sbi_header_img_hover\"  ><svg class=\"sbi_new_logo fa-instagram fa-w-14\" aria-hidden=\"true\" data-fa-processed=\"\" aria-label=\"Instagram\" data-prefix=\"fab\" data-icon=\"instagram\" role=\"img\" viewBox=\"0 0 448 512\">\n\t                <path fill=\"currentColor\" d=\"M224.1 141c-63.6 0-114.9 51.3-114.9 114.9s51.3 114.9 114.9 114.9S339 319.5 339 255.9 287.7 141 224.1 141zm0 189.6c-41.1 0-74.7-33.5-74.7-74.7s33.5-74.7 74.7-74.7 74.7 33.5 74.7 74.7-33.6 74.7-74.7 74.7zm146.4-194.3c0 14.9-12 26.8-26.8 26.8-14.9 0-26.8-12-26.8-26.8s12-26.8 26.8-26.8 26.8 12 26.8 26.8zm76.1 27.2c-1.7-35.9-9.9-67.7-36.2-93.9-26.2-26.2-58-34.4-93.9-36.2-37-2.1-147.9-2.1-184.9 0-35.8 1.7-67.6 9.9-93.9 36.1s-34.4 58-36.2 93.9c-2.1 37-2.1 147.9 0 184.9 1.7 35.9 9.9 67.7 36.2 93.9s58 34.4 93.9 36.2c37 2.1 147.9 2.1 184.9 0 35.9-1.7 67.7-9.9 93.9-36.2 26.2-26.2 34.4-58 36.2-93.9 2.1-37 2.1-147.8 0-184.8zM398.8 388c-7.8 19.6-22.9 34.7-42.6 42.6-29.5 11.7-99.5 9-132.1 9s-102.7 2.6-132.1-9c-19.6-7.8-34.7-22.9-42.6-42.6-11.7-29.5-9-99.5-9-132.1s-2.6-102.7 9-132.1c7.8-19.6 22.9-34.7 42.6-42.6 29.5-11.7 99.5-9 132.1-9s102.7-2.6 132.1 9c19.6 7.8 34.7 22.9 42.6 42.6 11.7 29.5 9 99.5 9 132.1s2.7 102.7-9 132.1z\"><\/path>\n\t            <\/svg><\/div>\r\n\t\t\t\t\t<img loading=\"lazy\"  src=\"http:\/\/www.pro-corp.net\/bck\/wp-content\/uploads\/2020\/09\/cropped-FaviconRecurso-1.png\" alt=\"pro.corp\" width=\"50\" height=\"50\">\r\n\t\t\t\t\t\t\t\t\t\t\t<\/div>\r\n\t\t\r\n\t<\/a>\r\n<\/div>\r\n\r\n    <div id=\"sbi_images\"  style=\"padding: 3px;\">\r\n\t\t<div class=\"sbi_item sbi_type_image sbi_new sbi_transition\" id=\"sbi_17950781239871558\" data-date=\"1657148405\">\r\n    <div class=\"sbi_photo_wrap\">\r\n        <a class=\"sbi_photo\" href=\"https:\/\/www.instagram.com\/p\/CfsD-9DM2Ge\/\" target=\"_blank\" rel=\"noopener nofollow\" data-full-res=\"https:\/\/scontent-iad3-2.cdninstagram.com\/v\/t51.2885-15\/292189574_419720083418879_2803024274955498786_n.jpg?_nc_cat=104&#038;ccb=1-7&#038;_nc_sid=8ae9d6&#038;_nc_ohc=MK13OX5COd4AX8VdgLV&#038;_nc_ht=scontent-iad3-2.cdninstagram.com&#038;edm=ANo9K5cEAAAA&#038;oh=00_AT_Er-Aw3wSMwYfGOwdEo6jgtBJrV4S2B34gYHjSKyfU8A&#038;oe=62D38A5B\" data-img-src-set=\"{&quot;d&quot;:&quot;https:\\\/\\\/scontent-iad3-2.cdninstagram.com\\\/v\\\/t51.2885-15\\\/292189574_419720083418879_2803024274955498786_n.jpg?_nc_cat=104&amp;ccb=1-7&amp;_nc_sid=8ae9d6&amp;_nc_ohc=MK13OX5COd4AX8VdgLV&amp;_nc_ht=scontent-iad3-2.cdninstagram.com&amp;edm=ANo9K5cEAAAA&amp;oh=00_AT_Er-Aw3wSMwYfGOwdEo6jgtBJrV4S2B34gYHjSKyfU8A&amp;oe=62D38A5B&quot;,&quot;150&quot;:&quot;https:\\\/\\\/scontent-iad3-2.cdninstagram.com\\\/v\\\/t51.2885-15\\\/292189574_419720083418879_2803024274955498786_n.jpg?_nc_cat=104&amp;ccb=1-7&amp;_nc_sid=8ae9d6&amp;_nc_ohc=MK13OX5COd4AX8VdgLV&amp;_nc_ht=scontent-iad3-2.cdninstagram.com&amp;edm=ANo9K5cEAAAA&amp;oh=00_AT_Er-Aw3wSMwYfGOwdEo6jgtBJrV4S2B34gYHjSKyfU8A&amp;oe=62D38A5B&quot;,&quot;320&quot;:&quot;https:\\\/\\\/scontent-iad3-2.cdninstagram.com\\\/v\\\/t51.2885-15\\\/292189574_419720083418879_2803024274955498786_n.jpg?_nc_cat=104&amp;ccb=1-7&amp;_nc_sid=8ae9d6&amp;_nc_ohc=MK13OX5COd4AX8VdgLV&amp;_nc_ht=scontent-iad3-2.cdninstagram.com&amp;edm=ANo9K5cEAAAA&amp;oh=00_AT_Er-Aw3wSMwYfGOwdEo6jgtBJrV4S2B34gYHjSKyfU8A&amp;oe=62D38A5B&quot;,&quot;640&quot;:&quot;https:\\\/\\\/scontent-iad3-2.cdninstagram.com\\\/v\\\/t51.2885-15\\\/292189574_419720083418879_2803024274955498786_n.jpg?_nc_cat=104&amp;ccb=1-7&amp;_nc_sid=8ae9d6&amp;_nc_ohc=MK13OX5COd4AX8VdgLV&amp;_nc_ht=scontent-iad3-2.cdninstagram.com&amp;edm=ANo9K5cEAAAA&amp;oh=00_AT_Er-Aw3wSMwYfGOwdEo6jgtBJrV4S2B34gYHjSKyfU8A&amp;oe=62D38A5B&quot;}\">\r\n            <span class=\"sbi-screenreader\"><\/span>\r\n            \t                    <img src=\"https:\/\/www.pro-corp.net\/bck\/wp-content\/plugins\/instagram-feed\/img\/placeholder.png\" alt=\"Nuestro presidente Javier Jaramillo ma\u00f1ana estar\u00e1 hablando en la C\u00e1mara de Comercio de Bogot\u00e1 sobre Negocios e Inversiones en Espa\u00f1a \ud83c\uddea\ud83c\uddf8:\nEstimado cliente, conoce la agenda completo del evento aqu\u00ed e inscr\u00edbete \ud83d\udc49: http:\/\/www.pro-corp.net\/inversiones-evento-ccb\/\n\n\ud83d\udcc5 Fecha: Jueves 7 de julio de 2022\n \u231a Hora: 8:00 a. m.\n\ud83d\udccd Lugar: Sede y Centro Empresarial Chapinero. Calle 67 # 8 -32\n\n* CUPOS LIMITADOS.\n.\n\n\u00a1Te esperamos!\n\n.\n.\n.\n.\n.\n.\n#ProCorp #SoyEmpresario #Espa\u00f1a #NegociosEnEspa\u00f1a #InversionesEnEspa\u00f1a #Protecci\u00f3nPatrimonial #Diversificaci\u00f3nDeRiesgos\">\r\n        <\/a>\r\n    <\/div>\r\n<\/div><div class=\"sbi_item sbi_type_image sbi_new sbi_transition\" id=\"sbi_17929631252465407\" data-date=\"1657126827\">\r\n    <div class=\"sbi_photo_wrap\">\r\n        <a class=\"sbi_photo\" href=\"https:\/\/www.instagram.com\/p\/Cfra07KsfuH\/\" target=\"_blank\" rel=\"noopener nofollow\" data-full-res=\"https:\/\/scontent-iad3-2.cdninstagram.com\/v\/t51.2885-15\/292106188_754505325744994_2414655529537321152_n.jpg?_nc_cat=106&#038;ccb=1-7&#038;_nc_sid=8ae9d6&#038;_nc_ohc=Y79bM53eP2UAX_hm9oR&#038;_nc_ht=scontent-iad3-2.cdninstagram.com&#038;edm=ANo9K5cEAAAA&#038;oh=00_AT8tiHf5GYHyr6eJ6SlWb3MhjlptlVQMKSX4_GdtAz5Wvg&#038;oe=62D3BA5B\" data-img-src-set=\"{&quot;d&quot;:&quot;https:\\\/\\\/scontent-iad3-2.cdninstagram.com\\\/v\\\/t51.2885-15\\\/292106188_754505325744994_2414655529537321152_n.jpg?_nc_cat=106&amp;ccb=1-7&amp;_nc_sid=8ae9d6&amp;_nc_ohc=Y79bM53eP2UAX_hm9oR&amp;_nc_ht=scontent-iad3-2.cdninstagram.com&amp;edm=ANo9K5cEAAAA&amp;oh=00_AT8tiHf5GYHyr6eJ6SlWb3MhjlptlVQMKSX4_GdtAz5Wvg&amp;oe=62D3BA5B&quot;,&quot;150&quot;:&quot;https:\\\/\\\/scontent-iad3-2.cdninstagram.com\\\/v\\\/t51.2885-15\\\/292106188_754505325744994_2414655529537321152_n.jpg?_nc_cat=106&amp;ccb=1-7&amp;_nc_sid=8ae9d6&amp;_nc_ohc=Y79bM53eP2UAX_hm9oR&amp;_nc_ht=scontent-iad3-2.cdninstagram.com&amp;edm=ANo9K5cEAAAA&amp;oh=00_AT8tiHf5GYHyr6eJ6SlWb3MhjlptlVQMKSX4_GdtAz5Wvg&amp;oe=62D3BA5B&quot;,&quot;320&quot;:&quot;https:\\\/\\\/scontent-iad3-2.cdninstagram.com\\\/v\\\/t51.2885-15\\\/292106188_754505325744994_2414655529537321152_n.jpg?_nc_cat=106&amp;ccb=1-7&amp;_nc_sid=8ae9d6&amp;_nc_ohc=Y79bM53eP2UAX_hm9oR&amp;_nc_ht=scontent-iad3-2.cdninstagram.com&amp;edm=ANo9K5cEAAAA&amp;oh=00_AT8tiHf5GYHyr6eJ6SlWb3MhjlptlVQMKSX4_GdtAz5Wvg&amp;oe=62D3BA5B&quot;,&quot;640&quot;:&quot;https:\\\/\\\/scontent-iad3-2.cdninstagram.com\\\/v\\\/t51.2885-15\\\/292106188_754505325744994_2414655529537321152_n.jpg?_nc_cat=106&amp;ccb=1-7&amp;_nc_sid=8ae9d6&amp;_nc_ohc=Y79bM53eP2UAX_hm9oR&amp;_nc_ht=scontent-iad3-2.cdninstagram.com&amp;edm=ANo9K5cEAAAA&amp;oh=00_AT8tiHf5GYHyr6eJ6SlWb3MhjlptlVQMKSX4_GdtAz5Wvg&amp;oe=62D3BA5B&quot;}\">\r\n            <span class=\"sbi-screenreader\">Estamos listos para entregarte el paso a paso de c<\/span>\r\n            \t                    <img src=\"https:\/\/www.pro-corp.net\/bck\/wp-content\/plugins\/instagram-feed\/img\/placeholder.png\" alt=\"Estamos listos para entregarte el paso a paso de c\u00f3mo invertir en Espa\u00f1a, un pa\u00eds lleno de excelentes oportunidades en materia de econom\u00eda.\n \u00a1El momento de hacerlo es ahora!\n\nEstimado cliente, conoce la agenda completa del evento aqu\u00ed e inscr\u00edbete \ud83d\udc49: http:\/\/www.pro-corp.net\/inversiones-evento-ccb\/\n\n\ud83d\udcc5 Fecha: Jueves 7 de julio de 2022\n \u231a Hora: 8:00 a. m.\n\ud83d\udccd Lugar: Sede y Centro Empresarial Chapinero. Calle 67 # 8 -32\n\n* CUPOS LIMITADOS.\n.\n.\n.\n.\n.\n.\n#ProCorp #SoyEmpresario #Espa\u00f1a #NegociosEnEspa\u00f1a #InversionesEnEspa\u00f1a #Protecci\u00f3nPatrimonial #Diversificaci\u00f3nDeRiesgos\">\r\n        <\/a>\r\n    <\/div>\r\n<\/div><div class=\"sbi_item sbi_type_image sbi_new sbi_transition\" id=\"sbi_17940060578182753\" data-date=\"1657119836\">\r\n    <div class=\"sbi_photo_wrap\">\r\n        <a class=\"sbi_photo\" href=\"https:\/\/www.instagram.com\/p\/CfrNfjBs-sC\/\" target=\"_blank\" rel=\"noopener nofollow\" data-full-res=\"https:\/\/scontent-iad3-2.cdninstagram.com\/v\/t51.2885-15\/292266957_1914930868701112_4172240572865162064_n.jpg?_nc_cat=101&#038;ccb=1-7&#038;_nc_sid=8ae9d6&#038;_nc_ohc=TE1o1M8744IAX80HvMq&#038;_nc_ht=scontent-iad3-2.cdninstagram.com&#038;edm=ANo9K5cEAAAA&#038;oh=00_AT8-Fx3Zs-wZQY65oVzcJI35xmEGLOEbr-IZbe_vd3ZAuw&#038;oe=62D2E526\" data-img-src-set=\"{&quot;d&quot;:&quot;https:\\\/\\\/scontent-iad3-2.cdninstagram.com\\\/v\\\/t51.2885-15\\\/292266957_1914930868701112_4172240572865162064_n.jpg?_nc_cat=101&amp;ccb=1-7&amp;_nc_sid=8ae9d6&amp;_nc_ohc=TE1o1M8744IAX80HvMq&amp;_nc_ht=scontent-iad3-2.cdninstagram.com&amp;edm=ANo9K5cEAAAA&amp;oh=00_AT8-Fx3Zs-wZQY65oVzcJI35xmEGLOEbr-IZbe_vd3ZAuw&amp;oe=62D2E526&quot;,&quot;150&quot;:&quot;https:\\\/\\\/scontent-iad3-2.cdninstagram.com\\\/v\\\/t51.2885-15\\\/292266957_1914930868701112_4172240572865162064_n.jpg?_nc_cat=101&amp;ccb=1-7&amp;_nc_sid=8ae9d6&amp;_nc_ohc=TE1o1M8744IAX80HvMq&amp;_nc_ht=scontent-iad3-2.cdninstagram.com&amp;edm=ANo9K5cEAAAA&amp;oh=00_AT8-Fx3Zs-wZQY65oVzcJI35xmEGLOEbr-IZbe_vd3ZAuw&amp;oe=62D2E526&quot;,&quot;320&quot;:&quot;https:\\\/\\\/scontent-iad3-2.cdninstagram.com\\\/v\\\/t51.2885-15\\\/292266957_1914930868701112_4172240572865162064_n.jpg?_nc_cat=101&amp;ccb=1-7&amp;_nc_sid=8ae9d6&amp;_nc_ohc=TE1o1M8744IAX80HvMq&amp;_nc_ht=scontent-iad3-2.cdninstagram.com&amp;edm=ANo9K5cEAAAA&amp;oh=00_AT8-Fx3Zs-wZQY65oVzcJI35xmEGLOEbr-IZbe_vd3ZAuw&amp;oe=62D2E526&quot;,&quot;640&quot;:&quot;https:\\\/\\\/scontent-iad3-2.cdninstagram.com\\\/v\\\/t51.2885-15\\\/292266957_1914930868701112_4172240572865162064_n.jpg?_nc_cat=101&amp;ccb=1-7&amp;_nc_sid=8ae9d6&amp;_nc_ohc=TE1o1M8744IAX80HvMq&amp;_nc_ht=scontent-iad3-2.cdninstagram.com&amp;edm=ANo9K5cEAAAA&amp;oh=00_AT8-Fx3Zs-wZQY65oVzcJI35xmEGLOEbr-IZbe_vd3ZAuw&amp;oe=62D2E526&quot;}\">\r\n            <span class=\"sbi-screenreader\">Si quieres darle oportunidades inigualables a tu e<\/span>\r\n            \t                    <img src=\"https:\/\/www.pro-corp.net\/bck\/wp-content\/plugins\/instagram-feed\/img\/placeholder.png\" alt=\"Si quieres darle oportunidades inigualables a tu econom\u00eda y tus inversiones, debes asistir a la conferencia organizada por la C\u00e1mara de Comercio de Bogot\u00e1: \u00bfQuieres conocer las oportunidades de inversi\u00f3n en Madrid, Espa\u00f1a?\nNuestro presidente Javier Jaramillo hablar\u00e1 sobre Negocios e Inversiones: Aspectos Pr\u00e1cticos. \n\nEstimado cliente, conoce la agenda completa del evento aqu\u00ed e inscr\u00edbete \ud83d\udc49: http:\/\/www.pro-corp.net\/inversiones-evento-ccb\/\n\n\ud83d\udcc5 Fecha: Jueves 7 de julio de 2022\n \u231a Hora: 8:00 a. m.\n\ud83d\udccd Lugar: Sede y Centro Empresarial Chapinero. Calle 67 # 8 -32\n\n* CUPOS LIMITADOS.\n.\n.\n.\n.\n.\n.\n#ProCorp #SoyEmpresario #Espa\u00f1a #NegociosEnEspa\u00f1a #InversionesEnEspa\u00f1a #Protecci\u00f3nPatrimonial #Diversificaci\u00f3nDeRiesgos&quot;\">\r\n        <\/a>\r\n    <\/div>\r\n<\/div><div class=\"sbi_item sbi_type_image sbi_new sbi_transition\" id=\"sbi_17924977508428820\" data-date=\"1657068013\">\r\n    <div class=\"sbi_photo_wrap\">\r\n        <a class=\"sbi_photo\" href=\"https:\/\/www.instagram.com\/p\/Cfpqpc4stkQ\/\" target=\"_blank\" rel=\"noopener nofollow\" data-full-res=\"https:\/\/scontent-iad3-2.cdninstagram.com\/v\/t51.2885-15\/292345670_578942880471606_7566602942761828727_n.jpg?_nc_cat=106&#038;ccb=1-7&#038;_nc_sid=8ae9d6&#038;_nc_ohc=jrO07ogQP4EAX96ZmnG&#038;_nc_ht=scontent-iad3-2.cdninstagram.com&#038;edm=ANo9K5cEAAAA&#038;oh=00_AT8QMW5VKvoN1H2-69Y168WF2jIrwgkRbtN8BUAEfm9QOA&#038;oe=62D2E35E\" data-img-src-set=\"{&quot;d&quot;:&quot;https:\\\/\\\/scontent-iad3-2.cdninstagram.com\\\/v\\\/t51.2885-15\\\/292345670_578942880471606_7566602942761828727_n.jpg?_nc_cat=106&amp;ccb=1-7&amp;_nc_sid=8ae9d6&amp;_nc_ohc=jrO07ogQP4EAX96ZmnG&amp;_nc_ht=scontent-iad3-2.cdninstagram.com&amp;edm=ANo9K5cEAAAA&amp;oh=00_AT8QMW5VKvoN1H2-69Y168WF2jIrwgkRbtN8BUAEfm9QOA&amp;oe=62D2E35E&quot;,&quot;150&quot;:&quot;https:\\\/\\\/scontent-iad3-2.cdninstagram.com\\\/v\\\/t51.2885-15\\\/292345670_578942880471606_7566602942761828727_n.jpg?_nc_cat=106&amp;ccb=1-7&amp;_nc_sid=8ae9d6&amp;_nc_ohc=jrO07ogQP4EAX96ZmnG&amp;_nc_ht=scontent-iad3-2.cdninstagram.com&amp;edm=ANo9K5cEAAAA&amp;oh=00_AT8QMW5VKvoN1H2-69Y168WF2jIrwgkRbtN8BUAEfm9QOA&amp;oe=62D2E35E&quot;,&quot;320&quot;:&quot;https:\\\/\\\/scontent-iad3-2.cdninstagram.com\\\/v\\\/t51.2885-15\\\/292345670_578942880471606_7566602942761828727_n.jpg?_nc_cat=106&amp;ccb=1-7&amp;_nc_sid=8ae9d6&amp;_nc_ohc=jrO07ogQP4EAX96ZmnG&amp;_nc_ht=scontent-iad3-2.cdninstagram.com&amp;edm=ANo9K5cEAAAA&amp;oh=00_AT8QMW5VKvoN1H2-69Y168WF2jIrwgkRbtN8BUAEfm9QOA&amp;oe=62D2E35E&quot;,&quot;640&quot;:&quot;https:\\\/\\\/scontent-iad3-2.cdninstagram.com\\\/v\\\/t51.2885-15\\\/292345670_578942880471606_7566602942761828727_n.jpg?_nc_cat=106&amp;ccb=1-7&amp;_nc_sid=8ae9d6&amp;_nc_ohc=jrO07ogQP4EAX96ZmnG&amp;_nc_ht=scontent-iad3-2.cdninstagram.com&amp;edm=ANo9K5cEAAAA&amp;oh=00_AT8QMW5VKvoN1H2-69Y168WF2jIrwgkRbtN8BUAEfm9QOA&amp;oe=62D2E35E&quot;}\">\r\n            <span class=\"sbi-screenreader\">Como cliente especial de nuestra firma, te invitam<\/span>\r\n            \t                    <img src=\"https:\/\/www.pro-corp.net\/bck\/wp-content\/plugins\/instagram-feed\/img\/placeholder.png\" alt=\"Como cliente especial de nuestra firma, te invitamos a asistir al evento que se llevar\u00e1 a cabo en la @camaracomerbog, sede Chapinero, donde podr\u00e1s conocer las alternativas y oportunidades de comercio e inversi\u00f3n existentes en Madrid, Espa\u00f1a, as\u00ed como la visi\u00f3n general del escenario europeo en materia econ\u00f3mica y casos de \u00e9xito en Espa\u00f1a.\n\n\ud83d\udcc5 Fecha: Jueves 7 de julio de 2022\n\u231a Hora: 8:00 a. m.\n\ud83d\udccd Lugar: Sede y Centro Empresarial Chapinero. Calle 67 # 8 -32\n\nInscr\u00edbete ahora \ud83d\udc49 http:\/\/www.pro-corp.net\/inversiones-evento-ccb\/\n* CUPOS LIMITADOS.\n.\n.\n.\n.\n.\n.\n#ProCorp #SoyEmpresario #Espa\u00f1a #NegociosEnEspa\u00f1a #InversionesEnEspa\u00f1a #Protecci\u00f3nPatrimonial #Diversificaci\u00f3nDeRiesgos\">\r\n        <\/a>\r\n    <\/div>\r\n<\/div>    <\/div>\r\n\r\n\t<div id=\"sbi_load\" >\r\n\r\n\t\t\t<a class=\"sbi_load_btn\" href=\"javascript:void(0);\">\r\n\t\t\t<span class=\"sbi_btn_text\">Cargar m\u00e1s...<\/span>\r\n\t\t\t<span class=\"sbi_loader sbi_hidden\" style=\"background-color: rgb(255, 255, 255);\" aria-hidden=\"true\"><\/span>\r\n\t\t<\/a>\r\n\t\r\n\t\t\t<span class=\"sbi_follow_btn sbi_custom\">\r\n        <a href=\"https:\/\/www.instagram.com\/17841437476935832\/\" style=\"background: rgb(63,114,155);\" target=\"_blank\" rel=\"nofollow noopener\">\r\n            <svg class=\"svg-inline--fa fa-instagram fa-w-14\" aria-hidden=\"true\" data-fa-processed=\"\" aria-label=\"Instagram\" data-prefix=\"fab\" data-icon=\"instagram\" role=\"img\" viewBox=\"0 0 448 512\">\n\t                <path fill=\"currentColor\" d=\"M224.1 141c-63.6 0-114.9 51.3-114.9 114.9s51.3 114.9 114.9 114.9S339 319.5 339 255.9 287.7 141 224.1 141zm0 189.6c-41.1 0-74.7-33.5-74.7-74.7s33.5-74.7 74.7-74.7 74.7 33.5 74.7 74.7-33.6 74.7-74.7 74.7zm146.4-194.3c0 14.9-12 26.8-26.8 26.8-14.9 0-26.8-12-26.8-26.8s12-26.8 26.8-26.8 26.8 12 26.8 26.8zm76.1 27.2c-1.7-35.9-9.9-67.7-36.2-93.9-26.2-26.2-58-34.4-93.9-36.2-37-2.1-147.9-2.1-184.9 0-35.8 1.7-67.6 9.9-93.9 36.1s-34.4 58-36.2 93.9c-2.1 37-2.1 147.9 0 184.9 1.7 35.9 9.9 67.7 36.2 93.9s58 34.4 93.9 36.2c37 2.1 147.9 2.1 184.9 0 35.9-1.7 67.7-9.9 93.9-36.2 26.2-26.2 34.4-58 36.2-93.9 2.1-37 2.1-147.8 0-184.8zM398.8 388c-7.8 19.6-22.9 34.7-42.6 42.6-29.5 11.7-99.5 9-132.1 9s-102.7 2.6-132.1-9c-19.6-7.8-34.7-22.9-42.6-42.6-11.7-29.5-9-99.5-9-132.1s-2.6-102.7 9-132.1c7.8-19.6 22.9-34.7 42.6-42.6 29.5-11.7 99.5-9 132.1-9s102.7-2.6 132.1 9c19.6 7.8 34.7 22.9 42.6 42.6 11.7 29.5 9 99.5 9 132.1s2.7 102.7-9 132.1z\"><\/path>\n\t            <\/svg>            <span>S\u00edguenos<\/span>\r\n        <\/a>\r\n    <\/span>\r\n\t\r\n<\/div>\r\n\r\n\t    <span class=\"sbi_resized_image_data\" data-feed-id=\"sbi_17841437476935832#4\" data-resized=\"[]\">\n\t<\/span>\n\t<\/div>\r\n\r\n<\/div>\n\t\t\t\t<\/div>\n\t\t\t\t<\/div>\n\t\t\t\t<div class=\"elementor-element elementor-element-c33ead6 elementor-widget elementor-widget-spacer\" data-id=\"c33ead6\" data-element_type=\"widget\" data-widget_type=\"spacer.default\">\n\t\t\t\t<div class=\"elementor-widget-container\">\n\t\t\t\t\t<div class=\"elementor-spacer\">\n\t\t\t<div class=\"elementor-spacer-inner\"><\/div>\n\t\t<\/div>\n\t\t\t\t<\/div>\n\t\t\t\t<\/div>\n\t\t\t\t\t\t<\/div>\n\t\t\t\t\t<\/div>\n\t\t<\/div>\n\t\t\t\t\t\t\t\t<\/div>\n\t\t\t\t\t<\/div>\n\t\t<\/section>\n\t\t\t\t\t\t<\/div>\n\t\t\t\t\t\t<\/div>\n\t\t\t\t\t<\/div>\n\t\t","protected":false},"excerpt":{"rendered":"<p>Europa: un origen por descubrir&#038;copy Nacionalidad Portuguesa Nacionalidad Espa\u00f1ola Registro a World Law Congress Eventos Anterior Siguiente Descubre tu puerta a un nuevo mundo&#038;copy Cada<\/p>\n","protected":false},"author":2,"featured_media":0,"parent":70,"menu_order":0,"comment_status":"closed","ping_status":"closed","template":"","meta":[],"yoast_head":"<!-- This site is optimized with the Yoast SEO plugin v18.2 - https:\/\/yoast.com\/wordpress\/plugins\/seo\/ -->\n<title>Nacionalidad europea por ley sefardi - Pro Corp Corporate Development<\/title>\n<meta name=\"description\" content=\"Europa: un origen por descubrir&amp;copy Nacionalidad Portuguesa Nacionalidad Espa\u00f1ola Registro a World Law Congress Eventos Anterior Siguiente Descubre tu\" \/>\n<meta name=\"robots\" content=\"index, follow, max-snippet:-1, max-image-preview:large, max-video-preview:-1\" \/>\n<link rel=\"canonical\" href=\"https:\/\/www.pro-corp.net\/bck\/\" \/>\n<meta property=\"og:locale\" content=\"es_ES\" \/>\n<meta property=\"og:type\" content=\"article\" \/>\n<meta property=\"og:title\" content=\"Nacionalidad europea por ley sefardi - Pro Corp Corporate Development\" \/>\n<meta property=\"og:description\" content=\"Europa: un origen por descubrir&amp;copy Nacionalidad Portuguesa Nacionalidad Espa\u00f1ola Registro a World Law Congress Eventos Anterior Siguiente Descubre tu\" \/>\n<meta property=\"og:url\" content=\"https:\/\/www.pro-corp.net\/bck\/\" \/>\n<meta property=\"og:site_name\" content=\"Pro Corp Corporate Development\" \/>\n<meta property=\"article:publisher\" content=\"https:\/\/www.facebook.com\/Pro-Corp-Asesoria-legal-y-empresarial-105779337842842\/\" \/>\n<meta property=\"article:modified_time\" content=\"2021-12-14T13:00:03+00:00\" \/>\n<meta property=\"og:image\" content=\"http:\/\/www.pro-corp.net\/bck\/wp-content\/uploads\/elementor\/thumbs\/W_L_C-pgn157f3xcb28su9p51huurxrsp222zt47tjekz3mg.jpeg\" \/>\n<meta name=\"twitter:card\" content=\"summary_large_image\" \/>\n<meta name=\"twitter:site\" content=\"@Pro_Corp\" \/>\n<meta name=\"twitter:label1\" content=\"Tiempo de lectura\" \/>\n\t<meta name=\"twitter:data1\" content=\"5 minutos\" \/>\n<script type=\"application\/ld+json\" class=\"yoast-schema-graph\">{\"@context\":\"https:\/\/schema.org\",\"@graph\":[{\"@type\":\"Organization\",\"@id\":\"https:\/\/www.pro-corp.net\/bck\/#organization\",\"name\":\"Pro Corp Corporate Development\",\"url\":\"https:\/\/www.pro-corp.net\/bck\/\",\"sameAs\":[\"https:\/\/www.facebook.com\/Pro-Corp-Asesoria-legal-y-empresarial-105779337842842\/\",\"https:\/\/twitter.com\/Pro_Corp\"],\"logo\":{\"@type\":\"ImageObject\",\"@id\":\"https:\/\/www.pro-corp.net\/bck\/#logo\",\"inLanguage\":\"es\",\"url\":\"http:\/\/www.pro-corp.net\/bck\/wp-content\/uploads\/2020\/06\/icon.png\",\"contentUrl\":\"http:\/\/www.pro-corp.net\/bck\/wp-content\/uploads\/2020\/06\/icon.png\",\"width\":640,\"height\":640,\"caption\":\"Pro Corp Corporate Development\"},\"image\":{\"@id\":\"https:\/\/www.pro-corp.net\/bck\/#logo\"}},{\"@type\":\"WebSite\",\"@id\":\"https:\/\/www.pro-corp.net\/bck\/#website\",\"url\":\"https:\/\/www.pro-corp.net\/bck\/\",\"name\":\"Pro Corp Corporate Development\",\"description\":\"Nacionalidad Europea por Ley Sefard\u00ed\",\"publisher\":{\"@id\":\"https:\/\/www.pro-corp.net\/bck\/#organization\"},\"potentialAction\":[{\"@type\":\"SearchAction\",\"target\":{\"@type\":\"EntryPoint\",\"urlTemplate\":\"https:\/\/www.pro-corp.net\/bck\/?s={search_term_string}\"},\"query-input\":\"required name=search_term_string\"}],\"inLanguage\":\"es\"},{\"@type\":\"ImageObject\",\"@id\":\"https:\/\/www.pro-corp.net\/bck\/#primaryimage\",\"inLanguage\":\"es\",\"url\":\"http:\/\/www.pro-corp.net\/bck\/wp-content\/uploads\/elementor\/thumbs\/W_L_C-pgn157f3xcb28su9p51huurxrsp222zt47tjekz3mg.jpeg\",\"contentUrl\":\"http:\/\/www.pro-corp.net\/bck\/wp-content\/uploads\/elementor\/thumbs\/W_L_C-pgn157f3xcb28su9p51huurxrsp222zt47tjekz3mg.jpeg\"},{\"@type\":\"WebPage\",\"@id\":\"https:\/\/www.pro-corp.net\/bck\/#webpage\",\"url\":\"https:\/\/www.pro-corp.net\/bck\/\",\"name\":\"Nacionalidad europea por ley sefardi - Pro Corp Corporate Development\",\"isPartOf\":{\"@id\":\"https:\/\/www.pro-corp.net\/bck\/#website\"},\"primaryImageOfPage\":{\"@id\":\"https:\/\/www.pro-corp.net\/bck\/#primaryimage\"},\"datePublished\":\"2020-07-28T19:49:49+00:00\",\"dateModified\":\"2021-12-14T13:00:03+00:00\",\"description\":\"Europa: un origen por descubrir&copy Nacionalidad Portuguesa Nacionalidad Espa\u00f1ola Registro a World Law Congress Eventos Anterior Siguiente Descubre tu\",\"breadcrumb\":{\"@id\":\"https:\/\/www.pro-corp.net\/bck\/#breadcrumb\"},\"inLanguage\":\"es\",\"potentialAction\":[{\"@type\":\"ReadAction\",\"target\":[\"https:\/\/www.pro-corp.net\/bck\/\"]}]},{\"@type\":\"BreadcrumbList\",\"@id\":\"https:\/\/www.pro-corp.net\/bck\/#breadcrumb\",\"itemListElement\":[{\"@type\":\"ListItem\",\"position\":1,\"name\":\"Pro Corp SAS\",\"item\":\"https:\/\/www.pro-corp.net\/bck\/pro-corp-sas\/\"},{\"@type\":\"ListItem\",\"position\":2,\"name\":\"Soluciones Legales\",\"item\":\"https:\/\/www.pro-corp.net\/bck\/pro-corp-sas\/soluciones-legales-y-comunitarias\/\"},{\"@type\":\"ListItem\",\"position\":3,\"name\":\"Nacionalidad europea por ley sefardi\"}]}]}<\/script>\n<!-- \/ Yoast SEO plugin. -->","yoast_head_json":{"title":"Nacionalidad europea por ley sefardi - Pro Corp Corporate Development","description":"Europa: un origen por descubrir&copy Nacionalidad Portuguesa Nacionalidad Espa\u00f1ola Registro a World Law Congress Eventos Anterior Siguiente Descubre tu","robots":{"index":"index","follow":"follow","max-snippet":"max-snippet:-1","max-image-preview":"max-image-preview:large","max-video-preview":"max-video-preview:-1"},"canonical":"https:\/\/www.pro-corp.net\/bck\/","og_locale":"es_ES","og_type":"article","og_title":"Nacionalidad europea por ley sefardi - Pro Corp Corporate Development","og_description":"Europa: un origen por descubrir&copy Nacionalidad Portuguesa Nacionalidad Espa\u00f1ola Registro a World Law Congress Eventos Anterior Siguiente Descubre tu","og_url":"https:\/\/www.pro-corp.net\/bck\/","og_site_name":"Pro Corp Corporate Development","article_publisher":"https:\/\/www.facebook.com\/Pro-Corp-Asesoria-legal-y-empresarial-105779337842842\/","article_modified_time":"2021-12-14T13:00:03+00:00","og_image":[{"url":"http:\/\/www.pro-corp.net\/bck\/wp-content\/uploads\/elementor\/thumbs\/W_L_C-pgn157f3xcb28su9p51huurxrsp222zt47tjekz3mg.jpeg"}],"twitter_card":"summary_large_image","twitter_site":"@Pro_Corp","twitter_misc":{"Tiempo de lectura":"5 minutos"},"schema":{"@context":"https:\/\/schema.org","@graph":[{"@type":"Organization","@id":"https:\/\/www.pro-corp.net\/bck\/#organization","name":"Pro Corp Corporate Development","url":"https:\/\/www.pro-corp.net\/bck\/","sameAs":["https:\/\/www.facebook.com\/Pro-Corp-Asesoria-legal-y-empresarial-105779337842842\/","https:\/\/twitter.com\/Pro_Corp"],"logo":{"@type":"ImageObject","@id":"https:\/\/www.pro-corp.net\/bck\/#logo","inLanguage":"es","url":"http:\/\/www.pro-corp.net\/bck\/wp-content\/uploads\/2020\/06\/icon.png","contentUrl":"http:\/\/www.pro-corp.net\/bck\/wp-content\/uploads\/2020\/06\/icon.png","width":640,"height":640,"caption":"Pro Corp Corporate Development"},"image":{"@id":"https:\/\/www.pro-corp.net\/bck\/#logo"}},{"@type":"WebSite","@id":"https:\/\/www.pro-corp.net\/bck\/#website","url":"https:\/\/www.pro-corp.net\/bck\/","name":"Pro Corp Corporate Development","description":"Nacionalidad Europea por Ley Sefard\u00ed","publisher":{"@id":"https:\/\/www.pro-corp.net\/bck\/#organization"},"potentialAction":[{"@type":"SearchAction","target":{"@type":"EntryPoint","urlTemplate":"https:\/\/www.pro-corp.net\/bck\/?s={search_term_string}"},"query-input":"required name=search_term_string"}],"inLanguage":"es"},{"@type":"ImageObject","@id":"https:\/\/www.pro-corp.net\/bck\/#primaryimage","inLanguage":"es","url":"http:\/\/www.pro-corp.net\/bck\/wp-content\/uploads\/elementor\/thumbs\/W_L_C-pgn157f3xcb28su9p51huurxrsp222zt47tjekz3mg.jpeg","contentUrl":"http:\/\/www.pro-corp.net\/bck\/wp-content\/uploads\/elementor\/thumbs\/W_L_C-pgn157f3xcb28su9p51huurxrsp222zt47tjekz3mg.jpeg"},{"@type":"WebPage","@id":"https:\/\/www.pro-corp.net\/bck\/#webpage","url":"https:\/\/www.pro-corp.net\/bck\/","name":"Nacionalidad europea por ley sefardi - Pro Corp Corporate Development","isPartOf":{"@id":"https:\/\/www.pro-corp.net\/bck\/#website"},"primaryImageOfPage":{"@id":"https:\/\/www.pro-corp.net\/bck\/#primaryimage"},"datePublished":"2020-07-28T19:49:49+00:00","dateModified":"2021-12-14T13:00:03+00:00","description":"Europa: un origen por descubrir&copy Nacionalidad Portuguesa Nacionalidad Espa\u00f1ola Registro a World Law Congress Eventos Anterior Siguiente Descubre tu","breadcrumb":{"@id":"https:\/\/www.pro-corp.net\/bck\/#breadcrumb"},"inLanguage":"es","potentialAction":[{"@type":"ReadAction","target":["https:\/\/www.pro-corp.net\/bck\/"]}]},{"@type":"BreadcrumbList","@id":"https:\/\/www.pro-corp.net\/bck\/#breadcrumb","itemListElement":[{"@type":"ListItem","position":1,"name":"Pro Corp SAS","item":"https:\/\/www.pro-corp.net\/bck\/pro-corp-sas\/"},{"@type":"ListItem","position":2,"name":"Soluciones Legales","item":"https:\/\/www.pro-corp.net\/bck\/pro-corp-sas\/soluciones-legales-y-comunitarias\/"},{"@type":"ListItem","position":3,"name":"Nacionalidad europea por ley sefardi"}]}]}},"_links":{"self":[{"href":"https:\/\/www.pro-corp.net\/bck\/wp-json\/wp\/v2\/pages\/2059"}],"collection":[{"href":"https:\/\/www.pro-corp.net\/bck\/wp-json\/wp\/v2\/pages"}],"about":[{"href":"https:\/\/www.pro-corp.net\/bck\/wp-json\/wp\/v2\/types\/page"}],"author":[{"embeddable":true,"href":"https:\/\/www.pro-corp.net\/bck\/wp-json\/wp\/v2\/users\/2"}],"replies":[{"embeddable":true,"href":"https:\/\/www.pro-corp.net\/bck\/wp-json\/wp\/v2\/comments?post=2059"}],"version-history":[{"count":120,"href":"https:\/\/www.pro-corp.net\/bck\/wp-json\/wp\/v2\/pages\/2059\/revisions"}],"predecessor-version":[{"id":8126,"href":"https:\/\/www.pro-corp.net\/bck\/wp-json\/wp\/v2\/pages\/2059\/revisions\/8126"}],"up":[{"embeddable":true,"href":"https:\/\/www.pro-corp.net\/bck\/wp-json\/wp\/v2\/pages\/70"}],"wp:attachment":[{"href":"https:\/\/www.pro-corp.net\/bck\/wp-json\/wp\/v2\/media?parent=2059"}],"curies":[{"name":"wp","href":"https:\/\/api.w.org\/{rel}","templated":true}]}}