{"id":4528,"date":"2020-10-01T15:26:04","date_gmt":"2020-10-01T20:26:04","guid":{"rendered":"http:\/\/www.pro-corp.net\/bck\/?page_id=4528"},"modified":"2021-06-21T11:31:43","modified_gmt":"2021-06-21T16:31:43","slug":"blog","status":"publish","type":"page","link":"https:\/\/www.pro-corp.net\/bck\/pro-corp-sas\/soluciones-legales-y-comunitarias\/nacionalidad-europea-por-ley-sefardi\/blog\/","title":{"rendered":"Blog"},"content":{"rendered":"\t\t<div data-elementor-type=\"wp-page\" data-elementor-id=\"4528\" class=\"elementor elementor-4528\" data-elementor-settings=\"[]\">\n\t\t\t\t\t\t<div class=\"elementor-inner\">\n\t\t\t\t\t\t\t<div class=\"elementor-section-wrap\">\n\t\t\t\t\t\t\t<section class=\"elementor-section elementor-top-section elementor-element elementor-element-0a23272 elementor-section-boxed elementor-section-height-default elementor-section-height-default\" data-id=\"0a23272\" data-element_type=\"section\">\n\t\t\t\t\t\t<div class=\"elementor-container elementor-column-gap-default\">\n\t\t\t\t\t\t\t<div class=\"elementor-row\">\n\t\t\t\t\t<div class=\"elementor-column elementor-col-100 elementor-top-column elementor-element elementor-element-166de5f\" data-id=\"166de5f\" data-element_type=\"column\">\n\t\t\t<div class=\"elementor-column-wrap elementor-element-populated\">\n\t\t\t\t\t\t\t<div class=\"elementor-widget-wrap\">\n\t\t\t\t\t\t<div class=\"elementor-element elementor-element-48c07cd elementor-widget elementor-widget-heading\" data-id=\"48c07cd\" data-element_type=\"widget\" data-widget_type=\"heading.default\">\n\t\t\t\t<div class=\"elementor-widget-container\">\n\t\t\t<h1 class=\"elementor-heading-title elementor-size-default\">Art\u00edculos de inter\u00e9s<\/h1>\t\t<\/div>\n\t\t\t\t<\/div>\n\t\t\t\t<div class=\"elementor-element elementor-element-4446394 elementor-grid-3 elementor-grid-tablet-2 elementor-grid-mobile-1 elementor-posts--thumbnail-top elementor-card-shadow-yes elementor-posts__hover-gradient elementor-widget elementor-widget-global elementor-global-5220 elementor-widget-posts\" data-id=\"4446394\" data-element_type=\"widget\" data-settings=\"{&quot;cards_columns&quot;:&quot;3&quot;,&quot;cards_columns_tablet&quot;:&quot;2&quot;,&quot;cards_columns_mobile&quot;:&quot;1&quot;,&quot;cards_row_gap&quot;:{&quot;unit&quot;:&quot;px&quot;,&quot;size&quot;:35,&quot;sizes&quot;:[]},&quot;cards_row_gap_tablet&quot;:{&quot;unit&quot;:&quot;px&quot;,&quot;size&quot;:&quot;&quot;,&quot;sizes&quot;:[]},&quot;cards_row_gap_mobile&quot;:{&quot;unit&quot;:&quot;px&quot;,&quot;size&quot;:&quot;&quot;,&quot;sizes&quot;:[]}}\" data-widget_type=\"posts.cards\">\n\t\t\t\t<div class=\"elementor-widget-container\">\n\t\t\t\t\t<div class=\"elementor-posts-container elementor-posts elementor-posts--skin-cards elementor-grid\">\n\t\t\t\t<article class=\"elementor-post elementor-grid-item post-8134 post type-post status-publish format-standard has-post-thumbnail hentry category-uncategorized tag-certificado-de-recuperacion-frente-al-covid-19 tag-certificado-de-vacunacion tag-resultado-negativo-de-covid-19\">\n\t\t\t<div class=\"elementor-post__card\">\n\t\t\t\t<a class=\"elementor-post__thumbnail__link\" href=\"https:\/\/www.pro-corp.net\/bck\/espana-levanta-restricciones-a-viajeros\/\" ><div class=\"elementor-post__thumbnail\"><img width=\"300\" height=\"200\" src=\"https:\/\/www.pro-corp.net\/bck\/wp-content\/uploads\/2022\/01\/pexels-mikhail-nilov-8430374-300x200.jpg\" class=\"attachment-medium size-medium\" alt=\"Foto de Mikhail Nilov en Pexels\" loading=\"lazy\" srcset=\"https:\/\/www.pro-corp.net\/bck\/wp-content\/uploads\/2022\/01\/pexels-mikhail-nilov-8430374-300x200.jpg 300w, https:\/\/www.pro-corp.net\/bck\/wp-content\/uploads\/2022\/01\/pexels-mikhail-nilov-8430374-1024x682.jpg 1024w, https:\/\/www.pro-corp.net\/bck\/wp-content\/uploads\/2022\/01\/pexels-mikhail-nilov-8430374-768x512.jpg 768w, https:\/\/www.pro-corp.net\/bck\/wp-content\/uploads\/2022\/01\/pexels-mikhail-nilov-8430374-1536x1023.jpg 1536w, https:\/\/www.pro-corp.net\/bck\/wp-content\/uploads\/2022\/01\/pexels-mikhail-nilov-8430374-2048x1364.jpg 2048w\" sizes=\"(max-width: 300px) 100vw, 300px\" \/><\/div><\/a>\n\t\t\t\t<div class=\"elementor-post__badge\">Uncategorized<\/div>\n\t\t\t\t<div class=\"elementor-post__text\">\n\t\t\t\t<h3 class=\"elementor-post__title\">\n\t\t\t<a href=\"https:\/\/www.pro-corp.net\/bck\/espana-levanta-restricciones-a-viajeros\/\" >\n\t\t\t\tEspa\u00f1a levanta restricciones a viajeros provenientes de Colombia\t\t\t<\/a>\n\t\t<\/h3>\n\t\t\t\t<div class=\"elementor-post__excerpt\">\n\t\t\t<p>Si eres uno de esos viajeros provenientes de Colombia que han venido planeando su visita a Espa\u00f1a, pero no la han podido consolidar debido a<\/p>\n\t\t<\/div>\n\t\t\t\t\t<a class=\"elementor-post__read-more\" href=\"https:\/\/www.pro-corp.net\/bck\/espana-levanta-restricciones-a-viajeros\/\" >\n\t\t\t\tRead More \u00bb\t\t\t<\/a>\n\t\t\t\t<\/div>\n\t\t\t\t\t<\/div>\n\t\t<\/article>\n\t\t\t\t<article class=\"elementor-post elementor-grid-item post-7529 post type-post status-publish format-standard has-post-thumbnail hentry category-emigrar-a-espana\">\n\t\t\t<div class=\"elementor-post__card\">\n\t\t\t\t<a class=\"elementor-post__thumbnail__link\" href=\"https:\/\/www.pro-corp.net\/bck\/acuerdos-entre-colombia-y-espana\/\" ><div class=\"elementor-post__thumbnail\"><img width=\"300\" height=\"200\" src=\"https:\/\/www.pro-corp.net\/bck\/wp-content\/uploads\/2021\/09\/Acuerdos-300x200.jpeg\" class=\"attachment-medium size-medium\" alt=\"Nuevos acuerdos entre Colombia y Espa\u00f1a durante la visita del presidente Duque\" loading=\"lazy\" srcset=\"https:\/\/www.pro-corp.net\/bck\/wp-content\/uploads\/2021\/09\/Acuerdos-300x200.jpeg 300w, https:\/\/www.pro-corp.net\/bck\/wp-content\/uploads\/2021\/09\/Acuerdos-1024x683.jpeg 1024w, https:\/\/www.pro-corp.net\/bck\/wp-content\/uploads\/2021\/09\/Acuerdos-768x512.jpeg 768w, https:\/\/www.pro-corp.net\/bck\/wp-content\/uploads\/2021\/09\/Acuerdos-1536x1024.jpeg 1536w, https:\/\/www.pro-corp.net\/bck\/wp-content\/uploads\/2021\/09\/Acuerdos-2048x1365.jpeg 2048w\" sizes=\"(max-width: 300px) 100vw, 300px\" \/><\/div><\/a>\n\t\t\t\t<div class=\"elementor-post__badge\">Emigrar a Espa\u00f1a<\/div>\n\t\t\t\t<div class=\"elementor-post__text\">\n\t\t\t\t<h3 class=\"elementor-post__title\">\n\t\t\t<a href=\"https:\/\/www.pro-corp.net\/bck\/acuerdos-entre-colombia-y-espana\/\" >\n\t\t\t\tNuevos acuerdos entre Colombia y Espa\u00f1a durante la visita del presidente Duque\t\t\t<\/a>\n\t\t<\/h3>\n\t\t\t\t<div class=\"elementor-post__excerpt\">\n\t\t\t<p>Durante la visita oficial del presidente Duque a Espa\u00f1a se firmaron cuatro acuerdos importantes de cooperaci\u00f3n internacional junto con el presidente del Gobierno espa\u00f1ol Pedro<\/p>\n\t\t<\/div>\n\t\t\t\t\t<a class=\"elementor-post__read-more\" href=\"https:\/\/www.pro-corp.net\/bck\/acuerdos-entre-colombia-y-espana\/\" >\n\t\t\t\tRead More \u00bb\t\t\t<\/a>\n\t\t\t\t<\/div>\n\t\t\t\t\t<\/div>\n\t\t<\/article>\n\t\t\t\t<article class=\"elementor-post elementor-grid-item post-7426 post type-post status-publish format-standard has-post-thumbnail hentry category-vivir-en-europa\">\n\t\t\t<div class=\"elementor-post__card\">\n\t\t\t\t<a class=\"elementor-post__thumbnail__link\" href=\"https:\/\/www.pro-corp.net\/bck\/espana-y-portugal-modelo-justo-de-la-economia-social\/\" ><div class=\"elementor-post__thumbnail\"><img width=\"300\" height=\"164\" src=\"https:\/\/www.pro-corp.net\/bck\/wp-content\/uploads\/2021\/09\/Economia-300x164.jpeg\" class=\"attachment-medium size-medium\" alt=\"Espa\u00f1a y Portugal buscan cooperar reforzando el modelo justo de la Econom\u00eda Social\" loading=\"lazy\" srcset=\"https:\/\/www.pro-corp.net\/bck\/wp-content\/uploads\/2021\/09\/Economia-300x164.jpeg 300w, https:\/\/www.pro-corp.net\/bck\/wp-content\/uploads\/2021\/09\/Economia-1024x561.jpeg 1024w, https:\/\/www.pro-corp.net\/bck\/wp-content\/uploads\/2021\/09\/Economia-768x421.jpeg 768w, https:\/\/www.pro-corp.net\/bck\/wp-content\/uploads\/2021\/09\/Economia-1536x841.jpeg 1536w, https:\/\/www.pro-corp.net\/bck\/wp-content\/uploads\/2021\/09\/Economia-2048x1122.jpeg 2048w\" sizes=\"(max-width: 300px) 100vw, 300px\" \/><\/div><\/a>\n\t\t\t\t<div class=\"elementor-post__badge\">Vivir en Europa<\/div>\n\t\t\t\t<div class=\"elementor-post__text\">\n\t\t\t\t<h3 class=\"elementor-post__title\">\n\t\t\t<a href=\"https:\/\/www.pro-corp.net\/bck\/espana-y-portugal-modelo-justo-de-la-economia-social\/\" >\n\t\t\t\tEspa\u00f1a y Portugal buscan cooperar reforzando el modelo justo de la Econom\u00eda Social\t\t\t<\/a>\n\t\t<\/h3>\n\t\t\t\t<div class=\"elementor-post__excerpt\">\n\t\t\t<p>A trav\u00e9s de un memorando de Entendimiento y Cooperaci\u00f3n los gobiernos de Espa\u00f1a y Portugal buscan afianzar su compromiso con la Econom\u00eda Social. La propuesta<\/p>\n\t\t<\/div>\n\t\t\t\t\t<a class=\"elementor-post__read-more\" href=\"https:\/\/www.pro-corp.net\/bck\/espana-y-portugal-modelo-justo-de-la-economia-social\/\" >\n\t\t\t\tRead More \u00bb\t\t\t<\/a>\n\t\t\t\t<\/div>\n\t\t\t\t\t<\/div>\n\t\t<\/article>\n\t\t\t\t<article class=\"elementor-post elementor-grid-item post-7299 post type-post status-publish format-standard has-post-thumbnail hentry category-emigrar-a-portugal\">\n\t\t\t<div class=\"elementor-post__card\">\n\t\t\t\t<a class=\"elementor-post__thumbnail__link\" href=\"https:\/\/www.pro-corp.net\/bck\/que-debo-saber-sobre-el-tramite-de-nacionalidad-sefardi-por-portugal\/\" ><div class=\"elementor-post__thumbnail\"><img width=\"300\" height=\"200\" src=\"https:\/\/www.pro-corp.net\/bck\/wp-content\/uploads\/2021\/09\/tramite-300x200.jpeg\" class=\"attachment-medium size-medium\" alt=\"\u00bfQu\u00e9 debo saber sobre el tr\u00e1mite de nacionalidad sefard\u00ed por Portugal?\" loading=\"lazy\" srcset=\"https:\/\/www.pro-corp.net\/bck\/wp-content\/uploads\/2021\/09\/tramite-300x200.jpeg 300w, https:\/\/www.pro-corp.net\/bck\/wp-content\/uploads\/2021\/09\/tramite-1024x683.jpeg 1024w, https:\/\/www.pro-corp.net\/bck\/wp-content\/uploads\/2021\/09\/tramite-768x512.jpeg 768w, https:\/\/www.pro-corp.net\/bck\/wp-content\/uploads\/2021\/09\/tramite-1536x1024.jpeg 1536w, https:\/\/www.pro-corp.net\/bck\/wp-content\/uploads\/2021\/09\/tramite-2048x1365.jpeg 2048w\" sizes=\"(max-width: 300px) 100vw, 300px\" \/><\/div><\/a>\n\t\t\t\t<div class=\"elementor-post__badge\">Emigrar a Portugal<\/div>\n\t\t\t\t<div class=\"elementor-post__text\">\n\t\t\t\t<h3 class=\"elementor-post__title\">\n\t\t\t<a href=\"https:\/\/www.pro-corp.net\/bck\/que-debo-saber-sobre-el-tramite-de-nacionalidad-sefardi-por-portugal\/\" >\n\t\t\t\t\u00bfQu\u00e9 debo saber sobre el tr\u00e1mite de nacionalidad sefard\u00ed por Portugal?\t\t\t<\/a>\n\t\t<\/h3>\n\t\t\t\t<div class=\"elementor-post__excerpt\">\n\t\t\t<p>Cuando inicias tu solicitud de nacionalidad por Portugal es muy importante tener en cuenta que existe una diferencia muy importante entre la comunidad jud\u00eda de<\/p>\n\t\t<\/div>\n\t\t\t\t\t<a class=\"elementor-post__read-more\" href=\"https:\/\/www.pro-corp.net\/bck\/que-debo-saber-sobre-el-tramite-de-nacionalidad-sefardi-por-portugal\/\" >\n\t\t\t\tRead More \u00bb\t\t\t<\/a>\n\t\t\t\t<\/div>\n\t\t\t\t\t<\/div>\n\t\t<\/article>\n\t\t\t\t<article class=\"elementor-post elementor-grid-item post-7280 post type-post status-publish format-standard has-post-thumbnail hentry category-emigrar-a-espana category-vivir-en-europa\">\n\t\t\t<div class=\"elementor-post__card\">\n\t\t\t\t<a class=\"elementor-post__thumbnail__link\" href=\"https:\/\/www.pro-corp.net\/bck\/el-eje-del-paseo-del-prado-recoletos\/\" ><div class=\"elementor-post__thumbnail\"><img width=\"300\" height=\"225\" src=\"https:\/\/www.pro-corp.net\/bck\/wp-content\/uploads\/2021\/08\/Paseo_del_Prado_Madrid_01-300x225.jpeg\" class=\"attachment-medium size-medium\" alt=\"\" loading=\"lazy\" srcset=\"https:\/\/www.pro-corp.net\/bck\/wp-content\/uploads\/2021\/08\/Paseo_del_Prado_Madrid_01-300x225.jpeg 300w, https:\/\/www.pro-corp.net\/bck\/wp-content\/uploads\/2021\/08\/Paseo_del_Prado_Madrid_01-1024x768.jpeg 1024w, https:\/\/www.pro-corp.net\/bck\/wp-content\/uploads\/2021\/08\/Paseo_del_Prado_Madrid_01-768x576.jpeg 768w, https:\/\/www.pro-corp.net\/bck\/wp-content\/uploads\/2021\/08\/Paseo_del_Prado_Madrid_01.jpeg 1280w\" sizes=\"(max-width: 300px) 100vw, 300px\" \/><\/div><\/a>\n\t\t\t\t<div class=\"elementor-post__badge\">Emigrar a Espa\u00f1a<\/div>\n\t\t\t\t<div class=\"elementor-post__text\">\n\t\t\t\t<h3 class=\"elementor-post__title\">\n\t\t\t<a href=\"https:\/\/www.pro-corp.net\/bck\/el-eje-del-paseo-del-prado-recoletos\/\" >\n\t\t\t\tEl eje del paseo del Prado-Recoletos en Madrid es declarado patrimonio de la humanidad por la UNESCO\t\t\t<\/a>\n\t\t<\/h3>\n\t\t\t\t<div class=\"elementor-post__excerpt\">\n\t\t\t<p>Fecha de publicaci\u00f3n: 11 de agosto de 2021 Uno de los recorridos culturales mas importantes de Madrid es el eje del paseo del Prado-Recoletos, el<\/p>\n\t\t<\/div>\n\t\t\t\t\t<a class=\"elementor-post__read-more\" href=\"https:\/\/www.pro-corp.net\/bck\/el-eje-del-paseo-del-prado-recoletos\/\" >\n\t\t\t\tRead More \u00bb\t\t\t<\/a>\n\t\t\t\t<\/div>\n\t\t\t\t\t<\/div>\n\t\t<\/article>\n\t\t\t\t<article class=\"elementor-post elementor-grid-item post-7277 post type-post status-publish format-standard has-post-thumbnail hentry category-emigrar-a-espana category-nacionalidad-espanola-por-origen-sefardi\">\n\t\t\t<div class=\"elementor-post__card\">\n\t\t\t\t<a class=\"elementor-post__thumbnail__link\" href=\"https:\/\/www.pro-corp.net\/bck\/espana-extiende-la-cuarentena-obligatoria-para-viajeros-procedente-de-colombia-argentina-bolivia-y-brasil\/\" ><div class=\"elementor-post__thumbnail\"><img width=\"200\" height=\"300\" src=\"https:\/\/www.pro-corp.net\/bck\/wp-content\/uploads\/2021\/08\/pexels-anna-shvets-4167541-200x300.jpeg\" class=\"attachment-medium size-medium\" alt=\"\" loading=\"lazy\" srcset=\"https:\/\/www.pro-corp.net\/bck\/wp-content\/uploads\/2021\/08\/pexels-anna-shvets-4167541-200x300.jpeg 200w, https:\/\/www.pro-corp.net\/bck\/wp-content\/uploads\/2021\/08\/pexels-anna-shvets-4167541-683x1024.jpeg 683w, https:\/\/www.pro-corp.net\/bck\/wp-content\/uploads\/2021\/08\/pexels-anna-shvets-4167541-768x1152.jpeg 768w, https:\/\/www.pro-corp.net\/bck\/wp-content\/uploads\/2021\/08\/pexels-anna-shvets-4167541-1024x1536.jpeg 1024w, https:\/\/www.pro-corp.net\/bck\/wp-content\/uploads\/2021\/08\/pexels-anna-shvets-4167541-1365x2048.jpeg 1365w, https:\/\/www.pro-corp.net\/bck\/wp-content\/uploads\/2021\/08\/pexels-anna-shvets-4167541-scaled.jpeg 1707w\" sizes=\"(max-width: 200px) 100vw, 200px\" \/><\/div><\/a>\n\t\t\t\t<div class=\"elementor-post__badge\">Emigrar a Espa\u00f1a<\/div>\n\t\t\t\t<div class=\"elementor-post__text\">\n\t\t\t\t<h3 class=\"elementor-post__title\">\n\t\t\t<a href=\"https:\/\/www.pro-corp.net\/bck\/espana-extiende-la-cuarentena-obligatoria-para-viajeros-procedente-de-colombia-argentina-bolivia-y-brasil\/\" >\n\t\t\t\tEspa\u00f1a extiende la cuarentena obligatoria para viajeros procedente de Colombia, Argentina, Bolivia y Brasil.\t\t\t<\/a>\n\t\t<\/h3>\n\t\t\t\t<div class=\"elementor-post__excerpt\">\n\t\t\t<p>Fecha de publicaci\u00f3n: 10 de agosto 2021 El gobierno espa\u00f1ol decidi\u00f3 extender hasta el pr\u00f3ximo del 23 de agosto la cuarentena obligatoria de diez d\u00edas<\/p>\n\t\t<\/div>\n\t\t\t\t\t<a class=\"elementor-post__read-more\" href=\"https:\/\/www.pro-corp.net\/bck\/espana-extiende-la-cuarentena-obligatoria-para-viajeros-procedente-de-colombia-argentina-bolivia-y-brasil\/\" >\n\t\t\t\tRead More \u00bb\t\t\t<\/a>\n\t\t\t\t<\/div>\n\t\t\t\t\t<\/div>\n\t\t<\/article>\n\t\t\t\t<article class=\"elementor-post elementor-grid-item post-7265 post type-post status-publish format-standard has-post-thumbnail hentry category-emigrar-a-espana category-nacionalidad-espanola-por-origen-sefardi\">\n\t\t\t<div class=\"elementor-post__card\">\n\t\t\t\t<a class=\"elementor-post__thumbnail__link\" href=\"https:\/\/www.pro-corp.net\/bck\/concesiones-de-nacionalidad-espanola\/\" ><div class=\"elementor-post__thumbnail\"><img width=\"300\" height=\"140\" src=\"https:\/\/www.pro-corp.net\/bck\/wp-content\/uploads\/2021\/07\/Estado-aplicaciones-300x140.jpeg\" class=\"attachment-medium size-medium\" alt=\"\" loading=\"lazy\" srcset=\"https:\/\/www.pro-corp.net\/bck\/wp-content\/uploads\/2021\/07\/Estado-aplicaciones-300x140.jpeg 300w, https:\/\/www.pro-corp.net\/bck\/wp-content\/uploads\/2021\/07\/Estado-aplicaciones-1024x478.jpeg 1024w, https:\/\/www.pro-corp.net\/bck\/wp-content\/uploads\/2021\/07\/Estado-aplicaciones-768x359.jpeg 768w, https:\/\/www.pro-corp.net\/bck\/wp-content\/uploads\/2021\/07\/Estado-aplicaciones.jpeg 1261w\" sizes=\"(max-width: 300px) 100vw, 300px\" \/><\/div><\/a>\n\t\t\t\t<div class=\"elementor-post__badge\">Emigrar a Espa\u00f1a<\/div>\n\t\t\t\t<div class=\"elementor-post__text\">\n\t\t\t\t<h3 class=\"elementor-post__title\">\n\t\t\t<a href=\"https:\/\/www.pro-corp.net\/bck\/concesiones-de-nacionalidad-espanola\/\" >\n\t\t\t\t\u00daltimos datos sobre concesiones de nacionalidad espa\u00f1ola\t\t\t<\/a>\n\t\t<\/h3>\n\t\t\t\t<div class=\"elementor-post__excerpt\">\n\t\t\t<p>Recientemente se emiti\u00f3 un bolet\u00edn informativo con los nuevos datos sobre las concesiones de nacionalidad espa\u00f1ola. En nuestra firma, Pro-Corp, realizamos un peque\u00f1o resumen con<\/p>\n\t\t<\/div>\n\t\t\t\t\t<a class=\"elementor-post__read-more\" href=\"https:\/\/www.pro-corp.net\/bck\/concesiones-de-nacionalidad-espanola\/\" >\n\t\t\t\tRead More \u00bb\t\t\t<\/a>\n\t\t\t\t<\/div>\n\t\t\t\t\t<\/div>\n\t\t<\/article>\n\t\t\t\t<article class=\"elementor-post elementor-grid-item post-7229 post type-post status-publish format-standard has-post-thumbnail hentry category-emigrar-a-espana category-nacionalidad-espanola-por-origen-sefardi\">\n\t\t\t<div class=\"elementor-post__card\">\n\t\t\t\t<a class=\"elementor-post__thumbnail__link\" href=\"https:\/\/www.pro-corp.net\/bck\/comunicado-pro-corp-viajes-a-espana\/\" ><div class=\"elementor-post__thumbnail\"><img width=\"200\" height=\"300\" src=\"https:\/\/www.pro-corp.net\/bck\/wp-content\/uploads\/2021\/07\/pexels-anna-shvets-3943885-200x300.jpeg\" class=\"attachment-medium size-medium\" alt=\"Comunicado Pro Corp\" loading=\"lazy\" srcset=\"https:\/\/www.pro-corp.net\/bck\/wp-content\/uploads\/2021\/07\/pexels-anna-shvets-3943885-200x300.jpeg 200w, https:\/\/www.pro-corp.net\/bck\/wp-content\/uploads\/2021\/07\/pexels-anna-shvets-3943885-683x1024.jpeg 683w, https:\/\/www.pro-corp.net\/bck\/wp-content\/uploads\/2021\/07\/pexels-anna-shvets-3943885-768x1152.jpeg 768w, https:\/\/www.pro-corp.net\/bck\/wp-content\/uploads\/2021\/07\/pexels-anna-shvets-3943885-1024x1536.jpeg 1024w, https:\/\/www.pro-corp.net\/bck\/wp-content\/uploads\/2021\/07\/pexels-anna-shvets-3943885-1365x2048.jpeg 1365w, https:\/\/www.pro-corp.net\/bck\/wp-content\/uploads\/2021\/07\/pexels-anna-shvets-3943885-scaled.jpeg 1707w\" sizes=\"(max-width: 200px) 100vw, 200px\" \/><\/div><\/a>\n\t\t\t\t<div class=\"elementor-post__badge\">Emigrar a Espa\u00f1a<\/div>\n\t\t\t\t<div class=\"elementor-post__text\">\n\t\t\t\t<h3 class=\"elementor-post__title\">\n\t\t\t<a href=\"https:\/\/www.pro-corp.net\/bck\/comunicado-pro-corp-viajes-a-espana\/\" >\n\t\t\t\tComunicado Pro-corp: Nueva restricci\u00f3n para ingresar a Espa\u00f1a\t\t\t<\/a>\n\t\t<\/h3>\n\t\t\t\t<div class=\"elementor-post__excerpt\">\n\t\t\t<p>Comunicado<\/p>\n\t\t<\/div>\n\t\t\t\t\t<a class=\"elementor-post__read-more\" href=\"https:\/\/www.pro-corp.net\/bck\/comunicado-pro-corp-viajes-a-espana\/\" >\n\t\t\t\tRead More \u00bb\t\t\t<\/a>\n\t\t\t\t<\/div>\n\t\t\t\t\t<\/div>\n\t\t<\/article>\n\t\t\t\t<article class=\"elementor-post elementor-grid-item post-7197 post type-post status-publish format-standard has-post-thumbnail hentry category-emigrar-a-espana tag-apellidos-sefardies tag-ciudadania-espanola tag-colombianos-viajando-a-espana tag-cuarentena-en-espana tag-sefardi\">\n\t\t\t<div class=\"elementor-post__card\">\n\t\t\t\t<a class=\"elementor-post__thumbnail__link\" href=\"https:\/\/www.pro-corp.net\/bck\/colombianos-viajando-a-espana\/\" ><div class=\"elementor-post__thumbnail\"><img width=\"300\" height=\"200\" src=\"https:\/\/www.pro-corp.net\/bck\/wp-content\/uploads\/2021\/07\/pexels-anna-shvets-3943882-300x200.jpeg\" class=\"attachment-medium size-medium\" alt=\"Restricciones a Colombianos para viajar a Espa\u00f1a\" loading=\"lazy\" srcset=\"https:\/\/www.pro-corp.net\/bck\/wp-content\/uploads\/2021\/07\/pexels-anna-shvets-3943882-300x200.jpeg 300w, https:\/\/www.pro-corp.net\/bck\/wp-content\/uploads\/2021\/07\/pexels-anna-shvets-3943882-1024x683.jpeg 1024w, https:\/\/www.pro-corp.net\/bck\/wp-content\/uploads\/2021\/07\/pexels-anna-shvets-3943882-768x512.jpeg 768w, https:\/\/www.pro-corp.net\/bck\/wp-content\/uploads\/2021\/07\/pexels-anna-shvets-3943882-1536x1024.jpeg 1536w, https:\/\/www.pro-corp.net\/bck\/wp-content\/uploads\/2021\/07\/pexels-anna-shvets-3943882-2048x1365.jpeg 2048w\" sizes=\"(max-width: 300px) 100vw, 300px\" \/><\/div><\/a>\n\t\t\t\t<div class=\"elementor-post__badge\">Emigrar a Espa\u00f1a<\/div>\n\t\t\t\t<div class=\"elementor-post__text\">\n\t\t\t\t<h3 class=\"elementor-post__title\">\n\t\t\t<a href=\"https:\/\/www.pro-corp.net\/bck\/colombianos-viajando-a-espana\/\" >\n\t\t\t\tIMPORTANTE: EL REINO DE ESPA\u00d1A IMPONE UNA NUEVA CUARENTENA A LOS VIAJEROS DE COLOMBIA (Y OTROS TERCEROS PA\u00cdSES FUERA DE LA UE).\t\t\t<\/a>\n\t\t<\/h3>\n\t\t\t\t<div class=\"elementor-post__excerpt\">\n\t\t\t<p>De acuerdo con las dos \u00f3rdenes emitidas por el Gobierno Espa\u00f1ol a trav\u00e9s del Bolet\u00edn Oficial de Estado (BOE) que se expidieron el d\u00eda de<\/p>\n\t\t<\/div>\n\t\t\t\t\t<a class=\"elementor-post__read-more\" href=\"https:\/\/www.pro-corp.net\/bck\/colombianos-viajando-a-espana\/\" >\n\t\t\t\tRead More \u00bb\t\t\t<\/a>\n\t\t\t\t<\/div>\n\t\t\t\t\t<\/div>\n\t\t<\/article>\n\t\t\t\t<article class=\"elementor-post elementor-grid-item post-7223 post type-post status-publish format-standard has-post-thumbnail hentry category-emigrar-a-espana\">\n\t\t\t<div class=\"elementor-post__card\">\n\t\t\t\t<a class=\"elementor-post__thumbnail__link\" href=\"https:\/\/www.pro-corp.net\/bck\/comunicado-solicitudes-nacionalidad-espanola\/\" ><div class=\"elementor-post__thumbnail\"><img width=\"300\" height=\"200\" src=\"https:\/\/www.pro-corp.net\/bck\/wp-content\/uploads\/2021\/07\/pexels-nappy-1058959-300x200.jpeg\" class=\"attachment-medium size-medium\" alt=\"Solicitudes nacionalidad\" loading=\"lazy\" srcset=\"https:\/\/www.pro-corp.net\/bck\/wp-content\/uploads\/2021\/07\/pexels-nappy-1058959-300x200.jpeg 300w, https:\/\/www.pro-corp.net\/bck\/wp-content\/uploads\/2021\/07\/pexels-nappy-1058959-1024x683.jpeg 1024w, https:\/\/www.pro-corp.net\/bck\/wp-content\/uploads\/2021\/07\/pexels-nappy-1058959-768x512.jpeg 768w, https:\/\/www.pro-corp.net\/bck\/wp-content\/uploads\/2021\/07\/pexels-nappy-1058959-1536x1024.jpeg 1536w, https:\/\/www.pro-corp.net\/bck\/wp-content\/uploads\/2021\/07\/pexels-nappy-1058959-2048x1365.jpeg 2048w\" sizes=\"(max-width: 300px) 100vw, 300px\" \/><\/div><\/a>\n\t\t\t\t<div class=\"elementor-post__badge\">Emigrar a Espa\u00f1a<\/div>\n\t\t\t\t<div class=\"elementor-post__text\">\n\t\t\t\t<h3 class=\"elementor-post__title\">\n\t\t\t<a href=\"https:\/\/www.pro-corp.net\/bck\/comunicado-solicitudes-nacionalidad-espanola\/\" >\n\t\t\t\t\u00bfQu\u00e9 dice el comunicado emitido el 12 de julio con respecto a las solicitudes de nacionalidad espa\u00f1ola por origen sefard\u00ed?\t\t\t<\/a>\n\t\t<\/h3>\n\t\t\t\t<div class=\"elementor-post__excerpt\">\n\t\t\t<p>Para todas aquellas personas que actualmente est\u00e1n en el proceso para la obtenci\u00f3n de la nacionalidad espa\u00f1ola por origen sefard\u00ed, es importante tener en cuenta<\/p>\n\t\t<\/div>\n\t\t\t\t\t<a class=\"elementor-post__read-more\" href=\"https:\/\/www.pro-corp.net\/bck\/comunicado-solicitudes-nacionalidad-espanola\/\" >\n\t\t\t\tRead More \u00bb\t\t\t<\/a>\n\t\t\t\t<\/div>\n\t\t\t\t\t<\/div>\n\t\t<\/article>\n\t\t\t\t<article class=\"elementor-post elementor-grid-item post-597 post type-post status-publish format-standard has-post-thumbnail hentry category-nacionalidad-espanola-por-origen-sefardi\">\n\t\t\t<div class=\"elementor-post__card\">\n\t\t\t\t<a class=\"elementor-post__thumbnail__link\" href=\"https:\/\/www.pro-corp.net\/bck\/pro-corp-en-el-world-law-congress\/\" ><div class=\"elementor-post__thumbnail\"><img width=\"300\" height=\"226\" src=\"https:\/\/www.pro-corp.net\/bck\/wp-content\/uploads\/2021\/07\/Blog-WLC-300x226.jpeg\" class=\"attachment-medium size-medium\" alt=\"Blog WLC\" loading=\"lazy\" srcset=\"https:\/\/www.pro-corp.net\/bck\/wp-content\/uploads\/2021\/07\/Blog-WLC-300x226.jpeg 300w, https:\/\/www.pro-corp.net\/bck\/wp-content\/uploads\/2021\/07\/Blog-WLC-1024x771.jpeg 1024w, https:\/\/www.pro-corp.net\/bck\/wp-content\/uploads\/2021\/07\/Blog-WLC-768x578.jpeg 768w, https:\/\/www.pro-corp.net\/bck\/wp-content\/uploads\/2021\/07\/Blog-WLC-1536x1157.jpeg 1536w, https:\/\/www.pro-corp.net\/bck\/wp-content\/uploads\/2021\/07\/Blog-WLC-2048x1542.jpeg 2048w\" sizes=\"(max-width: 300px) 100vw, 300px\" \/><\/div><\/a>\n\t\t\t\t<div class=\"elementor-post__badge\">nacionalidad espa\u00f1ola por origen sefard\u00ed<\/div>\n\t\t\t\t<div class=\"elementor-post__text\">\n\t\t\t\t<h3 class=\"elementor-post__title\">\n\t\t\t<a href=\"https:\/\/www.pro-corp.net\/bck\/pro-corp-en-el-world-law-congress\/\" >\n\t\t\t\tPro Corp presente en el World Law Congress 2021 en Madrid\t\t\t<\/a>\n\t\t<\/h3>\n\t\t\t\t<div class=\"elementor-post__excerpt\">\n\t\t\t<p>El pasado 5 y 6 de julio se celebro en Madrid una nueva edici\u00f3n del World Law Congress con la participaci\u00f3n de la firma Colombiana<\/p>\n\t\t<\/div>\n\t\t\t\t\t<a class=\"elementor-post__read-more\" href=\"https:\/\/www.pro-corp.net\/bck\/pro-corp-en-el-world-law-congress\/\" >\n\t\t\t\tRead More \u00bb\t\t\t<\/a>\n\t\t\t\t<\/div>\n\t\t\t\t\t<\/div>\n\t\t<\/article>\n\t\t\t\t<article class=\"elementor-post elementor-grid-item post-7057 post type-post status-publish format-standard has-post-thumbnail hentry category-ciudadania-europea tag-apellidos-sefardies tag-ciudadania-espanola tag-sefardi tag-tipos-de-arbol-genealogico tag-visa-golden-2\">\n\t\t\t<div class=\"elementor-post__card\">\n\t\t\t\t<a class=\"elementor-post__thumbnail__link\" href=\"https:\/\/www.pro-corp.net\/bck\/cultura-judia\/\" ><div class=\"elementor-post__thumbnail\"><img width=\"300\" height=\"232\" src=\"https:\/\/www.pro-corp.net\/bck\/wp-content\/uploads\/2021\/06\/7.-May-Animate-a-aprender-mas-de-la-cultura-judia-desde-gastronomia-hasta-vestimenta-300x232.jpg\" class=\"attachment-medium size-medium\" alt=\"Cultura jud\u00eda\" loading=\"lazy\" srcset=\"https:\/\/www.pro-corp.net\/bck\/wp-content\/uploads\/2021\/06\/7.-May-Animate-a-aprender-mas-de-la-cultura-judia-desde-gastronomia-hasta-vestimenta-300x232.jpg 300w, https:\/\/www.pro-corp.net\/bck\/wp-content\/uploads\/2021\/06\/7.-May-Animate-a-aprender-mas-de-la-cultura-judia-desde-gastronomia-hasta-vestimenta-1024x792.jpg 1024w, https:\/\/www.pro-corp.net\/bck\/wp-content\/uploads\/2021\/06\/7.-May-Animate-a-aprender-mas-de-la-cultura-judia-desde-gastronomia-hasta-vestimenta-768x594.jpg 768w, https:\/\/www.pro-corp.net\/bck\/wp-content\/uploads\/2021\/06\/7.-May-Animate-a-aprender-mas-de-la-cultura-judia-desde-gastronomia-hasta-vestimenta-1536x1188.jpg 1536w, https:\/\/www.pro-corp.net\/bck\/wp-content\/uploads\/2021\/06\/7.-May-Animate-a-aprender-mas-de-la-cultura-judia-desde-gastronomia-hasta-vestimenta-2048x1583.jpg 2048w\" sizes=\"(max-width: 300px) 100vw, 300px\" \/><\/div><\/a>\n\t\t\t\t<div class=\"elementor-post__badge\">Ciudadan\u00eda europea<\/div>\n\t\t\t\t<div class=\"elementor-post__text\">\n\t\t\t\t<h3 class=\"elementor-post__title\">\n\t\t\t<a href=\"https:\/\/www.pro-corp.net\/bck\/cultura-judia\/\" >\n\t\t\t\tAprende sobre la cultura jud\u00eda y sus costumbres\t\t\t<\/a>\n\t\t<\/h3>\n\t\t\t\t<div class=\"elementor-post__excerpt\">\n\t\t\t<p>Si vas a solicitar la ciudadan\u00eda espa\u00f1ola por tus apellidos sefard\u00edes, seguro est\u00e1s indagando sobre la cultura jud\u00eda, los distintos tipos de \u00e1rbol geneal\u00f3gico, etc.<\/p>\n\t\t<\/div>\n\t\t\t\t\t<a class=\"elementor-post__read-more\" href=\"https:\/\/www.pro-corp.net\/bck\/cultura-judia\/\" >\n\t\t\t\tRead More \u00bb\t\t\t<\/a>\n\t\t\t\t<\/div>\n\t\t\t\t\t<\/div>\n\t\t<\/article>\n\t\t\t\t<article class=\"elementor-post elementor-grid-item post-7052 post type-post status-publish format-standard has-post-thumbnail hentry category-vivir-en-europa tag-empresas-espanolas tag-escribir-una-carta-de-presentacion tag-eures tag-salario-minimo-en-europa tag-trabajar-en-europa tag-trabajar-en-portugal\">\n\t\t\t<div class=\"elementor-post__card\">\n\t\t\t\t<a class=\"elementor-post__thumbnail__link\" href=\"https:\/\/www.pro-corp.net\/bck\/cv-europass\/\" ><div class=\"elementor-post__thumbnail\"><img width=\"300\" height=\"200\" src=\"https:\/\/www.pro-corp.net\/bck\/wp-content\/uploads\/2021\/05\/5.Abr-Guia-para-crear-tu-CV-europass-y-tener-exito-al-aplicar-a-una-oferta-300x200.jpg\" class=\"attachment-medium size-medium\" alt=\"CV Europass\" loading=\"lazy\" srcset=\"https:\/\/www.pro-corp.net\/bck\/wp-content\/uploads\/2021\/05\/5.Abr-Guia-para-crear-tu-CV-europass-y-tener-exito-al-aplicar-a-una-oferta-300x200.jpg 300w, https:\/\/www.pro-corp.net\/bck\/wp-content\/uploads\/2021\/05\/5.Abr-Guia-para-crear-tu-CV-europass-y-tener-exito-al-aplicar-a-una-oferta-1024x683.jpg 1024w, https:\/\/www.pro-corp.net\/bck\/wp-content\/uploads\/2021\/05\/5.Abr-Guia-para-crear-tu-CV-europass-y-tener-exito-al-aplicar-a-una-oferta-768x512.jpg 768w, https:\/\/www.pro-corp.net\/bck\/wp-content\/uploads\/2021\/05\/5.Abr-Guia-para-crear-tu-CV-europass-y-tener-exito-al-aplicar-a-una-oferta-1536x1024.jpg 1536w, https:\/\/www.pro-corp.net\/bck\/wp-content\/uploads\/2021\/05\/5.Abr-Guia-para-crear-tu-CV-europass-y-tener-exito-al-aplicar-a-una-oferta-2048x1365.jpg 2048w\" sizes=\"(max-width: 300px) 100vw, 300px\" \/><\/div><\/a>\n\t\t\t\t<div class=\"elementor-post__badge\">Vivir en Europa<\/div>\n\t\t\t\t<div class=\"elementor-post__text\">\n\t\t\t\t<h3 class=\"elementor-post__title\">\n\t\t\t<a href=\"https:\/\/www.pro-corp.net\/bck\/cv-europass\/\" >\n\t\t\t\tC\u00f3mo crear tu CV Europass y aplicar a una oferta laboral en Europa\t\t\t<\/a>\n\t\t<\/h3>\n\t\t\t\t<div class=\"elementor-post__excerpt\">\n\t\t\t<p>Si quieres trabajar en Europa y tener \u00e9xito en tu b\u00fasqueda laboral, uno de los pasos que tienes que seguir es crear un CV Europass.<\/p>\n\t\t<\/div>\n\t\t\t\t\t<a class=\"elementor-post__read-more\" href=\"https:\/\/www.pro-corp.net\/bck\/cv-europass\/\" >\n\t\t\t\tRead More \u00bb\t\t\t<\/a>\n\t\t\t\t<\/div>\n\t\t\t\t\t<\/div>\n\t\t<\/article>\n\t\t\t\t<article class=\"elementor-post elementor-grid-item post-7085 post type-post status-publish format-standard has-post-thumbnail hentry category-emigrar-a-espana\">\n\t\t\t<div class=\"elementor-post__card\">\n\t\t\t\t<a class=\"elementor-post__thumbnail__link\" href=\"https:\/\/www.pro-corp.net\/bck\/plazo-para-aporte-documental\/\" ><div class=\"elementor-post__thumbnail\"><img width=\"300\" height=\"157\" src=\"https:\/\/www.pro-corp.net\/bck\/wp-content\/uploads\/2021\/06\/2018-09-19-documents-300x157.jpg\" class=\"attachment-medium size-medium\" alt=\"Documentos\" loading=\"lazy\" srcset=\"https:\/\/www.pro-corp.net\/bck\/wp-content\/uploads\/2021\/06\/2018-09-19-documents-300x157.jpg 300w, https:\/\/www.pro-corp.net\/bck\/wp-content\/uploads\/2021\/06\/2018-09-19-documents-1024x536.jpg 1024w, https:\/\/www.pro-corp.net\/bck\/wp-content\/uploads\/2021\/06\/2018-09-19-documents-768x402.jpg 768w, https:\/\/www.pro-corp.net\/bck\/wp-content\/uploads\/2021\/06\/2018-09-19-documents.jpg 1200w\" sizes=\"(max-width: 300px) 100vw, 300px\" \/><\/div><\/a>\n\t\t\t\t<div class=\"elementor-post__badge\">Emigrar a Espa\u00f1a<\/div>\n\t\t\t\t<div class=\"elementor-post__text\">\n\t\t\t\t<h3 class=\"elementor-post__title\">\n\t\t\t<a href=\"https:\/\/www.pro-corp.net\/bck\/plazo-para-aporte-documental\/\" >\n\t\t\t\tUrgente: el 1 de septiembre vence el plazo del Ministerio de Justicia de Espa\u00f1a para el aporte documental\t\t\t<\/a>\n\t\t<\/h3>\n\t\t\t\t<div class=\"elementor-post__excerpt\">\n\t\t\t<p>Como el Ministerio de Justicia de Espa\u00f1a y nosotros hemos hecho p\u00fablico en varias ocasiones, la fecha de cierre definitiva de la plataforma para la<\/p>\n\t\t<\/div>\n\t\t\t\t\t<a class=\"elementor-post__read-more\" href=\"https:\/\/www.pro-corp.net\/bck\/plazo-para-aporte-documental\/\" >\n\t\t\t\tRead More \u00bb\t\t\t<\/a>\n\t\t\t\t<\/div>\n\t\t\t\t\t<\/div>\n\t\t<\/article>\n\t\t\t\t<article class=\"elementor-post elementor-grid-item post-7048 post type-post status-publish format-standard has-post-thumbnail hentry category-emigrar-a-portugal tag-historia-de-portugal-2 tag-nacionalidad-portuguesa tag-turismo-en-portugal tag-viajes-en-portugal-2 tag-vivir-en-portugal-2\">\n\t\t\t<div class=\"elementor-post__card\">\n\t\t\t\t<a class=\"elementor-post__thumbnail__link\" href=\"https:\/\/www.pro-corp.net\/bck\/economia-de-portugal\/\" ><div class=\"elementor-post__thumbnail\"><img width=\"300\" height=\"169\" src=\"https:\/\/www.pro-corp.net\/bck\/wp-content\/uploads\/2021\/05\/10.-May-Panorama-de-la-economia-de-Portugal-evolucion-datos-importantes-y-sectores-mas-activos-de-los-ultimos-anos-300x169.jpg\" class=\"attachment-medium size-medium\" alt=\"Econom\u00eda de Portugal\" loading=\"lazy\" srcset=\"https:\/\/www.pro-corp.net\/bck\/wp-content\/uploads\/2021\/05\/10.-May-Panorama-de-la-economia-de-Portugal-evolucion-datos-importantes-y-sectores-mas-activos-de-los-ultimos-anos-300x169.jpg 300w, https:\/\/www.pro-corp.net\/bck\/wp-content\/uploads\/2021\/05\/10.-May-Panorama-de-la-economia-de-Portugal-evolucion-datos-importantes-y-sectores-mas-activos-de-los-ultimos-anos-1024x576.jpg 1024w, https:\/\/www.pro-corp.net\/bck\/wp-content\/uploads\/2021\/05\/10.-May-Panorama-de-la-economia-de-Portugal-evolucion-datos-importantes-y-sectores-mas-activos-de-los-ultimos-anos-768x432.jpg 768w, https:\/\/www.pro-corp.net\/bck\/wp-content\/uploads\/2021\/05\/10.-May-Panorama-de-la-economia-de-Portugal-evolucion-datos-importantes-y-sectores-mas-activos-de-los-ultimos-anos-1536x864.jpg 1536w, https:\/\/www.pro-corp.net\/bck\/wp-content\/uploads\/2021\/05\/10.-May-Panorama-de-la-economia-de-Portugal-evolucion-datos-importantes-y-sectores-mas-activos-de-los-ultimos-anos-2048x1152.jpg 2048w\" sizes=\"(max-width: 300px) 100vw, 300px\" \/><\/div><\/a>\n\t\t\t\t<div class=\"elementor-post__badge\">Emigrar a Portugal<\/div>\n\t\t\t\t<div class=\"elementor-post__text\">\n\t\t\t\t<h3 class=\"elementor-post__title\">\n\t\t\t<a href=\"https:\/\/www.pro-corp.net\/bck\/economia-de-portugal\/\" >\n\t\t\t\tLa econom\u00eda de Portugal y su papel en la Uni\u00f3n Europea\t\t\t<\/a>\n\t\t<\/h3>\n\t\t\t\t<div class=\"elementor-post__excerpt\">\n\t\t\t<p>En los \u00faltimos a\u00f1os, Portugal ha pasado por transformaciones bastante importantes. Pas\u00f3 de pedir un rescate, a gozar de un super\u00e1vit. As\u00ed, hoy en d\u00eda<\/p>\n\t\t<\/div>\n\t\t\t\t\t<a class=\"elementor-post__read-more\" href=\"https:\/\/www.pro-corp.net\/bck\/economia-de-portugal\/\" >\n\t\t\t\tRead More \u00bb\t\t\t<\/a>\n\t\t\t\t<\/div>\n\t\t\t\t\t<\/div>\n\t\t<\/article>\n\t\t\t\t<article class=\"elementor-post elementor-grid-item post-7076 post type-post status-publish format-standard has-post-thumbnail hentry category-emigrar-a-espana\">\n\t\t\t<div class=\"elementor-post__card\">\n\t\t\t\t<a class=\"elementor-post__thumbnail__link\" href=\"https:\/\/www.pro-corp.net\/bck\/firma-acta-de-notoriedad-si-cuento-con-la-vacuna-contra-el-covid-19\/\" ><div class=\"elementor-post__thumbnail\"><img width=\"300\" height=\"200\" src=\"https:\/\/www.pro-corp.net\/bck\/wp-content\/uploads\/2021\/06\/Imagen-covid-19-300x200.jpg\" class=\"attachment-medium size-medium\" alt=\"\u00bfPodr\u00e9 viajar a Espa\u00f1a a firmar mi acta de notoriedad si ya cuento con la vacuna contra el COVID-19?\" loading=\"lazy\" srcset=\"https:\/\/www.pro-corp.net\/bck\/wp-content\/uploads\/2021\/06\/Imagen-covid-19-300x200.jpg 300w, https:\/\/www.pro-corp.net\/bck\/wp-content\/uploads\/2021\/06\/Imagen-covid-19-1024x683.jpg 1024w, https:\/\/www.pro-corp.net\/bck\/wp-content\/uploads\/2021\/06\/Imagen-covid-19-768x512.jpg 768w, https:\/\/www.pro-corp.net\/bck\/wp-content\/uploads\/2021\/06\/Imagen-covid-19-1536x1024.jpg 1536w, https:\/\/www.pro-corp.net\/bck\/wp-content\/uploads\/2021\/06\/Imagen-covid-19.jpg 1920w\" sizes=\"(max-width: 300px) 100vw, 300px\" \/><\/div><\/a>\n\t\t\t\t<div class=\"elementor-post__badge\">Emigrar a Espa\u00f1a<\/div>\n\t\t\t\t<div class=\"elementor-post__text\">\n\t\t\t\t<h3 class=\"elementor-post__title\">\n\t\t\t<a href=\"https:\/\/www.pro-corp.net\/bck\/firma-acta-de-notoriedad-si-cuento-con-la-vacuna-contra-el-covid-19\/\" >\n\t\t\t\t\u00bfPodr\u00e9 viajar a Espa\u00f1a a firmar mi acta de notoriedad si ya cuento con la vacuna contra el COVID-19?\t\t\t<\/a>\n\t\t<\/h3>\n\t\t\t\t<div class=\"elementor-post__excerpt\">\n\t\t\t<p>De acuerdo con la Orden INT\/552\/2021, de 04 de junio, por la que se modifica la Orden INT\/657\/2020, de 17 de julio; y con la<\/p>\n\t\t<\/div>\n\t\t\t\t\t<a class=\"elementor-post__read-more\" href=\"https:\/\/www.pro-corp.net\/bck\/firma-acta-de-notoriedad-si-cuento-con-la-vacuna-contra-el-covid-19\/\" >\n\t\t\t\tRead More \u00bb\t\t\t<\/a>\n\t\t\t\t<\/div>\n\t\t\t\t\t<\/div>\n\t\t<\/article>\n\t\t\t\t<article class=\"elementor-post elementor-grid-item post-7045 post type-post status-publish format-standard has-post-thumbnail hentry category-vivir-en-europa tag-cv-europass tag-empresas-espanolas tag-escribir-una-carta-de-presentacion tag-eures tag-permiso-de-trabajo-en-espana-2 tag-trabajar-en-europa\">\n\t\t\t<div class=\"elementor-post__card\">\n\t\t\t\t<a class=\"elementor-post__thumbnail__link\" href=\"https:\/\/www.pro-corp.net\/bck\/ofertas-de-empleo-en-espana\/\" ><div class=\"elementor-post__thumbnail\"><img width=\"300\" height=\"200\" src=\"https:\/\/www.pro-corp.net\/bck\/wp-content\/uploads\/2021\/05\/1.-May-Ofertas-de-empleo-en-Espana-y-Portugal-encuentra-la-que-se-adapte-a-tu-perfil-y-a-tus-intereses-profesionales-300x200.jpg\" class=\"attachment-medium size-medium\" alt=\"Ofertas de empleo en Espa\u00f1a\" loading=\"lazy\" srcset=\"https:\/\/www.pro-corp.net\/bck\/wp-content\/uploads\/2021\/05\/1.-May-Ofertas-de-empleo-en-Espana-y-Portugal-encuentra-la-que-se-adapte-a-tu-perfil-y-a-tus-intereses-profesionales-300x200.jpg 300w, https:\/\/www.pro-corp.net\/bck\/wp-content\/uploads\/2021\/05\/1.-May-Ofertas-de-empleo-en-Espana-y-Portugal-encuentra-la-que-se-adapte-a-tu-perfil-y-a-tus-intereses-profesionales-1024x683.jpg 1024w, https:\/\/www.pro-corp.net\/bck\/wp-content\/uploads\/2021\/05\/1.-May-Ofertas-de-empleo-en-Espana-y-Portugal-encuentra-la-que-se-adapte-a-tu-perfil-y-a-tus-intereses-profesionales-768x512.jpg 768w, https:\/\/www.pro-corp.net\/bck\/wp-content\/uploads\/2021\/05\/1.-May-Ofertas-de-empleo-en-Espana-y-Portugal-encuentra-la-que-se-adapte-a-tu-perfil-y-a-tus-intereses-profesionales-1536x1024.jpg 1536w, https:\/\/www.pro-corp.net\/bck\/wp-content\/uploads\/2021\/05\/1.-May-Ofertas-de-empleo-en-Espana-y-Portugal-encuentra-la-que-se-adapte-a-tu-perfil-y-a-tus-intereses-profesionales-2048x1365.jpg 2048w\" sizes=\"(max-width: 300px) 100vw, 300px\" \/><\/div><\/a>\n\t\t\t\t<div class=\"elementor-post__badge\">Vivir en Europa<\/div>\n\t\t\t\t<div class=\"elementor-post__text\">\n\t\t\t\t<h3 class=\"elementor-post__title\">\n\t\t\t<a href=\"https:\/\/www.pro-corp.net\/bck\/ofertas-de-empleo-en-espana\/\" >\n\t\t\t\tCrea el perfil indicado para las ofertas de empleo en Espa\u00f1a y Portugal\t\t\t<\/a>\n\t\t<\/h3>\n\t\t\t\t<div class=\"elementor-post__excerpt\">\n\t\t\t<p>A pesar del impacto a la econom\u00eda en Europa a ra\u00edz de la pandemia, puedes encontrar cientos de ofertas de empleo en Espa\u00f1a y Portugal.<\/p>\n\t\t<\/div>\n\t\t\t\t\t<a class=\"elementor-post__read-more\" href=\"https:\/\/www.pro-corp.net\/bck\/ofertas-de-empleo-en-espana\/\" >\n\t\t\t\tRead More \u00bb\t\t\t<\/a>\n\t\t\t\t<\/div>\n\t\t\t\t\t<\/div>\n\t\t<\/article>\n\t\t\t\t<article class=\"elementor-post elementor-grid-item post-7037 post type-post status-publish format-standard has-post-thumbnail hentry category-ciudadania-europea tag-ciudadania-y-nacionalidad-2 tag-doble-nacionalidad tag-doble-tributacion tag-tipos-de-nacionalidad tag-viajar-por-europa tag-zona-schengen\">\n\t\t\t<div class=\"elementor-post__card\">\n\t\t\t\t<a class=\"elementor-post__thumbnail__link\" href=\"https:\/\/www.pro-corp.net\/bck\/pasaporte-europeo\/\" ><div class=\"elementor-post__thumbnail\"><img width=\"300\" height=\"200\" src=\"https:\/\/www.pro-corp.net\/bck\/wp-content\/uploads\/2021\/05\/1.Abr-Ventajas-de-tener-un-pasaporte-europeo-para-viajar-trabajar-y-estudiar-300x200.jpg\" class=\"attachment-medium size-medium\" alt=\"pasaporte europeo\" loading=\"lazy\" srcset=\"https:\/\/www.pro-corp.net\/bck\/wp-content\/uploads\/2021\/05\/1.Abr-Ventajas-de-tener-un-pasaporte-europeo-para-viajar-trabajar-y-estudiar-300x200.jpg 300w, https:\/\/www.pro-corp.net\/bck\/wp-content\/uploads\/2021\/05\/1.Abr-Ventajas-de-tener-un-pasaporte-europeo-para-viajar-trabajar-y-estudiar-1024x683.jpg 1024w, https:\/\/www.pro-corp.net\/bck\/wp-content\/uploads\/2021\/05\/1.Abr-Ventajas-de-tener-un-pasaporte-europeo-para-viajar-trabajar-y-estudiar-768x512.jpg 768w, https:\/\/www.pro-corp.net\/bck\/wp-content\/uploads\/2021\/05\/1.Abr-Ventajas-de-tener-un-pasaporte-europeo-para-viajar-trabajar-y-estudiar-1536x1024.jpg 1536w, https:\/\/www.pro-corp.net\/bck\/wp-content\/uploads\/2021\/05\/1.Abr-Ventajas-de-tener-un-pasaporte-europeo-para-viajar-trabajar-y-estudiar-2048x1365.jpg 2048w\" sizes=\"(max-width: 300px) 100vw, 300px\" \/><\/div><\/a>\n\t\t\t\t<div class=\"elementor-post__badge\">Ciudadan\u00eda europea<\/div>\n\t\t\t\t<div class=\"elementor-post__text\">\n\t\t\t\t<h3 class=\"elementor-post__title\">\n\t\t\t<a href=\"https:\/\/www.pro-corp.net\/bck\/pasaporte-europeo\/\" >\n\t\t\t\tLas ventajas del pasaporte europeo al viajar, estudiar y trabajar\t\t\t<\/a>\n\t\t<\/h3>\n\t\t\t\t<div class=\"elementor-post__excerpt\">\n\t\t\t<p>Tener un pasaporte europeo te ofrece muchas ventajas al viajar por Europa (incluso por la Zona Schengen). O al trasladarte all\u00ed para trabajar y estudiar.<\/p>\n\t\t<\/div>\n\t\t\t\t\t<a class=\"elementor-post__read-more\" href=\"https:\/\/www.pro-corp.net\/bck\/pasaporte-europeo\/\" >\n\t\t\t\tRead More \u00bb\t\t\t<\/a>\n\t\t\t\t<\/div>\n\t\t\t\t\t<\/div>\n\t\t<\/article>\n\t\t\t\t<article class=\"elementor-post elementor-grid-item post-7041 post type-post status-publish format-standard has-post-thumbnail hentry category-emigrar-a-espana tag-costo-de-vida-en-espana tag-economia-de-espana tag-educacion-en-espana tag-que-es-el-empadronamiento tag-seguridad-social-en-espana tag-vivir-en-espana\">\n\t\t\t<div class=\"elementor-post__card\">\n\t\t\t\t<a class=\"elementor-post__thumbnail__link\" href=\"https:\/\/www.pro-corp.net\/bck\/impuestos-en-espana\/\" ><div class=\"elementor-post__thumbnail\"><img width=\"300\" height=\"204\" src=\"https:\/\/www.pro-corp.net\/bck\/wp-content\/uploads\/2021\/05\/12.May-Pago-de-impuestos-en-Espana-cuales-son-y-que-parte-de-tu-salario-debes-destinar-para-ello-300x204.jpg\" class=\"attachment-medium size-medium\" alt=\"Impuestos en Espa\u00f1a\" loading=\"lazy\" srcset=\"https:\/\/www.pro-corp.net\/bck\/wp-content\/uploads\/2021\/05\/12.May-Pago-de-impuestos-en-Espana-cuales-son-y-que-parte-de-tu-salario-debes-destinar-para-ello-300x204.jpg 300w, https:\/\/www.pro-corp.net\/bck\/wp-content\/uploads\/2021\/05\/12.May-Pago-de-impuestos-en-Espana-cuales-son-y-que-parte-de-tu-salario-debes-destinar-para-ello-1024x695.jpg 1024w, https:\/\/www.pro-corp.net\/bck\/wp-content\/uploads\/2021\/05\/12.May-Pago-de-impuestos-en-Espana-cuales-son-y-que-parte-de-tu-salario-debes-destinar-para-ello-768x521.jpg 768w, https:\/\/www.pro-corp.net\/bck\/wp-content\/uploads\/2021\/05\/12.May-Pago-de-impuestos-en-Espana-cuales-son-y-que-parte-de-tu-salario-debes-destinar-para-ello-1536x1042.jpg 1536w, https:\/\/www.pro-corp.net\/bck\/wp-content\/uploads\/2021\/05\/12.May-Pago-de-impuestos-en-Espana-cuales-son-y-que-parte-de-tu-salario-debes-destinar-para-ello-2048x1389.jpg 2048w\" sizes=\"(max-width: 300px) 100vw, 300px\" \/><\/div><\/a>\n\t\t\t\t<div class=\"elementor-post__badge\">Emigrar a Espa\u00f1a<\/div>\n\t\t\t\t<div class=\"elementor-post__text\">\n\t\t\t\t<h3 class=\"elementor-post__title\">\n\t\t\t<a href=\"https:\/\/www.pro-corp.net\/bck\/impuestos-en-espana\/\" >\n\t\t\t\tConoce todo sobre los impuestos en Espa\u00f1a\t\t\t<\/a>\n\t\t<\/h3>\n\t\t\t\t<div class=\"elementor-post__excerpt\">\n\t\t\t<p>Si tu inter\u00e9s es estudiar, trabajar o jubilarte en Europa, seguro te interesar\u00e1 conocer m\u00e1s sobre los impuestos en Espa\u00f1a. Como en todos los pa\u00edses,<\/p>\n\t\t<\/div>\n\t\t\t\t\t<a class=\"elementor-post__read-more\" href=\"https:\/\/www.pro-corp.net\/bck\/impuestos-en-espana\/\" >\n\t\t\t\tRead More \u00bb\t\t\t<\/a>\n\t\t\t\t<\/div>\n\t\t\t\t\t<\/div>\n\t\t<\/article>\n\t\t\t\t<article class=\"elementor-post elementor-grid-item post-7026 post type-post status-publish format-standard has-post-thumbnail hentry category-emigrar-a-espana\">\n\t\t\t<div class=\"elementor-post__card\">\n\t\t\t\t<a class=\"elementor-post__thumbnail__link\" href=\"https:\/\/www.pro-corp.net\/bck\/firma-de-acta-de-notoriedad\/\" ><div class=\"elementor-post__thumbnail\"><img width=\"300\" height=\"200\" src=\"https:\/\/www.pro-corp.net\/bck\/wp-content\/uploads\/2021\/04\/10.-Dic-\u00bfQue-es-el-empadronamiento-y-por-que-es-importante-si-decides-vivir-en-Espana-300x200.jpg\" class=\"attachment-medium size-medium\" alt=\"\u00bfPodr\u00e9 viajar a Espa\u00f1a a firmar mi acta de notoriedad en junio de 2021?\" loading=\"lazy\" srcset=\"https:\/\/www.pro-corp.net\/bck\/wp-content\/uploads\/2021\/04\/10.-Dic-\u00bfQue-es-el-empadronamiento-y-por-que-es-importante-si-decides-vivir-en-Espana-300x200.jpg 300w, https:\/\/www.pro-corp.net\/bck\/wp-content\/uploads\/2021\/04\/10.-Dic-\u00bfQue-es-el-empadronamiento-y-por-que-es-importante-si-decides-vivir-en-Espana-1024x683.jpg 1024w, https:\/\/www.pro-corp.net\/bck\/wp-content\/uploads\/2021\/04\/10.-Dic-\u00bfQue-es-el-empadronamiento-y-por-que-es-importante-si-decides-vivir-en-Espana-768x512.jpg 768w, https:\/\/www.pro-corp.net\/bck\/wp-content\/uploads\/2021\/04\/10.-Dic-\u00bfQue-es-el-empadronamiento-y-por-que-es-importante-si-decides-vivir-en-Espana-1536x1024.jpg 1536w, https:\/\/www.pro-corp.net\/bck\/wp-content\/uploads\/2021\/04\/10.-Dic-\u00bfQue-es-el-empadronamiento-y-por-que-es-importante-si-decides-vivir-en-Espana-2048x1366.jpg 2048w\" sizes=\"(max-width: 300px) 100vw, 300px\" \/><\/div><\/a>\n\t\t\t\t<div class=\"elementor-post__badge\">Emigrar a Espa\u00f1a<\/div>\n\t\t\t\t<div class=\"elementor-post__text\">\n\t\t\t\t<h3 class=\"elementor-post__title\">\n\t\t\t<a href=\"https:\/\/www.pro-corp.net\/bck\/firma-de-acta-de-notoriedad\/\" >\n\t\t\t\t\u00bfPodr\u00e9 viajar a Espa\u00f1a a firmar mi acta de notoriedad en junio de 2021?\t\t\t<\/a>\n\t\t<\/h3>\n\t\t\t\t<div class=\"elementor-post__excerpt\">\n\t\t\t<p>De acuerdo con el \u00faltimo bolet\u00edn del gobierno espa\u00f1ol queremos comunicarles que las restricciones para viajeros contin\u00faan hasta el 30 de junio del 2021. Esta<\/p>\n\t\t<\/div>\n\t\t\t\t\t<a class=\"elementor-post__read-more\" href=\"https:\/\/www.pro-corp.net\/bck\/firma-de-acta-de-notoriedad\/\" >\n\t\t\t\tRead More \u00bb\t\t\t<\/a>\n\t\t\t\t<\/div>\n\t\t\t\t\t<\/div>\n\t\t<\/article>\n\t\t\t\t<article class=\"elementor-post elementor-grid-item post-6976 post type-post status-publish format-standard has-post-thumbnail hentry category-vivir-en-europa tag-becas-en-espana tag-cultura-europea tag-estudiar-en-espana tag-pruebas-de-admision tag-universidades-europeas\">\n\t\t\t<div class=\"elementor-post__card\">\n\t\t\t\t<a class=\"elementor-post__thumbnail__link\" href=\"https:\/\/www.pro-corp.net\/bck\/carta-de-motivacion-para-una-beca\/\" ><div class=\"elementor-post__thumbnail\"><img width=\"300\" height=\"200\" src=\"https:\/\/www.pro-corp.net\/bck\/wp-content\/uploads\/2021\/05\/8.Abr-Lo-que-debes-tener-en-cuenta-al-redactar-una-carta-de-motivacion-para-una-beca-y-tener-exito-en-el-proceso-300x200.jpg\" class=\"attachment-medium size-medium\" alt=\"carta de motivaci\u00f3n para una beca\" loading=\"lazy\" srcset=\"https:\/\/www.pro-corp.net\/bck\/wp-content\/uploads\/2021\/05\/8.Abr-Lo-que-debes-tener-en-cuenta-al-redactar-una-carta-de-motivacion-para-una-beca-y-tener-exito-en-el-proceso-300x200.jpg 300w, https:\/\/www.pro-corp.net\/bck\/wp-content\/uploads\/2021\/05\/8.Abr-Lo-que-debes-tener-en-cuenta-al-redactar-una-carta-de-motivacion-para-una-beca-y-tener-exito-en-el-proceso-1024x683.jpg 1024w, https:\/\/www.pro-corp.net\/bck\/wp-content\/uploads\/2021\/05\/8.Abr-Lo-que-debes-tener-en-cuenta-al-redactar-una-carta-de-motivacion-para-una-beca-y-tener-exito-en-el-proceso-768x512.jpg 768w, https:\/\/www.pro-corp.net\/bck\/wp-content\/uploads\/2021\/05\/8.Abr-Lo-que-debes-tener-en-cuenta-al-redactar-una-carta-de-motivacion-para-una-beca-y-tener-exito-en-el-proceso-1536x1024.jpg 1536w, https:\/\/www.pro-corp.net\/bck\/wp-content\/uploads\/2021\/05\/8.Abr-Lo-que-debes-tener-en-cuenta-al-redactar-una-carta-de-motivacion-para-una-beca-y-tener-exito-en-el-proceso-2048x1365.jpg 2048w\" sizes=\"(max-width: 300px) 100vw, 300px\" \/><\/div><\/a>\n\t\t\t\t<div class=\"elementor-post__badge\">Vivir en Europa<\/div>\n\t\t\t\t<div class=\"elementor-post__text\">\n\t\t\t\t<h3 class=\"elementor-post__title\">\n\t\t\t<a href=\"https:\/\/www.pro-corp.net\/bck\/carta-de-motivacion-para-una-beca\/\" >\n\t\t\t\tGu\u00eda para redactar tu carta de motivaci\u00f3n para una beca y no morir en el intento\t\t\t<\/a>\n\t\t<\/h3>\n\t\t\t\t<div class=\"elementor-post__excerpt\">\n\t\t\t<p>Contar con una carta de motivaci\u00f3n para una beca bien redactada ser\u00e1 fundamental a la hora de hacer tu postulaci\u00f3n. Esta ser\u00e1 tu puerta de<\/p>\n\t\t<\/div>\n\t\t\t\t\t<a class=\"elementor-post__read-more\" href=\"https:\/\/www.pro-corp.net\/bck\/carta-de-motivacion-para-una-beca\/\" >\n\t\t\t\tRead More \u00bb\t\t\t<\/a>\n\t\t\t\t<\/div>\n\t\t\t\t\t<\/div>\n\t\t<\/article>\n\t\t\t\t<article class=\"elementor-post elementor-grid-item post-6947 post type-post status-publish format-standard has-post-thumbnail hentry category-emigrar-a-portugal\">\n\t\t\t<div class=\"elementor-post__card\">\n\t\t\t\t<a class=\"elementor-post__thumbnail__link\" href=\"https:\/\/www.pro-corp.net\/bck\/turismo-en-portugal\/\" ><div class=\"elementor-post__thumbnail\"><img width=\"300\" height=\"200\" src=\"https:\/\/www.pro-corp.net\/bck\/wp-content\/uploads\/2021\/05\/4.Abr-Turismo-en-Portugal-monumentos-y-centros-culturales-imperdibles-300x200.jpg\" class=\"attachment-medium size-medium\" alt=\"Turismo en Portugal\" loading=\"lazy\" srcset=\"https:\/\/www.pro-corp.net\/bck\/wp-content\/uploads\/2021\/05\/4.Abr-Turismo-en-Portugal-monumentos-y-centros-culturales-imperdibles-300x200.jpg 300w, https:\/\/www.pro-corp.net\/bck\/wp-content\/uploads\/2021\/05\/4.Abr-Turismo-en-Portugal-monumentos-y-centros-culturales-imperdibles-1024x683.jpg 1024w, https:\/\/www.pro-corp.net\/bck\/wp-content\/uploads\/2021\/05\/4.Abr-Turismo-en-Portugal-monumentos-y-centros-culturales-imperdibles-768x513.jpg 768w, https:\/\/www.pro-corp.net\/bck\/wp-content\/uploads\/2021\/05\/4.Abr-Turismo-en-Portugal-monumentos-y-centros-culturales-imperdibles-1536x1025.jpg 1536w, https:\/\/www.pro-corp.net\/bck\/wp-content\/uploads\/2021\/05\/4.Abr-Turismo-en-Portugal-monumentos-y-centros-culturales-imperdibles-2048x1367.jpg 2048w\" sizes=\"(max-width: 300px) 100vw, 300px\" \/><\/div><\/a>\n\t\t\t\t<div class=\"elementor-post__badge\">Emigrar a Portugal<\/div>\n\t\t\t\t<div class=\"elementor-post__text\">\n\t\t\t\t<h3 class=\"elementor-post__title\">\n\t\t\t<a href=\"https:\/\/www.pro-corp.net\/bck\/turismo-en-portugal\/\" >\n\t\t\t\t7 lugares bell\u00edsimos para hacer turismo en Portugal\t\t\t<\/a>\n\t\t<\/h3>\n\t\t\t\t<div class=\"elementor-post__excerpt\">\n\t\t\t<p>Muchos latinoamericanos hacen turismo en Portugal. Por un lado, les resulta fascinante su cultura. Por otro, los viajes en Portugal requieren poco dinero y tiempo<\/p>\n\t\t<\/div>\n\t\t\t\t\t<a class=\"elementor-post__read-more\" href=\"https:\/\/www.pro-corp.net\/bck\/turismo-en-portugal\/\" >\n\t\t\t\tRead More \u00bb\t\t\t<\/a>\n\t\t\t\t<\/div>\n\t\t\t\t\t<\/div>\n\t\t<\/article>\n\t\t\t\t<article class=\"elementor-post elementor-grid-item post-6878 post type-post status-publish format-standard has-post-thumbnail hentry category-emigrar-a-espana tag-costo-de-vida-en-espana tag-economia-de-espana tag-educacion-en-espana tag-que-es-el-empadronamiento\">\n\t\t\t<div class=\"elementor-post__card\">\n\t\t\t\t<a class=\"elementor-post__thumbnail__link\" href=\"https:\/\/www.pro-corp.net\/bck\/seguridad-social-en-espana\/\" ><div class=\"elementor-post__thumbnail\"><img width=\"300\" height=\"140\" src=\"https:\/\/www.pro-corp.net\/bck\/wp-content\/uploads\/2021\/05\/10.Abr-Beneficios-del-sistema-de-seguridad-social-en-Espana-300x140.jpg\" class=\"attachment-medium size-medium\" alt=\"Conoce c\u00f3mo funciona el sistema de seguridad social en Espa\u00f1a\" loading=\"lazy\" srcset=\"https:\/\/www.pro-corp.net\/bck\/wp-content\/uploads\/2021\/05\/10.Abr-Beneficios-del-sistema-de-seguridad-social-en-Espana-300x140.jpg 300w, https:\/\/www.pro-corp.net\/bck\/wp-content\/uploads\/2021\/05\/10.Abr-Beneficios-del-sistema-de-seguridad-social-en-Espana-1024x479.jpg 1024w, https:\/\/www.pro-corp.net\/bck\/wp-content\/uploads\/2021\/05\/10.Abr-Beneficios-del-sistema-de-seguridad-social-en-Espana-768x359.jpg 768w, https:\/\/www.pro-corp.net\/bck\/wp-content\/uploads\/2021\/05\/10.Abr-Beneficios-del-sistema-de-seguridad-social-en-Espana-1536x719.jpg 1536w, https:\/\/www.pro-corp.net\/bck\/wp-content\/uploads\/2021\/05\/10.Abr-Beneficios-del-sistema-de-seguridad-social-en-Espana-2048x958.jpg 2048w\" sizes=\"(max-width: 300px) 100vw, 300px\" \/><\/div><\/a>\n\t\t\t\t<div class=\"elementor-post__badge\">Emigrar a Espa\u00f1a<\/div>\n\t\t\t\t<div class=\"elementor-post__text\">\n\t\t\t\t<h3 class=\"elementor-post__title\">\n\t\t\t<a href=\"https:\/\/www.pro-corp.net\/bck\/seguridad-social-en-espana\/\" >\n\t\t\t\tConoce c\u00f3mo funciona el sistema de seguridad social en Espa\u00f1a\t\t\t<\/a>\n\t\t<\/h3>\n\t\t\t\t<div class=\"elementor-post__excerpt\">\n\t\t\t<p>La seguridad social en Espa\u00f1a es la forma en que puedes asegurar tu estado de bienestar en el pa\u00eds. Al ser ciudadano espa\u00f1ol, tendr\u00e1s garant\u00edas<\/p>\n\t\t<\/div>\n\t\t\t\t\t<a class=\"elementor-post__read-more\" href=\"https:\/\/www.pro-corp.net\/bck\/seguridad-social-en-espana\/\" >\n\t\t\t\tRead More \u00bb\t\t\t<\/a>\n\t\t\t\t<\/div>\n\t\t\t\t\t<\/div>\n\t\t<\/article>\n\t\t\t\t<article class=\"elementor-post elementor-grid-item post-6888 post type-post status-publish format-standard has-post-thumbnail hentry category-ciudadania-europea\">\n\t\t\t<div class=\"elementor-post__card\">\n\t\t\t\t<a class=\"elementor-post__thumbnail__link\" href=\"https:\/\/www.pro-corp.net\/bck\/consulado-firma-del-acta-notarial\/\" ><div class=\"elementor-post__thumbnail\"><img width=\"300\" height=\"200\" src=\"https:\/\/www.pro-corp.net\/bck\/wp-content\/uploads\/2021\/05\/pexels-andrea-piacquadio-3760067-300x200.jpg\" class=\"attachment-medium size-medium\" alt=\"Consulado\" loading=\"lazy\" srcset=\"https:\/\/www.pro-corp.net\/bck\/wp-content\/uploads\/2021\/05\/pexels-andrea-piacquadio-3760067-300x200.jpg 300w, https:\/\/www.pro-corp.net\/bck\/wp-content\/uploads\/2021\/05\/pexels-andrea-piacquadio-3760067-1024x683.jpg 1024w, https:\/\/www.pro-corp.net\/bck\/wp-content\/uploads\/2021\/05\/pexels-andrea-piacquadio-3760067-768x512.jpg 768w, https:\/\/www.pro-corp.net\/bck\/wp-content\/uploads\/2021\/05\/pexels-andrea-piacquadio-3760067-1536x1024.jpg 1536w, https:\/\/www.pro-corp.net\/bck\/wp-content\/uploads\/2021\/05\/pexels-andrea-piacquadio-3760067-2048x1365.jpg 2048w\" sizes=\"(max-width: 300px) 100vw, 300px\" \/><\/div><\/a>\n\t\t\t\t<div class=\"elementor-post__badge\">Ciudadan\u00eda europea<\/div>\n\t\t\t\t<div class=\"elementor-post__text\">\n\t\t\t\t<h3 class=\"elementor-post__title\">\n\t\t\t<a href=\"https:\/\/www.pro-corp.net\/bck\/consulado-firma-del-acta-notarial\/\" >\n\t\t\t\tConsulado autorizar\u00e1 viajar a Espa\u00f1a a la firma del acta notarial\t\t\t<\/a>\n\t\t<\/h3>\n\t\t\t\t<div class=\"elementor-post__excerpt\">\n\t\t\t<p>Nos permitimos informar que el gobierno espa\u00f1ol ha decidido tramitar autorizaciones para viajar a Espa\u00f1a en tiempos de restricciones gubernamentales con motivo de la crisis<\/p>\n\t\t<\/div>\n\t\t\t\t\t<a class=\"elementor-post__read-more\" href=\"https:\/\/www.pro-corp.net\/bck\/consulado-firma-del-acta-notarial\/\" >\n\t\t\t\tRead More \u00bb\t\t\t<\/a>\n\t\t\t\t<\/div>\n\t\t\t\t\t<\/div>\n\t\t<\/article>\n\t\t\t\t<article class=\"elementor-post elementor-grid-item post-6875 post type-post status-publish format-standard has-post-thumbnail hentry category-emigrar-a-espana tag-antecedentes-penales-y-judiciales-2 tag-apellidos-sefardies tag-ciudadania-espanola tag-sefardi tag-visa-golden\">\n\t\t\t<div class=\"elementor-post__card\">\n\t\t\t\t<a class=\"elementor-post__thumbnail__link\" href=\"https:\/\/www.pro-corp.net\/bck\/ccse\/\" ><div class=\"elementor-post__thumbnail\"><img width=\"300\" height=\"194\" src=\"https:\/\/www.pro-corp.net\/bck\/wp-content\/uploads\/2021\/05\/12.Abr-Los-mejores-tips-para-prepararse-y-aprobar-la-prueba-CCSE-300x194.jpg\" class=\"attachment-medium size-medium\" alt=\"CCSE\" loading=\"lazy\" srcset=\"https:\/\/www.pro-corp.net\/bck\/wp-content\/uploads\/2021\/05\/12.Abr-Los-mejores-tips-para-prepararse-y-aprobar-la-prueba-CCSE-300x194.jpg 300w, https:\/\/www.pro-corp.net\/bck\/wp-content\/uploads\/2021\/05\/12.Abr-Los-mejores-tips-para-prepararse-y-aprobar-la-prueba-CCSE-1024x664.jpg 1024w, https:\/\/www.pro-corp.net\/bck\/wp-content\/uploads\/2021\/05\/12.Abr-Los-mejores-tips-para-prepararse-y-aprobar-la-prueba-CCSE-768x498.jpg 768w, https:\/\/www.pro-corp.net\/bck\/wp-content\/uploads\/2021\/05\/12.Abr-Los-mejores-tips-para-prepararse-y-aprobar-la-prueba-CCSE-1536x996.jpg 1536w, https:\/\/www.pro-corp.net\/bck\/wp-content\/uploads\/2021\/05\/12.Abr-Los-mejores-tips-para-prepararse-y-aprobar-la-prueba-CCSE-2048x1327.jpg 2048w\" sizes=\"(max-width: 300px) 100vw, 300px\" \/><\/div><\/a>\n\t\t\t\t<div class=\"elementor-post__badge\">Emigrar a Espa\u00f1a<\/div>\n\t\t\t\t<div class=\"elementor-post__text\">\n\t\t\t\t<h3 class=\"elementor-post__title\">\n\t\t\t<a href=\"https:\/\/www.pro-corp.net\/bck\/ccse\/\" >\n\t\t\t\tQu\u00e9 es la prueba CCSE y consejos para aprobarla\t\t\t<\/a>\n\t\t<\/h3>\n\t\t\t\t<div class=\"elementor-post__excerpt\">\n\t\t\t<p>Si dentro de tus proyectos para el futuro est\u00e1 vivir, estudiar o trabajar en Espa\u00f1a, debes conocer qu\u00e9 es la prueba de conocimientos constitucionales y<\/p>\n\t\t<\/div>\n\t\t\t\t\t<a class=\"elementor-post__read-more\" href=\"https:\/\/www.pro-corp.net\/bck\/ccse\/\" >\n\t\t\t\tRead More \u00bb\t\t\t<\/a>\n\t\t\t\t<\/div>\n\t\t\t\t\t<\/div>\n\t\t<\/article>\n\t\t\t\t<article class=\"elementor-post elementor-grid-item post-6816 post type-post status-publish format-standard has-post-thumbnail hentry category-vivir-en-europa tag-ciudadania-y-nacionalidad-2 tag-doble-nacionalidad tag-doble-tributacion tag-naturalizacion tag-viajar-por-europa\">\n\t\t\t<div class=\"elementor-post__card\">\n\t\t\t\t<a class=\"elementor-post__thumbnail__link\" href=\"https:\/\/www.pro-corp.net\/bck\/tipos-de-nacionalidad\/\" ><div class=\"elementor-post__thumbnail\"><img width=\"300\" height=\"200\" src=\"https:\/\/www.pro-corp.net\/bck\/wp-content\/uploads\/2021\/04\/7.-Mar-Tipos-de-nacionalidad-caracteristicas-y-funcionamiento-en-Portugal-y-Espana-300x200.jpg\" class=\"attachment-medium size-medium\" alt=\"Tipos de nacionalidad\" loading=\"lazy\" srcset=\"https:\/\/www.pro-corp.net\/bck\/wp-content\/uploads\/2021\/04\/7.-Mar-Tipos-de-nacionalidad-caracteristicas-y-funcionamiento-en-Portugal-y-Espana-300x200.jpg 300w, https:\/\/www.pro-corp.net\/bck\/wp-content\/uploads\/2021\/04\/7.-Mar-Tipos-de-nacionalidad-caracteristicas-y-funcionamiento-en-Portugal-y-Espana-1024x683.jpg 1024w, https:\/\/www.pro-corp.net\/bck\/wp-content\/uploads\/2021\/04\/7.-Mar-Tipos-de-nacionalidad-caracteristicas-y-funcionamiento-en-Portugal-y-Espana-768x512.jpg 768w, https:\/\/www.pro-corp.net\/bck\/wp-content\/uploads\/2021\/04\/7.-Mar-Tipos-de-nacionalidad-caracteristicas-y-funcionamiento-en-Portugal-y-Espana-1536x1024.jpg 1536w, https:\/\/www.pro-corp.net\/bck\/wp-content\/uploads\/2021\/04\/7.-Mar-Tipos-de-nacionalidad-caracteristicas-y-funcionamiento-en-Portugal-y-Espana-2048x1365.jpg 2048w\" sizes=\"(max-width: 300px) 100vw, 300px\" \/><\/div><\/a>\n\t\t\t\t<div class=\"elementor-post__badge\">Vivir en Europa<\/div>\n\t\t\t\t<div class=\"elementor-post__text\">\n\t\t\t\t<h3 class=\"elementor-post__title\">\n\t\t\t<a href=\"https:\/\/www.pro-corp.net\/bck\/tipos-de-nacionalidad\/\" >\n\t\t\t\tTipos de nacionalidad, variantes y funcionamiento\t\t\t<\/a>\n\t\t<\/h3>\n\t\t\t\t<div class=\"elementor-post__excerpt\">\n\t\t\t<p>Espa\u00f1a y Portugal cuentan con distintos tipos de nacionalidad dependiendo del pa\u00eds de donde provienen sus habitantes extranjeros. Todos son r\u00e1pidamente aceptados y ofrecen m\u00faltiples<\/p>\n\t\t<\/div>\n\t\t\t\t\t<a class=\"elementor-post__read-more\" href=\"https:\/\/www.pro-corp.net\/bck\/tipos-de-nacionalidad\/\" >\n\t\t\t\tRead More \u00bb\t\t\t<\/a>\n\t\t\t\t<\/div>\n\t\t\t\t\t<\/div>\n\t\t<\/article>\n\t\t\t\t<article class=\"elementor-post elementor-grid-item post-6813 post type-post status-publish format-standard has-post-thumbnail hentry category-emigrar-a-portugal tag-escribir-una-carta-de-presentacion tag-eures tag-salario-minimo-en-europa tag-trabajar-en-europa\">\n\t\t\t<div class=\"elementor-post__card\">\n\t\t\t\t<a class=\"elementor-post__thumbnail__link\" href=\"https:\/\/www.pro-corp.net\/bck\/trabajar-en-portugal\/\" ><div class=\"elementor-post__thumbnail\"><img width=\"300\" height=\"200\" src=\"https:\/\/www.pro-corp.net\/bck\/wp-content\/uploads\/2021\/04\/10.-Mar-No-esperes-mas-para-trabajar-en-Portugal-Te-contamos-cuales-son-las-prestaciones-sociales-en-este-pais-300x200.jpg\" class=\"attachment-medium size-medium\" alt=\"\" loading=\"lazy\" srcset=\"https:\/\/www.pro-corp.net\/bck\/wp-content\/uploads\/2021\/04\/10.-Mar-No-esperes-mas-para-trabajar-en-Portugal-Te-contamos-cuales-son-las-prestaciones-sociales-en-este-pais-300x200.jpg 300w, https:\/\/www.pro-corp.net\/bck\/wp-content\/uploads\/2021\/04\/10.-Mar-No-esperes-mas-para-trabajar-en-Portugal-Te-contamos-cuales-son-las-prestaciones-sociales-en-este-pais-1024x682.jpg 1024w, https:\/\/www.pro-corp.net\/bck\/wp-content\/uploads\/2021\/04\/10.-Mar-No-esperes-mas-para-trabajar-en-Portugal-Te-contamos-cuales-son-las-prestaciones-sociales-en-este-pais-768x512.jpg 768w, https:\/\/www.pro-corp.net\/bck\/wp-content\/uploads\/2021\/04\/10.-Mar-No-esperes-mas-para-trabajar-en-Portugal-Te-contamos-cuales-son-las-prestaciones-sociales-en-este-pais-1536x1024.jpg 1536w, https:\/\/www.pro-corp.net\/bck\/wp-content\/uploads\/2021\/04\/10.-Mar-No-esperes-mas-para-trabajar-en-Portugal-Te-contamos-cuales-son-las-prestaciones-sociales-en-este-pais-2048x1365.jpg 2048w\" sizes=\"(max-width: 300px) 100vw, 300px\" \/><\/div><\/a>\n\t\t\t\t<div class=\"elementor-post__badge\">Emigrar a Portugal<\/div>\n\t\t\t\t<div class=\"elementor-post__text\">\n\t\t\t\t<h3 class=\"elementor-post__title\">\n\t\t\t<a href=\"https:\/\/www.pro-corp.net\/bck\/trabajar-en-portugal\/\" >\n\t\t\t\tTrabajar en Portugal: la puerta de entrada al continente europeo\t\t\t<\/a>\n\t\t<\/h3>\n\t\t\t\t<div class=\"elementor-post__excerpt\">\n\t\t\t<p>Portugal no solo es un destino con mucho encanto, tambi\u00e9n es un gran lugar para vivir y trabajar. \u00bfTienes dudas? Te contamos los beneficios de<\/p>\n\t\t<\/div>\n\t\t\t\t\t<a class=\"elementor-post__read-more\" href=\"https:\/\/www.pro-corp.net\/bck\/trabajar-en-portugal\/\" >\n\t\t\t\tRead More \u00bb\t\t\t<\/a>\n\t\t\t\t<\/div>\n\t\t\t\t\t<\/div>\n\t\t<\/article>\n\t\t\t\t<article class=\"elementor-post elementor-grid-item post-6849 post type-post status-publish format-standard has-post-thumbnail hentry category-ciudadania-europea\">\n\t\t\t<div class=\"elementor-post__card\">\n\t\t\t\t<a class=\"elementor-post__thumbnail__link\" href=\"https:\/\/www.pro-corp.net\/bck\/novedades\/\" ><div class=\"elementor-post__thumbnail\"><img width=\"300\" height=\"200\" src=\"https:\/\/www.pro-corp.net\/bck\/wp-content\/uploads\/2021\/04\/Los-documentos-notariales-300x200.jpg\" class=\"attachment-medium size-medium\" alt=\"Los-documentos-notariales\" loading=\"lazy\" srcset=\"https:\/\/www.pro-corp.net\/bck\/wp-content\/uploads\/2021\/04\/Los-documentos-notariales-300x200.jpg 300w, https:\/\/www.pro-corp.net\/bck\/wp-content\/uploads\/2021\/04\/Los-documentos-notariales-1024x683.jpg 1024w, https:\/\/www.pro-corp.net\/bck\/wp-content\/uploads\/2021\/04\/Los-documentos-notariales-768x512.jpg 768w, https:\/\/www.pro-corp.net\/bck\/wp-content\/uploads\/2021\/04\/Los-documentos-notariales.jpg 1050w\" sizes=\"(max-width: 300px) 100vw, 300px\" \/><\/div><\/a>\n\t\t\t\t<div class=\"elementor-post__badge\">Ciudadan\u00eda europea<\/div>\n\t\t\t\t<div class=\"elementor-post__text\">\n\t\t\t\t<h3 class=\"elementor-post__title\">\n\t\t\t<a href=\"https:\/\/www.pro-corp.net\/bck\/novedades\/\" >\n\t\t\t\tBuenas noticias para hoy viernes 23 de abril de 2021: \u00a1tal como te informamos en anteriores comunicaciones, no hay fecha l\u00edmite para firmar el Acta de Notoriedad en Espa\u00f1a!\t\t\t<\/a>\n\t\t<\/h3>\n\t\t\t\t<div class=\"elementor-post__excerpt\">\n\t\t\t<p>De acuerdo con la comunicaci\u00f3n emitida hoy por el Ministerio de Justicia de Espa\u00f1a, no hay una fecha l\u00edmite para firmar el acta notarial en<\/p>\n\t\t<\/div>\n\t\t\t\t\t<a class=\"elementor-post__read-more\" href=\"https:\/\/www.pro-corp.net\/bck\/novedades\/\" >\n\t\t\t\tRead More \u00bb\t\t\t<\/a>\n\t\t\t\t<\/div>\n\t\t\t\t\t<\/div>\n\t\t<\/article>\n\t\t\t\t<article class=\"elementor-post elementor-grid-item post-6819 post type-post status-publish format-standard has-post-thumbnail hentry category-vivir-en-europa tag-becas-en-espana tag-estudiar-en-espana tag-idiomas-europeos tag-universidades-europeas\">\n\t\t\t<div class=\"elementor-post__card\">\n\t\t\t\t<a class=\"elementor-post__thumbnail__link\" href=\"https:\/\/www.pro-corp.net\/bck\/pruebas-de-admision\/\" ><div class=\"elementor-post__thumbnail\"><img width=\"300\" height=\"169\" src=\"https:\/\/www.pro-corp.net\/bck\/wp-content\/uploads\/2021\/04\/2.-Mar-Aspectos-clave-para-prepararse-para-las-pruebas-de-admision-de-universidades-europeas-300x169.jpg\" class=\"attachment-medium size-medium\" alt=\"Pruebas de admisi\u00f3n\" loading=\"lazy\" srcset=\"https:\/\/www.pro-corp.net\/bck\/wp-content\/uploads\/2021\/04\/2.-Mar-Aspectos-clave-para-prepararse-para-las-pruebas-de-admision-de-universidades-europeas-300x169.jpg 300w, https:\/\/www.pro-corp.net\/bck\/wp-content\/uploads\/2021\/04\/2.-Mar-Aspectos-clave-para-prepararse-para-las-pruebas-de-admision-de-universidades-europeas-1024x576.jpg 1024w, https:\/\/www.pro-corp.net\/bck\/wp-content\/uploads\/2021\/04\/2.-Mar-Aspectos-clave-para-prepararse-para-las-pruebas-de-admision-de-universidades-europeas-768x432.jpg 768w, https:\/\/www.pro-corp.net\/bck\/wp-content\/uploads\/2021\/04\/2.-Mar-Aspectos-clave-para-prepararse-para-las-pruebas-de-admision-de-universidades-europeas-1536x864.jpg 1536w, https:\/\/www.pro-corp.net\/bck\/wp-content\/uploads\/2021\/04\/2.-Mar-Aspectos-clave-para-prepararse-para-las-pruebas-de-admision-de-universidades-europeas-2048x1152.jpg 2048w\" sizes=\"(max-width: 300px) 100vw, 300px\" \/><\/div><\/a>\n\t\t\t\t<div class=\"elementor-post__badge\">Vivir en Europa<\/div>\n\t\t\t\t<div class=\"elementor-post__text\">\n\t\t\t\t<h3 class=\"elementor-post__title\">\n\t\t\t<a href=\"https:\/\/www.pro-corp.net\/bck\/pruebas-de-admision\/\" >\n\t\t\t\tAspectos clave sobre las pruebas de admisi\u00f3n para estudiar en Europa\t\t\t<\/a>\n\t\t<\/h3>\n\t\t\t\t<div class=\"elementor-post__excerpt\">\n\t\t\t<p>Las pruebas de admisi\u00f3n en Europa se refieren a aquellos ex\u00e1menes y requisitos que exigen las universidades para considerar el ingreso de los alumnos. No<\/p>\n\t\t<\/div>\n\t\t\t\t\t<a class=\"elementor-post__read-more\" href=\"https:\/\/www.pro-corp.net\/bck\/pruebas-de-admision\/\" >\n\t\t\t\tRead More \u00bb\t\t\t<\/a>\n\t\t\t\t<\/div>\n\t\t\t\t\t<\/div>\n\t\t<\/article>\n\t\t\t\t<article class=\"elementor-post elementor-grid-item post-6805 post type-post status-publish format-standard has-post-thumbnail hentry category-ciudadania-europea\">\n\t\t\t<div class=\"elementor-post__card\">\n\t\t\t\t<a class=\"elementor-post__thumbnail__link\" href=\"https:\/\/www.pro-corp.net\/bck\/novedades-ccse\/\" ><div class=\"elementor-post__thumbnail\"><img width=\"300\" height=\"146\" src=\"https:\/\/www.pro-corp.net\/bck\/wp-content\/uploads\/2021\/04\/unnamed-300x146.png\" class=\"attachment-medium size-medium\" alt=\"Instituto Cervantes\" loading=\"lazy\" srcset=\"https:\/\/www.pro-corp.net\/bck\/wp-content\/uploads\/2021\/04\/unnamed-300x146.png 300w, https:\/\/www.pro-corp.net\/bck\/wp-content\/uploads\/2021\/04\/unnamed.png 512w\" sizes=\"(max-width: 300px) 100vw, 300px\" \/><\/div><\/a>\n\t\t\t\t<div class=\"elementor-post__badge\">Ciudadan\u00eda europea<\/div>\n\t\t\t\t<div class=\"elementor-post__text\">\n\t\t\t\t<h3 class=\"elementor-post__title\">\n\t\t\t<a href=\"https:\/\/www.pro-corp.net\/bck\/novedades-ccse\/\" >\n\t\t\t\tRecomendaciones acerca de la programaci\u00f3n de la prueba de conocimientos constitucionales y socioculturales de Espa\u00f1a (CCSE)\t\t\t<\/a>\n\t\t<\/h3>\n\t\t\t\t<div class=\"elementor-post__excerpt\">\n\t\t\t<p>Teniendo en cuenta la emergencia sanitaria ocasionada por la pandemia del COVID-19, el Instituto Cervantes ha decidido llevar a cabo las pruebas con las m\u00e1ximas<\/p>\n\t\t<\/div>\n\t\t\t\t\t<a class=\"elementor-post__read-more\" href=\"https:\/\/www.pro-corp.net\/bck\/novedades-ccse\/\" >\n\t\t\t\tRead More \u00bb\t\t\t<\/a>\n\t\t\t\t<\/div>\n\t\t\t\t\t<\/div>\n\t\t<\/article>\n\t\t\t\t<article class=\"elementor-post elementor-grid-item post-6801 post type-post status-publish format-standard has-post-thumbnail hentry category-emigrar-a-portugal tag-cultura-de-portugal tag-estudiar-portugues tag-historia-de-portugal tag-nacionalidad-portuguesa tag-viajes-en-portugal-2\">\n\t\t\t<div class=\"elementor-post__card\">\n\t\t\t\t<a class=\"elementor-post__thumbnail__link\" href=\"https:\/\/www.pro-corp.net\/bck\/vivir-en-portugal\/\" ><div class=\"elementor-post__thumbnail\"><img width=\"300\" height=\"200\" src=\"https:\/\/www.pro-corp.net\/bck\/wp-content\/uploads\/2021\/04\/9.-Mar-\u00a1No-esperes-mas-para-trabajar-en-Portugal-Te-contamos-cuales-son-las-prestaciones-sociales-en-este-pais-300x200.jpg\" class=\"attachment-medium size-medium\" alt=\"Vivir en Portugal\" loading=\"lazy\" srcset=\"https:\/\/www.pro-corp.net\/bck\/wp-content\/uploads\/2021\/04\/9.-Mar-\u00a1No-esperes-mas-para-trabajar-en-Portugal-Te-contamos-cuales-son-las-prestaciones-sociales-en-este-pais-300x200.jpg 300w, https:\/\/www.pro-corp.net\/bck\/wp-content\/uploads\/2021\/04\/9.-Mar-\u00a1No-esperes-mas-para-trabajar-en-Portugal-Te-contamos-cuales-son-las-prestaciones-sociales-en-este-pais-1024x683.jpg 1024w, https:\/\/www.pro-corp.net\/bck\/wp-content\/uploads\/2021\/04\/9.-Mar-\u00a1No-esperes-mas-para-trabajar-en-Portugal-Te-contamos-cuales-son-las-prestaciones-sociales-en-este-pais-768x512.jpg 768w, https:\/\/www.pro-corp.net\/bck\/wp-content\/uploads\/2021\/04\/9.-Mar-\u00a1No-esperes-mas-para-trabajar-en-Portugal-Te-contamos-cuales-son-las-prestaciones-sociales-en-este-pais-1536x1025.jpg 1536w, https:\/\/www.pro-corp.net\/bck\/wp-content\/uploads\/2021\/04\/9.-Mar-\u00a1No-esperes-mas-para-trabajar-en-Portugal-Te-contamos-cuales-son-las-prestaciones-sociales-en-este-pais-2048x1366.jpg 2048w\" sizes=\"(max-width: 300px) 100vw, 300px\" \/><\/div><\/a>\n\t\t\t\t<div class=\"elementor-post__badge\">Emigrar a Portugal<\/div>\n\t\t\t\t<div class=\"elementor-post__text\">\n\t\t\t\t<h3 class=\"elementor-post__title\">\n\t\t\t<a href=\"https:\/\/www.pro-corp.net\/bck\/vivir-en-portugal\/\" >\n\t\t\t\tTe contamos lo que necesitas saber para vivir en Portugal\t\t\t<\/a>\n\t\t<\/h3>\n\t\t\t\t<div class=\"elementor-post__excerpt\">\n\t\t\t<p>Vivir en Portugal es algo que desean muchas personas gracias al progreso imparable, la seguridad y la afable acogida que ofrece este destino. Si este<\/p>\n\t\t<\/div>\n\t\t\t\t\t<a class=\"elementor-post__read-more\" href=\"https:\/\/www.pro-corp.net\/bck\/vivir-en-portugal\/\" >\n\t\t\t\tRead More \u00bb\t\t\t<\/a>\n\t\t\t\t<\/div>\n\t\t\t\t\t<\/div>\n\t\t<\/article>\n\t\t\t\t<article class=\"elementor-post elementor-grid-item post-6798 post type-post status-publish format-standard has-post-thumbnail hentry category-emigrar-a-espana tag-economia-de-espana tag-educacion-en-espana tag-que-es-el-empadronamiento tag-vivir-en-espana\">\n\t\t\t<div class=\"elementor-post__card\">\n\t\t\t\t<a class=\"elementor-post__thumbnail__link\" href=\"https:\/\/www.pro-corp.net\/bck\/costo-de-vida-en-espana\/\" ><div class=\"elementor-post__thumbnail\"><img width=\"300\" height=\"169\" src=\"https:\/\/www.pro-corp.net\/bck\/wp-content\/uploads\/2021\/04\/3.-Mar-Este-es-el-costo-de-vida-en-Espana-para-que-puedas-organizarte-y-ahorrar-300x169.jpg\" class=\"attachment-medium size-medium\" alt=\"Costo de vida en Espa\u00f1a\" loading=\"lazy\" srcset=\"https:\/\/www.pro-corp.net\/bck\/wp-content\/uploads\/2021\/04\/3.-Mar-Este-es-el-costo-de-vida-en-Espana-para-que-puedas-organizarte-y-ahorrar-300x169.jpg 300w, https:\/\/www.pro-corp.net\/bck\/wp-content\/uploads\/2021\/04\/3.-Mar-Este-es-el-costo-de-vida-en-Espana-para-que-puedas-organizarte-y-ahorrar-1024x577.jpg 1024w, https:\/\/www.pro-corp.net\/bck\/wp-content\/uploads\/2021\/04\/3.-Mar-Este-es-el-costo-de-vida-en-Espana-para-que-puedas-organizarte-y-ahorrar-768x433.jpg 768w, https:\/\/www.pro-corp.net\/bck\/wp-content\/uploads\/2021\/04\/3.-Mar-Este-es-el-costo-de-vida-en-Espana-para-que-puedas-organizarte-y-ahorrar-1536x865.jpg 1536w, https:\/\/www.pro-corp.net\/bck\/wp-content\/uploads\/2021\/04\/3.-Mar-Este-es-el-costo-de-vida-en-Espana-para-que-puedas-organizarte-y-ahorrar-2048x1154.jpg 2048w\" sizes=\"(max-width: 300px) 100vw, 300px\" \/><\/div><\/a>\n\t\t\t\t<div class=\"elementor-post__badge\">Emigrar a Espa\u00f1a<\/div>\n\t\t\t\t<div class=\"elementor-post__text\">\n\t\t\t\t<h3 class=\"elementor-post__title\">\n\t\t\t<a href=\"https:\/\/www.pro-corp.net\/bck\/costo-de-vida-en-espana\/\" >\n\t\t\t\tPlanifica tu viaje, conoce el costo de vida en Espa\u00f1a\t\t\t<\/a>\n\t\t<\/h3>\n\t\t\t\t<div class=\"elementor-post__excerpt\">\n\t\t\t<p>Si dentro de tus sue\u00f1os est\u00e1 trabajar o estudiar en Espa\u00f1a, lo mejor ser\u00e1 planificar muy bien antes de partir. Lo primero que har\u00e1s, seguro,<\/p>\n\t\t<\/div>\n\t\t\t\t\t<a class=\"elementor-post__read-more\" href=\"https:\/\/www.pro-corp.net\/bck\/costo-de-vida-en-espana\/\" >\n\t\t\t\tRead More \u00bb\t\t\t<\/a>\n\t\t\t\t<\/div>\n\t\t\t\t\t<\/div>\n\t\t<\/article>\n\t\t\t\t<article class=\"elementor-post elementor-grid-item post-6795 post type-post status-publish format-standard has-post-thumbnail hentry category-ciudadania-europea tag-antecedentes-penales-y-judiciales tag-apostilla-de-la-haya tag-ciudadania-espanola\">\n\t\t\t<div class=\"elementor-post__card\">\n\t\t\t\t<a class=\"elementor-post__thumbnail__link\" href=\"https:\/\/www.pro-corp.net\/bck\/visa-golden\/\" ><div class=\"elementor-post__thumbnail\"><img width=\"300\" height=\"200\" src=\"https:\/\/www.pro-corp.net\/bck\/wp-content\/uploads\/2021\/04\/6.-Mar-Quien-puede-aplicar-a-una-Visa-Golden-y-en-que-casos-es-necesaria-300x200.jpg\" class=\"attachment-medium size-medium\" alt=\"Visa Golden\" loading=\"lazy\" srcset=\"https:\/\/www.pro-corp.net\/bck\/wp-content\/uploads\/2021\/04\/6.-Mar-Quien-puede-aplicar-a-una-Visa-Golden-y-en-que-casos-es-necesaria-300x200.jpg 300w, https:\/\/www.pro-corp.net\/bck\/wp-content\/uploads\/2021\/04\/6.-Mar-Quien-puede-aplicar-a-una-Visa-Golden-y-en-que-casos-es-necesaria-1024x683.jpg 1024w, https:\/\/www.pro-corp.net\/bck\/wp-content\/uploads\/2021\/04\/6.-Mar-Quien-puede-aplicar-a-una-Visa-Golden-y-en-que-casos-es-necesaria-768x512.jpg 768w, https:\/\/www.pro-corp.net\/bck\/wp-content\/uploads\/2021\/04\/6.-Mar-Quien-puede-aplicar-a-una-Visa-Golden-y-en-que-casos-es-necesaria-1536x1024.jpg 1536w, https:\/\/www.pro-corp.net\/bck\/wp-content\/uploads\/2021\/04\/6.-Mar-Quien-puede-aplicar-a-una-Visa-Golden-y-en-que-casos-es-necesaria-2048x1365.jpg 2048w\" sizes=\"(max-width: 300px) 100vw, 300px\" \/><\/div><\/a>\n\t\t\t\t<div class=\"elementor-post__badge\">Ciudadan\u00eda europea<\/div>\n\t\t\t\t<div class=\"elementor-post__text\">\n\t\t\t\t<h3 class=\"elementor-post__title\">\n\t\t\t<a href=\"https:\/\/www.pro-corp.net\/bck\/visa-golden\/\" >\n\t\t\t\tVisa Golden: conoce si puedes aplicar y c\u00f3mo obtenerla\t\t\t<\/a>\n\t\t<\/h3>\n\t\t\t\t<div class=\"elementor-post__excerpt\">\n\t\t\t<p>\u00bfTe has preguntado si es posible obtener la ciudadan\u00eda espa\u00f1ola o portuguesa siendo latinoamericano? La respuesta es s\u00ed y esto es gracias a la Visa<\/p>\n\t\t<\/div>\n\t\t\t\t\t<a class=\"elementor-post__read-more\" href=\"https:\/\/www.pro-corp.net\/bck\/visa-golden\/\" >\n\t\t\t\tRead More \u00bb\t\t\t<\/a>\n\t\t\t\t<\/div>\n\t\t\t\t\t<\/div>\n\t\t<\/article>\n\t\t\t\t<article class=\"elementor-post elementor-grid-item post-6768 post type-post status-publish format-standard has-post-thumbnail hentry category-ciudadania-europea tag-ciudadania-y-nacionalidad tag-naturalizacion tag-zona-schengen\">\n\t\t\t<div class=\"elementor-post__card\">\n\t\t\t\t<a class=\"elementor-post__thumbnail__link\" href=\"https:\/\/www.pro-corp.net\/bck\/viajar-por-europa\/\" ><div class=\"elementor-post__thumbnail\"><img width=\"300\" height=\"200\" src=\"https:\/\/www.pro-corp.net\/bck\/wp-content\/uploads\/2021\/03\/2.-Feb-Viajar-por-Europa-\u00bfcual-pasaporte-es-mas-recomendable-usar-si-tienes-doble-nacionalidad-300x200.jpg\" class=\"attachment-medium size-medium\" alt=\"Viajar por Europa\" loading=\"lazy\" srcset=\"https:\/\/www.pro-corp.net\/bck\/wp-content\/uploads\/2021\/03\/2.-Feb-Viajar-por-Europa-\u00bfcual-pasaporte-es-mas-recomendable-usar-si-tienes-doble-nacionalidad-300x200.jpg 300w, https:\/\/www.pro-corp.net\/bck\/wp-content\/uploads\/2021\/03\/2.-Feb-Viajar-por-Europa-\u00bfcual-pasaporte-es-mas-recomendable-usar-si-tienes-doble-nacionalidad-1024x683.jpg 1024w, https:\/\/www.pro-corp.net\/bck\/wp-content\/uploads\/2021\/03\/2.-Feb-Viajar-por-Europa-\u00bfcual-pasaporte-es-mas-recomendable-usar-si-tienes-doble-nacionalidad-768x512.jpg 768w, https:\/\/www.pro-corp.net\/bck\/wp-content\/uploads\/2021\/03\/2.-Feb-Viajar-por-Europa-\u00bfcual-pasaporte-es-mas-recomendable-usar-si-tienes-doble-nacionalidad-1536x1024.jpg 1536w, https:\/\/www.pro-corp.net\/bck\/wp-content\/uploads\/2021\/03\/2.-Feb-Viajar-por-Europa-\u00bfcual-pasaporte-es-mas-recomendable-usar-si-tienes-doble-nacionalidad-2048x1365.jpg 2048w\" sizes=\"(max-width: 300px) 100vw, 300px\" \/><\/div><\/a>\n\t\t\t\t<div class=\"elementor-post__badge\">Ciudadan\u00eda europea<\/div>\n\t\t\t\t<div class=\"elementor-post__text\">\n\t\t\t\t<h3 class=\"elementor-post__title\">\n\t\t\t<a href=\"https:\/\/www.pro-corp.net\/bck\/viajar-por-europa\/\" >\n\t\t\t\tConoce cu\u00e1l pasaporte debes llevar al viajar por Europa\t\t\t<\/a>\n\t\t<\/h3>\n\t\t\t\t<div class=\"elementor-post__excerpt\">\n\t\t\t<p>Si deseas viajar por Europa, posees doble nacionalidad, pero desconoces qu\u00e9 pasaporte usar, has llegado al lugar indicado. Supongamos que por naturalizaci\u00f3n cuentas con la<\/p>\n\t\t<\/div>\n\t\t\t\t\t<a class=\"elementor-post__read-more\" href=\"https:\/\/www.pro-corp.net\/bck\/viajar-por-europa\/\" >\n\t\t\t\tRead More \u00bb\t\t\t<\/a>\n\t\t\t\t<\/div>\n\t\t\t\t\t<\/div>\n\t\t<\/article>\n\t\t\t\t<article class=\"elementor-post elementor-grid-item post-6772 post type-post status-publish format-standard has-post-thumbnail hentry category-vivir-en-europa tag-empresas-espanolas tag-eures tag-permiso-de-trabajo-en-espana tag-trabajar-en-europa\">\n\t\t\t<div class=\"elementor-post__card\">\n\t\t\t\t<a class=\"elementor-post__thumbnail__link\" href=\"https:\/\/www.pro-corp.net\/bck\/escribir-una-carta-de-presentacion\/\" ><div class=\"elementor-post__thumbnail\"><img width=\"300\" height=\"180\" src=\"https:\/\/www.pro-corp.net\/bck\/wp-content\/uploads\/2021\/03\/4.-Feb-Informacion-y-datos-relevantes-al-escribir-una-carta-de-presentacion-laboral-300x180.jpg\" class=\"attachment-medium size-medium\" alt=\"Escribir una carta de presentaci\u00f3n\" loading=\"lazy\" srcset=\"https:\/\/www.pro-corp.net\/bck\/wp-content\/uploads\/2021\/03\/4.-Feb-Informacion-y-datos-relevantes-al-escribir-una-carta-de-presentacion-laboral-300x180.jpg 300w, https:\/\/www.pro-corp.net\/bck\/wp-content\/uploads\/2021\/03\/4.-Feb-Informacion-y-datos-relevantes-al-escribir-una-carta-de-presentacion-laboral-1024x614.jpg 1024w, https:\/\/www.pro-corp.net\/bck\/wp-content\/uploads\/2021\/03\/4.-Feb-Informacion-y-datos-relevantes-al-escribir-una-carta-de-presentacion-laboral-768x461.jpg 768w, https:\/\/www.pro-corp.net\/bck\/wp-content\/uploads\/2021\/03\/4.-Feb-Informacion-y-datos-relevantes-al-escribir-una-carta-de-presentacion-laboral-1536x921.jpg 1536w, https:\/\/www.pro-corp.net\/bck\/wp-content\/uploads\/2021\/03\/4.-Feb-Informacion-y-datos-relevantes-al-escribir-una-carta-de-presentacion-laboral-2048x1228.jpg 2048w\" sizes=\"(max-width: 300px) 100vw, 300px\" \/><\/div><\/a>\n\t\t\t\t<div class=\"elementor-post__badge\">Vivir en Europa<\/div>\n\t\t\t\t<div class=\"elementor-post__text\">\n\t\t\t\t<h3 class=\"elementor-post__title\">\n\t\t\t<a href=\"https:\/\/www.pro-corp.net\/bck\/escribir-una-carta-de-presentacion\/\" >\n\t\t\t\tClaves para escribir una carta de presentaci\u00f3n laboral\t\t\t<\/a>\n\t\t<\/h3>\n\t\t\t\t<div class=\"elementor-post__excerpt\">\n\t\t\t<p>\u00bfQuieres aprender a escribir una carta de presentaci\u00f3n laboral? Aqu\u00ed te explicamos en qu\u00e9 consiste esta herramienta imprescindible en tu b\u00fasqueda de empleo. Adem\u00e1s, te<\/p>\n\t\t<\/div>\n\t\t\t\t\t<a class=\"elementor-post__read-more\" href=\"https:\/\/www.pro-corp.net\/bck\/escribir-una-carta-de-presentacion\/\" >\n\t\t\t\tRead More \u00bb\t\t\t<\/a>\n\t\t\t\t<\/div>\n\t\t\t\t\t<\/div>\n\t\t<\/article>\n\t\t\t\t<article class=\"elementor-post elementor-grid-item post-6753 post type-post status-publish format-standard has-post-thumbnail hentry category-vivir-en-europa tag-cultura-europea tag-estudiar-en-espana tag-residencias-estudiantiles tag-universidades-europeas\">\n\t\t\t<div class=\"elementor-post__card\">\n\t\t\t\t<a class=\"elementor-post__thumbnail__link\" href=\"https:\/\/www.pro-corp.net\/bck\/idiomas-europeos\/\" ><div class=\"elementor-post__thumbnail\"><img width=\"300\" height=\"200\" src=\"https:\/\/www.pro-corp.net\/bck\/wp-content\/uploads\/2021\/03\/6.-Feb-Paises-que-exigen-certificacion-en-idiomas-europeos-para-estudiar-alli-300x200.jpg\" class=\"attachment-medium size-medium\" alt=\"Idiomas europeos\" loading=\"lazy\" srcset=\"https:\/\/www.pro-corp.net\/bck\/wp-content\/uploads\/2021\/03\/6.-Feb-Paises-que-exigen-certificacion-en-idiomas-europeos-para-estudiar-alli-300x200.jpg 300w, https:\/\/www.pro-corp.net\/bck\/wp-content\/uploads\/2021\/03\/6.-Feb-Paises-que-exigen-certificacion-en-idiomas-europeos-para-estudiar-alli-1024x683.jpg 1024w, https:\/\/www.pro-corp.net\/bck\/wp-content\/uploads\/2021\/03\/6.-Feb-Paises-que-exigen-certificacion-en-idiomas-europeos-para-estudiar-alli-768x512.jpg 768w, https:\/\/www.pro-corp.net\/bck\/wp-content\/uploads\/2021\/03\/6.-Feb-Paises-que-exigen-certificacion-en-idiomas-europeos-para-estudiar-alli-1536x1024.jpg 1536w, https:\/\/www.pro-corp.net\/bck\/wp-content\/uploads\/2021\/03\/6.-Feb-Paises-que-exigen-certificacion-en-idiomas-europeos-para-estudiar-alli-2048x1365.jpg 2048w\" sizes=\"(max-width: 300px) 100vw, 300px\" \/><\/div><\/a>\n\t\t\t\t<div class=\"elementor-post__badge\">Vivir en Europa<\/div>\n\t\t\t\t<div class=\"elementor-post__text\">\n\t\t\t\t<h3 class=\"elementor-post__title\">\n\t\t\t<a href=\"https:\/\/www.pro-corp.net\/bck\/idiomas-europeos\/\" >\n\t\t\t\t\u00bfQu\u00e9 pa\u00edses piden certificaci\u00f3n en idiomas europeos?\t\t\t<\/a>\n\t\t<\/h3>\n\t\t\t\t<div class=\"elementor-post__excerpt\">\n\t\t\t<p>Europa tiene una vasta historia y cultura. As\u00ed mismo posee una gran cantidad de pa\u00edses cuyas ra\u00edces y or\u00edgenes, a pesar de estar ligadas entre<\/p>\n\t\t<\/div>\n\t\t\t\t\t<a class=\"elementor-post__read-more\" href=\"https:\/\/www.pro-corp.net\/bck\/idiomas-europeos\/\" >\n\t\t\t\tRead More \u00bb\t\t\t<\/a>\n\t\t\t\t<\/div>\n\t\t\t\t\t<\/div>\n\t\t<\/article>\n\t\t\t\t<article class=\"elementor-post elementor-grid-item post-6712 post type-post status-publish format-standard has-post-thumbnail hentry category-emigrar-a-portugal tag-cultura-de-portugal tag-nacionalidad-portuguesa tag-que-hacer-en-lisboa tag-viajes-en-portugal\">\n\t\t\t<div class=\"elementor-post__card\">\n\t\t\t\t<a class=\"elementor-post__thumbnail__link\" href=\"https:\/\/www.pro-corp.net\/bck\/historia-de-portugal\/\" ><div class=\"elementor-post__thumbnail\"><img width=\"300\" height=\"200\" src=\"https:\/\/www.pro-corp.net\/bck\/wp-content\/uploads\/2021\/03\/8.-Feb-7-datos-curiosos-de-la-historia-de-Portugal-y-de-sus-habitantes-300x200.jpg\" class=\"attachment-medium size-medium\" alt=\"Historia de Portugal\" loading=\"lazy\" srcset=\"https:\/\/www.pro-corp.net\/bck\/wp-content\/uploads\/2021\/03\/8.-Feb-7-datos-curiosos-de-la-historia-de-Portugal-y-de-sus-habitantes-300x200.jpg 300w, https:\/\/www.pro-corp.net\/bck\/wp-content\/uploads\/2021\/03\/8.-Feb-7-datos-curiosos-de-la-historia-de-Portugal-y-de-sus-habitantes-1024x683.jpg 1024w, https:\/\/www.pro-corp.net\/bck\/wp-content\/uploads\/2021\/03\/8.-Feb-7-datos-curiosos-de-la-historia-de-Portugal-y-de-sus-habitantes-768x512.jpg 768w, https:\/\/www.pro-corp.net\/bck\/wp-content\/uploads\/2021\/03\/8.-Feb-7-datos-curiosos-de-la-historia-de-Portugal-y-de-sus-habitantes-1536x1024.jpg 1536w, https:\/\/www.pro-corp.net\/bck\/wp-content\/uploads\/2021\/03\/8.-Feb-7-datos-curiosos-de-la-historia-de-Portugal-y-de-sus-habitantes-2048x1365.jpg 2048w\" sizes=\"(max-width: 300px) 100vw, 300px\" \/><\/div><\/a>\n\t\t\t\t<div class=\"elementor-post__badge\">Emigrar a Portugal<\/div>\n\t\t\t\t<div class=\"elementor-post__text\">\n\t\t\t\t<h3 class=\"elementor-post__title\">\n\t\t\t<a href=\"https:\/\/www.pro-corp.net\/bck\/historia-de-portugal\/\" >\n\t\t\t\t7 datos curiosos de la historia de Portugal y de sus habitantes\t\t\t<\/a>\n\t\t<\/h3>\n\t\t\t\t<div class=\"elementor-post__excerpt\">\n\t\t\t<p>La historia de Portugal y de sus habitantes es maravillosa. Ubicado al suroeste de Europa, este pa\u00eds de la pen\u00ednsula ib\u00e9rica cuenta con una gran<\/p>\n\t\t<\/div>\n\t\t\t\t\t<a class=\"elementor-post__read-more\" href=\"https:\/\/www.pro-corp.net\/bck\/historia-de-portugal\/\" >\n\t\t\t\tRead More \u00bb\t\t\t<\/a>\n\t\t\t\t<\/div>\n\t\t\t\t\t<\/div>\n\t\t<\/article>\n\t\t\t\t<article class=\"elementor-post elementor-grid-item post-6743 post type-post status-publish format-standard has-post-thumbnail hentry category-ciudadania-europea\">\n\t\t\t<div class=\"elementor-post__card\">\n\t\t\t\t<a class=\"elementor-post__thumbnail__link\" href=\"https:\/\/www.pro-corp.net\/bck\/plan-de-choque\/\" ><div class=\"elementor-post__thumbnail\"><img width=\"282\" height=\"300\" src=\"https:\/\/www.pro-corp.net\/bck\/wp-content\/uploads\/2021\/03\/IMG_7535-282x300.jpg\" class=\"attachment-medium size-medium\" alt=\"Pasaporte\" loading=\"lazy\" srcset=\"https:\/\/www.pro-corp.net\/bck\/wp-content\/uploads\/2021\/03\/IMG_7535-282x300.jpg 282w, https:\/\/www.pro-corp.net\/bck\/wp-content\/uploads\/2021\/03\/IMG_7535-962x1024.jpg 962w, https:\/\/www.pro-corp.net\/bck\/wp-content\/uploads\/2021\/03\/IMG_7535-768x817.jpg 768w, https:\/\/www.pro-corp.net\/bck\/wp-content\/uploads\/2021\/03\/IMG_7535-1443x1536.jpg 1443w, https:\/\/www.pro-corp.net\/bck\/wp-content\/uploads\/2021\/03\/IMG_7535-1925x2048.jpg 1925w\" sizes=\"(max-width: 282px) 100vw, 282px\" \/><\/div><\/a>\n\t\t\t\t<div class=\"elementor-post__badge\">Ciudadan\u00eda europea<\/div>\n\t\t\t\t<div class=\"elementor-post__text\">\n\t\t\t\t<h3 class=\"elementor-post__title\">\n\t\t\t<a href=\"https:\/\/www.pro-corp.net\/bck\/plan-de-choque\/\" >\n\t\t\t\tPlan de choque del Ministerio de Justicia de Espa\u00f1a para impulsar la resolucio\u0301n de expedientes de nacionalidad.\t\t\t<\/a>\n\t\t<\/h3>\n\t\t\t\t<div class=\"elementor-post__excerpt\">\n\t\t\t<p>El pasado 9 de marzo de 2021 la Subdirecci\u00f3n General de Nacionalidad del Ministerio de Justicia de Espa\u00f1a emiti\u00f3 una nota de prensa en la<\/p>\n\t\t<\/div>\n\t\t\t\t\t<a class=\"elementor-post__read-more\" href=\"https:\/\/www.pro-corp.net\/bck\/plan-de-choque\/\" >\n\t\t\t\tRead More \u00bb\t\t\t<\/a>\n\t\t\t\t<\/div>\n\t\t\t\t\t<\/div>\n\t\t<\/article>\n\t\t\t\t<article class=\"elementor-post elementor-grid-item post-6709 post type-post status-publish format-standard has-post-thumbnail hentry category-emigrar-a-espana tag-costumbres-y-tradiciones-de-espana-2 tag-vivir-en-espana\">\n\t\t\t<div class=\"elementor-post__card\">\n\t\t\t\t<a class=\"elementor-post__thumbnail__link\" href=\"https:\/\/www.pro-corp.net\/bck\/lugares-para-visitar-en-espana\/\" ><div class=\"elementor-post__thumbnail\"><img width=\"300\" height=\"200\" src=\"https:\/\/www.pro-corp.net\/bck\/wp-content\/uploads\/2021\/10\/10.-Feb-Lugares-para-visitar-en-Espana-arma-el-mejor-plan-con-tu-familia-y-amigos-scaled-1-300x200.webp\" class=\"attachment-medium size-medium\" alt=\"Lugares para visitar en Espa\u00f1a\" loading=\"lazy\" srcset=\"https:\/\/www.pro-corp.net\/bck\/wp-content\/uploads\/2021\/10\/10.-Feb-Lugares-para-visitar-en-Espana-arma-el-mejor-plan-con-tu-familia-y-amigos-scaled-1-300x200.webp 300w, https:\/\/www.pro-corp.net\/bck\/wp-content\/uploads\/2021\/10\/10.-Feb-Lugares-para-visitar-en-Espana-arma-el-mejor-plan-con-tu-familia-y-amigos-scaled-1-1024x683.webp 1024w, https:\/\/www.pro-corp.net\/bck\/wp-content\/uploads\/2021\/10\/10.-Feb-Lugares-para-visitar-en-Espana-arma-el-mejor-plan-con-tu-familia-y-amigos-scaled-1-768x512.webp 768w, https:\/\/www.pro-corp.net\/bck\/wp-content\/uploads\/2021\/10\/10.-Feb-Lugares-para-visitar-en-Espana-arma-el-mejor-plan-con-tu-familia-y-amigos-scaled-1.webp 1280w\" sizes=\"(max-width: 300px) 100vw, 300px\" \/><\/div><\/a>\n\t\t\t\t<div class=\"elementor-post__badge\">Emigrar a Espa\u00f1a<\/div>\n\t\t\t\t<div class=\"elementor-post__text\">\n\t\t\t\t<h3 class=\"elementor-post__title\">\n\t\t\t<a href=\"https:\/\/www.pro-corp.net\/bck\/lugares-para-visitar-en-espana\/\" >\n\t\t\t\tLugares para visitar en Espa\u00f1a: ideas para viajar en familia\t\t\t<\/a>\n\t\t<\/h3>\n\t\t\t\t<div class=\"elementor-post__excerpt\">\n\t\t\t<p>Hay muchos lugares para visitar en Espa\u00f1a, ideales para escapadas en familia y con amigos. Si a\u00fan no te decides por alguno, te invitamos a<\/p>\n\t\t<\/div>\n\t\t\t\t\t<a class=\"elementor-post__read-more\" href=\"https:\/\/www.pro-corp.net\/bck\/lugares-para-visitar-en-espana\/\" >\n\t\t\t\tRead More \u00bb\t\t\t<\/a>\n\t\t\t\t<\/div>\n\t\t\t\t\t<\/div>\n\t\t<\/article>\n\t\t\t\t<article class=\"elementor-post elementor-grid-item post-6724 post type-post status-publish format-standard has-post-thumbnail hentry category-ciudadania-europea\">\n\t\t\t<div class=\"elementor-post__card\">\n\t\t\t\t<a class=\"elementor-post__thumbnail__link\" href=\"https:\/\/www.pro-corp.net\/bck\/firma-acta-de-notoriedad\/\" ><div class=\"elementor-post__thumbnail\"><img width=\"300\" height=\"200\" src=\"https:\/\/www.pro-corp.net\/bck\/wp-content\/uploads\/2021\/01\/Pasaporte-300x200.jpg\" class=\"attachment-medium size-medium\" alt=\"Pasaporte\" loading=\"lazy\" srcset=\"https:\/\/www.pro-corp.net\/bck\/wp-content\/uploads\/2021\/01\/Pasaporte-300x200.jpg 300w, https:\/\/www.pro-corp.net\/bck\/wp-content\/uploads\/2021\/01\/Pasaporte-1024x683.jpg 1024w, https:\/\/www.pro-corp.net\/bck\/wp-content\/uploads\/2021\/01\/Pasaporte-768x512.jpg 768w, https:\/\/www.pro-corp.net\/bck\/wp-content\/uploads\/2021\/01\/Pasaporte.jpg 1080w\" sizes=\"(max-width: 300px) 100vw, 300px\" \/><\/div><\/a>\n\t\t\t\t<div class=\"elementor-post__badge\">Ciudadan\u00eda europea<\/div>\n\t\t\t\t<div class=\"elementor-post__text\">\n\t\t\t\t<h3 class=\"elementor-post__title\">\n\t\t\t<a href=\"https:\/\/www.pro-corp.net\/bck\/firma-acta-de-notoriedad\/\" >\n\t\t\t\t\u00bfCu\u00e1ndo podr\u00e9 viajar a Espa\u00f1a a firmar mi acta de notoriedad?\t\t\t<\/a>\n\t\t<\/h3>\n\t\t\t\t<div class=\"elementor-post__excerpt\">\n\t\t\t<p>De acuerdo con la normativa sobre el ingreso de viajeros a Espa\u00f1a, establecida por el gobierno espa\u00f1ol mensualmente a trav\u00e9s de su Bolet\u00edn Oficial de<\/p>\n\t\t<\/div>\n\t\t\t\t\t<a class=\"elementor-post__read-more\" href=\"https:\/\/www.pro-corp.net\/bck\/firma-acta-de-notoriedad\/\" >\n\t\t\t\tRead More \u00bb\t\t\t<\/a>\n\t\t\t\t<\/div>\n\t\t\t\t\t<\/div>\n\t\t<\/article>\n\t\t\t\t<article class=\"elementor-post elementor-grid-item post-6705 post type-post status-publish format-standard has-post-thumbnail hentry category-ciudadania-europea tag-antecedentes-penales-y-judiciales tag-apellidos-sefardies tag-ciudadania-espanola tag-sefardi\">\n\t\t\t<div class=\"elementor-post__card\">\n\t\t\t\t<a class=\"elementor-post__thumbnail__link\" href=\"https:\/\/www.pro-corp.net\/bck\/tipos-de-arbol-genealogico\/\" ><div class=\"elementor-post__thumbnail\"><img width=\"248\" height=\"300\" src=\"https:\/\/www.pro-corp.net\/bck\/wp-content\/uploads\/2021\/10\/12.-Feb-Tipos-de-arbol-genealogico-\u00bfcuales-hay-y-como-decidir-cual-es-el-mas-conveniente-segun-la-informacion-que-tienes-scaled-1-248x300.webp\" class=\"attachment-medium size-medium\" alt=\"Tipos de \u00e1rbol geneal\u00f3gico\" loading=\"lazy\" srcset=\"https:\/\/www.pro-corp.net\/bck\/wp-content\/uploads\/2021\/10\/12.-Feb-Tipos-de-arbol-genealogico-\u00bfcuales-hay-y-como-decidir-cual-es-el-mas-conveniente-segun-la-informacion-que-tienes-scaled-1-248x300.webp 248w, https:\/\/www.pro-corp.net\/bck\/wp-content\/uploads\/2021\/10\/12.-Feb-Tipos-de-arbol-genealogico-\u00bfcuales-hay-y-como-decidir-cual-es-el-mas-conveniente-segun-la-informacion-que-tienes-scaled-1-846x1024.webp 846w, https:\/\/www.pro-corp.net\/bck\/wp-content\/uploads\/2021\/10\/12.-Feb-Tipos-de-arbol-genealogico-\u00bfcuales-hay-y-como-decidir-cual-es-el-mas-conveniente-segun-la-informacion-que-tienes-scaled-1-768x929.webp 768w, https:\/\/www.pro-corp.net\/bck\/wp-content\/uploads\/2021\/10\/12.-Feb-Tipos-de-arbol-genealogico-\u00bfcuales-hay-y-como-decidir-cual-es-el-mas-conveniente-segun-la-informacion-que-tienes-scaled-1.webp 1058w\" sizes=\"(max-width: 248px) 100vw, 248px\" \/><\/div><\/a>\n\t\t\t\t<div class=\"elementor-post__badge\">Ciudadan\u00eda europea<\/div>\n\t\t\t\t<div class=\"elementor-post__text\">\n\t\t\t\t<h3 class=\"elementor-post__title\">\n\t\t\t<a href=\"https:\/\/www.pro-corp.net\/bck\/tipos-de-arbol-genealogico\/\" >\n\t\t\t\tTipos de \u00e1rbol geneal\u00f3gico: \u00bfcu\u00e1les hay y c\u00f3mo decidir cu\u00e1l es el m\u00e1s conveniente seg\u00fan la informaci\u00f3n que tienes?\t\t\t<\/a>\n\t\t<\/h3>\n\t\t\t\t<div class=\"elementor-post__excerpt\">\n\t\t\t<p>Cuando quieres o necesitas revisar ascendencia, conocer tus or\u00edgenes y de d\u00f3nde provienes, siempre recurres a los tipos de \u00e1rbol geneal\u00f3gico. Ellos, junto a las<\/p>\n\t\t<\/div>\n\t\t\t\t\t<a class=\"elementor-post__read-more\" href=\"https:\/\/www.pro-corp.net\/bck\/tipos-de-arbol-genealogico\/\" >\n\t\t\t\tRead More \u00bb\t\t\t<\/a>\n\t\t\t\t<\/div>\n\t\t\t\t\t<\/div>\n\t\t<\/article>\n\t\t\t\t<article class=\"elementor-post elementor-grid-item post-6497 post type-post status-publish format-standard has-post-thumbnail hentry category-vivir-en-europa tag-estudiar-en-espana tag-residencias-estudiantiles tag-universidades-europeas\">\n\t\t\t<div class=\"elementor-post__card\">\n\t\t\t\t<a class=\"elementor-post__thumbnail__link\" href=\"https:\/\/www.pro-corp.net\/bck\/becas-en-espana\/\" ><div class=\"elementor-post__thumbnail\"><img width=\"300\" height=\"200\" src=\"https:\/\/www.pro-corp.net\/bck\/wp-content\/uploads\/2021\/02\/2.-Ene-Estos-son-los-pasos-que-debes-seguir-para-aplicar-a-becas-en-Espana-y-Portugal-300x200.jpg\" class=\"attachment-medium size-medium\" alt=\"Becas en Espa\u00f1a\" loading=\"lazy\" srcset=\"https:\/\/www.pro-corp.net\/bck\/wp-content\/uploads\/2021\/02\/2.-Ene-Estos-son-los-pasos-que-debes-seguir-para-aplicar-a-becas-en-Espana-y-Portugal-300x200.jpg 300w, https:\/\/www.pro-corp.net\/bck\/wp-content\/uploads\/2021\/02\/2.-Ene-Estos-son-los-pasos-que-debes-seguir-para-aplicar-a-becas-en-Espana-y-Portugal-1024x684.jpg 1024w, https:\/\/www.pro-corp.net\/bck\/wp-content\/uploads\/2021\/02\/2.-Ene-Estos-son-los-pasos-que-debes-seguir-para-aplicar-a-becas-en-Espana-y-Portugal-768x513.jpg 768w, https:\/\/www.pro-corp.net\/bck\/wp-content\/uploads\/2021\/02\/2.-Ene-Estos-son-los-pasos-que-debes-seguir-para-aplicar-a-becas-en-Espana-y-Portugal-1536x1025.jpg 1536w, https:\/\/www.pro-corp.net\/bck\/wp-content\/uploads\/2021\/02\/2.-Ene-Estos-son-los-pasos-que-debes-seguir-para-aplicar-a-becas-en-Espana-y-Portugal-2048x1367.jpg 2048w\" sizes=\"(max-width: 300px) 100vw, 300px\" \/><\/div><\/a>\n\t\t\t\t<div class=\"elementor-post__badge\">Vivir en Europa<\/div>\n\t\t\t\t<div class=\"elementor-post__text\">\n\t\t\t\t<h3 class=\"elementor-post__title\">\n\t\t\t<a href=\"https:\/\/www.pro-corp.net\/bck\/becas-en-espana\/\" >\n\t\t\t\tBecas en Espa\u00f1a y Portugal: 4 buenas opciones y c\u00f3mo puedes aplicar\t\t\t<\/a>\n\t\t<\/h3>\n\t\t\t\t<div class=\"elementor-post__excerpt\">\n\t\t\t<p>Estudiar en el extranjero es una de las alternativas m\u00e1s estimulantes y desafiantes que se presentan al terminar estudios secundarios. Por eso, optar por becas<\/p>\n\t\t<\/div>\n\t\t\t\t\t<a class=\"elementor-post__read-more\" href=\"https:\/\/www.pro-corp.net\/bck\/becas-en-espana\/\" >\n\t\t\t\tRead More \u00bb\t\t\t<\/a>\n\t\t\t\t<\/div>\n\t\t\t\t\t<\/div>\n\t\t<\/article>\n\t\t\t\t<article class=\"elementor-post elementor-grid-item post-6494 post type-post status-publish format-standard has-post-thumbnail hentry category-ciudadania-europea tag-doble-nacionalidad tag-doble-tributacion-2 tag-naturalizacion\">\n\t\t\t<div class=\"elementor-post__card\">\n\t\t\t\t<a class=\"elementor-post__thumbnail__link\" href=\"https:\/\/www.pro-corp.net\/bck\/ciudadania-y-nacionalidad\/\" ><div class=\"elementor-post__thumbnail\"><img width=\"300\" height=\"200\" src=\"https:\/\/www.pro-corp.net\/bck\/wp-content\/uploads\/2021\/02\/10.-Ene-Ciudadania-y-nacionalidad-europea-\u00bfsabes-cuales-son-sus-diferencias-300x200.jpg\" class=\"attachment-medium size-medium\" alt=\"Ciudadan\u00eda y nacionalidad\" loading=\"lazy\" srcset=\"https:\/\/www.pro-corp.net\/bck\/wp-content\/uploads\/2021\/02\/10.-Ene-Ciudadania-y-nacionalidad-europea-\u00bfsabes-cuales-son-sus-diferencias-300x200.jpg 300w, https:\/\/www.pro-corp.net\/bck\/wp-content\/uploads\/2021\/02\/10.-Ene-Ciudadania-y-nacionalidad-europea-\u00bfsabes-cuales-son-sus-diferencias-1024x683.jpg 1024w, https:\/\/www.pro-corp.net\/bck\/wp-content\/uploads\/2021\/02\/10.-Ene-Ciudadania-y-nacionalidad-europea-\u00bfsabes-cuales-son-sus-diferencias-768x512.jpg 768w, https:\/\/www.pro-corp.net\/bck\/wp-content\/uploads\/2021\/02\/10.-Ene-Ciudadania-y-nacionalidad-europea-\u00bfsabes-cuales-son-sus-diferencias-1536x1024.jpg 1536w, https:\/\/www.pro-corp.net\/bck\/wp-content\/uploads\/2021\/02\/10.-Ene-Ciudadania-y-nacionalidad-europea-\u00bfsabes-cuales-son-sus-diferencias-2048x1365.jpg 2048w\" sizes=\"(max-width: 300px) 100vw, 300px\" \/><\/div><\/a>\n\t\t\t\t<div class=\"elementor-post__badge\">Ciudadan\u00eda europea<\/div>\n\t\t\t\t<div class=\"elementor-post__text\">\n\t\t\t\t<h3 class=\"elementor-post__title\">\n\t\t\t<a href=\"https:\/\/www.pro-corp.net\/bck\/ciudadania-y-nacionalidad\/\" >\n\t\t\t\t\u00bfConoces la diferencia entre ciudadan\u00eda y nacionalidad europea?\t\t\t<\/a>\n\t\t<\/h3>\n\t\t\t\t<div class=\"elementor-post__excerpt\">\n\t\t\t<p>Cuando quieres residir en otro pa\u00eds o ser ciudadano de una naci\u00f3n diferente, piensas en las distintas opciones que puedes tener. En caso de que<\/p>\n\t\t<\/div>\n\t\t\t\t\t<a class=\"elementor-post__read-more\" href=\"https:\/\/www.pro-corp.net\/bck\/ciudadania-y-nacionalidad\/\" >\n\t\t\t\tRead More \u00bb\t\t\t<\/a>\n\t\t\t\t<\/div>\n\t\t\t\t\t<\/div>\n\t\t<\/article>\n\t\t\t\t<article class=\"elementor-post elementor-grid-item post-6499 post type-post status-publish format-standard has-post-thumbnail hentry category-vivir-en-europa tag-cultura-europea tag-estudiar-en-espana tag-estudiar-en-portugal tag-universidades-europeas\">\n\t\t\t<div class=\"elementor-post__card\">\n\t\t\t\t<a class=\"elementor-post__thumbnail__link\" href=\"https:\/\/www.pro-corp.net\/bck\/estudia-en-europa\/\" ><div class=\"elementor-post__thumbnail\"><img width=\"300\" height=\"169\" src=\"https:\/\/www.pro-corp.net\/bck\/wp-content\/uploads\/2021\/10\/8.-Oct-\u00bfTienes-planes-de-estudiar-en-el-extranjero-Aprovecha-y-vive-lo-mejor-de-la-cultura-europea-scaled-1-300x169.webp\" class=\"attachment-medium size-medium\" alt=\"Estudia en Europa\" loading=\"lazy\" srcset=\"https:\/\/www.pro-corp.net\/bck\/wp-content\/uploads\/2021\/10\/8.-Oct-\u00bfTienes-planes-de-estudiar-en-el-extranjero-Aprovecha-y-vive-lo-mejor-de-la-cultura-europea-scaled-1-300x169.webp 300w, https:\/\/www.pro-corp.net\/bck\/wp-content\/uploads\/2021\/10\/8.-Oct-\u00bfTienes-planes-de-estudiar-en-el-extranjero-Aprovecha-y-vive-lo-mejor-de-la-cultura-europea-scaled-1-1024x576.webp 1024w, https:\/\/www.pro-corp.net\/bck\/wp-content\/uploads\/2021\/10\/8.-Oct-\u00bfTienes-planes-de-estudiar-en-el-extranjero-Aprovecha-y-vive-lo-mejor-de-la-cultura-europea-scaled-1-768x432.webp 768w, https:\/\/www.pro-corp.net\/bck\/wp-content\/uploads\/2021\/10\/8.-Oct-\u00bfTienes-planes-de-estudiar-en-el-extranjero-Aprovecha-y-vive-lo-mejor-de-la-cultura-europea-scaled-1.webp 1280w\" sizes=\"(max-width: 300px) 100vw, 300px\" \/><\/div><\/a>\n\t\t\t\t<div class=\"elementor-post__badge\">Vivir en Europa<\/div>\n\t\t\t\t<div class=\"elementor-post__text\">\n\t\t\t\t<h3 class=\"elementor-post__title\">\n\t\t\t<a href=\"https:\/\/www.pro-corp.net\/bck\/estudia-en-europa\/\" >\n\t\t\t\tEstudia en Europa y disfruta de su cultura\t\t\t<\/a>\n\t\t<\/h3>\n\t\t\t\t<div class=\"elementor-post__excerpt\">\n\t\t\t<p>\u00bfTienes ganas de recibir una formaci\u00f3n de calidad y vivir una experiencia \u00fanica? \u00a1Estudia en Europa! Es un continente lleno de belleza, riqueza hist\u00f3rica y<\/p>\n\t\t<\/div>\n\t\t\t\t\t<a class=\"elementor-post__read-more\" href=\"https:\/\/www.pro-corp.net\/bck\/estudia-en-europa\/\" >\n\t\t\t\tRead More \u00bb\t\t\t<\/a>\n\t\t\t\t<\/div>\n\t\t\t\t\t<\/div>\n\t\t<\/article>\n\t\t\t\t<article class=\"elementor-post elementor-grid-item post-6491 post type-post status-publish format-standard has-post-thumbnail hentry category-ciudadania-europea tag-trabajar-en-europa tag-ventajas-de-trabajar-en-europa\">\n\t\t\t<div class=\"elementor-post__card\">\n\t\t\t\t<a class=\"elementor-post__thumbnail__link\" href=\"https:\/\/www.pro-corp.net\/bck\/eures\/\" ><div class=\"elementor-post__thumbnail\"><img width=\"300\" height=\"199\" src=\"https:\/\/www.pro-corp.net\/bck\/wp-content\/uploads\/2021\/02\/6.-Oct-\u00bfQue-es-la-red-EURES-y-como-puede-beneficiarte-en-la-busqueda-de-empleo-300x199.jpg\" class=\"attachment-medium size-medium\" alt=\"EURES\" loading=\"lazy\" srcset=\"https:\/\/www.pro-corp.net\/bck\/wp-content\/uploads\/2021\/02\/6.-Oct-\u00bfQue-es-la-red-EURES-y-como-puede-beneficiarte-en-la-busqueda-de-empleo-300x199.jpg 300w, https:\/\/www.pro-corp.net\/bck\/wp-content\/uploads\/2021\/02\/6.-Oct-\u00bfQue-es-la-red-EURES-y-como-puede-beneficiarte-en-la-busqueda-de-empleo-1024x681.jpg 1024w, https:\/\/www.pro-corp.net\/bck\/wp-content\/uploads\/2021\/02\/6.-Oct-\u00bfQue-es-la-red-EURES-y-como-puede-beneficiarte-en-la-busqueda-de-empleo-768x511.jpg 768w, https:\/\/www.pro-corp.net\/bck\/wp-content\/uploads\/2021\/02\/6.-Oct-\u00bfQue-es-la-red-EURES-y-como-puede-beneficiarte-en-la-busqueda-de-empleo-1536x1021.jpg 1536w, https:\/\/www.pro-corp.net\/bck\/wp-content\/uploads\/2021\/02\/6.-Oct-\u00bfQue-es-la-red-EURES-y-como-puede-beneficiarte-en-la-busqueda-de-empleo-2048x1362.jpg 2048w\" sizes=\"(max-width: 300px) 100vw, 300px\" \/><\/div><\/a>\n\t\t\t\t<div class=\"elementor-post__badge\">Ciudadan\u00eda europea<\/div>\n\t\t\t\t<div class=\"elementor-post__text\">\n\t\t\t\t<h3 class=\"elementor-post__title\">\n\t\t\t<a href=\"https:\/\/www.pro-corp.net\/bck\/eures\/\" >\n\t\t\t\tLa red EURES te ayuda a encontrar empleo en Europa\t\t\t<\/a>\n\t\t<\/h3>\n\t\t\t\t<div class=\"elementor-post__excerpt\">\n\t\t\t<p>\u00bfQuieres trabajar en Europa? La red EURES te puede ayudar con eso. Descubre aqu\u00ed de qu\u00e9 se trata y an\u00edmate a probar este valios\u00edsimo recurso<\/p>\n\t\t<\/div>\n\t\t\t\t\t<a class=\"elementor-post__read-more\" href=\"https:\/\/www.pro-corp.net\/bck\/eures\/\" >\n\t\t\t\tRead More \u00bb\t\t\t<\/a>\n\t\t\t\t<\/div>\n\t\t\t\t\t<\/div>\n\t\t<\/article>\n\t\t\t\t<article class=\"elementor-post elementor-grid-item post-6488 post type-post status-publish format-standard has-post-thumbnail hentry category-emigrar-a-espana tag-empresas-espanolas tag-salario-minimo-en-europa tag-trabajar-en-europa\">\n\t\t\t<div class=\"elementor-post__card\">\n\t\t\t\t<a class=\"elementor-post__thumbnail__link\" href=\"https:\/\/www.pro-corp.net\/bck\/permiso-de-trabajo-en-espana\/\" ><div class=\"elementor-post__thumbnail\"><img width=\"300\" height=\"163\" src=\"https:\/\/www.pro-corp.net\/bck\/wp-content\/uploads\/2021\/02\/5.-Ene-\u00bfCuando-es-necesario-tener-un-permiso-de-trabajo-en-Espana-y-como-tramitarlo-300x163.jpg\" class=\"attachment-medium size-medium\" alt=\"Permiso de trabajo en Espa\u00f1a\" loading=\"lazy\" srcset=\"https:\/\/www.pro-corp.net\/bck\/wp-content\/uploads\/2021\/02\/5.-Ene-\u00bfCuando-es-necesario-tener-un-permiso-de-trabajo-en-Espana-y-como-tramitarlo-300x163.jpg 300w, https:\/\/www.pro-corp.net\/bck\/wp-content\/uploads\/2021\/02\/5.-Ene-\u00bfCuando-es-necesario-tener-un-permiso-de-trabajo-en-Espana-y-como-tramitarlo-1024x557.jpg 1024w, https:\/\/www.pro-corp.net\/bck\/wp-content\/uploads\/2021\/02\/5.-Ene-\u00bfCuando-es-necesario-tener-un-permiso-de-trabajo-en-Espana-y-como-tramitarlo-768x418.jpg 768w, https:\/\/www.pro-corp.net\/bck\/wp-content\/uploads\/2021\/02\/5.-Ene-\u00bfCuando-es-necesario-tener-un-permiso-de-trabajo-en-Espana-y-como-tramitarlo-1536x836.jpg 1536w, https:\/\/www.pro-corp.net\/bck\/wp-content\/uploads\/2021\/02\/5.-Ene-\u00bfCuando-es-necesario-tener-un-permiso-de-trabajo-en-Espana-y-como-tramitarlo-2048x1115.jpg 2048w\" sizes=\"(max-width: 300px) 100vw, 300px\" \/><\/div><\/a>\n\t\t\t\t<div class=\"elementor-post__badge\">Emigrar a Espa\u00f1a<\/div>\n\t\t\t\t<div class=\"elementor-post__text\">\n\t\t\t\t<h3 class=\"elementor-post__title\">\n\t\t\t<a href=\"https:\/\/www.pro-corp.net\/bck\/permiso-de-trabajo-en-espana\/\" >\n\t\t\t\t\u00bfSabes c\u00f3mo tramitar un permiso de trabajo en Espa\u00f1a? \u00a1Desc\u00fabrelo!\t\t\t<\/a>\n\t\t<\/h3>\n\t\t\t\t<div class=\"elementor-post__excerpt\">\n\t\t\t<p>\u00bfVivir en Espa\u00f1a y poder trabajar en este pa\u00eds es tu prop\u00f3sito para el 2021?\u00a0 Para eso es muy importante que conozcas primero c\u00f3mo obtener<\/p>\n\t\t<\/div>\n\t\t\t\t\t<a class=\"elementor-post__read-more\" href=\"https:\/\/www.pro-corp.net\/bck\/permiso-de-trabajo-en-espana\/\" >\n\t\t\t\tRead More \u00bb\t\t\t<\/a>\n\t\t\t\t<\/div>\n\t\t\t\t\t<\/div>\n\t\t<\/article>\n\t\t\t\t<article class=\"elementor-post elementor-grid-item post-6360 post type-post status-publish format-standard has-post-thumbnail hentry category-ciudadania-europea tag-apostilla-de-la-haya-2 tag-ciudadania-espanola\">\n\t\t\t<div class=\"elementor-post__card\">\n\t\t\t\t<a class=\"elementor-post__thumbnail__link\" href=\"https:\/\/www.pro-corp.net\/bck\/antecedentes-penales-y-judiciales\/\" ><div class=\"elementor-post__thumbnail\"><img width=\"300\" height=\"200\" src=\"https:\/\/www.pro-corp.net\/bck\/wp-content\/uploads\/2021\/02\/11.-Ene-Diferencia-entre-antecedentes-penales-y-judiciales-y-por-que-son-importantes-si-quieres-tramitar-tu-nacionalidad-europea-300x200.jpg\" class=\"attachment-medium size-medium\" alt=\"Antecedentes penales y judiciales\" loading=\"lazy\" srcset=\"https:\/\/www.pro-corp.net\/bck\/wp-content\/uploads\/2021\/02\/11.-Ene-Diferencia-entre-antecedentes-penales-y-judiciales-y-por-que-son-importantes-si-quieres-tramitar-tu-nacionalidad-europea-300x200.jpg 300w, https:\/\/www.pro-corp.net\/bck\/wp-content\/uploads\/2021\/02\/11.-Ene-Diferencia-entre-antecedentes-penales-y-judiciales-y-por-que-son-importantes-si-quieres-tramitar-tu-nacionalidad-europea-1024x683.jpg 1024w, https:\/\/www.pro-corp.net\/bck\/wp-content\/uploads\/2021\/02\/11.-Ene-Diferencia-entre-antecedentes-penales-y-judiciales-y-por-que-son-importantes-si-quieres-tramitar-tu-nacionalidad-europea-768x512.jpg 768w, https:\/\/www.pro-corp.net\/bck\/wp-content\/uploads\/2021\/02\/11.-Ene-Diferencia-entre-antecedentes-penales-y-judiciales-y-por-que-son-importantes-si-quieres-tramitar-tu-nacionalidad-europea-1536x1025.jpg 1536w, https:\/\/www.pro-corp.net\/bck\/wp-content\/uploads\/2021\/02\/11.-Ene-Diferencia-entre-antecedentes-penales-y-judiciales-y-por-que-son-importantes-si-quieres-tramitar-tu-nacionalidad-europea-2048x1366.jpg 2048w\" sizes=\"(max-width: 300px) 100vw, 300px\" \/><\/div><\/a>\n\t\t\t\t<div class=\"elementor-post__badge\">Ciudadan\u00eda europea<\/div>\n\t\t\t\t<div class=\"elementor-post__text\">\n\t\t\t\t<h3 class=\"elementor-post__title\">\n\t\t\t<a href=\"https:\/\/www.pro-corp.net\/bck\/antecedentes-penales-y-judiciales\/\" >\n\t\t\t\tDiferencias entre antecedentes penales y judiciales y su importancia para tramitar la ciudadan\u00eda europea\t\t\t<\/a>\n\t\t<\/h3>\n\t\t\t\t<div class=\"elementor-post__excerpt\">\n\t\t\t<p>Existen documentos que certifican si una persona registra antecedentes policiales o sentencias condenatorias (antecedentes penales). Tambi\u00e9n, si ha estado recluida en un establecimiento penitenciario (antecedentes<\/p>\n\t\t<\/div>\n\t\t\t\t\t<a class=\"elementor-post__read-more\" href=\"https:\/\/www.pro-corp.net\/bck\/antecedentes-penales-y-judiciales\/\" >\n\t\t\t\tRead More \u00bb\t\t\t<\/a>\n\t\t\t\t<\/div>\n\t\t\t\t\t<\/div>\n\t\t<\/article>\n\t\t\t\t<article class=\"elementor-post elementor-grid-item post-6357 post type-post status-publish format-standard has-post-thumbnail hentry category-emigrar-a-espana tag-costumbres-y-tradiciones-de-espana-2 tag-economia-de-espana tag-que-es-el-empadronamiento tag-vivir-en-espana\">\n\t\t\t<div class=\"elementor-post__card\">\n\t\t\t\t<a class=\"elementor-post__thumbnail__link\" href=\"https:\/\/www.pro-corp.net\/bck\/educacion-en-espana\/\" ><div class=\"elementor-post__thumbnail\"><img width=\"300\" height=\"200\" src=\"https:\/\/www.pro-corp.net\/bck\/wp-content\/uploads\/2021\/02\/7.-Ene-Educacion-en-Espana-conoce-los-mejores-colegios-y-modelos-educativos-para-tus-hijos-300x200.jpg\" class=\"attachment-medium size-medium\" alt=\"Educaci\u00f3n en Espa\u00f1a\" loading=\"lazy\" srcset=\"https:\/\/www.pro-corp.net\/bck\/wp-content\/uploads\/2021\/02\/7.-Ene-Educacion-en-Espana-conoce-los-mejores-colegios-y-modelos-educativos-para-tus-hijos-300x200.jpg 300w, https:\/\/www.pro-corp.net\/bck\/wp-content\/uploads\/2021\/02\/7.-Ene-Educacion-en-Espana-conoce-los-mejores-colegios-y-modelos-educativos-para-tus-hijos-1024x683.jpg 1024w, https:\/\/www.pro-corp.net\/bck\/wp-content\/uploads\/2021\/02\/7.-Ene-Educacion-en-Espana-conoce-los-mejores-colegios-y-modelos-educativos-para-tus-hijos-768x512.jpg 768w, https:\/\/www.pro-corp.net\/bck\/wp-content\/uploads\/2021\/02\/7.-Ene-Educacion-en-Espana-conoce-los-mejores-colegios-y-modelos-educativos-para-tus-hijos-1536x1024.jpg 1536w, https:\/\/www.pro-corp.net\/bck\/wp-content\/uploads\/2021\/02\/7.-Ene-Educacion-en-Espana-conoce-los-mejores-colegios-y-modelos-educativos-para-tus-hijos-2048x1365.jpg 2048w\" sizes=\"(max-width: 300px) 100vw, 300px\" \/><\/div><\/a>\n\t\t\t\t<div class=\"elementor-post__badge\">Emigrar a Espa\u00f1a<\/div>\n\t\t\t\t<div class=\"elementor-post__text\">\n\t\t\t\t<h3 class=\"elementor-post__title\">\n\t\t\t<a href=\"https:\/\/www.pro-corp.net\/bck\/educacion-en-espana\/\" >\n\t\t\t\tLos mejores colegios y modelos educativos de la educaci\u00f3n en Espa\u00f1a\t\t\t<\/a>\n\t\t<\/h3>\n\t\t\t\t<div class=\"elementor-post__excerpt\">\n\t\t\t<p>La educaci\u00f3n en Espa\u00f1a est\u00e1 financiada por el Estado y es obligatoria entre los 3 y 16 a\u00f1os. Para eso, hay escuelas p\u00fablicas, privadas y<\/p>\n\t\t<\/div>\n\t\t\t\t\t<a class=\"elementor-post__read-more\" href=\"https:\/\/www.pro-corp.net\/bck\/educacion-en-espana\/\" >\n\t\t\t\tRead More \u00bb\t\t\t<\/a>\n\t\t\t\t<\/div>\n\t\t\t\t\t<\/div>\n\t\t<\/article>\n\t\t\t\t<article class=\"elementor-post elementor-grid-item post-6354 post type-post status-publish format-standard has-post-thumbnail hentry category-emigrar-a-portugal tag-cultura-de-portugal tag-estudiar-portugues tag-nacionalidad-portuguesa tag-que-hacer-en-lisboa\">\n\t\t\t<div class=\"elementor-post__card\">\n\t\t\t\t<a class=\"elementor-post__thumbnail__link\" href=\"https:\/\/www.pro-corp.net\/bck\/viajes-en-portugal\/\" ><div class=\"elementor-post__thumbnail\"><img width=\"300\" height=\"200\" src=\"https:\/\/www.pro-corp.net\/bck\/wp-content\/uploads\/2021\/02\/3.-Ene-Facilidades-y-alternativas-para-hacer-viajes-en-Portugal-y-sus-alrededores-300x200.jpg\" class=\"attachment-medium size-medium\" alt=\"Viajes en Portugal\" loading=\"lazy\" srcset=\"https:\/\/www.pro-corp.net\/bck\/wp-content\/uploads\/2021\/02\/3.-Ene-Facilidades-y-alternativas-para-hacer-viajes-en-Portugal-y-sus-alrededores-300x200.jpg 300w, https:\/\/www.pro-corp.net\/bck\/wp-content\/uploads\/2021\/02\/3.-Ene-Facilidades-y-alternativas-para-hacer-viajes-en-Portugal-y-sus-alrededores-1024x683.jpg 1024w, https:\/\/www.pro-corp.net\/bck\/wp-content\/uploads\/2021\/02\/3.-Ene-Facilidades-y-alternativas-para-hacer-viajes-en-Portugal-y-sus-alrededores-768x512.jpg 768w, https:\/\/www.pro-corp.net\/bck\/wp-content\/uploads\/2021\/02\/3.-Ene-Facilidades-y-alternativas-para-hacer-viajes-en-Portugal-y-sus-alrededores-1536x1024.jpg 1536w, https:\/\/www.pro-corp.net\/bck\/wp-content\/uploads\/2021\/02\/3.-Ene-Facilidades-y-alternativas-para-hacer-viajes-en-Portugal-y-sus-alrededores-2048x1365.jpg 2048w\" sizes=\"(max-width: 300px) 100vw, 300px\" \/><\/div><\/a>\n\t\t\t\t<div class=\"elementor-post__badge\">Emigrar a Portugal<\/div>\n\t\t\t\t<div class=\"elementor-post__text\">\n\t\t\t\t<h3 class=\"elementor-post__title\">\n\t\t\t<a href=\"https:\/\/www.pro-corp.net\/bck\/viajes-en-portugal\/\" >\n\t\t\t\tLos mejores viajes en Portugal para un viajero como t\u00fa\t\t\t<\/a>\n\t\t<\/h3>\n\t\t\t\t<div class=\"elementor-post__excerpt\">\n\t\t\t<p>Viajar es la posibilidad de conocer a fondo una cultura. Conocer un pa\u00eds de cerca, hablar con su gente, explorar sus costumbres. Si viajaste a<\/p>\n\t\t<\/div>\n\t\t\t\t\t<a class=\"elementor-post__read-more\" href=\"https:\/\/www.pro-corp.net\/bck\/viajes-en-portugal\/\" >\n\t\t\t\tRead More \u00bb\t\t\t<\/a>\n\t\t\t\t<\/div>\n\t\t\t\t\t<\/div>\n\t\t<\/article>\n\t\t\t\t<article class=\"elementor-post elementor-grid-item post-1583 post type-post status-publish format-standard has-post-thumbnail hentry category-ciudadania-europea\">\n\t\t\t<div class=\"elementor-post__card\">\n\t\t\t\t<a class=\"elementor-post__thumbnail__link\" href=\"https:\/\/www.pro-corp.net\/bck\/prueba-ccse\/\" ><div class=\"elementor-post__thumbnail\"><img width=\"300\" height=\"193\" src=\"https:\/\/www.pro-corp.net\/bck\/wp-content\/uploads\/2020\/06\/prueba-ccse-300x193.jpg\" class=\"attachment-medium size-medium\" alt=\"Tomado de: www.pruebaccse.com\" loading=\"lazy\" srcset=\"https:\/\/www.pro-corp.net\/bck\/wp-content\/uploads\/2020\/06\/prueba-ccse-300x193.jpg 300w, https:\/\/www.pro-corp.net\/bck\/wp-content\/uploads\/2020\/06\/prueba-ccse.jpg 500w\" sizes=\"(max-width: 300px) 100vw, 300px\" \/><\/div><\/a>\n\t\t\t\t<div class=\"elementor-post__badge\">Ciudadan\u00eda europea<\/div>\n\t\t\t\t<div class=\"elementor-post__text\">\n\t\t\t\t<h3 class=\"elementor-post__title\">\n\t\t\t<a href=\"https:\/\/www.pro-corp.net\/bck\/prueba-ccse\/\" >\n\t\t\t\tPrueba de conocimientos constitucionales y socioculturales de Espa\u00f1a (prueba CCSE)\t\t\t<\/a>\n\t\t<\/h3>\n\t\t\t\t<div class=\"elementor-post__excerpt\">\n\t\t\t<p>\u00bfQu\u00e9 es? Es un examen presencial elaborado por el Instituto Cervantes, que eval\u00faa a trav\u00e9s de diferentes temas el conocimiento de la Constituci\u00f3n y de<\/p>\n\t\t<\/div>\n\t\t\t\t\t<a class=\"elementor-post__read-more\" href=\"https:\/\/www.pro-corp.net\/bck\/prueba-ccse\/\" >\n\t\t\t\tRead More \u00bb\t\t\t<\/a>\n\t\t\t\t<\/div>\n\t\t\t\t\t<\/div>\n\t\t<\/article>\n\t\t\t\t<article class=\"elementor-post elementor-grid-item post-6268 post type-post status-publish format-standard has-post-thumbnail hentry category-ciudadania-europea tag-apostilla-de-la-haya tag-ciudadania-espanola tag-sefardi\">\n\t\t\t<div class=\"elementor-post__card\">\n\t\t\t\t<a class=\"elementor-post__thumbnail__link\" href=\"https:\/\/www.pro-corp.net\/bck\/apellidos-sefardies\/\" ><div class=\"elementor-post__thumbnail\"><img width=\"300\" height=\"200\" src=\"https:\/\/www.pro-corp.net\/bck\/wp-content\/uploads\/2021\/02\/12.-Dic-Mitos-y-verdades-sobre-los-apellidos-sefardies-y-la-posibilidad-de-obtener-la-nacionalidad-espanola-o-portuguesa-300x200.jpg\" class=\"attachment-medium size-medium\" alt=\"Apellidos sefard\u00edes\" loading=\"lazy\" srcset=\"https:\/\/www.pro-corp.net\/bck\/wp-content\/uploads\/2021\/02\/12.-Dic-Mitos-y-verdades-sobre-los-apellidos-sefardies-y-la-posibilidad-de-obtener-la-nacionalidad-espanola-o-portuguesa-300x200.jpg 300w, https:\/\/www.pro-corp.net\/bck\/wp-content\/uploads\/2021\/02\/12.-Dic-Mitos-y-verdades-sobre-los-apellidos-sefardies-y-la-posibilidad-de-obtener-la-nacionalidad-espanola-o-portuguesa-1024x683.jpg 1024w, https:\/\/www.pro-corp.net\/bck\/wp-content\/uploads\/2021\/02\/12.-Dic-Mitos-y-verdades-sobre-los-apellidos-sefardies-y-la-posibilidad-de-obtener-la-nacionalidad-espanola-o-portuguesa-768x512.jpg 768w, https:\/\/www.pro-corp.net\/bck\/wp-content\/uploads\/2021\/02\/12.-Dic-Mitos-y-verdades-sobre-los-apellidos-sefardies-y-la-posibilidad-de-obtener-la-nacionalidad-espanola-o-portuguesa-1536x1024.jpg 1536w, https:\/\/www.pro-corp.net\/bck\/wp-content\/uploads\/2021\/02\/12.-Dic-Mitos-y-verdades-sobre-los-apellidos-sefardies-y-la-posibilidad-de-obtener-la-nacionalidad-espanola-o-portuguesa-2048x1365.jpg 2048w\" sizes=\"(max-width: 300px) 100vw, 300px\" \/><\/div><\/a>\n\t\t\t\t<div class=\"elementor-post__badge\">Ciudadan\u00eda europea<\/div>\n\t\t\t\t<div class=\"elementor-post__text\">\n\t\t\t\t<h3 class=\"elementor-post__title\">\n\t\t\t<a href=\"https:\/\/www.pro-corp.net\/bck\/apellidos-sefardies\/\" >\n\t\t\t\t\u00bfPuedes obtener la nacionalidad portuguesa teniendo apellidos sefard\u00edes?\t\t\t<\/a>\n\t\t<\/h3>\n\t\t\t\t<div class=\"elementor-post__excerpt\">\n\t\t\t<p>Quiz\u00e1 escuchaste que si tienes apellidos sefard\u00edes puedes conseguir f\u00e1cilmente la nacionalidad espa\u00f1ola o portuguesa. Sin embargo, es un mito pensar que para obtener alguna<\/p>\n\t\t<\/div>\n\t\t\t\t\t<a class=\"elementor-post__read-more\" href=\"https:\/\/www.pro-corp.net\/bck\/apellidos-sefardies\/\" >\n\t\t\t\tRead More \u00bb\t\t\t<\/a>\n\t\t\t\t<\/div>\n\t\t\t\t\t<\/div>\n\t\t<\/article>\n\t\t\t\t<article class=\"elementor-post elementor-grid-item post-6152 post type-post status-publish format-standard has-post-thumbnail hentry category-ciudadania-europea tag-eures tag-salario-minimo-en-europa tag-trabajar-en-europa\">\n\t\t\t<div class=\"elementor-post__card\">\n\t\t\t\t<a class=\"elementor-post__thumbnail__link\" href=\"https:\/\/www.pro-corp.net\/bck\/empresas-espanolas\/\" ><div class=\"elementor-post__thumbnail\"><img width=\"300\" height=\"169\" src=\"https:\/\/www.pro-corp.net\/bck\/wp-content\/uploads\/2021\/01\/2.-Dic-Estas-son-las-mejores-empresas-espanolas-y-portuguesas-para-trabajar-y-los-plus-que-ofrecen-300x169.jpg\" class=\"attachment-medium size-medium\" alt=\"Empresas espa\u00f1olas\" loading=\"lazy\" srcset=\"https:\/\/www.pro-corp.net\/bck\/wp-content\/uploads\/2021\/01\/2.-Dic-Estas-son-las-mejores-empresas-espanolas-y-portuguesas-para-trabajar-y-los-plus-que-ofrecen-300x169.jpg 300w, https:\/\/www.pro-corp.net\/bck\/wp-content\/uploads\/2021\/01\/2.-Dic-Estas-son-las-mejores-empresas-espanolas-y-portuguesas-para-trabajar-y-los-plus-que-ofrecen-1024x576.jpg 1024w, https:\/\/www.pro-corp.net\/bck\/wp-content\/uploads\/2021\/01\/2.-Dic-Estas-son-las-mejores-empresas-espanolas-y-portuguesas-para-trabajar-y-los-plus-que-ofrecen-768x432.jpg 768w, https:\/\/www.pro-corp.net\/bck\/wp-content\/uploads\/2021\/01\/2.-Dic-Estas-son-las-mejores-empresas-espanolas-y-portuguesas-para-trabajar-y-los-plus-que-ofrecen-1536x864.jpg 1536w, https:\/\/www.pro-corp.net\/bck\/wp-content\/uploads\/2021\/01\/2.-Dic-Estas-son-las-mejores-empresas-espanolas-y-portuguesas-para-trabajar-y-los-plus-que-ofrecen-2048x1152.jpg 2048w\" sizes=\"(max-width: 300px) 100vw, 300px\" \/><\/div><\/a>\n\t\t\t\t<div class=\"elementor-post__badge\">Ciudadan\u00eda europea<\/div>\n\t\t\t\t<div class=\"elementor-post__text\">\n\t\t\t\t<h3 class=\"elementor-post__title\">\n\t\t\t<a href=\"https:\/\/www.pro-corp.net\/bck\/empresas-espanolas\/\" >\n\t\t\t\t\u00bfCu\u00e1les son las mejores empresas espa\u00f1olas y portuguesas para trabajar y qu\u00e9 beneficios ofrecen?\t\t\t<\/a>\n\t\t<\/h3>\n\t\t\t\t<div class=\"elementor-post__excerpt\">\n\t\t\t<p>Cada vez son m\u00e1s los latinoamericanos que eligen estudiar y trabajar en Europa para tener mejores oportunidades profesionales. Por eso, las empresas espa\u00f1olas y portuguesas<\/p>\n\t\t<\/div>\n\t\t\t\t\t<a class=\"elementor-post__read-more\" href=\"https:\/\/www.pro-corp.net\/bck\/empresas-espanolas\/\" >\n\t\t\t\tRead More \u00bb\t\t\t<\/a>\n\t\t\t\t<\/div>\n\t\t\t\t\t<\/div>\n\t\t<\/article>\n\t\t\t\t<article class=\"elementor-post elementor-grid-item post-6168 post type-post status-publish format-standard has-post-thumbnail hentry category-vivir-en-europa tag-cultura-europea tag-estudiar-en-espana tag-universidades-europeas\">\n\t\t\t<div class=\"elementor-post__card\">\n\t\t\t\t<a class=\"elementor-post__thumbnail__link\" href=\"https:\/\/www.pro-corp.net\/bck\/residencias-estudiantiles\/\" ><div class=\"elementor-post__thumbnail\"><img width=\"300\" height=\"200\" src=\"https:\/\/www.pro-corp.net\/bck\/wp-content\/uploads\/2021\/01\/5.-Dic-\u00bfPor-que-las-residencias-estudiantiles-son-una-opcion-tan-popular-en-Europa-300x200.jpg\" class=\"attachment-medium size-medium\" alt=\"Residencias estudiantiles\" loading=\"lazy\" srcset=\"https:\/\/www.pro-corp.net\/bck\/wp-content\/uploads\/2021\/01\/5.-Dic-\u00bfPor-que-las-residencias-estudiantiles-son-una-opcion-tan-popular-en-Europa-300x200.jpg 300w, https:\/\/www.pro-corp.net\/bck\/wp-content\/uploads\/2021\/01\/5.-Dic-\u00bfPor-que-las-residencias-estudiantiles-son-una-opcion-tan-popular-en-Europa-1024x683.jpg 1024w, https:\/\/www.pro-corp.net\/bck\/wp-content\/uploads\/2021\/01\/5.-Dic-\u00bfPor-que-las-residencias-estudiantiles-son-una-opcion-tan-popular-en-Europa-768x512.jpg 768w, https:\/\/www.pro-corp.net\/bck\/wp-content\/uploads\/2021\/01\/5.-Dic-\u00bfPor-que-las-residencias-estudiantiles-son-una-opcion-tan-popular-en-Europa-1536x1024.jpg 1536w, https:\/\/www.pro-corp.net\/bck\/wp-content\/uploads\/2021\/01\/5.-Dic-\u00bfPor-que-las-residencias-estudiantiles-son-una-opcion-tan-popular-en-Europa-2048x1365.jpg 2048w\" sizes=\"(max-width: 300px) 100vw, 300px\" \/><\/div><\/a>\n\t\t\t\t<div class=\"elementor-post__badge\">Vivir en Europa<\/div>\n\t\t\t\t<div class=\"elementor-post__text\">\n\t\t\t\t<h3 class=\"elementor-post__title\">\n\t\t\t<a href=\"https:\/\/www.pro-corp.net\/bck\/residencias-estudiantiles\/\" >\n\t\t\t\tResidencias estudiantiles: el mejor ambiente para estudiar y vivir\t\t\t<\/a>\n\t\t<\/h3>\n\t\t\t\t<div class=\"elementor-post__excerpt\">\n\t\t\t<p>Estudiar en una universidad europea puede ser una experiencia \u00fanica para muchos j\u00f3venes que desean ampliar sus horizontes. Y qu\u00e9 mejor que hacerlo viviendo en<\/p>\n\t\t<\/div>\n\t\t\t\t\t<a class=\"elementor-post__read-more\" href=\"https:\/\/www.pro-corp.net\/bck\/residencias-estudiantiles\/\" >\n\t\t\t\tRead More \u00bb\t\t\t<\/a>\n\t\t\t\t<\/div>\n\t\t\t\t\t<\/div>\n\t\t<\/article>\n\t\t\t\t<article class=\"elementor-post elementor-grid-item post-6164 post type-post status-publish format-standard has-post-thumbnail hentry category-emigrar-a-espana tag-costumbres-y-tradiciones-de-espana tag-economia-de-espana tag-vivir-en-espana\">\n\t\t\t<div class=\"elementor-post__card\">\n\t\t\t\t<a class=\"elementor-post__thumbnail__link\" href=\"https:\/\/www.pro-corp.net\/bck\/que-es-el-empadronamiento\/\" ><div class=\"elementor-post__thumbnail\"><img width=\"300\" height=\"200\" src=\"https:\/\/www.pro-corp.net\/bck\/wp-content\/uploads\/2021\/01\/9.-Dic-\u00bfQue-es-el-empadronamiento-y-por-que-es-importante-si-decides-vivir-en-Espana-300x200.jpg\" class=\"attachment-medium size-medium\" alt=\"Qu\u00e9 es el empadronamiento\" loading=\"lazy\" srcset=\"https:\/\/www.pro-corp.net\/bck\/wp-content\/uploads\/2021\/01\/9.-Dic-\u00bfQue-es-el-empadronamiento-y-por-que-es-importante-si-decides-vivir-en-Espana-300x200.jpg 300w, https:\/\/www.pro-corp.net\/bck\/wp-content\/uploads\/2021\/01\/9.-Dic-\u00bfQue-es-el-empadronamiento-y-por-que-es-importante-si-decides-vivir-en-Espana-1024x683.jpg 1024w, https:\/\/www.pro-corp.net\/bck\/wp-content\/uploads\/2021\/01\/9.-Dic-\u00bfQue-es-el-empadronamiento-y-por-que-es-importante-si-decides-vivir-en-Espana-768x512.jpg 768w, https:\/\/www.pro-corp.net\/bck\/wp-content\/uploads\/2021\/01\/9.-Dic-\u00bfQue-es-el-empadronamiento-y-por-que-es-importante-si-decides-vivir-en-Espana-1536x1024.jpg 1536w, https:\/\/www.pro-corp.net\/bck\/wp-content\/uploads\/2021\/01\/9.-Dic-\u00bfQue-es-el-empadronamiento-y-por-que-es-importante-si-decides-vivir-en-Espana-2048x1365.jpg 2048w\" sizes=\"(max-width: 300px) 100vw, 300px\" \/><\/div><\/a>\n\t\t\t\t<div class=\"elementor-post__badge\">Emigrar a Espa\u00f1a<\/div>\n\t\t\t\t<div class=\"elementor-post__text\">\n\t\t\t\t<h3 class=\"elementor-post__title\">\n\t\t\t<a href=\"https:\/\/www.pro-corp.net\/bck\/que-es-el-empadronamiento\/\" >\n\t\t\t\tQu\u00e9 es el empadronamiento y por qu\u00e9 se necesita para vivir en Espa\u00f1a\t\t\t<\/a>\n\t\t<\/h3>\n\t\t\t\t<div class=\"elementor-post__excerpt\">\n\t\t\t<p>Si est\u00e1s pensando en vivir en Espa\u00f1a, conviene que sepas qu\u00e9 es el empadronamiento. Un tr\u00e1mite necesario para residir en dicho pa\u00eds. Aqu\u00ed te explicamos<\/p>\n\t\t<\/div>\n\t\t\t\t\t<a class=\"elementor-post__read-more\" href=\"https:\/\/www.pro-corp.net\/bck\/que-es-el-empadronamiento\/\" >\n\t\t\t\tRead More \u00bb\t\t\t<\/a>\n\t\t\t\t<\/div>\n\t\t\t\t\t<\/div>\n\t\t<\/article>\n\t\t\t\t<article class=\"elementor-post elementor-grid-item post-6207 post type-post status-publish format-standard has-post-thumbnail hentry category-emigrar-a-espana\">\n\t\t\t<div class=\"elementor-post__card\">\n\t\t\t\t<a class=\"elementor-post__thumbnail__link\" href=\"https:\/\/www.pro-corp.net\/bck\/nacionalidades-espanolas\/\" ><div class=\"elementor-post__thumbnail\"><img width=\"300\" height=\"200\" src=\"https:\/\/www.pro-corp.net\/bck\/wp-content\/uploads\/2021\/01\/Pasaporte-300x200.jpg\" class=\"attachment-medium size-medium\" alt=\"Pasaporte\" loading=\"lazy\" srcset=\"https:\/\/www.pro-corp.net\/bck\/wp-content\/uploads\/2021\/01\/Pasaporte-300x200.jpg 300w, https:\/\/www.pro-corp.net\/bck\/wp-content\/uploads\/2021\/01\/Pasaporte-1024x683.jpg 1024w, https:\/\/www.pro-corp.net\/bck\/wp-content\/uploads\/2021\/01\/Pasaporte-768x512.jpg 768w, https:\/\/www.pro-corp.net\/bck\/wp-content\/uploads\/2021\/01\/Pasaporte.jpg 1080w\" sizes=\"(max-width: 300px) 100vw, 300px\" \/><\/div><\/a>\n\t\t\t\t<div class=\"elementor-post__badge\">Emigrar a Espa\u00f1a<\/div>\n\t\t\t\t<div class=\"elementor-post__text\">\n\t\t\t\t<h3 class=\"elementor-post__title\">\n\t\t\t<a href=\"https:\/\/www.pro-corp.net\/bck\/nacionalidades-espanolas\/\" >\n\t\t\t\tNacionalidades Espa\u00f1olas otorgadas desde 2015 hasta 2020 por origen sefard\u00ed\t\t\t<\/a>\n\t\t<\/h3>\n\t\t\t\t<div class=\"elementor-post__excerpt\">\n\t\t\t<p>Cifras de inter\u00e9s: Espa\u00f1a ha concedido 21.233 nacionalidades espa\u00f1olas por esta ley, y solo se han negado 3 solicitudes desde que se entr\u00f3 en vigor<\/p>\n\t\t<\/div>\n\t\t\t\t\t<a class=\"elementor-post__read-more\" href=\"https:\/\/www.pro-corp.net\/bck\/nacionalidades-espanolas\/\" >\n\t\t\t\tRead More \u00bb\t\t\t<\/a>\n\t\t\t\t<\/div>\n\t\t\t\t\t<\/div>\n\t\t<\/article>\n\t\t\t\t<article class=\"elementor-post elementor-grid-item post-6157 post type-post status-publish format-standard has-post-thumbnail hentry category-emigrar-a-portugal tag-cultura-de-portugal tag-estudiar-portugues\">\n\t\t\t<div class=\"elementor-post__card\">\n\t\t\t\t<a class=\"elementor-post__thumbnail__link\" href=\"https:\/\/www.pro-corp.net\/bck\/que-hacer-en-lisboa\/\" ><div class=\"elementor-post__thumbnail\"><img width=\"300\" height=\"197\" src=\"https:\/\/www.pro-corp.net\/bck\/wp-content\/uploads\/2021\/01\/7.-Dic\u00bfQue-hacer-en-Lisboa-si-recien-te-mudaste-a-la-ciudad-Te-damos-tips-que-simplificaran-tu-estancia-300x197.jpg\" class=\"attachment-medium size-medium\" alt=\"Qu\u00e9 hacer en Lisboa\" loading=\"lazy\" srcset=\"https:\/\/www.pro-corp.net\/bck\/wp-content\/uploads\/2021\/01\/7.-Dic\u00bfQue-hacer-en-Lisboa-si-recien-te-mudaste-a-la-ciudad-Te-damos-tips-que-simplificaran-tu-estancia-300x197.jpg 300w, https:\/\/www.pro-corp.net\/bck\/wp-content\/uploads\/2021\/01\/7.-Dic\u00bfQue-hacer-en-Lisboa-si-recien-te-mudaste-a-la-ciudad-Te-damos-tips-que-simplificaran-tu-estancia-1024x672.jpg 1024w, https:\/\/www.pro-corp.net\/bck\/wp-content\/uploads\/2021\/01\/7.-Dic\u00bfQue-hacer-en-Lisboa-si-recien-te-mudaste-a-la-ciudad-Te-damos-tips-que-simplificaran-tu-estancia-768x504.jpg 768w\" sizes=\"(max-width: 300px) 100vw, 300px\" \/><\/div><\/a>\n\t\t\t\t<div class=\"elementor-post__badge\">Emigrar a Portugal<\/div>\n\t\t\t\t<div class=\"elementor-post__text\">\n\t\t\t\t<h3 class=\"elementor-post__title\">\n\t\t\t<a href=\"https:\/\/www.pro-corp.net\/bck\/que-hacer-en-lisboa\/\" >\n\t\t\t\tVisitas imperdibles si te preguntas qu\u00e9 hacer en Lisboa\t\t\t<\/a>\n\t\t<\/h3>\n\t\t\t\t<div class=\"elementor-post__excerpt\">\n\t\t\t<p>Lisboa es sin duda una de las ciudades m\u00e1s interesantes de Europa. Si apenas acabas de llegar y no sabes qu\u00e9 hacer en Lisboa, te<\/p>\n\t\t<\/div>\n\t\t\t\t\t<a class=\"elementor-post__read-more\" href=\"https:\/\/www.pro-corp.net\/bck\/que-hacer-en-lisboa\/\" >\n\t\t\t\tRead More \u00bb\t\t\t<\/a>\n\t\t\t\t<\/div>\n\t\t\t\t\t<\/div>\n\t\t<\/article>\n\t\t\t\t<article class=\"elementor-post elementor-grid-item post-6118 post type-post status-publish format-standard has-post-thumbnail hentry category-ciudadania-europea\">\n\t\t\t<div class=\"elementor-post__card\">\n\t\t\t\t<a class=\"elementor-post__thumbnail__link\" href=\"https:\/\/www.pro-corp.net\/bck\/genealogia\/\" ><div class=\"elementor-post__thumbnail\"><img width=\"300\" height=\"200\" src=\"https:\/\/www.pro-corp.net\/bck\/wp-content\/uploads\/2021\/01\/10.-Dic-\u00bfQue-es-el-empadronamiento-y-por-que-es-importante-si-decides-vivir-en-Espana-300x200.jpg\" class=\"attachment-medium size-medium\" alt=\"genealog\u00eda\" loading=\"lazy\" srcset=\"https:\/\/www.pro-corp.net\/bck\/wp-content\/uploads\/2021\/01\/10.-Dic-\u00bfQue-es-el-empadronamiento-y-por-que-es-importante-si-decides-vivir-en-Espana-300x200.jpg 300w, https:\/\/www.pro-corp.net\/bck\/wp-content\/uploads\/2021\/01\/10.-Dic-\u00bfQue-es-el-empadronamiento-y-por-que-es-importante-si-decides-vivir-en-Espana-1024x683.jpg 1024w, https:\/\/www.pro-corp.net\/bck\/wp-content\/uploads\/2021\/01\/10.-Dic-\u00bfQue-es-el-empadronamiento-y-por-que-es-importante-si-decides-vivir-en-Espana-768x512.jpg 768w, https:\/\/www.pro-corp.net\/bck\/wp-content\/uploads\/2021\/01\/10.-Dic-\u00bfQue-es-el-empadronamiento-y-por-que-es-importante-si-decides-vivir-en-Espana-1536x1024.jpg 1536w, https:\/\/www.pro-corp.net\/bck\/wp-content\/uploads\/2021\/01\/10.-Dic-\u00bfQue-es-el-empadronamiento-y-por-que-es-importante-si-decides-vivir-en-Espana-2048x1366.jpg 2048w\" sizes=\"(max-width: 300px) 100vw, 300px\" \/><\/div><\/a>\n\t\t\t\t<div class=\"elementor-post__badge\">Ciudadan\u00eda europea<\/div>\n\t\t\t\t<div class=\"elementor-post__text\">\n\t\t\t\t<h3 class=\"elementor-post__title\">\n\t\t\t<a href=\"https:\/\/www.pro-corp.net\/bck\/genealogia\/\" >\n\t\t\t\t\u00bfPORQU\u00c9 ES NECESARIO DEMOSTRAR MI ASCENDENCIA JUD\u00cdA SEFARD\u00cd PARA HACER EL PROCESO DE NACIONALIDAD PORTUGUESA Y ESPA\u00d1OLA, Y C\u00d3MO HACERLO?\t\t\t<\/a>\n\t\t<\/h3>\n\t\t\t\t<div class=\"elementor-post__excerpt\">\n\t\t\t<p>Es necesario demostrar la ascendencia jud\u00eda sefard\u00ed porque es lo que da el derecho a la nacionalidad por origen sefard\u00ed en Espa\u00f1a y Portugal. \u00a0De<\/p>\n\t\t<\/div>\n\t\t\t\t\t<a class=\"elementor-post__read-more\" href=\"https:\/\/www.pro-corp.net\/bck\/genealogia\/\" >\n\t\t\t\tRead More \u00bb\t\t\t<\/a>\n\t\t\t\t<\/div>\n\t\t\t\t\t<\/div>\n\t\t<\/article>\n\t\t\t\t<article class=\"elementor-post elementor-grid-item post-6102 post type-post status-publish format-standard has-post-thumbnail hentry category-vivir-en-europa tag-doble-nacionalidad tag-naturalizacion\">\n\t\t\t<div class=\"elementor-post__card\">\n\t\t\t\t<a class=\"elementor-post__thumbnail__link\" href=\"https:\/\/www.pro-corp.net\/bck\/zona-schengen\/\" ><div class=\"elementor-post__thumbnail\"><img width=\"300\" height=\"116\" src=\"https:\/\/www.pro-corp.net\/bck\/wp-content\/uploads\/2021\/10\/3.-Dic-Todo-sobre-la-doble-nacionalidad-y-el-permiso-ETIAS-para-visitar-la-zona-Schengen-300x116.webp\" class=\"attachment-medium size-medium\" alt=\"Zona Schengen\" loading=\"lazy\" srcset=\"https:\/\/www.pro-corp.net\/bck\/wp-content\/uploads\/2021\/10\/3.-Dic-Todo-sobre-la-doble-nacionalidad-y-el-permiso-ETIAS-para-visitar-la-zona-Schengen-300x116.webp 300w, https:\/\/www.pro-corp.net\/bck\/wp-content\/uploads\/2021\/10\/3.-Dic-Todo-sobre-la-doble-nacionalidad-y-el-permiso-ETIAS-para-visitar-la-zona-Schengen-1024x395.webp 1024w, https:\/\/www.pro-corp.net\/bck\/wp-content\/uploads\/2021\/10\/3.-Dic-Todo-sobre-la-doble-nacionalidad-y-el-permiso-ETIAS-para-visitar-la-zona-Schengen-768x296.webp 768w, https:\/\/www.pro-corp.net\/bck\/wp-content\/uploads\/2021\/10\/3.-Dic-Todo-sobre-la-doble-nacionalidad-y-el-permiso-ETIAS-para-visitar-la-zona-Schengen.webp 1280w\" sizes=\"(max-width: 300px) 100vw, 300px\" \/><\/div><\/a>\n\t\t\t\t<div class=\"elementor-post__badge\">Vivir en Europa<\/div>\n\t\t\t\t<div class=\"elementor-post__text\">\n\t\t\t\t<h3 class=\"elementor-post__title\">\n\t\t\t<a href=\"https:\/\/www.pro-corp.net\/bck\/zona-schengen\/\" >\n\t\t\t\tDoble nacionalidad y permiso ETIAS para acceder a la zona Schengen\t\t\t<\/a>\n\t\t<\/h3>\n\t\t\t\t<div class=\"elementor-post__excerpt\">\n\t\t\t<p>Si eres latinoamericano y quieres viajar a Europa, te explicamos qu\u00e9 es el permiso ETIAS, necesario para visitar la zona Schengen. Y, en relaci\u00f3n con<\/p>\n\t\t<\/div>\n\t\t\t\t\t<a class=\"elementor-post__read-more\" href=\"https:\/\/www.pro-corp.net\/bck\/zona-schengen\/\" >\n\t\t\t\tRead More \u00bb\t\t\t<\/a>\n\t\t\t\t<\/div>\n\t\t\t\t\t<\/div>\n\t\t<\/article>\n\t\t\t\t<article class=\"elementor-post elementor-grid-item post-5890 post type-post status-publish format-standard has-post-thumbnail hentry category-ciudadania-europea tag-doble-tributacion\">\n\t\t\t<div class=\"elementor-post__card\">\n\t\t\t\t<a class=\"elementor-post__thumbnail__link\" href=\"https:\/\/www.pro-corp.net\/bck\/doble-tributracion\/\" ><div class=\"elementor-post__thumbnail\"><img width=\"300\" height=\"200\" src=\"https:\/\/www.pro-corp.net\/bck\/wp-content\/uploads\/2020\/12\/11.-Nov-\u00bfComo-funciona-la-doble-tributacion-y-quienes-estan-exentos-300x200.jpg\" class=\"attachment-medium size-medium\" alt=\"\u00bfQu\u00e9 es la doble tributaci\u00f3n, c\u00f3mo funciona y qui\u00e9nes est\u00e1n exentos?\" loading=\"lazy\" srcset=\"https:\/\/www.pro-corp.net\/bck\/wp-content\/uploads\/2020\/12\/11.-Nov-\u00bfComo-funciona-la-doble-tributacion-y-quienes-estan-exentos-300x200.jpg 300w, https:\/\/www.pro-corp.net\/bck\/wp-content\/uploads\/2020\/12\/11.-Nov-\u00bfComo-funciona-la-doble-tributacion-y-quienes-estan-exentos-1024x683.jpg 1024w, https:\/\/www.pro-corp.net\/bck\/wp-content\/uploads\/2020\/12\/11.-Nov-\u00bfComo-funciona-la-doble-tributacion-y-quienes-estan-exentos-768x512.jpg 768w, https:\/\/www.pro-corp.net\/bck\/wp-content\/uploads\/2020\/12\/11.-Nov-\u00bfComo-funciona-la-doble-tributacion-y-quienes-estan-exentos-1536x1024.jpg 1536w, https:\/\/www.pro-corp.net\/bck\/wp-content\/uploads\/2020\/12\/11.-Nov-\u00bfComo-funciona-la-doble-tributacion-y-quienes-estan-exentos-2048x1365.jpg 2048w\" sizes=\"(max-width: 300px) 100vw, 300px\" \/><\/div><\/a>\n\t\t\t\t<div class=\"elementor-post__badge\">Ciudadan\u00eda europea<\/div>\n\t\t\t\t<div class=\"elementor-post__text\">\n\t\t\t\t<h3 class=\"elementor-post__title\">\n\t\t\t<a href=\"https:\/\/www.pro-corp.net\/bck\/doble-tributracion\/\" >\n\t\t\t\t\u00bfQu\u00e9 es la doble tributaci\u00f3n, c\u00f3mo funciona y qui\u00e9nes est\u00e1n exentos?\t\t\t<\/a>\n\t\t<\/h3>\n\t\t\t\t<div class=\"elementor-post__excerpt\">\n\t\t\t<p>En las \u00faltimas d\u00e9cadas, la apertura del mercado ha permitido que las personas puedan vivir en un pa\u00eds mientras reciben sus ingresos de otro. Pero<\/p>\n\t\t<\/div>\n\t\t\t\t\t<a class=\"elementor-post__read-more\" href=\"https:\/\/www.pro-corp.net\/bck\/doble-tributracion\/\" >\n\t\t\t\tRead More \u00bb\t\t\t<\/a>\n\t\t\t\t<\/div>\n\t\t\t\t\t<\/div>\n\t\t<\/article>\n\t\t\t\t<article class=\"elementor-post elementor-grid-item post-5886 post type-post status-publish format-standard has-post-thumbnail hentry category-ciudadania-europea tag-doble-nacionalidad\">\n\t\t\t<div class=\"elementor-post__card\">\n\t\t\t\t<a class=\"elementor-post__thumbnail__link\" href=\"https:\/\/www.pro-corp.net\/bck\/naturalizacion\/\" ><div class=\"elementor-post__thumbnail\"><img width=\"300\" height=\"200\" src=\"https:\/\/www.pro-corp.net\/bck\/wp-content\/uploads\/2020\/12\/4.-Oct-Diferencias-entre-naturalizacion-y-doble-nacionalidad-300x200.jpg\" class=\"attachment-medium size-medium\" alt=\"Qu\u00e9 implican la naturalizaci\u00f3n y la doble nacionalidad en Espa\u00f1a y Portugal\" loading=\"lazy\" srcset=\"https:\/\/www.pro-corp.net\/bck\/wp-content\/uploads\/2020\/12\/4.-Oct-Diferencias-entre-naturalizacion-y-doble-nacionalidad-300x200.jpg 300w, https:\/\/www.pro-corp.net\/bck\/wp-content\/uploads\/2020\/12\/4.-Oct-Diferencias-entre-naturalizacion-y-doble-nacionalidad-1024x683.jpg 1024w, https:\/\/www.pro-corp.net\/bck\/wp-content\/uploads\/2020\/12\/4.-Oct-Diferencias-entre-naturalizacion-y-doble-nacionalidad-768x512.jpg 768w, https:\/\/www.pro-corp.net\/bck\/wp-content\/uploads\/2020\/12\/4.-Oct-Diferencias-entre-naturalizacion-y-doble-nacionalidad-1536x1024.jpg 1536w, https:\/\/www.pro-corp.net\/bck\/wp-content\/uploads\/2020\/12\/4.-Oct-Diferencias-entre-naturalizacion-y-doble-nacionalidad-2048x1365.jpg 2048w\" sizes=\"(max-width: 300px) 100vw, 300px\" \/><\/div><\/a>\n\t\t\t\t<div class=\"elementor-post__badge\">Ciudadan\u00eda europea<\/div>\n\t\t\t\t<div class=\"elementor-post__text\">\n\t\t\t\t<h3 class=\"elementor-post__title\">\n\t\t\t<a href=\"https:\/\/www.pro-corp.net\/bck\/naturalizacion\/\" >\n\t\t\t\tQu\u00e9 implican la naturalizaci\u00f3n y la doble nacionalidad en Espa\u00f1a y Portugal\t\t\t<\/a>\n\t\t<\/h3>\n\t\t\t\t<div class=\"elementor-post__excerpt\">\n\t\t\t<p>\u00bfQuieres conseguir la naturalizaci\u00f3n en Espa\u00f1a o Portugal o tener la doble nacionalidad? Quiz\u00e1 temes que ambas opciones requieran tr\u00e1mites largos y complejos, pero no<\/p>\n\t\t<\/div>\n\t\t\t\t\t<a class=\"elementor-post__read-more\" href=\"https:\/\/www.pro-corp.net\/bck\/naturalizacion\/\" >\n\t\t\t\tRead More \u00bb\t\t\t<\/a>\n\t\t\t\t<\/div>\n\t\t\t\t\t<\/div>\n\t\t<\/article>\n\t\t\t\t<article class=\"elementor-post elementor-grid-item post-5883 post type-post status-publish format-standard has-post-thumbnail hentry category-vivir-en-europa tag-eures tag-trabajar-en-europa\">\n\t\t\t<div class=\"elementor-post__card\">\n\t\t\t\t<a class=\"elementor-post__thumbnail__link\" href=\"https:\/\/www.pro-corp.net\/bck\/salario-minimo-en-europa\/\" ><div class=\"elementor-post__thumbnail\"><img width=\"300\" height=\"212\" src=\"https:\/\/www.pro-corp.net\/bck\/wp-content\/uploads\/2020\/12\/1.-Nov-Conoce-el-rango-del-salario-minimo-en-Europa-para-tomar-la-decision-mas-conveniente-300x212.jpg\" class=\"attachment-medium size-medium\" alt=\"Salario m\u00ednimo en Europa: Espa\u00f1a y Portugal\" loading=\"lazy\" srcset=\"https:\/\/www.pro-corp.net\/bck\/wp-content\/uploads\/2020\/12\/1.-Nov-Conoce-el-rango-del-salario-minimo-en-Europa-para-tomar-la-decision-mas-conveniente-300x212.jpg 300w, https:\/\/www.pro-corp.net\/bck\/wp-content\/uploads\/2020\/12\/1.-Nov-Conoce-el-rango-del-salario-minimo-en-Europa-para-tomar-la-decision-mas-conveniente-1024x725.jpg 1024w, https:\/\/www.pro-corp.net\/bck\/wp-content\/uploads\/2020\/12\/1.-Nov-Conoce-el-rango-del-salario-minimo-en-Europa-para-tomar-la-decision-mas-conveniente-768x543.jpg 768w, https:\/\/www.pro-corp.net\/bck\/wp-content\/uploads\/2020\/12\/1.-Nov-Conoce-el-rango-del-salario-minimo-en-Europa-para-tomar-la-decision-mas-conveniente-1536x1087.jpg 1536w, https:\/\/www.pro-corp.net\/bck\/wp-content\/uploads\/2020\/12\/1.-Nov-Conoce-el-rango-del-salario-minimo-en-Europa-para-tomar-la-decision-mas-conveniente-2048x1449.jpg 2048w\" sizes=\"(max-width: 300px) 100vw, 300px\" \/><\/div><\/a>\n\t\t\t\t<div class=\"elementor-post__badge\">Vivir en Europa<\/div>\n\t\t\t\t<div class=\"elementor-post__text\">\n\t\t\t\t<h3 class=\"elementor-post__title\">\n\t\t\t<a href=\"https:\/\/www.pro-corp.net\/bck\/salario-minimo-en-europa\/\" >\n\t\t\t\tSalario m\u00ednimo en Europa: Espa\u00f1a y Portugal\t\t\t<\/a>\n\t\t<\/h3>\n\t\t\t\t<div class=\"elementor-post__excerpt\">\n\t\t\t<p>\u00bfEst\u00e1s pensando en trabajar en Europa? \u00bfQuiz\u00e1 conseguiste empleo en Espa\u00f1a o Portugal, gracias a la red EURES? Aqu\u00ed te contamos cu\u00e1l es el salario<\/p>\n\t\t<\/div>\n\t\t\t\t\t<a class=\"elementor-post__read-more\" href=\"https:\/\/www.pro-corp.net\/bck\/salario-minimo-en-europa\/\" >\n\t\t\t\tRead More \u00bb\t\t\t<\/a>\n\t\t\t\t<\/div>\n\t\t\t\t\t<\/div>\n\t\t<\/article>\n\t\t\t\t<article class=\"elementor-post elementor-grid-item post-5880 post type-post status-publish format-standard has-post-thumbnail hentry category-vivir-en-europa tag-cultura-europea tag-universidades-europeas\">\n\t\t\t<div class=\"elementor-post__card\">\n\t\t\t\t<a class=\"elementor-post__thumbnail__link\" href=\"https:\/\/www.pro-corp.net\/bck\/estudiar-en-espana\/\" ><div class=\"elementor-post__thumbnail\"><img width=\"300\" height=\"200\" src=\"https:\/\/www.pro-corp.net\/bck\/wp-content\/uploads\/2020\/12\/10.-Nov-Todo-lo-que-debes-saber-para-estudiar-en-Espana-y-Portugal-costo-aproximado-de-universidades-manutencion-y-transporte-300x200.jpg\" class=\"attachment-medium size-medium\" alt=\"Estudiar en Espa\u00f1a y Portugal: costos de universidad, manutenci\u00f3n y transporte\" loading=\"lazy\" srcset=\"https:\/\/www.pro-corp.net\/bck\/wp-content\/uploads\/2020\/12\/10.-Nov-Todo-lo-que-debes-saber-para-estudiar-en-Espana-y-Portugal-costo-aproximado-de-universidades-manutencion-y-transporte-300x200.jpg 300w, https:\/\/www.pro-corp.net\/bck\/wp-content\/uploads\/2020\/12\/10.-Nov-Todo-lo-que-debes-saber-para-estudiar-en-Espana-y-Portugal-costo-aproximado-de-universidades-manutencion-y-transporte-1024x684.jpg 1024w, https:\/\/www.pro-corp.net\/bck\/wp-content\/uploads\/2020\/12\/10.-Nov-Todo-lo-que-debes-saber-para-estudiar-en-Espana-y-Portugal-costo-aproximado-de-universidades-manutencion-y-transporte-768x513.jpg 768w, https:\/\/www.pro-corp.net\/bck\/wp-content\/uploads\/2020\/12\/10.-Nov-Todo-lo-que-debes-saber-para-estudiar-en-Espana-y-Portugal-costo-aproximado-de-universidades-manutencion-y-transporte-1536x1025.jpg 1536w, https:\/\/www.pro-corp.net\/bck\/wp-content\/uploads\/2020\/12\/10.-Nov-Todo-lo-que-debes-saber-para-estudiar-en-Espana-y-Portugal-costo-aproximado-de-universidades-manutencion-y-transporte-2048x1367.jpg 2048w\" sizes=\"(max-width: 300px) 100vw, 300px\" \/><\/div><\/a>\n\t\t\t\t<div class=\"elementor-post__badge\">Vivir en Europa<\/div>\n\t\t\t\t<div class=\"elementor-post__text\">\n\t\t\t\t<h3 class=\"elementor-post__title\">\n\t\t\t<a href=\"https:\/\/www.pro-corp.net\/bck\/estudiar-en-espana\/\" >\n\t\t\t\tEstudiar en Espa\u00f1a y Portugal: costos de universidad, manutenci\u00f3n y transporte\t\t\t<\/a>\n\t\t<\/h3>\n\t\t\t\t<div class=\"elementor-post__excerpt\">\n\t\t\t<p>Si tienes ganas de estudiar en Espa\u00f1a o Portugal, necesitas conocer los gastos que tendr\u00e1s. El pago de matr\u00edcula, tu alquiler mensual, el transporte, la<\/p>\n\t\t<\/div>\n\t\t\t\t\t<a class=\"elementor-post__read-more\" href=\"https:\/\/www.pro-corp.net\/bck\/estudiar-en-espana\/\" >\n\t\t\t\tRead More \u00bb\t\t\t<\/a>\n\t\t\t\t<\/div>\n\t\t\t\t\t<\/div>\n\t\t<\/article>\n\t\t\t\t<article class=\"elementor-post elementor-grid-item post-5832 post type-post status-publish format-standard has-post-thumbnail hentry category-emigrar-a-portugal tag-cultura-portuguesa tag-nacionalidad-portuguesa\">\n\t\t\t<div class=\"elementor-post__card\">\n\t\t\t\t<a class=\"elementor-post__thumbnail__link\" href=\"https:\/\/www.pro-corp.net\/bck\/estudiar-portugues\/\" ><div class=\"elementor-post__thumbnail\"><img width=\"300\" height=\"202\" src=\"https:\/\/www.pro-corp.net\/bck\/wp-content\/uploads\/2020\/12\/3.-Nov-5-razones-por-las-que-deberias-estudiar-portugues-300x202.jpg\" class=\"attachment-medium size-medium\" alt=\"Estas son 5 razones por las cuales estudiar portugu\u00e9s es una buena idea\" loading=\"lazy\" srcset=\"https:\/\/www.pro-corp.net\/bck\/wp-content\/uploads\/2020\/12\/3.-Nov-5-razones-por-las-que-deberias-estudiar-portugues-300x202.jpg 300w, https:\/\/www.pro-corp.net\/bck\/wp-content\/uploads\/2020\/12\/3.-Nov-5-razones-por-las-que-deberias-estudiar-portugues-1024x691.jpg 1024w, https:\/\/www.pro-corp.net\/bck\/wp-content\/uploads\/2020\/12\/3.-Nov-5-razones-por-las-que-deberias-estudiar-portugues-768x518.jpg 768w\" sizes=\"(max-width: 300px) 100vw, 300px\" \/><\/div><\/a>\n\t\t\t\t<div class=\"elementor-post__badge\">Emigrar a Portugal<\/div>\n\t\t\t\t<div class=\"elementor-post__text\">\n\t\t\t\t<h3 class=\"elementor-post__title\">\n\t\t\t<a href=\"https:\/\/www.pro-corp.net\/bck\/estudiar-portugues\/\" >\n\t\t\t\tEstas son 5 razones por las cuales estudiar portugu\u00e9s es una buena idea\t\t\t<\/a>\n\t\t<\/h3>\n\t\t\t\t<div class=\"elementor-post__excerpt\">\n\t\t\t<p>Aprender una nueva lengua siempre es una gran oportunidad para enriquecer tu cultura general. Pero tambi\u00e9n para ampliar tus oportunidades. Por eso, hacerlo es un<\/p>\n\t\t<\/div>\n\t\t\t\t\t<a class=\"elementor-post__read-more\" href=\"https:\/\/www.pro-corp.net\/bck\/estudiar-portugues\/\" >\n\t\t\t\tRead More \u00bb\t\t\t<\/a>\n\t\t\t\t<\/div>\n\t\t\t\t\t<\/div>\n\t\t<\/article>\n\t\t\t\t<article class=\"elementor-post elementor-grid-item post-5826 post type-post status-publish format-standard has-post-thumbnail hentry category-emigrar-a-espana tag-economia-de-espana tag-vivir-en-espana\">\n\t\t\t<div class=\"elementor-post__card\">\n\t\t\t\t<a class=\"elementor-post__thumbnail__link\" href=\"https:\/\/www.pro-corp.net\/bck\/costumbres-y-tradiciones-de-espana\/\" ><div class=\"elementor-post__thumbnail\"><img width=\"300\" height=\"200\" src=\"https:\/\/www.pro-corp.net\/bck\/wp-content\/uploads\/2020\/12\/6.-Nov-Familiarizate-con-estas-costumbres-y-tradiciones-de-Espana-para-sentirte-como-en-casa-300x200.jpg\" class=\"attachment-medium size-medium\" alt=\"Costumbres y tradiciones de Espa\u00f1a: familiar\u00edzate con ellas\" loading=\"lazy\" srcset=\"https:\/\/www.pro-corp.net\/bck\/wp-content\/uploads\/2020\/12\/6.-Nov-Familiarizate-con-estas-costumbres-y-tradiciones-de-Espana-para-sentirte-como-en-casa-300x200.jpg 300w, https:\/\/www.pro-corp.net\/bck\/wp-content\/uploads\/2020\/12\/6.-Nov-Familiarizate-con-estas-costumbres-y-tradiciones-de-Espana-para-sentirte-como-en-casa-1024x683.jpg 1024w, https:\/\/www.pro-corp.net\/bck\/wp-content\/uploads\/2020\/12\/6.-Nov-Familiarizate-con-estas-costumbres-y-tradiciones-de-Espana-para-sentirte-como-en-casa-768x512.jpg 768w\" sizes=\"(max-width: 300px) 100vw, 300px\" \/><\/div><\/a>\n\t\t\t\t<div class=\"elementor-post__badge\">Emigrar a Espa\u00f1a<\/div>\n\t\t\t\t<div class=\"elementor-post__text\">\n\t\t\t\t<h3 class=\"elementor-post__title\">\n\t\t\t<a href=\"https:\/\/www.pro-corp.net\/bck\/costumbres-y-tradiciones-de-espana\/\" >\n\t\t\t\tCostumbres y tradiciones de Espa\u00f1a: descubre su riqueza cultural\t\t\t<\/a>\n\t\t<\/h3>\n\t\t\t\t<div class=\"elementor-post__excerpt\">\n\t\t\t<p>Es importante que te familiarices con las costumbres y tradiciones de Espa\u00f1a si vas a viajar o decidiste mudarte a ese pa\u00eds. Eso te ayudar\u00e1<\/p>\n\t\t<\/div>\n\t\t\t\t\t<a class=\"elementor-post__read-more\" href=\"https:\/\/www.pro-corp.net\/bck\/costumbres-y-tradiciones-de-espana\/\" >\n\t\t\t\tRead More \u00bb\t\t\t<\/a>\n\t\t\t\t<\/div>\n\t\t\t\t\t<\/div>\n\t\t<\/article>\n\t\t\t\t<article class=\"elementor-post elementor-grid-item post-5822 post type-post status-publish format-standard has-post-thumbnail hentry category-ciudadania-europea tag-ciudadania-espanola tag-sefardi\">\n\t\t\t<div class=\"elementor-post__card\">\n\t\t\t\t<a class=\"elementor-post__thumbnail__link\" href=\"https:\/\/www.pro-corp.net\/bck\/apostilla-de-la-haya\/\" ><div class=\"elementor-post__thumbnail\"><img width=\"300\" height=\"300\" src=\"https:\/\/www.pro-corp.net\/bck\/wp-content\/uploads\/2020\/12\/8.-Nov-\u00bfEn-que-consiste-la-apostilla-de-La-Haya-y-por-que-es-tan-importante-para-el-tramite-de-tu-nacionalidad-portuguesa-300x300.jpg\" class=\"attachment-medium size-medium\" alt=\"Apostilla de La Haya: \u00bfen qu\u00e9 consiste y por qu\u00e9 es importante para tramitar la nacionalidad portuguesa?\" loading=\"lazy\" srcset=\"https:\/\/www.pro-corp.net\/bck\/wp-content\/uploads\/2020\/12\/8.-Nov-\u00bfEn-que-consiste-la-apostilla-de-La-Haya-y-por-que-es-tan-importante-para-el-tramite-de-tu-nacionalidad-portuguesa-300x300.jpg 300w, https:\/\/www.pro-corp.net\/bck\/wp-content\/uploads\/2020\/12\/8.-Nov-\u00bfEn-que-consiste-la-apostilla-de-La-Haya-y-por-que-es-tan-importante-para-el-tramite-de-tu-nacionalidad-portuguesa-1024x1024.jpg 1024w, https:\/\/www.pro-corp.net\/bck\/wp-content\/uploads\/2020\/12\/8.-Nov-\u00bfEn-que-consiste-la-apostilla-de-La-Haya-y-por-que-es-tan-importante-para-el-tramite-de-tu-nacionalidad-portuguesa-150x150.jpg 150w, https:\/\/www.pro-corp.net\/bck\/wp-content\/uploads\/2020\/12\/8.-Nov-\u00bfEn-que-consiste-la-apostilla-de-La-Haya-y-por-que-es-tan-importante-para-el-tramite-de-tu-nacionalidad-portuguesa-768x768.jpg 768w, https:\/\/www.pro-corp.net\/bck\/wp-content\/uploads\/2020\/12\/8.-Nov-\u00bfEn-que-consiste-la-apostilla-de-La-Haya-y-por-que-es-tan-importante-para-el-tramite-de-tu-nacionalidad-portuguesa-1536x1536.jpg 1536w, https:\/\/www.pro-corp.net\/bck\/wp-content\/uploads\/2020\/12\/8.-Nov-\u00bfEn-que-consiste-la-apostilla-de-La-Haya-y-por-que-es-tan-importante-para-el-tramite-de-tu-nacionalidad-portuguesa-2048x2048.jpg 2048w\" sizes=\"(max-width: 300px) 100vw, 300px\" \/><\/div><\/a>\n\t\t\t\t<div class=\"elementor-post__badge\">Ciudadan\u00eda europea<\/div>\n\t\t\t\t<div class=\"elementor-post__text\">\n\t\t\t\t<h3 class=\"elementor-post__title\">\n\t\t\t<a href=\"https:\/\/www.pro-corp.net\/bck\/apostilla-de-la-haya\/\" >\n\t\t\t\tApostilla de La Haya: \u00bfen qu\u00e9 consiste y por qu\u00e9 es importante para tramitar la nacionalidad portuguesa?\t\t\t<\/a>\n\t\t<\/h3>\n\t\t\t\t<div class=\"elementor-post__excerpt\">\n\t\t\t<p>Quiz\u00e1 alguna vez, al entregar documentaci\u00f3n para un tr\u00e1mite, te solicitaron \u201capostillar\u201d algunos certificados. Pero \u00bfqu\u00e9 es la apostilla de La Haya? \u00bfPara qu\u00e9 sirve?<\/p>\n\t\t<\/div>\n\t\t\t\t\t<a class=\"elementor-post__read-more\" href=\"https:\/\/www.pro-corp.net\/bck\/apostilla-de-la-haya\/\" >\n\t\t\t\tRead More \u00bb\t\t\t<\/a>\n\t\t\t\t<\/div>\n\t\t\t\t\t<\/div>\n\t\t<\/article>\n\t\t\t\t<article class=\"elementor-post elementor-grid-item post-5759 post type-post status-publish format-standard has-post-thumbnail hentry category-emigrar-a-portugal tag-nacionalidad-portuguesa\">\n\t\t\t<div class=\"elementor-post__card\">\n\t\t\t\t<a class=\"elementor-post__thumbnail__link\" href=\"https:\/\/www.pro-corp.net\/bck\/cultura-de-portugal\/\" ><div class=\"elementor-post__thumbnail\"><img width=\"300\" height=\"200\" src=\"https:\/\/www.pro-corp.net\/bck\/wp-content\/uploads\/2020\/11\/9.-Oct-Cultura-de-Portugal-seguridad-urbana-y-normas-de-comportamiento-que-todo-ciudadano-portugues-deberia-cumplir-300x200.jpg\" class=\"attachment-medium size-medium\" alt=\"Cultura de Portugal: normas de comportamiento y seguridad\" loading=\"lazy\" srcset=\"https:\/\/www.pro-corp.net\/bck\/wp-content\/uploads\/2020\/11\/9.-Oct-Cultura-de-Portugal-seguridad-urbana-y-normas-de-comportamiento-que-todo-ciudadano-portugues-deberia-cumplir-300x200.jpg 300w, https:\/\/www.pro-corp.net\/bck\/wp-content\/uploads\/2020\/11\/9.-Oct-Cultura-de-Portugal-seguridad-urbana-y-normas-de-comportamiento-que-todo-ciudadano-portugues-deberia-cumplir-1024x683.jpg 1024w, https:\/\/www.pro-corp.net\/bck\/wp-content\/uploads\/2020\/11\/9.-Oct-Cultura-de-Portugal-seguridad-urbana-y-normas-de-comportamiento-que-todo-ciudadano-portugues-deberia-cumplir-768x512.jpg 768w, https:\/\/www.pro-corp.net\/bck\/wp-content\/uploads\/2020\/11\/9.-Oct-Cultura-de-Portugal-seguridad-urbana-y-normas-de-comportamiento-que-todo-ciudadano-portugues-deberia-cumplir-1536x1024.jpg 1536w, https:\/\/www.pro-corp.net\/bck\/wp-content\/uploads\/2020\/11\/9.-Oct-Cultura-de-Portugal-seguridad-urbana-y-normas-de-comportamiento-que-todo-ciudadano-portugues-deberia-cumplir-2048x1365.jpg 2048w\" sizes=\"(max-width: 300px) 100vw, 300px\" \/><\/div><\/a>\n\t\t\t\t<div class=\"elementor-post__badge\">Emigrar a Portugal<\/div>\n\t\t\t\t<div class=\"elementor-post__text\">\n\t\t\t\t<h3 class=\"elementor-post__title\">\n\t\t\t<a href=\"https:\/\/www.pro-corp.net\/bck\/cultura-de-portugal\/\" >\n\t\t\t\tCultura de Portugal: normas de comportamiento y seguridad\t\t\t<\/a>\n\t\t<\/h3>\n\t\t\t\t<div class=\"elementor-post__excerpt\">\n\t\t\t<p>La cultura de Portugal es fascinante. Si est\u00e1s pensando en adquirir la nacionalidad portuguesa y vivir en Portugal, o viajar all\u00ed durante tus vacaciones, te<\/p>\n\t\t<\/div>\n\t\t\t\t\t<a class=\"elementor-post__read-more\" href=\"https:\/\/www.pro-corp.net\/bck\/cultura-de-portugal\/\" >\n\t\t\t\tRead More \u00bb\t\t\t<\/a>\n\t\t\t\t<\/div>\n\t\t\t\t\t<\/div>\n\t\t<\/article>\n\t\t\t\t<article class=\"elementor-post elementor-grid-item post-5756 post type-post status-publish format-standard has-post-thumbnail hentry category-emigrar-a-espana tag-precio-de-vida-en-espana tag-trabajar-en-espana tag-vivir-en-espana\">\n\t\t\t<div class=\"elementor-post__card\">\n\t\t\t\t<a class=\"elementor-post__thumbnail__link\" href=\"https:\/\/www.pro-corp.net\/bck\/economia-de-espana\/\" ><div class=\"elementor-post__thumbnail\"><img width=\"300\" height=\"200\" src=\"https:\/\/www.pro-corp.net\/bck\/wp-content\/uploads\/2020\/11\/La-economia-de-Espana-y-sus-oportunidades-para-los-latinoamericanos-300x200.jpg\" class=\"attachment-medium size-medium\" alt=\"La econom\u00eda de Espa\u00f1a y sus oportunidades para los latinoamericanos\" loading=\"lazy\" srcset=\"https:\/\/www.pro-corp.net\/bck\/wp-content\/uploads\/2020\/11\/La-economia-de-Espana-y-sus-oportunidades-para-los-latinoamericanos-300x200.jpg 300w, https:\/\/www.pro-corp.net\/bck\/wp-content\/uploads\/2020\/11\/La-economia-de-Espana-y-sus-oportunidades-para-los-latinoamericanos-1024x681.jpg 1024w, https:\/\/www.pro-corp.net\/bck\/wp-content\/uploads\/2020\/11\/La-economia-de-Espana-y-sus-oportunidades-para-los-latinoamericanos-768x511.jpg 768w, https:\/\/www.pro-corp.net\/bck\/wp-content\/uploads\/2020\/11\/La-economia-de-Espana-y-sus-oportunidades-para-los-latinoamericanos-1536x1022.jpg 1536w, https:\/\/www.pro-corp.net\/bck\/wp-content\/uploads\/2020\/11\/La-economia-de-Espana-y-sus-oportunidades-para-los-latinoamericanos-2048x1363.jpg 2048w\" sizes=\"(max-width: 300px) 100vw, 300px\" \/><\/div><\/a>\n\t\t\t\t<div class=\"elementor-post__badge\">Emigrar a Espa\u00f1a<\/div>\n\t\t\t\t<div class=\"elementor-post__text\">\n\t\t\t\t<h3 class=\"elementor-post__title\">\n\t\t\t<a href=\"https:\/\/www.pro-corp.net\/bck\/economia-de-espana\/\" >\n\t\t\t\tLa econom\u00eda de Espa\u00f1a y sus oportunidades para los latinoamericanos\t\t\t<\/a>\n\t\t<\/h3>\n\t\t\t\t<div class=\"elementor-post__excerpt\">\n\t\t\t<p>\u00bfQuieres conocer la econom\u00eda de Espa\u00f1a? Si piensas visitar el pa\u00eds, invertir o jubilarte en \u00e9l, te contamos su situaci\u00f3n econ\u00f3mica y las oportunidades que<\/p>\n\t\t<\/div>\n\t\t\t\t\t<a class=\"elementor-post__read-more\" href=\"https:\/\/www.pro-corp.net\/bck\/economia-de-espana\/\" >\n\t\t\t\tRead More \u00bb\t\t\t<\/a>\n\t\t\t\t<\/div>\n\t\t\t\t\t<\/div>\n\t\t<\/article>\n\t\t\t\t<article class=\"elementor-post elementor-grid-item post-5748 post type-post status-publish format-standard has-post-thumbnail hentry category-emigrar-a-portugal tag-sefardi\">\n\t\t\t<div class=\"elementor-post__card\">\n\t\t\t\t<a class=\"elementor-post__thumbnail__link\" href=\"https:\/\/www.pro-corp.net\/bck\/ciudadania-espanola\/\" ><div class=\"elementor-post__thumbnail\"><img width=\"300\" height=\"200\" src=\"https:\/\/www.pro-corp.net\/bck\/wp-content\/uploads\/2020\/11\/\u00bfCuales-son-las-alternativas-si-no-alcanzaste-a-optar-por-la-ciudadania-espanola-\u00a1Piensa-en-Portugal-300x200.jpg\" class=\"attachment-medium size-medium\" alt=\"Portugal: alternativa a la ciudadan\u00eda espa\u00f1ola por origen judeosefard\u00ed\" loading=\"lazy\" srcset=\"https:\/\/www.pro-corp.net\/bck\/wp-content\/uploads\/2020\/11\/\u00bfCuales-son-las-alternativas-si-no-alcanzaste-a-optar-por-la-ciudadania-espanola-\u00a1Piensa-en-Portugal-300x200.jpg 300w, https:\/\/www.pro-corp.net\/bck\/wp-content\/uploads\/2020\/11\/\u00bfCuales-son-las-alternativas-si-no-alcanzaste-a-optar-por-la-ciudadania-espanola-\u00a1Piensa-en-Portugal-1024x683.jpg 1024w, https:\/\/www.pro-corp.net\/bck\/wp-content\/uploads\/2020\/11\/\u00bfCuales-son-las-alternativas-si-no-alcanzaste-a-optar-por-la-ciudadania-espanola-\u00a1Piensa-en-Portugal-768x513.jpg 768w, https:\/\/www.pro-corp.net\/bck\/wp-content\/uploads\/2020\/11\/\u00bfCuales-son-las-alternativas-si-no-alcanzaste-a-optar-por-la-ciudadania-espanola-\u00a1Piensa-en-Portugal-1536x1025.jpg 1536w, https:\/\/www.pro-corp.net\/bck\/wp-content\/uploads\/2020\/11\/\u00bfCuales-son-las-alternativas-si-no-alcanzaste-a-optar-por-la-ciudadania-espanola-\u00a1Piensa-en-Portugal-2048x1367.jpg 2048w\" sizes=\"(max-width: 300px) 100vw, 300px\" \/><\/div><\/a>\n\t\t\t\t<div class=\"elementor-post__badge\">Emigrar a Portugal<\/div>\n\t\t\t\t<div class=\"elementor-post__text\">\n\t\t\t\t<h3 class=\"elementor-post__title\">\n\t\t\t<a href=\"https:\/\/www.pro-corp.net\/bck\/ciudadania-espanola\/\" >\n\t\t\t\tPortugal: una alternativa a la ciudadan\u00eda espa\u00f1ola por ley sefard\u00ed\t\t\t<\/a>\n\t\t<\/h3>\n\t\t\t\t<div class=\"elementor-post__excerpt\">\n\t\t\t<p>\u00bfQuisiste obtener la ciudadan\u00eda espa\u00f1ola, pero no llegaste a tiempo? \u00bfHas pensado en solicitar la nacionalidad portuguesa? En 1492, los Reyes Cat\u00f3licos expulsaron de Espa\u00f1a<\/p>\n\t\t<\/div>\n\t\t\t\t\t<a class=\"elementor-post__read-more\" href=\"https:\/\/www.pro-corp.net\/bck\/ciudadania-espanola\/\" >\n\t\t\t\tRead More \u00bb\t\t\t<\/a>\n\t\t\t\t<\/div>\n\t\t\t\t\t<\/div>\n\t\t<\/article>\n\t\t\t\t<article class=\"elementor-post elementor-grid-item post-5652 post type-post status-publish format-standard has-post-thumbnail hentry category-emigrar-a-espana tag-ley-sefardi tag-nacionalidad-espanola-sefardi tag-sefardies\">\n\t\t\t<div class=\"elementor-post__card\">\n\t\t\t\t<a class=\"elementor-post__thumbnail__link\" href=\"https:\/\/www.pro-corp.net\/bck\/comunicado-pro-corp\/\" ><div class=\"elementor-post__thumbnail\"><img width=\"300\" height=\"169\" src=\"https:\/\/www.pro-corp.net\/bck\/wp-content\/uploads\/2020\/11\/shutterstock_136093154-1280x720-1-300x169.jpg\" class=\"attachment-medium size-medium\" alt=\"Comunicado Pro-corp\" loading=\"lazy\" srcset=\"https:\/\/www.pro-corp.net\/bck\/wp-content\/uploads\/2020\/11\/shutterstock_136093154-1280x720-1-300x169.jpg 300w, https:\/\/www.pro-corp.net\/bck\/wp-content\/uploads\/2020\/11\/shutterstock_136093154-1280x720-1-1024x576.jpg 1024w, https:\/\/www.pro-corp.net\/bck\/wp-content\/uploads\/2020\/11\/shutterstock_136093154-1280x720-1-768x432.jpg 768w, https:\/\/www.pro-corp.net\/bck\/wp-content\/uploads\/2020\/11\/shutterstock_136093154-1280x720-1.jpg 1280w\" sizes=\"(max-width: 300px) 100vw, 300px\" \/><\/div><\/a>\n\t\t\t\t<div class=\"elementor-post__badge\">Emigrar a Espa\u00f1a<\/div>\n\t\t\t\t<div class=\"elementor-post__text\">\n\t\t\t\t<h3 class=\"elementor-post__title\">\n\t\t\t<a href=\"https:\/\/www.pro-corp.net\/bck\/comunicado-pro-corp\/\" >\n\t\t\t\tComunicado de Pro Corp respecto a las noticias sobre la Circular de la Direcci\u00f3n General de Seguridad Jur\u00eddica y Fe P\u00fablica con relaci\u00f3n a la documentaci\u00f3n de los expedientes de nacionalidad Espa\u00f1ola por ascendencia sefard\u00ed (Ley 12\/2015).\t\t\t<\/a>\n\t\t<\/h3>\n\t\t\t\t<div class=\"elementor-post__excerpt\">\n\t\t\t\t\t<\/div>\n\t\t\t\t\t<a class=\"elementor-post__read-more\" href=\"https:\/\/www.pro-corp.net\/bck\/comunicado-pro-corp\/\" >\n\t\t\t\tRead More \u00bb\t\t\t<\/a>\n\t\t\t\t<\/div>\n\t\t\t\t\t<\/div>\n\t\t<\/article>\n\t\t\t\t<article class=\"elementor-post elementor-grid-item post-5646 post type-post status-publish format-standard has-post-thumbnail hentry category-ciudadania-europea tag-beneficios-de-trabajar-en-europa-con-pasaporte-europeo tag-mercados-laborales tag-oportunidades-laborales tag-union-europea\">\n\t\t\t<div class=\"elementor-post__card\">\n\t\t\t\t<a class=\"elementor-post__thumbnail__link\" href=\"https:\/\/www.pro-corp.net\/bck\/trabajar-en-europa\/\" ><div class=\"elementor-post__thumbnail\"><img width=\"300\" height=\"169\" src=\"https:\/\/www.pro-corp.net\/bck\/wp-content\/uploads\/2020\/11\/2.-Ago-Beneficios-profesionales-de-trabajar-en-Europa-de-manera-permanente-300x169.jpg\" class=\"attachment-medium size-medium\" alt=\"Trabajar en Europa\" loading=\"lazy\" srcset=\"https:\/\/www.pro-corp.net\/bck\/wp-content\/uploads\/2020\/11\/2.-Ago-Beneficios-profesionales-de-trabajar-en-Europa-de-manera-permanente-300x169.jpg 300w, https:\/\/www.pro-corp.net\/bck\/wp-content\/uploads\/2020\/11\/2.-Ago-Beneficios-profesionales-de-trabajar-en-Europa-de-manera-permanente-1024x577.jpg 1024w, https:\/\/www.pro-corp.net\/bck\/wp-content\/uploads\/2020\/11\/2.-Ago-Beneficios-profesionales-de-trabajar-en-Europa-de-manera-permanente-768x433.jpg 768w, https:\/\/www.pro-corp.net\/bck\/wp-content\/uploads\/2020\/11\/2.-Ago-Beneficios-profesionales-de-trabajar-en-Europa-de-manera-permanente-1536x865.jpg 1536w, https:\/\/www.pro-corp.net\/bck\/wp-content\/uploads\/2020\/11\/2.-Ago-Beneficios-profesionales-de-trabajar-en-Europa-de-manera-permanente-2048x1154.jpg 2048w\" sizes=\"(max-width: 300px) 100vw, 300px\" \/><\/div><\/a>\n\t\t\t\t<div class=\"elementor-post__badge\">Ciudadan\u00eda europea<\/div>\n\t\t\t\t<div class=\"elementor-post__text\">\n\t\t\t\t<h3 class=\"elementor-post__title\">\n\t\t\t<a href=\"https:\/\/www.pro-corp.net\/bck\/trabajar-en-europa\/\" >\n\t\t\t\tTrabajar en Europa de manera permanente: \u00bfconoces sus beneficios?\t\t\t<\/a>\n\t\t<\/h3>\n\t\t\t\t<div class=\"elementor-post__excerpt\">\n\t\t\t<p>Los pa\u00edses de Europa son una de las mayores fuentes culturales y de bienestar que existen en el mundo. \u00bfTe interesa emigrar y trabajar en<\/p>\n\t\t<\/div>\n\t\t\t\t\t<a class=\"elementor-post__read-more\" href=\"https:\/\/www.pro-corp.net\/bck\/trabajar-en-europa\/\" >\n\t\t\t\tRead More \u00bb\t\t\t<\/a>\n\t\t\t\t<\/div>\n\t\t\t\t\t<\/div>\n\t\t<\/article>\n\t\t\t\t<article class=\"elementor-post elementor-grid-item post-5493 post type-post status-publish format-standard has-post-thumbnail hentry category-emigrar-a-portugal tag-ascendencia-sefardi tag-documentacion-necesaria tag-proceso-de-solicitud tag-solicitar-la-nacionalidad tag-union-europea\">\n\t\t\t<div class=\"elementor-post__card\">\n\t\t\t\t<a class=\"elementor-post__thumbnail__link\" href=\"https:\/\/www.pro-corp.net\/bck\/nacionalidad-portuguesa\/\" ><div class=\"elementor-post__thumbnail\"><img width=\"300\" height=\"200\" src=\"https:\/\/www.pro-corp.net\/bck\/wp-content\/uploads\/2020\/10\/6.-Ago-Nacionalidad-portuguesa-conoce-lo-que-este-pais-europeo-tiene-para-ofrecerte-300x200.jpg\" class=\"attachment-medium size-medium\" alt=\"Nacionalidad portuguesa\" loading=\"lazy\" srcset=\"https:\/\/www.pro-corp.net\/bck\/wp-content\/uploads\/2020\/10\/6.-Ago-Nacionalidad-portuguesa-conoce-lo-que-este-pais-europeo-tiene-para-ofrecerte-300x200.jpg 300w, https:\/\/www.pro-corp.net\/bck\/wp-content\/uploads\/2020\/10\/6.-Ago-Nacionalidad-portuguesa-conoce-lo-que-este-pais-europeo-tiene-para-ofrecerte-1024x683.jpg 1024w, https:\/\/www.pro-corp.net\/bck\/wp-content\/uploads\/2020\/10\/6.-Ago-Nacionalidad-portuguesa-conoce-lo-que-este-pais-europeo-tiene-para-ofrecerte-768x512.jpg 768w, https:\/\/www.pro-corp.net\/bck\/wp-content\/uploads\/2020\/10\/6.-Ago-Nacionalidad-portuguesa-conoce-lo-que-este-pais-europeo-tiene-para-ofrecerte-1536x1025.jpg 1536w, https:\/\/www.pro-corp.net\/bck\/wp-content\/uploads\/2020\/10\/6.-Ago-Nacionalidad-portuguesa-conoce-lo-que-este-pais-europeo-tiene-para-ofrecerte-2048x1366.jpg 2048w\" sizes=\"(max-width: 300px) 100vw, 300px\" \/><\/div><\/a>\n\t\t\t\t<div class=\"elementor-post__badge\">Emigrar a Portugal<\/div>\n\t\t\t\t<div class=\"elementor-post__text\">\n\t\t\t\t<h3 class=\"elementor-post__title\">\n\t\t\t<a href=\"https:\/\/www.pro-corp.net\/bck\/nacionalidad-portuguesa\/\" >\n\t\t\t\tEstos son los beneficios de obtener la nacionalidad portuguesa\t\t\t<\/a>\n\t\t<\/h3>\n\t\t\t\t<div class=\"elementor-post__excerpt\">\n\t\t\t<p>Portugal se ha convertido en el destino preferido por muchas personas que buscan una vida estable y m\u00e1s tranquila. Este pa\u00eds ofrece una gran cantidad<\/p>\n\t\t<\/div>\n\t\t\t\t\t<a class=\"elementor-post__read-more\" href=\"https:\/\/www.pro-corp.net\/bck\/nacionalidad-portuguesa\/\" >\n\t\t\t\tRead More \u00bb\t\t\t<\/a>\n\t\t\t\t<\/div>\n\t\t\t\t\t<\/div>\n\t\t<\/article>\n\t\t\t\t<article class=\"elementor-post elementor-grid-item post-5488 post type-post status-publish format-standard has-post-thumbnail hentry category-emigrar-a-espana tag-calidad-de-vida tag-calidad-de-vida-en-europa tag-ciudadanos-de-la-union-europea tag-vida-en-espana tag-vivir-en-europa\">\n\t\t\t<div class=\"elementor-post__card\">\n\t\t\t\t<a class=\"elementor-post__thumbnail__link\" href=\"https:\/\/www.pro-corp.net\/bck\/vivir-en-espana\/\" ><div class=\"elementor-post__thumbnail\"><img width=\"300\" height=\"200\" src=\"https:\/\/www.pro-corp.net\/bck\/wp-content\/uploads\/2020\/10\/10.-Ago-Oportunidades-para-tu-futuro-y-el-de-tus-hijos-al-vivir-en-Espana-300x200.jpg\" class=\"attachment-medium size-medium\" alt=\"Vivir en Espa\u00f1a\" loading=\"lazy\" srcset=\"https:\/\/www.pro-corp.net\/bck\/wp-content\/uploads\/2020\/10\/10.-Ago-Oportunidades-para-tu-futuro-y-el-de-tus-hijos-al-vivir-en-Espana-300x200.jpg 300w, https:\/\/www.pro-corp.net\/bck\/wp-content\/uploads\/2020\/10\/10.-Ago-Oportunidades-para-tu-futuro-y-el-de-tus-hijos-al-vivir-en-Espana-1024x681.jpg 1024w, https:\/\/www.pro-corp.net\/bck\/wp-content\/uploads\/2020\/10\/10.-Ago-Oportunidades-para-tu-futuro-y-el-de-tus-hijos-al-vivir-en-Espana-768x511.jpg 768w, https:\/\/www.pro-corp.net\/bck\/wp-content\/uploads\/2020\/10\/10.-Ago-Oportunidades-para-tu-futuro-y-el-de-tus-hijos-al-vivir-en-Espana-1536x1022.jpg 1536w, https:\/\/www.pro-corp.net\/bck\/wp-content\/uploads\/2020\/10\/10.-Ago-Oportunidades-para-tu-futuro-y-el-de-tus-hijos-al-vivir-en-Espana-2048x1363.jpg 2048w\" sizes=\"(max-width: 300px) 100vw, 300px\" \/><\/div><\/a>\n\t\t\t\t<div class=\"elementor-post__badge\">Emigrar a Espa\u00f1a<\/div>\n\t\t\t\t<div class=\"elementor-post__text\">\n\t\t\t\t<h3 class=\"elementor-post__title\">\n\t\t\t<a href=\"https:\/\/www.pro-corp.net\/bck\/vivir-en-espana\/\" >\n\t\t\t\t6 razones para que descubras por qu\u00e9 vivir en Espa\u00f1a es una buena idea\t\t\t<\/a>\n\t\t<\/h3>\n\t\t\t\t<div class=\"elementor-post__excerpt\">\n\t\t\t<p>Una gastronom\u00eda sinigual, un clima envidiable, oportunidades laborales e instituciones educativas de primer nivel hacen que vivir en Espa\u00f1a sea toda una experiencia. Y es<\/p>\n\t\t<\/div>\n\t\t\t\t\t<a class=\"elementor-post__read-more\" href=\"https:\/\/www.pro-corp.net\/bck\/vivir-en-espana\/\" >\n\t\t\t\tRead More \u00bb\t\t\t<\/a>\n\t\t\t\t<\/div>\n\t\t\t\t\t<\/div>\n\t\t<\/article>\n\t\t\t\t<article class=\"elementor-post elementor-grid-item post-5244 post type-post status-publish format-standard has-post-thumbnail hentry category-emigrar-a-espana tag-espana tag-estado-de-alarma tag-ley-sefardi tag-nacionalidad-espanola tag-sefardi\">\n\t\t\t<div class=\"elementor-post__card\">\n\t\t\t\t<a class=\"elementor-post__thumbnail__link\" href=\"https:\/\/www.pro-corp.net\/bck\/estado-de-alarma\/\" ><div class=\"elementor-post__thumbnail\"><img width=\"300\" height=\"225\" src=\"https:\/\/www.pro-corp.net\/bck\/wp-content\/uploads\/2020\/10\/815707-300x225.jpg\" class=\"attachment-medium size-medium\" alt=\"estado de alarma\" loading=\"lazy\" srcset=\"https:\/\/www.pro-corp.net\/bck\/wp-content\/uploads\/2020\/10\/815707-300x225.jpg 300w, https:\/\/www.pro-corp.net\/bck\/wp-content\/uploads\/2020\/10\/815707-768x576.jpg 768w, https:\/\/www.pro-corp.net\/bck\/wp-content\/uploads\/2020\/10\/815707.jpg 1024w\" sizes=\"(max-width: 300px) 100vw, 300px\" \/><\/div><\/a>\n\t\t\t\t<div class=\"elementor-post__badge\">Emigrar a Espa\u00f1a<\/div>\n\t\t\t\t<div class=\"elementor-post__text\">\n\t\t\t\t<h3 class=\"elementor-post__title\">\n\t\t\t<a href=\"https:\/\/www.pro-corp.net\/bck\/estado-de-alarma\/\" >\n\t\t\t\t\u00bfC\u00f3mo afecta el estado de alarma dictado por el Gobierno de Espa\u00f1a tu proceso de nacionalidad espa\u00f1ola por origen sefard\u00ed?\t\t\t<\/a>\n\t\t<\/h3>\n\t\t\t\t<div class=\"elementor-post__excerpt\">\n\t\t\t<p>Esta semana entr\u00f3 en vigor la nueva medida impuesta por el Gobierno de Espa\u00f1a, en el marco del estado de alarma decretado el pasado domingo<\/p>\n\t\t<\/div>\n\t\t\t\t\t<a class=\"elementor-post__read-more\" href=\"https:\/\/www.pro-corp.net\/bck\/estado-de-alarma\/\" >\n\t\t\t\tRead More \u00bb\t\t\t<\/a>\n\t\t\t\t<\/div>\n\t\t\t\t\t<\/div>\n\t\t<\/article>\n\t\t\t\t<article class=\"elementor-post elementor-grid-item post-5136 post type-post status-publish format-standard has-post-thumbnail hentry category-ciudadania-europea tag-hijos-de-extranjeros tag-hijos-menores tag-nacionalidad-espanola tag-nacionalidad-portuguesa tag-residencia-permanente\">\n\t\t\t<div class=\"elementor-post__card\">\n\t\t\t\t<a class=\"elementor-post__thumbnail__link\" href=\"https:\/\/www.pro-corp.net\/bck\/doble-nacionalidad\/\" ><div class=\"elementor-post__thumbnail\"><img width=\"300\" height=\"200\" src=\"https:\/\/www.pro-corp.net\/bck\/wp-content\/uploads\/2020\/10\/4.-Ago-\u00bfQue-implica-tener-una-doble-nacionalidad-y-por-que-puede-ser-una-ventaja-1-300x200.jpg\" class=\"attachment-medium size-medium\" alt=\"Doble nacionalidad\" loading=\"lazy\" srcset=\"https:\/\/www.pro-corp.net\/bck\/wp-content\/uploads\/2020\/10\/4.-Ago-\u00bfQue-implica-tener-una-doble-nacionalidad-y-por-que-puede-ser-una-ventaja-1-300x200.jpg 300w, https:\/\/www.pro-corp.net\/bck\/wp-content\/uploads\/2020\/10\/4.-Ago-\u00bfQue-implica-tener-una-doble-nacionalidad-y-por-que-puede-ser-una-ventaja-1-1024x682.jpg 1024w, https:\/\/www.pro-corp.net\/bck\/wp-content\/uploads\/2020\/10\/4.-Ago-\u00bfQue-implica-tener-una-doble-nacionalidad-y-por-que-puede-ser-una-ventaja-1-768x512.jpg 768w, https:\/\/www.pro-corp.net\/bck\/wp-content\/uploads\/2020\/10\/4.-Ago-\u00bfQue-implica-tener-una-doble-nacionalidad-y-por-que-puede-ser-una-ventaja-1.jpg 1280w\" sizes=\"(max-width: 300px) 100vw, 300px\" \/><\/div><\/a>\n\t\t\t\t<div class=\"elementor-post__badge\">Ciudadan\u00eda europea<\/div>\n\t\t\t\t<div class=\"elementor-post__text\">\n\t\t\t\t<h3 class=\"elementor-post__title\">\n\t\t\t<a href=\"https:\/\/www.pro-corp.net\/bck\/doble-nacionalidad\/\" >\n\t\t\t\tDoble nacionalidad: \u00bfqu\u00e9 implica tener una y porqu\u00e9 puede ser una ventaja?\t\t\t<\/a>\n\t\t<\/h3>\n\t\t\t\t<div class=\"elementor-post__excerpt\">\n\t\t\t<p>Probablemente habr\u00e1s escuchado el t\u00e9rmino doble nacionalidad en alg\u00fan momento de tu vida, o habr\u00e1s conocido a alguien que la tenga. Por lo que podr\u00e1s<\/p>\n\t\t<\/div>\n\t\t\t\t\t<a class=\"elementor-post__read-more\" href=\"https:\/\/www.pro-corp.net\/bck\/doble-nacionalidad\/\" >\n\t\t\t\tRead More \u00bb\t\t\t<\/a>\n\t\t\t\t<\/div>\n\t\t\t\t\t<\/div>\n\t\t<\/article>\n\t\t\t\t<article class=\"elementor-post elementor-grid-item post-4569 post type-post status-publish format-standard has-post-thumbnail hentry category-ciudadania-europea tag-comunidades-judias tag-concesion-de-la-nacionalidad tag-gobierno-espanol tag-ley-de-nacionalidad-para-sefardies tag-nacionalidad-espanola-sefardi tag-nacionalidad-portuguesa-sefardi tag-origen-sefardi\">\n\t\t\t<div class=\"elementor-post__card\">\n\t\t\t\t<a class=\"elementor-post__thumbnail__link\" href=\"https:\/\/www.pro-corp.net\/bck\/sefardi\/\" ><div class=\"elementor-post__thumbnail\"><img width=\"300\" height=\"214\" src=\"https:\/\/www.pro-corp.net\/bck\/wp-content\/uploads\/2021\/10\/11.-Ago-Todo-lo-que-debes-saber-sobre-el-origen-sefardi-en-Espana-y-Portugal-scaled-1-300x214.webp\" class=\"attachment-medium size-medium\" alt=\"Sefard\u00ed\" loading=\"lazy\" srcset=\"https:\/\/www.pro-corp.net\/bck\/wp-content\/uploads\/2021\/10\/11.-Ago-Todo-lo-que-debes-saber-sobre-el-origen-sefardi-en-Espana-y-Portugal-scaled-1-300x214.webp 300w, https:\/\/www.pro-corp.net\/bck\/wp-content\/uploads\/2021\/10\/11.-Ago-Todo-lo-que-debes-saber-sobre-el-origen-sefardi-en-Espana-y-Portugal-scaled-1-1024x732.webp 1024w, https:\/\/www.pro-corp.net\/bck\/wp-content\/uploads\/2021\/10\/11.-Ago-Todo-lo-que-debes-saber-sobre-el-origen-sefardi-en-Espana-y-Portugal-scaled-1-768x549.webp 768w, https:\/\/www.pro-corp.net\/bck\/wp-content\/uploads\/2021\/10\/11.-Ago-Todo-lo-que-debes-saber-sobre-el-origen-sefardi-en-Espana-y-Portugal-scaled-1.webp 1280w\" sizes=\"(max-width: 300px) 100vw, 300px\" \/><\/div><\/a>\n\t\t\t\t<div class=\"elementor-post__badge\">Ciudadan\u00eda europea<\/div>\n\t\t\t\t<div class=\"elementor-post__text\">\n\t\t\t\t<h3 class=\"elementor-post__title\">\n\t\t\t<a href=\"https:\/\/www.pro-corp.net\/bck\/sefardi\/\" >\n\t\t\t\tSefard\u00ed: el origen que te permite la concesi\u00f3n de la nacionalidad espa\u00f1ola o portuguesa\t\t\t<\/a>\n\t\t<\/h3>\n\t\t\t\t<div class=\"elementor-post__excerpt\">\n\t\t\t<p>\u00bfTienes apellido de origen sefard\u00ed? En este art\u00edculo te explicamos todo lo que deber\u00edas saber sobre la historia de esta comunidad jud\u00eda. Adem\u00e1s, te contamos<\/p>\n\t\t<\/div>\n\t\t\t\t\t<a class=\"elementor-post__read-more\" href=\"https:\/\/www.pro-corp.net\/bck\/sefardi\/\" >\n\t\t\t\tRead More \u00bb\t\t\t<\/a>\n\t\t\t\t<\/div>\n\t\t\t\t\t<\/div>\n\t\t<\/article>\n\t\t\t\t<article class=\"elementor-post elementor-grid-item post-4151 post type-post status-publish format-standard has-post-thumbnail hentry category-vivir-en-europa tag-educacion-e-investigacion tag-union-europea tag-universidades-espanolas\">\n\t\t\t<div class=\"elementor-post__card\">\n\t\t\t\t<a class=\"elementor-post__thumbnail__link\" href=\"https:\/\/www.pro-corp.net\/bck\/universidades-europeas\/\" ><div class=\"elementor-post__thumbnail\"><img width=\"300\" height=\"188\" src=\"https:\/\/www.pro-corp.net\/bck\/wp-content\/uploads\/2020\/09\/7.-Ago-Las-mejores-universidades-europeas-para-hacer-un-posgrado-300x188.jpg\" class=\"attachment-medium size-medium\" alt=\"Universidades europeas\" loading=\"lazy\" srcset=\"https:\/\/www.pro-corp.net\/bck\/wp-content\/uploads\/2020\/09\/7.-Ago-Las-mejores-universidades-europeas-para-hacer-un-posgrado-300x188.jpg 300w, https:\/\/www.pro-corp.net\/bck\/wp-content\/uploads\/2020\/09\/7.-Ago-Las-mejores-universidades-europeas-para-hacer-un-posgrado-1024x640.jpg 1024w, https:\/\/www.pro-corp.net\/bck\/wp-content\/uploads\/2020\/09\/7.-Ago-Las-mejores-universidades-europeas-para-hacer-un-posgrado-768x480.jpg 768w, https:\/\/www.pro-corp.net\/bck\/wp-content\/uploads\/2020\/09\/7.-Ago-Las-mejores-universidades-europeas-para-hacer-un-posgrado-1536x960.jpg 1536w, https:\/\/www.pro-corp.net\/bck\/wp-content\/uploads\/2020\/09\/7.-Ago-Las-mejores-universidades-europeas-para-hacer-un-posgrado-2048x1280.jpg 2048w\" sizes=\"(max-width: 300px) 100vw, 300px\" \/><\/div><\/a>\n\t\t\t\t<div class=\"elementor-post__badge\">Vivir en Europa<\/div>\n\t\t\t\t<div class=\"elementor-post__text\">\n\t\t\t\t<h3 class=\"elementor-post__title\">\n\t\t\t<a href=\"https:\/\/www.pro-corp.net\/bck\/universidades-europeas\/\" >\n\t\t\t\tUniversidades europeas: las 10 mejores propuestas para hacer un posgrado en el extranjero\t\t\t<\/a>\n\t\t<\/h3>\n\t\t\t\t<div class=\"elementor-post__excerpt\">\n\t\t\t<p>No es un secreto que, para la mayor\u00eda de los profesionales latinoamericanos, Europa es un destino muy atractivo para realizar estudios de postgrado en el<\/p>\n\t\t<\/div>\n\t\t\t\t\t<a class=\"elementor-post__read-more\" href=\"https:\/\/www.pro-corp.net\/bck\/universidades-europeas\/\" >\n\t\t\t\tRead More \u00bb\t\t\t<\/a>\n\t\t\t\t<\/div>\n\t\t\t\t\t<\/div>\n\t\t<\/article>\n\t\t\t\t<\/div>\n\n\n\t\t\n\t\t\t\t<\/div>\n\t\t\t\t<\/div>\n\t\t\t\t\t\t<\/div>\n\t\t\t\t\t<\/div>\n\t\t<\/div>\n\t\t\t\t\t\t\t\t<\/div>\n\t\t\t\t\t<\/div>\n\t\t<\/section>\n\t\t\t\t\t\t<\/div>\n\t\t\t\t\t\t<\/div>\n\t\t\t\t\t<\/div>\n\t\t","protected":false},"excerpt":{"rendered":"<p>Art\u00edculos de inter\u00e9s<\/p>\n","protected":false},"author":2,"featured_media":0,"parent":2059,"menu_order":0,"comment_status":"closed","ping_status":"closed","template":"","meta":[],"yoast_head":"<!-- This site is optimized with the Yoast SEO plugin v18.2 - https:\/\/yoast.com\/wordpress\/plugins\/seo\/ -->\n<title>Blog - Pro Corp Corporate Development<\/title>\n<meta name=\"description\" content=\"Art\u00edculos de inter\u00e9s\" \/>\n<meta name=\"robots\" content=\"index, follow, max-snippet:-1, max-image-preview:large, max-video-preview:-1\" \/>\n<link rel=\"canonical\" href=\"https:\/\/www.pro-corp.net\/bck\/pro-corp-sas\/soluciones-legales-y-comunitarias\/nacionalidad-europea-por-ley-sefardi\/blog\/\" \/>\n<meta property=\"og:locale\" content=\"es_ES\" \/>\n<meta property=\"og:type\" content=\"article\" \/>\n<meta property=\"og:title\" content=\"Blog - Pro Corp Corporate Development\" \/>\n<meta property=\"og:description\" content=\"Art\u00edculos de inter\u00e9s\" \/>\n<meta property=\"og:url\" content=\"https:\/\/www.pro-corp.net\/bck\/pro-corp-sas\/soluciones-legales-y-comunitarias\/nacionalidad-europea-por-ley-sefardi\/blog\/\" \/>\n<meta property=\"og:site_name\" content=\"Pro Corp Corporate Development\" \/>\n<meta property=\"article:publisher\" content=\"https:\/\/www.facebook.com\/Pro-Corp-Asesoria-legal-y-empresarial-105779337842842\/\" \/>\n<meta property=\"article:modified_time\" content=\"2021-06-21T16:31:43+00:00\" \/>\n<meta property=\"og:image\" content=\"https:\/\/www.pro-corp.net\/bck\/wp-content\/uploads\/2020\/06\/logo-PXRecurso-3.png\" \/>\n\t<meta property=\"og:image:width\" content=\"220\" \/>\n\t<meta property=\"og:image:height\" content=\"41\" \/>\n\t<meta property=\"og:image:type\" content=\"image\/png\" \/>\n<meta name=\"twitter:card\" content=\"summary_large_image\" \/>\n<meta name=\"twitter:site\" content=\"@Pro_Corp\" \/>\n<meta name=\"twitter:label1\" content=\"Tiempo de lectura\" \/>\n\t<meta name=\"twitter:data1\" content=\"25 minutos\" \/>\n<script type=\"application\/ld+json\" class=\"yoast-schema-graph\">{\"@context\":\"https:\/\/schema.org\",\"@graph\":[{\"@type\":\"Organization\",\"@id\":\"https:\/\/www.pro-corp.net\/bck\/#organization\",\"name\":\"Pro Corp Corporate Development\",\"url\":\"https:\/\/www.pro-corp.net\/bck\/\",\"sameAs\":[\"https:\/\/www.facebook.com\/Pro-Corp-Asesoria-legal-y-empresarial-105779337842842\/\",\"https:\/\/twitter.com\/Pro_Corp\"],\"logo\":{\"@type\":\"ImageObject\",\"@id\":\"https:\/\/www.pro-corp.net\/bck\/#logo\",\"inLanguage\":\"es\",\"url\":\"http:\/\/www.pro-corp.net\/bck\/wp-content\/uploads\/2020\/06\/icon.png\",\"contentUrl\":\"http:\/\/www.pro-corp.net\/bck\/wp-content\/uploads\/2020\/06\/icon.png\",\"width\":640,\"height\":640,\"caption\":\"Pro Corp Corporate Development\"},\"image\":{\"@id\":\"https:\/\/www.pro-corp.net\/bck\/#logo\"}},{\"@type\":\"WebSite\",\"@id\":\"https:\/\/www.pro-corp.net\/bck\/#website\",\"url\":\"https:\/\/www.pro-corp.net\/bck\/\",\"name\":\"Pro Corp Corporate Development\",\"description\":\"Nacionalidad Europea por Ley Sefard\u00ed\",\"publisher\":{\"@id\":\"https:\/\/www.pro-corp.net\/bck\/#organization\"},\"potentialAction\":[{\"@type\":\"SearchAction\",\"target\":{\"@type\":\"EntryPoint\",\"urlTemplate\":\"https:\/\/www.pro-corp.net\/bck\/?s={search_term_string}\"},\"query-input\":\"required name=search_term_string\"}],\"inLanguage\":\"es\"},{\"@type\":\"WebPage\",\"@id\":\"https:\/\/www.pro-corp.net\/bck\/pro-corp-sas\/soluciones-legales-y-comunitarias\/nacionalidad-europea-por-ley-sefardi\/blog\/#webpage\",\"url\":\"https:\/\/www.pro-corp.net\/bck\/pro-corp-sas\/soluciones-legales-y-comunitarias\/nacionalidad-europea-por-ley-sefardi\/blog\/\",\"name\":\"Blog - Pro Corp Corporate Development\",\"isPartOf\":{\"@id\":\"https:\/\/www.pro-corp.net\/bck\/#website\"},\"datePublished\":\"2020-10-01T20:26:04+00:00\",\"dateModified\":\"2021-06-21T16:31:43+00:00\",\"description\":\"Art\u00edculos de inter\u00e9s\",\"breadcrumb\":{\"@id\":\"https:\/\/www.pro-corp.net\/bck\/pro-corp-sas\/soluciones-legales-y-comunitarias\/nacionalidad-europea-por-ley-sefardi\/blog\/#breadcrumb\"},\"inLanguage\":\"es\",\"potentialAction\":[{\"@type\":\"ReadAction\",\"target\":[\"https:\/\/www.pro-corp.net\/bck\/pro-corp-sas\/soluciones-legales-y-comunitarias\/nacionalidad-europea-por-ley-sefardi\/blog\/\"]}]},{\"@type\":\"BreadcrumbList\",\"@id\":\"https:\/\/www.pro-corp.net\/bck\/pro-corp-sas\/soluciones-legales-y-comunitarias\/nacionalidad-europea-por-ley-sefardi\/blog\/#breadcrumb\",\"itemListElement\":[{\"@type\":\"ListItem\",\"position\":1,\"name\":\"Pro Corp SAS\",\"item\":\"https:\/\/www.pro-corp.net\/bck\/pro-corp-sas\/\"},{\"@type\":\"ListItem\",\"position\":2,\"name\":\"Soluciones Legales\",\"item\":\"https:\/\/www.pro-corp.net\/bck\/pro-corp-sas\/soluciones-legales-y-comunitarias\/\"},{\"@type\":\"ListItem\",\"position\":3,\"name\":\"Nacionalidad europea por ley sefardi\",\"item\":\"https:\/\/www.pro-corp.net\/bck\/\"},{\"@type\":\"ListItem\",\"position\":4,\"name\":\"Blog\"}]}]}<\/script>\n<!-- \/ Yoast SEO plugin. -->","yoast_head_json":{"title":"Blog - Pro Corp Corporate Development","description":"Art\u00edculos de inter\u00e9s","robots":{"index":"index","follow":"follow","max-snippet":"max-snippet:-1","max-image-preview":"max-image-preview:large","max-video-preview":"max-video-preview:-1"},"canonical":"https:\/\/www.pro-corp.net\/bck\/pro-corp-sas\/soluciones-legales-y-comunitarias\/nacionalidad-europea-por-ley-sefardi\/blog\/","og_locale":"es_ES","og_type":"article","og_title":"Blog - Pro Corp Corporate Development","og_description":"Art\u00edculos de inter\u00e9s","og_url":"https:\/\/www.pro-corp.net\/bck\/pro-corp-sas\/soluciones-legales-y-comunitarias\/nacionalidad-europea-por-ley-sefardi\/blog\/","og_site_name":"Pro Corp Corporate Development","article_publisher":"https:\/\/www.facebook.com\/Pro-Corp-Asesoria-legal-y-empresarial-105779337842842\/","article_modified_time":"2021-06-21T16:31:43+00:00","og_image":[{"width":220,"height":41,"url":"https:\/\/www.pro-corp.net\/bck\/wp-content\/uploads\/2020\/06\/logo-PXRecurso-3.png","type":"image\/png"}],"twitter_card":"summary_large_image","twitter_site":"@Pro_Corp","twitter_misc":{"Tiempo de lectura":"25 minutos"},"schema":{"@context":"https:\/\/schema.org","@graph":[{"@type":"Organization","@id":"https:\/\/www.pro-corp.net\/bck\/#organization","name":"Pro Corp Corporate Development","url":"https:\/\/www.pro-corp.net\/bck\/","sameAs":["https:\/\/www.facebook.com\/Pro-Corp-Asesoria-legal-y-empresarial-105779337842842\/","https:\/\/twitter.com\/Pro_Corp"],"logo":{"@type":"ImageObject","@id":"https:\/\/www.pro-corp.net\/bck\/#logo","inLanguage":"es","url":"http:\/\/www.pro-corp.net\/bck\/wp-content\/uploads\/2020\/06\/icon.png","contentUrl":"http:\/\/www.pro-corp.net\/bck\/wp-content\/uploads\/2020\/06\/icon.png","width":640,"height":640,"caption":"Pro Corp Corporate Development"},"image":{"@id":"https:\/\/www.pro-corp.net\/bck\/#logo"}},{"@type":"WebSite","@id":"https:\/\/www.pro-corp.net\/bck\/#website","url":"https:\/\/www.pro-corp.net\/bck\/","name":"Pro Corp Corporate Development","description":"Nacionalidad Europea por Ley Sefard\u00ed","publisher":{"@id":"https:\/\/www.pro-corp.net\/bck\/#organization"},"potentialAction":[{"@type":"SearchAction","target":{"@type":"EntryPoint","urlTemplate":"https:\/\/www.pro-corp.net\/bck\/?s={search_term_string}"},"query-input":"required name=search_term_string"}],"inLanguage":"es"},{"@type":"WebPage","@id":"https:\/\/www.pro-corp.net\/bck\/pro-corp-sas\/soluciones-legales-y-comunitarias\/nacionalidad-europea-por-ley-sefardi\/blog\/#webpage","url":"https:\/\/www.pro-corp.net\/bck\/pro-corp-sas\/soluciones-legales-y-comunitarias\/nacionalidad-europea-por-ley-sefardi\/blog\/","name":"Blog - Pro Corp Corporate Development","isPartOf":{"@id":"https:\/\/www.pro-corp.net\/bck\/#website"},"datePublished":"2020-10-01T20:26:04+00:00","dateModified":"2021-06-21T16:31:43+00:00","description":"Art\u00edculos de inter\u00e9s","breadcrumb":{"@id":"https:\/\/www.pro-corp.net\/bck\/pro-corp-sas\/soluciones-legales-y-comunitarias\/nacionalidad-europea-por-ley-sefardi\/blog\/#breadcrumb"},"inLanguage":"es","potentialAction":[{"@type":"ReadAction","target":["https:\/\/www.pro-corp.net\/bck\/pro-corp-sas\/soluciones-legales-y-comunitarias\/nacionalidad-europea-por-ley-sefardi\/blog\/"]}]},{"@type":"BreadcrumbList","@id":"https:\/\/www.pro-corp.net\/bck\/pro-corp-sas\/soluciones-legales-y-comunitarias\/nacionalidad-europea-por-ley-sefardi\/blog\/#breadcrumb","itemListElement":[{"@type":"ListItem","position":1,"name":"Pro Corp SAS","item":"https:\/\/www.pro-corp.net\/bck\/pro-corp-sas\/"},{"@type":"ListItem","position":2,"name":"Soluciones Legales","item":"https:\/\/www.pro-corp.net\/bck\/pro-corp-sas\/soluciones-legales-y-comunitarias\/"},{"@type":"ListItem","position":3,"name":"Nacionalidad europea por ley sefardi","item":"https:\/\/www.pro-corp.net\/bck\/"},{"@type":"ListItem","position":4,"name":"Blog"}]}]}},"_links":{"self":[{"href":"https:\/\/www.pro-corp.net\/bck\/wp-json\/wp\/v2\/pages\/4528"}],"collection":[{"href":"https:\/\/www.pro-corp.net\/bck\/wp-json\/wp\/v2\/pages"}],"about":[{"href":"https:\/\/www.pro-corp.net\/bck\/wp-json\/wp\/v2\/types\/page"}],"author":[{"embeddable":true,"href":"https:\/\/www.pro-corp.net\/bck\/wp-json\/wp\/v2\/users\/2"}],"replies":[{"embeddable":true,"href":"https:\/\/www.pro-corp.net\/bck\/wp-json\/wp\/v2\/comments?post=4528"}],"version-history":[{"count":41,"href":"https:\/\/www.pro-corp.net\/bck\/wp-json\/wp\/v2\/pages\/4528\/revisions"}],"predecessor-version":[{"id":8282,"href":"https:\/\/www.pro-corp.net\/bck\/wp-json\/wp\/v2\/pages\/4528\/revisions\/8282"}],"up":[{"embeddable":true,"href":"https:\/\/www.pro-corp.net\/bck\/wp-json\/wp\/v2\/pages\/2059"}],"wp:attachment":[{"href":"https:\/\/www.pro-corp.net\/bck\/wp-json\/wp\/v2\/media?parent=4528"}],"curies":[{"name":"wp","href":"https:\/\/api.w.org\/{rel}","templated":true}]}}