{"id":5280,"date":"2020-10-27T11:20:17","date_gmt":"2020-10-27T16:20:17","guid":{"rendered":"http:\/\/www.pro-corp.net\/bck\/?page_id=5280"},"modified":"2021-10-04T14:47:58","modified_gmt":"2021-10-04T19:47:58","slug":"equipo","status":"publish","type":"page","link":"https:\/\/www.pro-corp.net\/bck\/equipo\/","title":{"rendered":"Equipo"},"content":{"rendered":"\t\t<div data-elementor-type=\"wp-page\" data-elementor-id=\"5280\" class=\"elementor elementor-5280\" data-elementor-settings=\"[]\">\n\t\t\t\t\t\t<div class=\"elementor-inner\">\n\t\t\t\t\t\t\t<div class=\"elementor-section-wrap\">\n\t\t\t\t\t\t\t<section class=\"elementor-section elementor-top-section elementor-element elementor-element-df74b7e elementor-section-boxed elementor-section-height-default elementor-section-height-default\" data-id=\"df74b7e\" data-element_type=\"section\">\n\t\t\t\t\t\t<div class=\"elementor-container elementor-column-gap-default\">\n\t\t\t\t\t\t\t<div class=\"elementor-row\">\n\t\t\t\t\t<div class=\"elementor-column elementor-col-100 elementor-top-column elementor-element elementor-element-9bb31a7\" data-id=\"9bb31a7\" data-element_type=\"column\">\n\t\t\t<div class=\"elementor-column-wrap elementor-element-populated\">\n\t\t\t\t\t\t\t<div class=\"elementor-widget-wrap\">\n\t\t\t\t\t\t<div class=\"elementor-element elementor-element-28732ed elementor-widget elementor-widget-heading\" data-id=\"28732ed\" data-element_type=\"widget\" data-widget_type=\"heading.default\">\n\t\t\t\t<div class=\"elementor-widget-container\">\n\t\t\t<h1 class=\"elementor-heading-title elementor-size-default\"><span style=\"color:#350000\">Conoce nuestros<\/span>\n\n<span style=\"color:#af0808\">gerentes<\/span><\/h1>\t\t<\/div>\n\t\t\t\t<\/div>\n\t\t\t\t\t\t<\/div>\n\t\t\t\t\t<\/div>\n\t\t<\/div>\n\t\t\t\t\t\t\t\t<\/div>\n\t\t\t\t\t<\/div>\n\t\t<\/section>\n\t\t\t\t<section class=\"elementor-section elementor-top-section elementor-element elementor-element-39269a6a elementor-section-content-middle elementor-section-boxed elementor-section-height-default elementor-section-height-default\" data-id=\"39269a6a\" data-element_type=\"section\">\n\t\t\t\t\t\t<div class=\"elementor-container elementor-column-gap-no\">\n\t\t\t\t\t\t\t<div class=\"elementor-row\">\n\t\t\t\t\t<div class=\"elementor-column elementor-col-33 elementor-top-column elementor-element elementor-element-4c6ef8b8\" data-id=\"4c6ef8b8\" data-element_type=\"column\">\n\t\t\t<div class=\"elementor-column-wrap elementor-element-populated\">\n\t\t\t\t\t\t\t<div class=\"elementor-widget-wrap\">\n\t\t\t\t\t\t<div class=\"elementor-element elementor-element-2034173f elementor-vertical-align-middle elementor-position-top elementor-widget elementor-widget-image-box\" data-id=\"2034173f\" data-element_type=\"widget\" data-widget_type=\"image-box.default\">\n\t\t\t\t<div class=\"elementor-widget-container\">\n\t\t\t<div class=\"elementor-image-box-wrapper\"><figure class=\"elementor-image-box-img\"><img width=\"1920\" height=\"2560\" src=\"https:\/\/www.pro-corp.net\/bck\/wp-content\/uploads\/2021\/03\/IMG_3973-scaled.jpg\" class=\"attachment-full size-full\" alt=\"Javier Jaramillo\" loading=\"lazy\" \/><\/figure><div class=\"elementor-image-box-content\"><h3 class=\"elementor-image-box-title\">Javier Jaramillo Sanmiguel<\/h3><p class=\"elementor-image-box-description\">Socio fundador y presidente de Pro Corp<\/p><\/div><\/div>\t\t<\/div>\n\t\t\t\t<\/div>\n\t\t\t\t<div class=\"elementor-element elementor-element-70f91ae1 elementor-widget elementor-widget-text-editor\" data-id=\"70f91ae1\" data-element_type=\"widget\" data-widget_type=\"text-editor.default\">\n\t\t\t\t<div class=\"elementor-widget-container\">\n\t\t\t\t\t\t\t\t<div class=\"elementor-text-editor elementor-clearfix\">\n\t\t\t\t<p>Abogado de la Pontificia Universidad Javeriana, Bogot\u00e1 (Colombia) con una maestr\u00eda en derecho (LL.M.) en Resoluci\u00f3n de Conflictos Internacionales del Institute of International and Development Studies &#8211; University of Geneva (Suiza).<br \/>Idiomas: Espa\u00f1ol, Ingl\u00e9s, Franc\u00e9s*<\/p>\t\t\t\t\t<\/div>\n\t\t\t\t\t\t<\/div>\n\t\t\t\t<\/div>\n\t\t\t\t\t\t<\/div>\n\t\t\t\t\t<\/div>\n\t\t<\/div>\n\t\t\t\t<div class=\"elementor-column elementor-col-33 elementor-top-column elementor-element elementor-element-dcfaa27\" data-id=\"dcfaa27\" data-element_type=\"column\">\n\t\t\t<div class=\"elementor-column-wrap elementor-element-populated\">\n\t\t\t\t\t\t\t<div class=\"elementor-widget-wrap\">\n\t\t\t\t\t\t<div class=\"elementor-element elementor-element-18232f92 elementor-vertical-align-middle elementor-position-top elementor-widget elementor-widget-image-box\" data-id=\"18232f92\" data-element_type=\"widget\" data-widget_type=\"image-box.default\">\n\t\t\t\t<div class=\"elementor-widget-container\">\n\t\t\t<div class=\"elementor-image-box-wrapper\"><figure class=\"elementor-image-box-img\"><img width=\"576\" height=\"685\" src=\"https:\/\/www.pro-corp.net\/bck\/wp-content\/uploads\/2021\/02\/WhatsApp-Image-2021-02-08-at-5.14.49-PM-e1612824294484.jpeg\" class=\"attachment-full size-full\" alt=\"\" loading=\"lazy\" \/><\/figure><div class=\"elementor-image-box-content\"><h3 class=\"elementor-image-box-title\">Luis Sanmiguel valderrama<\/h3><p class=\"elementor-image-box-description\">Socio fundador y Chairman de Pro Corp\n<\/p><\/div><\/div>\t\t<\/div>\n\t\t\t\t<\/div>\n\t\t\t\t<div class=\"elementor-element elementor-element-231ab89c elementor-widget elementor-widget-text-editor\" data-id=\"231ab89c\" data-element_type=\"widget\" data-widget_type=\"text-editor.default\">\n\t\t\t\t<div class=\"elementor-widget-container\">\n\t\t\t\t\t\t\t\t<div class=\"elementor-text-editor elementor-clearfix\">\n\t\t\t\t<p>Ingeniero de la Universidad Javeriana, Bogot\u00e1 (Colombia), postgrado en Din\u00e1mica de Negocios del MIT, Massachusetts (USA), Juntas Directivas Corporativas de Harvard, Massachusetts (USA), y Marketing y Planificaci\u00f3n Estrat\u00e9gica de Texas A&amp;M, Texas (USA).<br \/>Idiomas: Espa\u00f1ol, Ingl\u00e9s.<\/p>\t\t\t\t\t<\/div>\n\t\t\t\t\t\t<\/div>\n\t\t\t\t<\/div>\n\t\t\t\t\t\t<\/div>\n\t\t\t\t\t<\/div>\n\t\t<\/div>\n\t\t\t\t<div class=\"elementor-column elementor-col-33 elementor-top-column elementor-element elementor-element-1c23e902\" data-id=\"1c23e902\" data-element_type=\"column\">\n\t\t\t<div class=\"elementor-column-wrap elementor-element-populated\">\n\t\t\t\t\t\t\t<div class=\"elementor-widget-wrap\">\n\t\t\t\t\t\t<div class=\"elementor-element elementor-element-39a6414f elementor-vertical-align-middle elementor-position-top elementor-widget elementor-widget-image-box\" data-id=\"39a6414f\" data-element_type=\"widget\" data-widget_type=\"image-box.default\">\n\t\t\t\t<div class=\"elementor-widget-container\">\n\t\t\t<div class=\"elementor-image-box-wrapper\"><figure class=\"elementor-image-box-img\"><img width=\"768\" height=\"1024\" src=\"https:\/\/www.pro-corp.net\/bck\/wp-content\/uploads\/2020\/11\/Carina-Correira.jpeg\" class=\"attachment-full size-full\" alt=\"\" loading=\"lazy\" \/><\/figure><div class=\"elementor-image-box-content\"><h3 class=\"elementor-image-box-title\">Carina Vicente Correia<\/h3><p class=\"elementor-image-box-description\">Gerente del \u00e1rea legal en Portugal<\/p><\/div><\/div>\t\t<\/div>\n\t\t\t\t<\/div>\n\t\t\t\t<div class=\"elementor-element elementor-element-2b80b216 elementor-widget elementor-widget-text-editor\" data-id=\"2b80b216\" data-element_type=\"widget\" data-widget_type=\"text-editor.default\">\n\t\t\t\t<div class=\"elementor-widget-container\">\n\t\t\t\t\t\t\t\t<div class=\"elementor-text-editor elementor-clearfix\">\n\t\t\t\t<p>Abogada calificada por el Colegio de Abogados de Portugal, con maestr\u00eda en Derecho de la Universidad de Lusofona, Lisboa (Portugal).<br \/>Idiomas: Portugu\u00e9s, Espa\u00f1ol, Ingl\u00e9s y Alem\u00e1n<\/p>\t\t\t\t\t<\/div>\n\t\t\t\t\t\t<\/div>\n\t\t\t\t<\/div>\n\t\t\t\t\t\t<\/div>\n\t\t\t\t\t<\/div>\n\t\t<\/div>\n\t\t\t\t\t\t\t\t<\/div>\n\t\t\t\t\t<\/div>\n\t\t<\/section>\n\t\t\t\t\t\t<\/div>\n\t\t\t\t\t\t<\/div>\n\t\t\t\t\t<\/div>\n\t\t","protected":false},"excerpt":{"rendered":"<p>Conoce nuestros gerentes Javier Jaramillo Sanmiguel Socio fundador y presidente de Pro Corp Abogado de la Pontificia Universidad Javeriana, Bogot\u00e1 (Colombia) con una maestr\u00eda en derecho (LL.M.) en Resoluci\u00f3n de Conflictos Internacionales del Institute of International and Development Studies &#8211; University of Geneva (Suiza).Idiomas: Espa\u00f1ol, Ingl\u00e9s, Franc\u00e9s* Luis Sanmiguel valderrama Socio fundador y Chairman de [&hellip;]<\/p>\n","protected":false},"author":2,"featured_media":0,"parent":0,"menu_order":0,"comment_status":"closed","ping_status":"closed","template":"","meta":[],"yoast_head":"<!-- This site is optimized with the Yoast SEO plugin v18.2 - https:\/\/yoast.com\/wordpress\/plugins\/seo\/ -->\n<title>Equipo - Pro Corp Corporate Development<\/title>\n<meta name=\"description\" content=\"Conoce nuestros gerentes Javier Jaramillo SanmiguelSocio fundador y presidente de Pro Corp Abogado de la Pontificia Universidad Javeriana, Bogot\u00e1\" \/>\n<meta name=\"robots\" content=\"noindex, nofollow\" \/>\n<meta property=\"og:locale\" content=\"es_ES\" \/>\n<meta property=\"og:type\" content=\"article\" \/>\n<meta property=\"og:title\" content=\"Equipo - Pro Corp Corporate Development\" \/>\n<meta property=\"og:description\" content=\"Conoce nuestros gerentes Javier Jaramillo SanmiguelSocio fundador y presidente de Pro Corp Abogado de la Pontificia Universidad Javeriana, Bogot\u00e1\" \/>\n<meta property=\"og:url\" content=\"https:\/\/www.pro-corp.net\/bck\/equipo\/\" \/>\n<meta property=\"og:site_name\" content=\"Pro Corp Corporate Development\" \/>\n<meta property=\"article:publisher\" content=\"https:\/\/www.facebook.com\/Pro-Corp-Asesoria-legal-y-empresarial-105779337842842\/\" \/>\n<meta property=\"article:modified_time\" content=\"2021-10-04T19:47:58+00:00\" \/>\n<meta property=\"og:image\" content=\"http:\/\/www.pro-corp.net\/bck\/wp-content\/uploads\/2021\/03\/IMG_3973-scaled.jpg\" \/>\n<meta name=\"twitter:card\" content=\"summary_large_image\" \/>\n<meta name=\"twitter:site\" content=\"@Pro_Corp\" \/>\n<meta name=\"twitter:label1\" content=\"Tiempo de lectura\" \/>\n\t<meta name=\"twitter:data1\" content=\"2 minutos\" \/>\n<script type=\"application\/ld+json\" class=\"yoast-schema-graph\">{\"@context\":\"https:\/\/schema.org\",\"@graph\":[{\"@type\":\"Organization\",\"@id\":\"https:\/\/www.pro-corp.net\/bck\/#organization\",\"name\":\"Pro Corp Corporate Development\",\"url\":\"https:\/\/www.pro-corp.net\/bck\/\",\"sameAs\":[\"https:\/\/www.facebook.com\/Pro-Corp-Asesoria-legal-y-empresarial-105779337842842\/\",\"https:\/\/twitter.com\/Pro_Corp\"],\"logo\":{\"@type\":\"ImageObject\",\"@id\":\"https:\/\/www.pro-corp.net\/bck\/#logo\",\"inLanguage\":\"es\",\"url\":\"http:\/\/www.pro-corp.net\/bck\/wp-content\/uploads\/2020\/06\/icon.png\",\"contentUrl\":\"http:\/\/www.pro-corp.net\/bck\/wp-content\/uploads\/2020\/06\/icon.png\",\"width\":640,\"height\":640,\"caption\":\"Pro Corp Corporate Development\"},\"image\":{\"@id\":\"https:\/\/www.pro-corp.net\/bck\/#logo\"}},{\"@type\":\"WebSite\",\"@id\":\"https:\/\/www.pro-corp.net\/bck\/#website\",\"url\":\"https:\/\/www.pro-corp.net\/bck\/\",\"name\":\"Pro Corp Corporate Development\",\"description\":\"Nacionalidad Europea por Ley Sefard\u00ed\",\"publisher\":{\"@id\":\"https:\/\/www.pro-corp.net\/bck\/#organization\"},\"potentialAction\":[{\"@type\":\"SearchAction\",\"target\":{\"@type\":\"EntryPoint\",\"urlTemplate\":\"https:\/\/www.pro-corp.net\/bck\/?s={search_term_string}\"},\"query-input\":\"required name=search_term_string\"}],\"inLanguage\":\"es\"},{\"@type\":\"ImageObject\",\"@id\":\"https:\/\/www.pro-corp.net\/bck\/equipo\/#primaryimage\",\"inLanguage\":\"es\",\"url\":\"http:\/\/www.pro-corp.net\/bck\/wp-content\/uploads\/2021\/03\/IMG_3973-scaled.jpg\",\"contentUrl\":\"http:\/\/www.pro-corp.net\/bck\/wp-content\/uploads\/2021\/03\/IMG_3973-scaled.jpg\"},{\"@type\":\"WebPage\",\"@id\":\"https:\/\/www.pro-corp.net\/bck\/equipo\/#webpage\",\"url\":\"https:\/\/www.pro-corp.net\/bck\/equipo\/\",\"name\":\"Equipo - Pro Corp Corporate Development\",\"isPartOf\":{\"@id\":\"https:\/\/www.pro-corp.net\/bck\/#website\"},\"primaryImageOfPage\":{\"@id\":\"https:\/\/www.pro-corp.net\/bck\/equipo\/#primaryimage\"},\"datePublished\":\"2020-10-27T16:20:17+00:00\",\"dateModified\":\"2021-10-04T19:47:58+00:00\",\"description\":\"Conoce nuestros gerentes Javier Jaramillo SanmiguelSocio fundador y presidente de Pro Corp Abogado de la Pontificia Universidad Javeriana, Bogot\u00e1\",\"breadcrumb\":{\"@id\":\"https:\/\/www.pro-corp.net\/bck\/equipo\/#breadcrumb\"},\"inLanguage\":\"es\",\"potentialAction\":[{\"@type\":\"ReadAction\",\"target\":[\"https:\/\/www.pro-corp.net\/bck\/equipo\/\"]}]},{\"@type\":\"BreadcrumbList\",\"@id\":\"https:\/\/www.pro-corp.net\/bck\/equipo\/#breadcrumb\",\"itemListElement\":[{\"@type\":\"ListItem\",\"position\":1,\"name\":\"Equipo\"}]}]}<\/script>\n<!-- \/ Yoast SEO plugin. -->","yoast_head_json":{"title":"Equipo - Pro Corp Corporate Development","description":"Conoce nuestros gerentes Javier Jaramillo SanmiguelSocio fundador y presidente de Pro Corp Abogado de la Pontificia Universidad Javeriana, Bogot\u00e1","robots":{"index":"noindex","follow":"nofollow"},"og_locale":"es_ES","og_type":"article","og_title":"Equipo - Pro Corp Corporate Development","og_description":"Conoce nuestros gerentes Javier Jaramillo SanmiguelSocio fundador y presidente de Pro Corp Abogado de la Pontificia Universidad Javeriana, Bogot\u00e1","og_url":"https:\/\/www.pro-corp.net\/bck\/equipo\/","og_site_name":"Pro Corp Corporate Development","article_publisher":"https:\/\/www.facebook.com\/Pro-Corp-Asesoria-legal-y-empresarial-105779337842842\/","article_modified_time":"2021-10-04T19:47:58+00:00","og_image":[{"url":"http:\/\/www.pro-corp.net\/bck\/wp-content\/uploads\/2021\/03\/IMG_3973-scaled.jpg"}],"twitter_card":"summary_large_image","twitter_site":"@Pro_Corp","twitter_misc":{"Tiempo de lectura":"2 minutos"},"schema":{"@context":"https:\/\/schema.org","@graph":[{"@type":"Organization","@id":"https:\/\/www.pro-corp.net\/bck\/#organization","name":"Pro Corp Corporate Development","url":"https:\/\/www.pro-corp.net\/bck\/","sameAs":["https:\/\/www.facebook.com\/Pro-Corp-Asesoria-legal-y-empresarial-105779337842842\/","https:\/\/twitter.com\/Pro_Corp"],"logo":{"@type":"ImageObject","@id":"https:\/\/www.pro-corp.net\/bck\/#logo","inLanguage":"es","url":"http:\/\/www.pro-corp.net\/bck\/wp-content\/uploads\/2020\/06\/icon.png","contentUrl":"http:\/\/www.pro-corp.net\/bck\/wp-content\/uploads\/2020\/06\/icon.png","width":640,"height":640,"caption":"Pro Corp Corporate Development"},"image":{"@id":"https:\/\/www.pro-corp.net\/bck\/#logo"}},{"@type":"WebSite","@id":"https:\/\/www.pro-corp.net\/bck\/#website","url":"https:\/\/www.pro-corp.net\/bck\/","name":"Pro Corp Corporate Development","description":"Nacionalidad Europea por Ley Sefard\u00ed","publisher":{"@id":"https:\/\/www.pro-corp.net\/bck\/#organization"},"potentialAction":[{"@type":"SearchAction","target":{"@type":"EntryPoint","urlTemplate":"https:\/\/www.pro-corp.net\/bck\/?s={search_term_string}"},"query-input":"required name=search_term_string"}],"inLanguage":"es"},{"@type":"ImageObject","@id":"https:\/\/www.pro-corp.net\/bck\/equipo\/#primaryimage","inLanguage":"es","url":"http:\/\/www.pro-corp.net\/bck\/wp-content\/uploads\/2021\/03\/IMG_3973-scaled.jpg","contentUrl":"http:\/\/www.pro-corp.net\/bck\/wp-content\/uploads\/2021\/03\/IMG_3973-scaled.jpg"},{"@type":"WebPage","@id":"https:\/\/www.pro-corp.net\/bck\/equipo\/#webpage","url":"https:\/\/www.pro-corp.net\/bck\/equipo\/","name":"Equipo - Pro Corp Corporate Development","isPartOf":{"@id":"https:\/\/www.pro-corp.net\/bck\/#website"},"primaryImageOfPage":{"@id":"https:\/\/www.pro-corp.net\/bck\/equipo\/#primaryimage"},"datePublished":"2020-10-27T16:20:17+00:00","dateModified":"2021-10-04T19:47:58+00:00","description":"Conoce nuestros gerentes Javier Jaramillo SanmiguelSocio fundador y presidente de Pro Corp Abogado de la Pontificia Universidad Javeriana, Bogot\u00e1","breadcrumb":{"@id":"https:\/\/www.pro-corp.net\/bck\/equipo\/#breadcrumb"},"inLanguage":"es","potentialAction":[{"@type":"ReadAction","target":["https:\/\/www.pro-corp.net\/bck\/equipo\/"]}]},{"@type":"BreadcrumbList","@id":"https:\/\/www.pro-corp.net\/bck\/equipo\/#breadcrumb","itemListElement":[{"@type":"ListItem","position":1,"name":"Equipo"}]}]}},"_links":{"self":[{"href":"https:\/\/www.pro-corp.net\/bck\/wp-json\/wp\/v2\/pages\/5280"}],"collection":[{"href":"https:\/\/www.pro-corp.net\/bck\/wp-json\/wp\/v2\/pages"}],"about":[{"href":"https:\/\/www.pro-corp.net\/bck\/wp-json\/wp\/v2\/types\/page"}],"author":[{"embeddable":true,"href":"https:\/\/www.pro-corp.net\/bck\/wp-json\/wp\/v2\/users\/2"}],"replies":[{"embeddable":true,"href":"https:\/\/www.pro-corp.net\/bck\/wp-json\/wp\/v2\/comments?post=5280"}],"version-history":[{"count":67,"href":"https:\/\/www.pro-corp.net\/bck\/wp-json\/wp\/v2\/pages\/5280\/revisions"}],"predecessor-version":[{"id":8014,"href":"https:\/\/www.pro-corp.net\/bck\/wp-json\/wp\/v2\/pages\/5280\/revisions\/8014"}],"wp:attachment":[{"href":"https:\/\/www.pro-corp.net\/bck\/wp-json\/wp\/v2\/media?parent=5280"}],"curies":[{"name":"wp","href":"https:\/\/api.w.org\/{rel}","templated":true}]}}