{"id":7957,"date":"2021-11-18T21:38:49","date_gmt":"2021-11-19T02:38:49","guid":{"rendered":"http:\/\/www.pro-corp.net\/bck\/?page_id=7957"},"modified":"2021-11-24T19:10:11","modified_gmt":"2021-11-25T00:10:11","slug":"procorp-en-world-law-congress","status":"publish","type":"page","link":"https:\/\/www.pro-corp.net\/bck\/procorp-en-world-law-congress\/","title":{"rendered":"procorp-en-world-law-congress"},"content":{"rendered":"\t\t<div data-elementor-type=\"wp-page\" data-elementor-id=\"7957\" class=\"elementor elementor-7957\" data-elementor-settings=\"[]\">\n\t\t\t\t\t\t<div class=\"elementor-inner\">\n\t\t\t\t\t\t\t<div class=\"elementor-section-wrap\">\n\t\t\t\t\t\t\t<section class=\"elementor-section elementor-top-section elementor-element elementor-element-56e2450c elementor-section-full_width elementor-section-height-default elementor-section-height-default\" data-id=\"56e2450c\" data-element_type=\"section\" data-settings=\"{&quot;background_background&quot;:&quot;slideshow&quot;,&quot;background_slideshow_gallery&quot;:[],&quot;background_slideshow_loop&quot;:&quot;yes&quot;,&quot;background_slideshow_slide_duration&quot;:5000,&quot;background_slideshow_slide_transition&quot;:&quot;fade&quot;,&quot;background_slideshow_transition_duration&quot;:500}\">\n\t\t\t\t\t\t<div class=\"elementor-container elementor-column-gap-default\">\n\t\t\t\t\t\t\t<div class=\"elementor-row\">\n\t\t\t\t\t<div class=\"elementor-column elementor-col-100 elementor-top-column elementor-element elementor-element-3865495a\" data-id=\"3865495a\" data-element_type=\"column\" data-settings=\"{&quot;background_background&quot;:&quot;classic&quot;}\">\n\t\t\t<div class=\"elementor-column-wrap elementor-element-populated\">\n\t\t\t\t\t\t\t<div class=\"elementor-widget-wrap\">\n\t\t\t\t\t\t<section class=\"elementor-section elementor-inner-section elementor-element elementor-element-313a3a2d elementor-section-boxed elementor-section-height-default elementor-section-height-default\" data-id=\"313a3a2d\" data-element_type=\"section\">\n\t\t\t\t\t\t<div class=\"elementor-container elementor-column-gap-default\">\n\t\t\t\t\t\t\t<div class=\"elementor-row\">\n\t\t\t\t\t<div class=\"elementor-column elementor-col-50 elementor-inner-column elementor-element elementor-element-4a9b754d\" data-id=\"4a9b754d\" data-element_type=\"column\">\n\t\t\t<div class=\"elementor-column-wrap elementor-element-populated\">\n\t\t\t\t\t\t\t<div class=\"elementor-widget-wrap\">\n\t\t\t\t\t\t<div class=\"elementor-element elementor-element-1c06312c elementor-widget elementor-widget-heading\" data-id=\"1c06312c\" data-element_type=\"widget\" data-widget_type=\"heading.default\">\n\t\t\t\t<div class=\"elementor-widget-container\">\n\t\t\t<h2 class=\"elementor-heading-title elementor-size-default\">PRO CORP participa <\/br>\nen el World Law Congress<\/h2>\t\t<\/div>\n\t\t\t\t<\/div>\n\t\t\t\t\t\t<\/div>\n\t\t\t\t\t<\/div>\n\t\t<\/div>\n\t\t\t\t<div class=\"elementor-column elementor-col-50 elementor-inner-column elementor-element elementor-element-76555dcc\" data-id=\"76555dcc\" data-element_type=\"column\">\n\t\t\t<div class=\"elementor-column-wrap\">\n\t\t\t\t\t\t\t<div class=\"elementor-widget-wrap\">\n\t\t\t\t\t\t\t\t<\/div>\n\t\t\t\t\t<\/div>\n\t\t<\/div>\n\t\t\t\t\t\t\t\t<\/div>\n\t\t\t\t\t<\/div>\n\t\t<\/section>\n\t\t\t\t\t\t<\/div>\n\t\t\t\t\t<\/div>\n\t\t<\/div>\n\t\t\t\t\t\t\t\t<\/div>\n\t\t\t\t\t<\/div>\n\t\t<\/section>\n\t\t\t\t<section class=\"elementor-section elementor-top-section elementor-element elementor-element-1366105e elementor-section-boxed elementor-section-height-default elementor-section-height-default\" data-id=\"1366105e\" data-element_type=\"section\">\n\t\t\t\t\t\t<div class=\"elementor-container elementor-column-gap-default\">\n\t\t\t\t\t\t\t<div class=\"elementor-row\">\n\t\t\t\t\t<div class=\"elementor-column elementor-col-50 elementor-top-column elementor-element elementor-element-22c23752\" data-id=\"22c23752\" data-element_type=\"column\">\n\t\t\t<div class=\"elementor-column-wrap elementor-element-populated\">\n\t\t\t\t\t\t\t<div class=\"elementor-widget-wrap\">\n\t\t\t\t\t\t<div class=\"elementor-element elementor-element-78d35aef elementor-widget elementor-widget-heading\" data-id=\"78d35aef\" data-element_type=\"widget\" data-widget_type=\"heading.default\">\n\t\t\t\t<div class=\"elementor-widget-container\">\n\t\t\t<h2 class=\"elementor-heading-title elementor-size-default\">XXVII Congreso Bienal de World Jurist Assocation<\/h2>\t\t<\/div>\n\t\t\t\t<\/div>\n\t\t\t\t<div class=\"elementor-element elementor-element-7e0d2977 elementor-widget elementor-widget-text-editor\" data-id=\"7e0d2977\" data-element_type=\"widget\" data-widget_type=\"text-editor.default\">\n\t\t\t\t<div class=\"elementor-widget-container\">\n\t\t\t\t\t\t\t\t<div class=\"elementor-text-editor elementor-clearfix\">\n\t\t\t\t<p>El <strong>World Law Congress<\/strong> es un evento organizado por la World Law Foundation en el que confluyen conferencias de diferentes organizaciones.<\/p><p>La WJA ha celebrado congresos bienales en todo el mundo desde 1965, todos los cuales se han centrado en la promoci\u00f3n del Estado de derecho como garante de la libertad y el desarrollo de las naciones. Otras organizaciones relacionadas con la ley tambi\u00e9n encuentran un lugar para celebrar y compartir sus conocimientos con la comunidad legal m\u00e1s amplia que asiste al Congreso Mundial de Derecho (WLC)<\/p>\t\t\t\t\t<\/div>\n\t\t\t\t\t\t<\/div>\n\t\t\t\t<\/div>\n\t\t\t\t\t\t<\/div>\n\t\t\t\t\t<\/div>\n\t\t<\/div>\n\t\t\t\t<div class=\"elementor-column elementor-col-50 elementor-top-column elementor-element elementor-element-4b7a7e67\" data-id=\"4b7a7e67\" data-element_type=\"column\">\n\t\t\t<div class=\"elementor-column-wrap elementor-element-populated\">\n\t\t\t\t\t\t\t<div class=\"elementor-widget-wrap\">\n\t\t\t\t\t\t<div class=\"elementor-element elementor-element-65a3593a elementor-widget elementor-widget-image\" data-id=\"65a3593a\" data-element_type=\"widget\" data-widget_type=\"image.default\">\n\t\t\t\t<div class=\"elementor-widget-container\">\n\t\t\t\t\t\t\t\t<div class=\"elementor-image\">\n\t\t\t\t\t\t\t\t\t\t\t\t<img width=\"659\" height=\"588\" src=\"https:\/\/www.pro-corp.net\/bck\/wp-content\/uploads\/2021\/11\/Foto-Evento.jpg\" class=\"attachment-large size-large\" alt=\"\" loading=\"lazy\" srcset=\"https:\/\/www.pro-corp.net\/bck\/wp-content\/uploads\/2021\/11\/Foto-Evento.jpg 659w, https:\/\/www.pro-corp.net\/bck\/wp-content\/uploads\/2021\/11\/Foto-Evento-300x268.jpg 300w\" sizes=\"(max-width: 659px) 100vw, 659px\" \/>\t\t\t\t\t\t\t\t\t\t\t\t\t\t<\/div>\n\t\t\t\t\t\t<\/div>\n\t\t\t\t<\/div>\n\t\t\t\t\t\t<\/div>\n\t\t\t\t\t<\/div>\n\t\t<\/div>\n\t\t\t\t\t\t\t\t<\/div>\n\t\t\t\t\t<\/div>\n\t\t<\/section>\n\t\t\t\t<section class=\"elementor-section elementor-top-section elementor-element elementor-element-c2da10c elementor-section-boxed elementor-section-height-default elementor-section-height-default\" data-id=\"c2da10c\" data-element_type=\"section\">\n\t\t\t\t\t\t<div class=\"elementor-container elementor-column-gap-default\">\n\t\t\t\t\t\t\t<div class=\"elementor-row\">\n\t\t\t\t\t<div class=\"elementor-column elementor-col-50 elementor-top-column elementor-element elementor-element-432c40a1\" data-id=\"432c40a1\" data-element_type=\"column\">\n\t\t\t<div class=\"elementor-column-wrap elementor-element-populated\">\n\t\t\t\t\t\t\t<div class=\"elementor-widget-wrap\">\n\t\t\t\t\t\t<div class=\"elementor-element elementor-element-57c8f1b5 elementor-widget elementor-widget-image\" data-id=\"57c8f1b5\" data-element_type=\"widget\" data-widget_type=\"image.default\">\n\t\t\t\t<div class=\"elementor-widget-container\">\n\t\t\t\t\t\t\t\t<div class=\"elementor-image\">\n\t\t\t\t\t\t\t\t\t\t\t\t<img width=\"800\" height=\"535\" src=\"https:\/\/www.pro-corp.net\/bck\/wp-content\/uploads\/2021\/11\/foto-javier-jaramillo.jpg\" class=\"attachment-large size-large\" alt=\"\" loading=\"lazy\" srcset=\"https:\/\/www.pro-corp.net\/bck\/wp-content\/uploads\/2021\/11\/foto-javier-jaramillo.jpg 833w, https:\/\/www.pro-corp.net\/bck\/wp-content\/uploads\/2021\/11\/foto-javier-jaramillo-300x201.jpg 300w, https:\/\/www.pro-corp.net\/bck\/wp-content\/uploads\/2021\/11\/foto-javier-jaramillo-768x514.jpg 768w\" sizes=\"(max-width: 800px) 100vw, 800px\" \/>\t\t\t\t\t\t\t\t\t\t\t\t\t\t<\/div>\n\t\t\t\t\t\t<\/div>\n\t\t\t\t<\/div>\n\t\t\t\t\t\t<\/div>\n\t\t\t\t\t<\/div>\n\t\t<\/div>\n\t\t\t\t<div class=\"elementor-column elementor-col-50 elementor-top-column elementor-element elementor-element-826f48b\" data-id=\"826f48b\" data-element_type=\"column\">\n\t\t\t<div class=\"elementor-column-wrap elementor-element-populated\">\n\t\t\t\t\t\t\t<div class=\"elementor-widget-wrap\">\n\t\t\t\t\t\t<div class=\"elementor-element elementor-element-4b6cd205 elementor-widget elementor-widget-heading\" data-id=\"4b6cd205\" data-element_type=\"widget\" data-widget_type=\"heading.default\">\n\t\t\t\t<div class=\"elementor-widget-container\">\n\t\t\t<h2 class=\"elementor-heading-title elementor-size-default\">Javier Jaramillo<\/h2>\t\t<\/div>\n\t\t\t\t<\/div>\n\t\t\t\t<div class=\"elementor-element elementor-element-4da6bd4 elementor-widget elementor-widget-text-editor\" data-id=\"4da6bd4\" data-element_type=\"widget\" data-widget_type=\"text-editor.default\">\n\t\t\t\t<div class=\"elementor-widget-container\">\n\t\t\t\t\t\t\t\t<div class=\"elementor-text-editor elementor-clearfix\">\n\t\t\t\t<p>Presidente y socio fundador de <strong>PRO CORP<\/strong>, va a participar en el <strong>World Law Congress<\/strong> como panelista en el tema de <strong>Refugiados y movimientos migratorios ante crisis econ\u00f3micas y conflictos pol\u00edticos<\/strong>.<\/p><p>Javier es Abogado de la Pontificia Universidad Javeriana, Bogot\u00e1 (Colombia) con una maestr\u00eda en derecho (LL.M.) en Resoluci\u00f3n de Conflictos Internacionales del Institute of International and Development Studies &#8211; University of Geneva (Suiza).<\/p>\t\t\t\t\t<\/div>\n\t\t\t\t\t\t<\/div>\n\t\t\t\t<\/div>\n\t\t\t\t<div class=\"elementor-element elementor-element-3a5d670f elementor-widget elementor-widget-text-editor\" data-id=\"3a5d670f\" data-element_type=\"widget\" data-widget_type=\"text-editor.default\">\n\t\t\t\t<div class=\"elementor-widget-container\">\n\t\t\t\t\t\t\t\t<div class=\"elementor-text-editor elementor-clearfix\">\n\t\t\t\t<p><strong>Fecha:<\/strong> 2 de diciembre <br \/><strong>Lugar:<\/strong> Sal\u00f3n 10 <br \/><strong>Hora:<\/strong> 11:30 a.m a 1:30 p.m<\/p>\t\t\t\t\t<\/div>\n\t\t\t\t\t\t<\/div>\n\t\t\t\t<\/div>\n\t\t\t\t\t\t<\/div>\n\t\t\t\t\t<\/div>\n\t\t<\/div>\n\t\t\t\t\t\t\t\t<\/div>\n\t\t\t\t\t<\/div>\n\t\t<\/section>\n\t\t\t\t<section class=\"elementor-section elementor-top-section elementor-element elementor-element-65237d81 elementor-section-boxed elementor-section-height-default elementor-section-height-default\" data-id=\"65237d81\" data-element_type=\"section\">\n\t\t\t\t\t\t<div class=\"elementor-container elementor-column-gap-default\">\n\t\t\t\t\t\t\t<div class=\"elementor-row\">\n\t\t\t\t\t<div class=\"elementor-column elementor-col-50 elementor-top-column elementor-element elementor-element-16f39802\" data-id=\"16f39802\" data-element_type=\"column\">\n\t\t\t<div class=\"elementor-column-wrap elementor-element-populated\">\n\t\t\t\t\t\t\t<div class=\"elementor-widget-wrap\">\n\t\t\t\t\t\t<div class=\"elementor-element elementor-element-1ec4735e elementor-widget elementor-widget-heading\" data-id=\"1ec4735e\" data-element_type=\"widget\" data-widget_type=\"heading.default\">\n\t\t\t\t<div class=\"elementor-widget-container\">\n\t\t\t<h2 class=\"elementor-heading-title elementor-size-default\">Luis Sanmiguel<\/h2>\t\t<\/div>\n\t\t\t\t<\/div>\n\t\t\t\t<div class=\"elementor-element elementor-element-562468c7 elementor-widget elementor-widget-text-editor\" data-id=\"562468c7\" data-element_type=\"widget\" data-widget_type=\"text-editor.default\">\n\t\t\t\t<div class=\"elementor-widget-container\">\n\t\t\t\t\t\t\t\t<div class=\"elementor-text-editor elementor-clearfix\">\n\t\t\t\t<p>Luis Sanmiguel Chairman y socio fundador de <strong>PRO CORP, <\/strong>va a participar en el <strong>World Law Congress<\/strong> como panelista en la mesa de trabajo sobre <strong>Sostenibilidad, energ\u00eda y cambio clim\u00e1tico<\/strong>.<\/p>\n<p>Luis es Ingeniero de la Universidad Javeriana, Bogot\u00e1 (Colombia), postgrado en Din\u00e1mica de Negocios del MIT, Massachusetts (USA), Juntas Directivas Corporativas de Harvard, Massachusetts (USA), Marketing y Planificaci\u00f3n estrat\u00e9gica de Texas A&amp;M, Texas (USA). y Advance Management Program de Harvard , Massachusetts. (USA).<\/p>\t\t\t\t\t<\/div>\n\t\t\t\t\t\t<\/div>\n\t\t\t\t<\/div>\n\t\t\t\t<div class=\"elementor-element elementor-element-6ca3a283 elementor-widget elementor-widget-text-editor\" data-id=\"6ca3a283\" data-element_type=\"widget\" data-widget_type=\"text-editor.default\">\n\t\t\t\t<div class=\"elementor-widget-container\">\n\t\t\t\t\t\t\t\t<div class=\"elementor-text-editor elementor-clearfix\">\n\t\t\t\t<p><strong>Fecha:<\/strong> 2 de diciembre\u00a0<br \/><span style=\"color: var( --e-global-color-655246f9 ); font-family: var( --e-global-typography-text-font-family ), Sans-serif; font-size: var( --e-global-typography-text-font-size ); font-weight: var( --e-global-typography-text-font-weight );\"><strong>Lugar:<\/strong> Sal\u00f3n 3\u00a0<br \/><\/span><span style=\"color: var( --e-global-color-655246f9 ); font-family: var( --e-global-typography-text-font-family ), Sans-serif; font-size: var( --e-global-typography-text-font-size ); font-weight: var( --e-global-typography-text-font-weight );\"><strong>Hora:<\/strong> 3:00 a 4:30 p.m\u00a0<\/span><\/p>\t\t\t\t\t<\/div>\n\t\t\t\t\t\t<\/div>\n\t\t\t\t<\/div>\n\t\t\t\t\t\t<\/div>\n\t\t\t\t\t<\/div>\n\t\t<\/div>\n\t\t\t\t<div class=\"elementor-column elementor-col-50 elementor-top-column elementor-element elementor-element-42b3278d\" data-id=\"42b3278d\" data-element_type=\"column\">\n\t\t\t<div class=\"elementor-column-wrap elementor-element-populated\">\n\t\t\t\t\t\t\t<div class=\"elementor-widget-wrap\">\n\t\t\t\t\t\t<div class=\"elementor-element elementor-element-35aeb3bb elementor-widget elementor-widget-image\" data-id=\"35aeb3bb\" data-element_type=\"widget\" data-widget_type=\"image.default\">\n\t\t\t\t<div class=\"elementor-widget-container\">\n\t\t\t\t\t\t\t\t<div class=\"elementor-image\">\n\t\t\t\t\t\t\t\t\t\t\t\t<img width=\"800\" height=\"591\" src=\"https:\/\/www.pro-corp.net\/bck\/wp-content\/uploads\/2021\/11\/8_LES.jpeg\" class=\"attachment-large size-large\" alt=\"\" loading=\"lazy\" srcset=\"https:\/\/www.pro-corp.net\/bck\/wp-content\/uploads\/2021\/11\/8_LES.jpeg 922w, https:\/\/www.pro-corp.net\/bck\/wp-content\/uploads\/2021\/11\/8_LES-300x222.jpeg 300w, https:\/\/www.pro-corp.net\/bck\/wp-content\/uploads\/2021\/11\/8_LES-768x567.jpeg 768w\" sizes=\"(max-width: 800px) 100vw, 800px\" \/>\t\t\t\t\t\t\t\t\t\t\t\t\t\t<\/div>\n\t\t\t\t\t\t<\/div>\n\t\t\t\t<\/div>\n\t\t\t\t\t\t<\/div>\n\t\t\t\t\t<\/div>\n\t\t<\/div>\n\t\t\t\t\t\t\t\t<\/div>\n\t\t\t\t\t<\/div>\n\t\t<\/section>\n\t\t\t\t<section class=\"elementor-section elementor-top-section elementor-element elementor-element-662b7448 elementor-section-boxed elementor-section-height-default elementor-section-height-default\" data-id=\"662b7448\" data-element_type=\"section\" id=\"registro_evento\" data-settings=\"{&quot;background_background&quot;:&quot;classic&quot;}\">\n\t\t\t\t\t\t<div class=\"elementor-container elementor-column-gap-default\">\n\t\t\t\t\t\t\t<div class=\"elementor-row\">\n\t\t\t\t\t<div class=\"elementor-column elementor-col-50 elementor-top-column elementor-element elementor-element-2232b82e\" data-id=\"2232b82e\" data-element_type=\"column\">\n\t\t\t<div class=\"elementor-column-wrap elementor-element-populated\">\n\t\t\t\t\t\t\t<div class=\"elementor-widget-wrap\">\n\t\t\t\t\t\t<div class=\"elementor-element elementor-element-1a538228 elementor-widget elementor-widget-image\" data-id=\"1a538228\" data-element_type=\"widget\" data-widget_type=\"image.default\">\n\t\t\t\t<div class=\"elementor-widget-container\">\n\t\t\t\t\t\t\t\t<div class=\"elementor-image\">\n\t\t\t\t\t\t\t\t\t\t\t\t<img width=\"422\" height=\"420\" src=\"https:\/\/www.pro-corp.net\/bck\/wp-content\/uploads\/2021\/11\/logo-evento.png\" class=\"attachment-large size-large\" alt=\"\" loading=\"lazy\" srcset=\"https:\/\/www.pro-corp.net\/bck\/wp-content\/uploads\/2021\/11\/logo-evento.png 422w, https:\/\/www.pro-corp.net\/bck\/wp-content\/uploads\/2021\/11\/logo-evento-300x300.png 300w, https:\/\/www.pro-corp.net\/bck\/wp-content\/uploads\/2021\/11\/logo-evento-150x150.png 150w\" sizes=\"(max-width: 422px) 100vw, 422px\" \/>\t\t\t\t\t\t\t\t\t\t\t\t\t\t<\/div>\n\t\t\t\t\t\t<\/div>\n\t\t\t\t<\/div>\n\t\t\t\t\t\t<\/div>\n\t\t\t\t\t<\/div>\n\t\t<\/div>\n\t\t\t\t<div class=\"elementor-column elementor-col-50 elementor-top-column elementor-element elementor-element-134c8b4\" data-id=\"134c8b4\" data-element_type=\"column\">\n\t\t\t<div class=\"elementor-column-wrap elementor-element-populated\">\n\t\t\t\t\t\t\t<div class=\"elementor-widget-wrap\">\n\t\t\t\t\t\t<div class=\"elementor-element elementor-element-55b0ef5d elementor-widget elementor-widget-heading\" data-id=\"55b0ef5d\" data-element_type=\"widget\" data-widget_type=\"heading.default\">\n\t\t\t\t<div class=\"elementor-widget-container\">\n\t\t\t<h2 class=\"elementor-heading-title elementor-size-default\">ESTADO DE DERECHO:\nDESARROLLO PARA LAS NACIONES<\/h2>\t\t<\/div>\n\t\t\t\t<\/div>\n\t\t\t\t<div class=\"elementor-element elementor-element-2850605b elementor-widget elementor-widget-text-editor\" data-id=\"2850605b\" data-element_type=\"widget\" data-widget_type=\"text-editor.default\">\n\t\t\t\t<div class=\"elementor-widget-container\">\n\t\t\t\t\t\t\t\t<div class=\"elementor-text-editor elementor-clearfix\">\n\t\t\t\t<p>El programa se centrar\u00e1 en la promoci\u00f3n del Estado de Derecho como Instrumento para el Desarrollo de las Naciones, ofreciendo una visi\u00f3n integral de los grandes asuntos que preocupan a la humanidad y sobre los que el mundo del Derecho y la Justicia deben responder.<\/p><p>Son temas que confluyen con los objetivos de la Agenda 2030 de las Naciones Unidas y la prosperidad a trav\u00e9s del desarrollo sostenible.<\/p><p>El programa integrar\u00e1 la visi\u00f3n de notorios juristas, empresas e instituciones, colombianas e internacionales, que respaldan el progreso de la humanidad, la convivencia en democracia y la libertad.<\/p>\t\t\t\t\t<\/div>\n\t\t\t\t\t\t<\/div>\n\t\t\t\t<\/div>\n\t\t\t\t\t\t<\/div>\n\t\t\t\t\t<\/div>\n\t\t<\/div>\n\t\t\t\t\t\t\t\t<\/div>\n\t\t\t\t\t<\/div>\n\t\t<\/section>\n\t\t\t\t<section class=\"elementor-section elementor-top-section elementor-element elementor-element-679fa20a elementor-section-boxed elementor-section-height-default elementor-section-height-default\" data-id=\"679fa20a\" data-element_type=\"section\">\n\t\t\t\t\t\t<div class=\"elementor-container elementor-column-gap-default\">\n\t\t\t\t\t\t\t<div class=\"elementor-row\">\n\t\t\t\t\t<div class=\"elementor-column elementor-col-50 elementor-top-column elementor-element elementor-element-4e4e437a\" data-id=\"4e4e437a\" data-element_type=\"column\">\n\t\t\t<div class=\"elementor-column-wrap elementor-element-populated\">\n\t\t\t\t\t\t\t<div class=\"elementor-widget-wrap\">\n\t\t\t\t\t\t<div class=\"elementor-element elementor-element-7425bd7 elementor-align-center elementor-widget elementor-widget-button\" data-id=\"7425bd7\" data-element_type=\"widget\" data-widget_type=\"button.default\">\n\t\t\t\t<div class=\"elementor-widget-container\">\n\t\t\t\t\t<div class=\"elementor-button-wrapper\">\n\t\t\t<a href=\"https:\/\/barranquilla.worldlawcongress.com\/registration\/\" class=\"elementor-button-link elementor-button elementor-size-sm\" role=\"button\">\n\t\t\t\t\t\t<span class=\"elementor-button-content-wrapper\">\n\t\t\t\t\t\t<span class=\"elementor-button-text\">Registrate en el evento<\/span>\n\t\t<\/span>\n\t\t\t\t\t<\/a>\n\t\t<\/div>\n\t\t\t\t<\/div>\n\t\t\t\t<\/div>\n\t\t\t\t\t\t<\/div>\n\t\t\t\t\t<\/div>\n\t\t<\/div>\n\t\t\t\t<div class=\"elementor-column elementor-col-50 elementor-top-column elementor-element elementor-element-e08e370\" data-id=\"e08e370\" data-element_type=\"column\">\n\t\t\t<div class=\"elementor-column-wrap elementor-element-populated\">\n\t\t\t\t\t\t\t<div class=\"elementor-widget-wrap\">\n\t\t\t\t\t\t<div class=\"elementor-element elementor-element-b47accb elementor-align-center elementor-widget elementor-widget-button\" data-id=\"b47accb\" data-element_type=\"widget\" data-widget_type=\"button.default\">\n\t\t\t\t<div class=\"elementor-widget-container\">\n\t\t\t\t\t<div class=\"elementor-button-wrapper\">\n\t\t\t<a href=\"http:\/\/www.pro-corp.net\/bck\/pro-corp-sas\/soluciones-legales-y-comunitarias\/nacionalidad-europea-por-ley-sefardi\/blog\/\" class=\"elementor-button-link elementor-button elementor-size-sm\" role=\"button\">\n\t\t\t\t\t\t<span class=\"elementor-button-content-wrapper\">\n\t\t\t\t\t\t<span class=\"elementor-button-text\">Ver nuestros art\u00edculos<\/span>\n\t\t<\/span>\n\t\t\t\t\t<\/a>\n\t\t<\/div>\n\t\t\t\t<\/div>\n\t\t\t\t<\/div>\n\t\t\t\t\t\t<\/div>\n\t\t\t\t\t<\/div>\n\t\t<\/div>\n\t\t\t\t\t\t\t\t<\/div>\n\t\t\t\t\t<\/div>\n\t\t<\/section>\n\t\t\t\t<section class=\"elementor-section elementor-top-section elementor-element elementor-element-450b3760 elementor-section-boxed elementor-section-height-default elementor-section-height-default\" data-id=\"450b3760\" data-element_type=\"section\">\n\t\t\t\t\t\t<div class=\"elementor-container elementor-column-gap-default\">\n\t\t\t\t\t\t\t<div class=\"elementor-row\">\n\t\t\t\t\t<div class=\"elementor-column elementor-col-100 elementor-top-column elementor-element elementor-element-25d6d42f\" data-id=\"25d6d42f\" data-element_type=\"column\">\n\t\t\t<div class=\"elementor-column-wrap elementor-element-populated\">\n\t\t\t\t\t\t\t<div class=\"elementor-widget-wrap\">\n\t\t\t\t\t\t<div class=\"elementor-element elementor-element-77ff23a1 elementor-widget-divider--view-line elementor-widget elementor-widget-divider\" data-id=\"77ff23a1\" data-element_type=\"widget\" data-widget_type=\"divider.default\">\n\t\t\t\t<div class=\"elementor-widget-container\">\n\t\t\t\t\t<div class=\"elementor-divider\">\n\t\t\t<span class=\"elementor-divider-separator\">\n\t\t\t\t\t\t<\/span>\n\t\t<\/div>\n\t\t\t\t<\/div>\n\t\t\t\t<\/div>\n\t\t\t\t<div class=\"elementor-element elementor-element-4b2c5441 elementor-widget elementor-widget-heading\" data-id=\"4b2c5441\" data-element_type=\"widget\" data-widget_type=\"heading.default\">\n\t\t\t\t<div class=\"elementor-widget-container\">\n\t\t\t<h2 class=\"elementor-heading-title elementor-size-default\">En PRO CORP apoyamos el crecimiento en Latinoam\u00e9rica y en Europa, desde \"start-up\" hasta multinacionales, porque creemos en la libertad econ\u00f3mica en la que todas las personas, naturales o jur\u00eddicas, pueden hacer crecer su inversi\u00f3n. El crecimiento econ\u00f3mico de un pa\u00eds est\u00e1 ligado a la seguridad jur\u00eddica, a la estabilidad, al respeto por los derechos humanos, y a una vida en democracia que en Colombia y en el mundo debemos proteger y mantener.<\/h2>\t\t<\/div>\n\t\t\t\t<\/div>\n\t\t\t\t\t\t<\/div>\n\t\t\t\t\t<\/div>\n\t\t<\/div>\n\t\t\t\t\t\t\t\t<\/div>\n\t\t\t\t\t<\/div>\n\t\t<\/section>\n\t\t\t\t\t\t<\/div>\n\t\t\t\t\t\t<\/div>\n\t\t\t\t\t<\/div>\n\t\t","protected":false},"excerpt":{"rendered":"<p>PRO CORP participa en el World Law Congress XXVII Congreso Bienal de World Jurist Assocation El World Law Congress es un evento organizado por la World Law Foundation en el que confluyen conferencias de diferentes organizaciones. La WJA ha celebrado congresos bienales en todo el mundo desde 1965, todos los cuales se han centrado en [&hellip;]<\/p>\n","protected":false},"author":1656,"featured_media":0,"parent":0,"menu_order":0,"comment_status":"closed","ping_status":"closed","template":"","meta":[],"yoast_head":"<!-- This site is optimized with the Yoast SEO plugin v18.2 - https:\/\/yoast.com\/wordpress\/plugins\/seo\/ -->\n<title>procorp-en-world-law-congress - Pro Corp Corporate Development<\/title>\n<meta name=\"description\" content=\"PRO CORP participa en el World Law Congress XXVII Congreso Bienal de World Jurist Assocation El World Law Congress es un evento organizado por la World\" \/>\n<meta name=\"robots\" content=\"index, follow, max-snippet:-1, max-image-preview:large, max-video-preview:-1\" \/>\n<link rel=\"canonical\" href=\"https:\/\/www.pro-corp.net\/bck\/procorp-en-world-law-congress\/\" \/>\n<meta property=\"og:locale\" content=\"es_ES\" \/>\n<meta property=\"og:type\" content=\"article\" \/>\n<meta property=\"og:title\" content=\"procorp-en-world-law-congress - Pro Corp Corporate Development\" \/>\n<meta property=\"og:description\" content=\"PRO CORP participa en el World Law Congress XXVII Congreso Bienal de World Jurist Assocation El World Law Congress es un evento organizado por la World\" \/>\n<meta property=\"og:url\" content=\"https:\/\/www.pro-corp.net\/bck\/procorp-en-world-law-congress\/\" \/>\n<meta property=\"og:site_name\" content=\"Pro Corp Corporate Development\" \/>\n<meta property=\"article:publisher\" content=\"https:\/\/www.facebook.com\/Pro-Corp-Asesoria-legal-y-empresarial-105779337842842\/\" \/>\n<meta property=\"article:modified_time\" content=\"2021-11-25T00:10:11+00:00\" \/>\n<meta property=\"og:image\" content=\"http:\/\/www.pro-corp.net\/bck\/wp-content\/uploads\/2021\/11\/Foto-Evento.jpg\" \/>\n<meta name=\"twitter:card\" content=\"summary_large_image\" \/>\n<meta name=\"twitter:site\" content=\"@Pro_Corp\" \/>\n<meta name=\"twitter:label1\" content=\"Tiempo de lectura\" \/>\n\t<meta name=\"twitter:data1\" content=\"3 minutos\" \/>\n<script type=\"application\/ld+json\" class=\"yoast-schema-graph\">{\"@context\":\"https:\/\/schema.org\",\"@graph\":[{\"@type\":\"Organization\",\"@id\":\"https:\/\/www.pro-corp.net\/bck\/#organization\",\"name\":\"Pro Corp Corporate Development\",\"url\":\"https:\/\/www.pro-corp.net\/bck\/\",\"sameAs\":[\"https:\/\/www.facebook.com\/Pro-Corp-Asesoria-legal-y-empresarial-105779337842842\/\",\"https:\/\/twitter.com\/Pro_Corp\"],\"logo\":{\"@type\":\"ImageObject\",\"@id\":\"https:\/\/www.pro-corp.net\/bck\/#logo\",\"inLanguage\":\"es\",\"url\":\"http:\/\/www.pro-corp.net\/bck\/wp-content\/uploads\/2020\/06\/icon.png\",\"contentUrl\":\"http:\/\/www.pro-corp.net\/bck\/wp-content\/uploads\/2020\/06\/icon.png\",\"width\":640,\"height\":640,\"caption\":\"Pro Corp Corporate Development\"},\"image\":{\"@id\":\"https:\/\/www.pro-corp.net\/bck\/#logo\"}},{\"@type\":\"WebSite\",\"@id\":\"https:\/\/www.pro-corp.net\/bck\/#website\",\"url\":\"https:\/\/www.pro-corp.net\/bck\/\",\"name\":\"Pro Corp Corporate Development\",\"description\":\"Nacionalidad Europea por Ley Sefard\u00ed\",\"publisher\":{\"@id\":\"https:\/\/www.pro-corp.net\/bck\/#organization\"},\"potentialAction\":[{\"@type\":\"SearchAction\",\"target\":{\"@type\":\"EntryPoint\",\"urlTemplate\":\"https:\/\/www.pro-corp.net\/bck\/?s={search_term_string}\"},\"query-input\":\"required name=search_term_string\"}],\"inLanguage\":\"es\"},{\"@type\":\"ImageObject\",\"@id\":\"https:\/\/www.pro-corp.net\/bck\/procorp-en-world-law-congress\/#primaryimage\",\"inLanguage\":\"es\",\"url\":\"http:\/\/www.pro-corp.net\/bck\/wp-content\/uploads\/2021\/11\/Foto-Evento.jpg\",\"contentUrl\":\"http:\/\/www.pro-corp.net\/bck\/wp-content\/uploads\/2021\/11\/Foto-Evento.jpg\"},{\"@type\":\"WebPage\",\"@id\":\"https:\/\/www.pro-corp.net\/bck\/procorp-en-world-law-congress\/#webpage\",\"url\":\"https:\/\/www.pro-corp.net\/bck\/procorp-en-world-law-congress\/\",\"name\":\"procorp-en-world-law-congress - Pro Corp Corporate Development\",\"isPartOf\":{\"@id\":\"https:\/\/www.pro-corp.net\/bck\/#website\"},\"primaryImageOfPage\":{\"@id\":\"https:\/\/www.pro-corp.net\/bck\/procorp-en-world-law-congress\/#primaryimage\"},\"datePublished\":\"2021-11-19T02:38:49+00:00\",\"dateModified\":\"2021-11-25T00:10:11+00:00\",\"description\":\"PRO CORP participa en el World Law Congress XXVII Congreso Bienal de World Jurist Assocation El World Law Congress es un evento organizado por la World\",\"breadcrumb\":{\"@id\":\"https:\/\/www.pro-corp.net\/bck\/procorp-en-world-law-congress\/#breadcrumb\"},\"inLanguage\":\"es\",\"potentialAction\":[{\"@type\":\"ReadAction\",\"target\":[\"https:\/\/www.pro-corp.net\/bck\/procorp-en-world-law-congress\/\"]}]},{\"@type\":\"BreadcrumbList\",\"@id\":\"https:\/\/www.pro-corp.net\/bck\/procorp-en-world-law-congress\/#breadcrumb\",\"itemListElement\":[{\"@type\":\"ListItem\",\"position\":1,\"name\":\"procorp-en-world-law-congress\"}]}]}<\/script>\n<!-- \/ Yoast SEO plugin. -->","yoast_head_json":{"title":"procorp-en-world-law-congress - Pro Corp Corporate Development","description":"PRO CORP participa en el World Law Congress XXVII Congreso Bienal de World Jurist Assocation El World Law Congress es un evento organizado por la World","robots":{"index":"index","follow":"follow","max-snippet":"max-snippet:-1","max-image-preview":"max-image-preview:large","max-video-preview":"max-video-preview:-1"},"canonical":"https:\/\/www.pro-corp.net\/bck\/procorp-en-world-law-congress\/","og_locale":"es_ES","og_type":"article","og_title":"procorp-en-world-law-congress - Pro Corp Corporate Development","og_description":"PRO CORP participa en el World Law Congress XXVII Congreso Bienal de World Jurist Assocation El World Law Congress es un evento organizado por la World","og_url":"https:\/\/www.pro-corp.net\/bck\/procorp-en-world-law-congress\/","og_site_name":"Pro Corp Corporate Development","article_publisher":"https:\/\/www.facebook.com\/Pro-Corp-Asesoria-legal-y-empresarial-105779337842842\/","article_modified_time":"2021-11-25T00:10:11+00:00","og_image":[{"url":"http:\/\/www.pro-corp.net\/bck\/wp-content\/uploads\/2021\/11\/Foto-Evento.jpg"}],"twitter_card":"summary_large_image","twitter_site":"@Pro_Corp","twitter_misc":{"Tiempo de lectura":"3 minutos"},"schema":{"@context":"https:\/\/schema.org","@graph":[{"@type":"Organization","@id":"https:\/\/www.pro-corp.net\/bck\/#organization","name":"Pro Corp Corporate Development","url":"https:\/\/www.pro-corp.net\/bck\/","sameAs":["https:\/\/www.facebook.com\/Pro-Corp-Asesoria-legal-y-empresarial-105779337842842\/","https:\/\/twitter.com\/Pro_Corp"],"logo":{"@type":"ImageObject","@id":"https:\/\/www.pro-corp.net\/bck\/#logo","inLanguage":"es","url":"http:\/\/www.pro-corp.net\/bck\/wp-content\/uploads\/2020\/06\/icon.png","contentUrl":"http:\/\/www.pro-corp.net\/bck\/wp-content\/uploads\/2020\/06\/icon.png","width":640,"height":640,"caption":"Pro Corp Corporate Development"},"image":{"@id":"https:\/\/www.pro-corp.net\/bck\/#logo"}},{"@type":"WebSite","@id":"https:\/\/www.pro-corp.net\/bck\/#website","url":"https:\/\/www.pro-corp.net\/bck\/","name":"Pro Corp Corporate Development","description":"Nacionalidad Europea por Ley Sefard\u00ed","publisher":{"@id":"https:\/\/www.pro-corp.net\/bck\/#organization"},"potentialAction":[{"@type":"SearchAction","target":{"@type":"EntryPoint","urlTemplate":"https:\/\/www.pro-corp.net\/bck\/?s={search_term_string}"},"query-input":"required name=search_term_string"}],"inLanguage":"es"},{"@type":"ImageObject","@id":"https:\/\/www.pro-corp.net\/bck\/procorp-en-world-law-congress\/#primaryimage","inLanguage":"es","url":"http:\/\/www.pro-corp.net\/bck\/wp-content\/uploads\/2021\/11\/Foto-Evento.jpg","contentUrl":"http:\/\/www.pro-corp.net\/bck\/wp-content\/uploads\/2021\/11\/Foto-Evento.jpg"},{"@type":"WebPage","@id":"https:\/\/www.pro-corp.net\/bck\/procorp-en-world-law-congress\/#webpage","url":"https:\/\/www.pro-corp.net\/bck\/procorp-en-world-law-congress\/","name":"procorp-en-world-law-congress - Pro Corp Corporate Development","isPartOf":{"@id":"https:\/\/www.pro-corp.net\/bck\/#website"},"primaryImageOfPage":{"@id":"https:\/\/www.pro-corp.net\/bck\/procorp-en-world-law-congress\/#primaryimage"},"datePublished":"2021-11-19T02:38:49+00:00","dateModified":"2021-11-25T00:10:11+00:00","description":"PRO CORP participa en el World Law Congress XXVII Congreso Bienal de World Jurist Assocation El World Law Congress es un evento organizado por la World","breadcrumb":{"@id":"https:\/\/www.pro-corp.net\/bck\/procorp-en-world-law-congress\/#breadcrumb"},"inLanguage":"es","potentialAction":[{"@type":"ReadAction","target":["https:\/\/www.pro-corp.net\/bck\/procorp-en-world-law-congress\/"]}]},{"@type":"BreadcrumbList","@id":"https:\/\/www.pro-corp.net\/bck\/procorp-en-world-law-congress\/#breadcrumb","itemListElement":[{"@type":"ListItem","position":1,"name":"procorp-en-world-law-congress"}]}]}},"_links":{"self":[{"href":"https:\/\/www.pro-corp.net\/bck\/wp-json\/wp\/v2\/pages\/7957"}],"collection":[{"href":"https:\/\/www.pro-corp.net\/bck\/wp-json\/wp\/v2\/pages"}],"about":[{"href":"https:\/\/www.pro-corp.net\/bck\/wp-json\/wp\/v2\/types\/page"}],"author":[{"embeddable":true,"href":"https:\/\/www.pro-corp.net\/bck\/wp-json\/wp\/v2\/users\/1656"}],"replies":[{"embeddable":true,"href":"https:\/\/www.pro-corp.net\/bck\/wp-json\/wp\/v2\/comments?post=7957"}],"version-history":[{"count":70,"href":"https:\/\/www.pro-corp.net\/bck\/wp-json\/wp\/v2\/pages\/7957\/revisions"}],"predecessor-version":[{"id":8075,"href":"https:\/\/www.pro-corp.net\/bck\/wp-json\/wp\/v2\/pages\/7957\/revisions\/8075"}],"wp:attachment":[{"href":"https:\/\/www.pro-corp.net\/bck\/wp-json\/wp\/v2\/media?parent=7957"}],"curies":[{"name":"wp","href":"https:\/\/api.w.org\/{rel}","templated":true}]}}